{"id":17001,"date":"2025-03-05T05:56:17","date_gmt":"2025-03-05T05:56:17","guid":{"rendered":"https:\/\/yourmadeirarentals.com\/?post_type=mphb_room_type&#038;p=17001"},"modified":"2026-02-13T09:07:15","modified_gmt":"2026-02-13T09:07:15","slug":"on-the-rocks-2","status":"publish","type":"mphb_room_type","link":"https:\/\/yourmadeirarentals.com\/cs\/accommodation\/on-the-rocks-2\/","title":{"rendered":"Na skal\u00e1ch 2"},"content":{"rendered":"\t\t<div data-elementor-type=\"wp-post\" data-elementor-id=\"17001\" class=\"elementor elementor-17001\">\n\t\t\t\t\t\t<section class=\"elementor-section elementor-top-section elementor-element elementor-element-7fe5def2 set-sticky-container elementor-reverse-mobile elementor-reverse-tablet elementor-section-boxed elementor-section-height-default elementor-section-height-default\" data-id=\"7fe5def2\" data-element_type=\"section\" data-e-type=\"section\" data-settings=\"{&quot;background_background&quot;:&quot;classic&quot;}\">\n\t\t\t\t\t\t<div class=\"elementor-container elementor-column-gap-default\">\n\t\t\t\t\t<div class=\"elementor-column elementor-col-66 elementor-top-column elementor-element elementor-element-6864d063\" data-id=\"6864d063\" data-element_type=\"column\" data-e-type=\"column\">\n\t\t\t<div class=\"elementor-widget-wrap elementor-element-populated\">\n\t\t\t\t\t\t<section class=\"elementor-section elementor-inner-section elementor-element elementor-element-562ce683 elementor-section-full_width elementor-section-height-default elementor-section-height-default\" data-id=\"562ce683\" data-element_type=\"section\" data-e-type=\"section\">\n\t\t\t\t\t\t<div class=\"elementor-container elementor-column-gap-no\">\n\t\t\t\t\t<div class=\"elementor-column elementor-col-100 elementor-inner-column elementor-element elementor-element-4c9d5c0a\" data-id=\"4c9d5c0a\" data-element_type=\"column\" data-e-type=\"column\">\n\t\t\t<div class=\"elementor-widget-wrap elementor-element-populated\">\n\t\t\t\t\t\t<div class=\"elementor-element elementor-element-1a2a4f65 elementor-widget elementor-widget-kinsley-photo-gallery\" data-id=\"1a2a4f65\" data-element_type=\"widget\" data-e-type=\"widget\" data-widget_type=\"kinsley-photo-gallery.default\">\n\t\t\t\t<div class=\"elementor-widget-container\">\n\t\t\t\t\t\n\t\t<div class=\"knsl-room-detail-slider-frame knsl-mb-60\">\n\t\t\t\n\t\t\t\n\t\t\t\n\t\t\t\n\t\t<\/div>\n\n\t\t\t\t\t\t<\/div>\n\t\t\t\t<\/div>\n\t\t\t\t\t<\/div>\n\t\t<\/div>\n\t\t\t\t\t<\/div>\n\t\t<\/section>\n\t\t\t\t<section class=\"elementor-section elementor-inner-section elementor-element elementor-element-3351c544 elementor-section-full_width elementor-section-height-default elementor-section-height-default\" data-id=\"3351c544\" data-element_type=\"section\" data-e-type=\"section\" data-settings=\"{&quot;background_background&quot;:&quot;classic&quot;}\">\n\t\t\t\t\t\t<div class=\"elementor-container elementor-column-gap-no\">\n\t\t\t\t\t<div class=\"elementor-column elementor-col-100 elementor-inner-column elementor-element elementor-element-74f586ac\" data-id=\"74f586ac\" data-element_type=\"column\" data-e-type=\"column\">\n\t\t\t<div class=\"elementor-widget-wrap elementor-element-populated\">\n\t\t\t\t\t\t<div class=\"elementor-element elementor-element-127d5d4e elementor-widget elementor-widget-heading\" data-id=\"127d5d4e\" data-element_type=\"widget\" data-e-type=\"widget\" data-widget_type=\"heading.default\">\n\t\t\t\t<div class=\"elementor-widget-container\">\n\t\t\t\t\t<h2 class=\"elementor-heading-title elementor-size-default\">On the Rocks 2<\/h2>\t\t\t\t<\/div>\n\t\t\t\t<\/div>\n\t\t\t\t<div class=\"elementor-element elementor-element-3ffd7538 elementor-position-left elementor-vertical-align-top elementor-widget elementor-widget-image-box\" data-id=\"3ffd7538\" data-element_type=\"widget\" data-e-type=\"widget\" data-widget_type=\"image-box.default\">\n\t\t\t\t<div class=\"elementor-widget-container\">\n\t\t\t\t\t<div class=\"elementor-image-box-wrapper\"><figure class=\"elementor-image-box-img\"><img decoding=\"async\" width=\"32\" height=\"32\" src=\"https:\/\/yourmadeirarentals.com\/wp-content\/uploads\/2021\/12\/location.png\" class=\"attachment-full size-full wp-image-3907\" alt=\"\"><\/figure><div class=\"elementor-image-box-content\"><h3 class=\"elementor-image-box-title\">Faja das Eguas, 9350-329 Serra Aqua<\/h3><\/div><\/div>\t\t\t\t<\/div>\n\t\t\t\t<\/div>\n\t\t\t\t\t<\/div>\n\t\t<\/div>\n\t\t\t\t\t<\/div>\n\t\t<\/section>\n\t\t\t\t<section class=\"elementor-section elementor-inner-section elementor-element elementor-element-97952f9 elementor-section-full_width elementor-section-height-default elementor-section-height-default\" data-id=\"97952f9\" data-element_type=\"section\" data-e-type=\"section\" data-settings=\"{&quot;background_background&quot;:&quot;classic&quot;}\">\n\t\t\t\t\t\t<div class=\"elementor-container elementor-column-gap-no\">\n\t\t\t\t\t<div class=\"elementor-column elementor-col-100 elementor-inner-column elementor-element elementor-element-5d347cd1\" data-id=\"5d347cd1\" data-element_type=\"column\" data-e-type=\"column\">\n\t\t\t<div class=\"elementor-widget-wrap elementor-element-populated\">\n\t\t\t\t\t\t<div class=\"elementor-element elementor-element-340d997d elementor-position-left elementor-vertical-align-top elementor-widget elementor-widget-image-box\" data-id=\"340d997d\" data-element_type=\"widget\" data-e-type=\"widget\" data-widget_type=\"image-box.default\">\n\t\t\t\t<div class=\"elementor-widget-container\">\n\t\t\t\t\t<div class=\"elementor-image-box-wrapper\"><figure class=\"elementor-image-box-img\"><img decoding=\"async\" width=\"32\" height=\"32\" src=\"https:\/\/yourmadeirarentals.com\/wp-content\/uploads\/2021\/09\/door-1.png\" class=\"attachment-full size-full wp-image-21898\" alt=\"\" srcset=\"https:\/\/yourmadeirarentals.com\/wp-content\/uploads\/2021\/09\/door-1.png 32w, https:\/\/yourmadeirarentals.com\/wp-content\/uploads\/2021\/09\/door-1-12x12.png 12w\" sizes=\"(max-width: 32px) 100vw, 32px\" \/><\/figure><div class=\"elementor-image-box-content\"><h3 class=\"elementor-image-box-title\">Self check-in<\/h3><p class=\"elementor-image-box-description\">Check yourself in with the lockbox.<\/p><\/div><\/div>\t\t\t\t<\/div>\n\t\t\t\t<\/div>\n\t\t\t\t<div class=\"elementor-element elementor-element-53f0446a elementor-position-left elementor-vertical-align-top elementor-widget elementor-widget-image-box\" data-id=\"53f0446a\" data-element_type=\"widget\" data-e-type=\"widget\" data-widget_type=\"image-box.default\">\n\t\t\t\t<div class=\"elementor-widget-container\">\n\t\t\t\t\t<div class=\"elementor-image-box-wrapper\"><figure class=\"elementor-image-box-img\"><img decoding=\"async\" width=\"32\" height=\"32\" src=\"https:\/\/yourmadeirarentals.com\/wp-content\/uploads\/2021\/10\/car.png\" class=\"attachment-full size-full wp-image-21910\" alt=\"\" srcset=\"https:\/\/yourmadeirarentals.com\/wp-content\/uploads\/2021\/10\/car.png 32w, https:\/\/yourmadeirarentals.com\/wp-content\/uploads\/2021\/10\/car-12x12.png 12w\" sizes=\"(max-width: 32px) 100vw, 32px\" \/><\/figure><div class=\"elementor-image-box-content\"><h3 class=\"elementor-image-box-title\">Park for free<\/h3><p class=\"elementor-image-box-description\">This is one of the few places in the area with free parking.<\/p><\/div><\/div>\t\t\t\t<\/div>\n\t\t\t\t<\/div>\n\t\t\t\t<div class=\"elementor-element elementor-element-5101865 elementor-position-left elementor-vertical-align-top elementor-widget elementor-widget-image-box\" data-id=\"5101865\" data-element_type=\"widget\" data-e-type=\"widget\" data-widget_type=\"image-box.default\">\n\t\t\t\t<div class=\"elementor-widget-container\">\n\t\t\t\t\t<div class=\"elementor-image-box-wrapper\"><figure class=\"elementor-image-box-img\"><img loading=\"lazy\" decoding=\"async\" width=\"32\" height=\"32\" src=\"https:\/\/yourmadeirarentals.com\/wp-content\/uploads\/2021\/10\/location.png\" class=\"attachment-full size-full wp-image-21911\" alt=\"\" srcset=\"https:\/\/yourmadeirarentals.com\/wp-content\/uploads\/2021\/10\/location.png 32w, https:\/\/yourmadeirarentals.com\/wp-content\/uploads\/2021\/10\/location-12x12.png 12w\" sizes=\"(max-width: 32px) 100vw, 32px\" \/><\/figure><div class=\"elementor-image-box-content\"><h3 class=\"elementor-image-box-title\">Peace and quiet<\/h3><p class=\"elementor-image-box-description\">Guests say this home is in a quiet area.<\/p><\/div><\/div>\t\t\t\t<\/div>\n\t\t\t\t<\/div>\n\t\t\t\t\t<\/div>\n\t\t<\/div>\n\t\t\t\t\t<\/div>\n\t\t<\/section>\n\t\t\t\t<section class=\"elementor-section elementor-inner-section elementor-element elementor-element-51673c4a elementor-section-full_width elementor-section-height-default elementor-section-height-default\" data-id=\"51673c4a\" data-element_type=\"section\" data-e-type=\"section\" data-settings=\"{&quot;background_background&quot;:&quot;classic&quot;}\">\n\t\t\t\t\t\t<div class=\"elementor-container elementor-column-gap-no\">\n\t\t\t\t\t<div class=\"elementor-column elementor-col-100 elementor-inner-column elementor-element elementor-element-3724132\" data-id=\"3724132\" data-element_type=\"column\" data-e-type=\"column\">\n\t\t\t<div class=\"elementor-widget-wrap elementor-element-populated\">\n\t\t\t\t\t\t<div class=\"elementor-element elementor-element-79cdaf13 elementor-widget elementor-widget-kinsley-room-description\" data-id=\"79cdaf13\" data-element_type=\"widget\" data-e-type=\"widget\" data-widget_type=\"kinsley-room-description.default\">\n\t\t\t\t<div class=\"elementor-widget-container\">\n\t\t\t\t\t\n\t\t<!-- description -->\n\t\t<section class=\"knsl-mb-60\">\n\t\t\t\t\t\t<h3 class=\"knsl-title--h knsl-mb-40\">\n\t\t\t\t<span >\n\t\t\t\t\tEntire home hosted by Kevin\t\t\t\t<\/span>\n\t\t\t<\/h3>\n\t\t\t\t\t\t\t\t\t<div class=\"knsl-text\">\n\t\t\t\t<div >\n\t\t\t\t\t<p>Welcome to On the Rocks, your off-grid retreat where serenity meets full seclusion. Surrounded by the soothing sounds of cascading waterfalls, unwind with panoramic views that stretch across the horizon. Nestled in the heart of the island (15 min to both coasts), with hiking trails at your doorstep, you\u2019re perfectly positioned to explore or relax. Whether seeking adventure or sun-soaked relaxation, this peaceful sanctuary offers the perfect balance\u2014a home base to discover or a haven to recharge.<\/p><p><strong>The space<\/strong><br \/>\"On the Rocks\" is a true testament to living in harmony with nature, fully powered by the sun and nourished by the filtered waters of the nearby river. This self-sustaining gem perfectly blends cutting-edge solar technology with luxurious comfort. A beautifully restored, traditionally built Madeiran home, that offers a rare opportunity to experience authentic island history while enjoying every modern convenience. Nestled in total seclusion, this serene mountain retreat offers complete privacy, making it the ideal space for relaxation or creativity.<\/p><p><strong>Guest access<\/strong><br \/>On the Rocks offers two fully private, independently bookable homes (On the Rocks 1 &amp; On the Rocks 2). You are currently viewing the smaller house (On the Rocks 2), situated at the bottom of the property.<\/p><p>To view On the Rocks 1 please open this link: <strong><a href=\"\/accommodation\/on-the-rocks-1\/\">On The Rocks 1<\/a><\/strong><\/p><p>If you're interested in renting both homes, feel free to reach out. Thank you!<\/p><p>Free parking is available right in front of the house.<\/p><p><strong>Other things to note<\/strong><br \/>- The property is equipped with two gas heaters to keep you warm on cooler nights.<br \/>- Help yourself to as many locally grown apples as you\u2019d like\u2014enjoy!<\/p><p>Thank you for choosing us! We\u2019re excited to host you soon.<\/p><p>Warm regards,<br \/>The On the Rocks Team<\/p>\t\t\t\t<\/div>\n\t\t\t<\/div>\n\t\t\t\t\t<\/section>\n\t\t<!-- description end -->\n\n\t\t\t\t\t\t<\/div>\n\t\t\t\t<\/div>\n\t\t\t\t\t<\/div>\n\t\t<\/div>\n\t\t\t\t\t<\/div>\n\t\t<\/section>\n\t\t\t\t<section class=\"elementor-section elementor-inner-section elementor-element elementor-element-13c46d24 elementor-section-full_width elementor-section-height-default elementor-section-height-default\" data-id=\"13c46d24\" data-element_type=\"section\" data-e-type=\"section\">\n\t\t\t\t\t\t<div class=\"elementor-container elementor-column-gap-no\">\n\t\t\t\t\t<div class=\"elementor-column elementor-col-100 elementor-inner-column elementor-element elementor-element-6c8c2aea\" data-id=\"6c8c2aea\" data-element_type=\"column\" data-e-type=\"column\">\n\t\t\t<div class=\"elementor-widget-wrap elementor-element-populated\">\n\t\t\t\t\t\t<div class=\"elementor-element elementor-element-6874df8d elementor-widget elementor-widget-kinsley-room-attributes\" data-id=\"6874df8d\" data-element_type=\"widget\" data-e-type=\"widget\" id=\"custom_attribute\" data-widget_type=\"kinsley-room-attributes.default\">\n\t\t\t\t<div class=\"elementor-widget-container\">\n\t\t\t\t\t\n\t\t<!-- room info -->\n\t\t<div class=\"knsl-room-features-lg knsl-mb-20 show-view show-bed-type show-custom-attribute\">\n\t\t\t\t\t<\/div>\n\t\t<!-- room info end -->\n\n\t\t\t\t\t\t<\/div>\n\t\t\t\t<\/div>\n\t\t\t\t\t<\/div>\n\t\t<\/div>\n\t\t\t\t\t<\/div>\n\t\t<\/section>\n\t\t\t\t<section class=\"elementor-section elementor-inner-section elementor-element elementor-element-5291c96f elementor-section-full_width elementor-section-height-default elementor-section-height-default\" data-id=\"5291c96f\" data-element_type=\"section\" data-e-type=\"section\">\n\t\t\t\t\t\t<div class=\"elementor-container elementor-column-gap-no\">\n\t\t\t\t\t<div class=\"elementor-column elementor-col-100 elementor-inner-column elementor-element elementor-element-4d56b7c8\" data-id=\"4d56b7c8\" data-element_type=\"column\" data-e-type=\"column\">\n\t\t\t<div class=\"elementor-widget-wrap elementor-element-populated\">\n\t\t\t\t\t\t<div class=\"elementor-element elementor-element-1cf3f97c elementor-widget elementor-widget-heading\" data-id=\"1cf3f97c\" data-element_type=\"widget\" data-e-type=\"widget\" data-widget_type=\"heading.default\">\n\t\t\t\t<div class=\"elementor-widget-container\">\n\t\t\t\t\t<h3 class=\"elementor-heading-title elementor-size-default\">Where you'll sleep<\/h3>\t\t\t\t<\/div>\n\t\t\t\t<\/div>\n\t\t\t\t\t<\/div>\n\t\t<\/div>\n\t\t\t\t\t<\/div>\n\t\t<\/section>\n\t\t\t\t<section class=\"elementor-section elementor-inner-section elementor-element elementor-element-7274f102 elementor-section-full_width elementor-section-height-default elementor-section-height-default\" data-id=\"7274f102\" data-element_type=\"section\" data-e-type=\"section\" id=\"bedroom_img\">\n\t\t\t\t\t\t<div class=\"elementor-container elementor-column-gap-no\">\n\t\t\t\t\t<div class=\"elementor-column elementor-col-33 elementor-inner-column elementor-element elementor-element-247a6b\" data-id=\"247a6b\" data-element_type=\"column\" data-e-type=\"column\">\n\t\t\t<div class=\"elementor-widget-wrap elementor-element-populated\">\n\t\t\t\t\t\t<div class=\"elementor-element elementor-element-5c398955 elementor-position-top elementor-widget elementor-widget-image-box\" data-id=\"5c398955\" data-element_type=\"widget\" data-e-type=\"widget\" data-widget_type=\"image-box.default\">\n\t\t\t\t<div class=\"elementor-widget-container\">\n\t\t\t\t\t<div class=\"elementor-image-box-wrapper\"><figure class=\"elementor-image-box-img\"><img loading=\"lazy\" decoding=\"async\" width=\"24\" height=\"24\" src=\"https:\/\/yourmadeirarentals.com\/wp-content\/uploads\/2024\/08\/double-bed.png\" class=\"attachment-full size-full wp-image-11938\" alt=\"\" srcset=\"https:\/\/yourmadeirarentals.com\/wp-content\/uploads\/2024\/08\/double-bed.png 24w, https:\/\/yourmadeirarentals.com\/wp-content\/uploads\/2024\/08\/double-bed-12x12.png 12w\" sizes=\"(max-width: 24px) 100vw, 24px\" \/><\/figure><div class=\"elementor-image-box-content\"><h3 class=\"elementor-image-box-title\">Bedroom 1<\/h3><p class=\"elementor-image-box-description\">1 king bed<\/p><\/div><\/div>\t\t\t\t<\/div>\n\t\t\t\t<\/div>\n\t\t\t\t\t<\/div>\n\t\t<\/div>\n\t\t\t\t<div class=\"elementor-column elementor-col-33 elementor-inner-column elementor-element elementor-element-18da2be\" data-id=\"18da2be\" data-element_type=\"column\" data-e-type=\"column\">\n\t\t\t<div class=\"elementor-widget-wrap elementor-element-populated\">\n\t\t\t\t\t\t<div class=\"elementor-element elementor-element-23bbf26 elementor-position-top elementor-widget elementor-widget-image-box\" data-id=\"23bbf26\" data-element_type=\"widget\" data-e-type=\"widget\" data-widget_type=\"image-box.default\">\n\t\t\t\t<div class=\"elementor-widget-container\">\n\t\t\t\t\t<div class=\"elementor-image-box-wrapper\"><figure class=\"elementor-image-box-img\"><img loading=\"lazy\" decoding=\"async\" width=\"24\" height=\"24\" src=\"https:\/\/yourmadeirarentals.com\/wp-content\/uploads\/2021\/08\/couch.png\" class=\"attachment-full size-full wp-image-7048\" alt=\"\" srcset=\"https:\/\/yourmadeirarentals.com\/wp-content\/uploads\/2021\/08\/couch.png 24w, https:\/\/yourmadeirarentals.com\/wp-content\/uploads\/2021\/08\/couch-12x12.png 12w\" sizes=\"(max-width: 24px) 100vw, 24px\" \/><\/figure><div class=\"elementor-image-box-content\"><h3 class=\"elementor-image-box-title\">Living room<\/h3><p class=\"elementor-image-box-description\">1 sofa bed<\/p><\/div><\/div>\t\t\t\t<\/div>\n\t\t\t\t<\/div>\n\t\t\t\t\t<\/div>\n\t\t<\/div>\n\t\t\t\t<div class=\"elementor-column elementor-col-33 elementor-inner-column elementor-element elementor-element-7f88b34\" data-id=\"7f88b34\" data-element_type=\"column\" data-e-type=\"column\">\n\t\t\t<div class=\"elementor-widget-wrap\">\n\t\t\t\t\t\t\t<\/div>\n\t\t<\/div>\n\t\t\t\t\t<\/div>\n\t\t<\/section>\n\t\t\t\t<section class=\"elementor-section elementor-inner-section elementor-element elementor-element-3386575d elementor-section-full_width elementor-section-height-default elementor-section-height-default\" data-id=\"3386575d\" data-element_type=\"section\" data-e-type=\"section\">\n\t\t\t\t\t\t<div class=\"elementor-container elementor-column-gap-no\">\n\t\t\t\t\t<div class=\"elementor-column elementor-col-100 elementor-inner-column elementor-element elementor-element-609a0f45\" data-id=\"609a0f45\" data-element_type=\"column\" data-e-type=\"column\">\n\t\t\t<div class=\"elementor-widget-wrap elementor-element-populated\">\n\t\t\t\t\t\t<div class=\"elementor-element elementor-element-56d329b4 elementor-widget elementor-widget-kinsley-room-amenity\" data-id=\"56d329b4\" data-element_type=\"widget\" data-e-type=\"widget\" data-widget_type=\"kinsley-room-amenity.default\">\n\t\t\t\t<div class=\"elementor-widget-container\">\n\t\t\t\t\t\n\t\t<!-- features -->\n\t\t<section class=\"knsl-mb-40\">\n\t\t\t<div class=\"row\">\n\t\t\t\t\t\t\t\t<div class=\"col-lg-12\">\n\t\t\t\t\t<h3 class=\"knsl-title--h knsl-mb-40\">\n\t\t\t\t\t\t<span >\n\t\t\t\t\t\t\tWhat this place offers\t\t\t\t\t\t<\/span>\n\t\t\t\t\t<\/h3>\n\t\t\t\t<\/div>\n\t\t\t\t\t\t\t\t\t\t\t\t\t\t\t\t<div class=\"col-6 col-md-3\">\n\n\t\t\t\t\t<!-- icon box -->\n\t\t\t\t\t<div class=\"knsl-icon-box knsl-icon-box-sm knsl-scroll-animation\">\n\t\t\t\t\t\t\t\t\t\t\t\t<a >\n\t\t\t\t\t\t\t\t\t\t\t\t\t\t<div class=\"mil-icon\">\n\t\t\t\t\t\t\t\t<img decoding=\"async\" src=\"https:\/\/yourmadeirarentals.com\/wp-content\/uploads\/2025\/08\/car-6.png\" alt=\"Free parking\" class=\" knsl-mb-10\" \/>\n\t\t\t\t\t\t\t<\/div>\n\t\t\t\t\t\t\t\t\t\t\t\t\t\t<h5>Free parking<\/h5>\n\t\t\t\t\t\t<\/a>\n\t\t\t\t\t<\/div>\n\t\t\t\t\t<!-- icon box end -->\n\n\t\t\t\t<\/div>\n\t\t\t\t\t\t\t\t<div class=\"col-6 col-md-3\">\n\n\t\t\t\t\t<!-- icon box -->\n\t\t\t\t\t<div class=\"knsl-icon-box knsl-icon-box-sm knsl-scroll-animation\">\n\t\t\t\t\t\t\t\t\t\t\t\t<a >\n\t\t\t\t\t\t\t\t\t\t\t\t\t\t<div class=\"mil-icon\">\n\t\t\t\t\t\t\t\t<img decoding=\"async\" src=\"https:\/\/yourmadeirarentals.com\/wp-content\/uploads\/2025\/08\/cutlery.png\" alt=\"Kitchen\" class=\" knsl-mb-10\" \/>\n\t\t\t\t\t\t\t<\/div>\n\t\t\t\t\t\t\t\t\t\t\t\t\t\t<h5>Kitchen<\/h5>\n\t\t\t\t\t\t<\/a>\n\t\t\t\t\t<\/div>\n\t\t\t\t\t<!-- icon box end -->\n\n\t\t\t\t<\/div>\n\t\t\t\t\t\t\t\t<div class=\"col-6 col-md-3\">\n\n\t\t\t\t\t<!-- icon box -->\n\t\t\t\t\t<div class=\"knsl-icon-box knsl-icon-box-sm knsl-scroll-animation\">\n\t\t\t\t\t\t\t\t\t\t\t\t<a >\n\t\t\t\t\t\t\t\t\t\t\t\t\t\t<div class=\"mil-icon\">\n\t\t\t\t\t\t\t\t<img decoding=\"async\" src=\"https:\/\/yourmadeirarentals.com\/wp-content\/uploads\/2025\/08\/pets-allowed-1.png\" alt=\"Pets allowed\" class=\" knsl-mb-10\" \/>\n\t\t\t\t\t\t\t<\/div>\n\t\t\t\t\t\t\t\t\t\t\t\t\t\t<h5>Pets allowed<\/h5>\n\t\t\t\t\t\t<\/a>\n\t\t\t\t\t<\/div>\n\t\t\t\t\t<!-- icon box end -->\n\n\t\t\t\t<\/div>\n\t\t\t\t\t\t\t\t<div class=\"col-6 col-md-3\">\n\n\t\t\t\t\t<!-- icon box -->\n\t\t\t\t\t<div class=\"knsl-icon-box knsl-icon-box-sm knsl-scroll-animation\">\n\t\t\t\t\t\t\t\t\t\t\t\t<a >\n\t\t\t\t\t\t\t\t\t\t\t\t\t\t<div class=\"mil-icon\">\n\t\t\t\t\t\t\t\t<img decoding=\"async\" src=\"https:\/\/yourmadeirarentals.com\/wp-content\/uploads\/2025\/08\/refrigerator-1.png\" alt=\"Refrigerator\" class=\" knsl-mb-10\" \/>\n\t\t\t\t\t\t\t<\/div>\n\t\t\t\t\t\t\t\t\t\t\t\t\t\t<h5>Refrigerator<\/h5>\n\t\t\t\t\t\t<\/a>\n\t\t\t\t\t<\/div>\n\t\t\t\t\t<!-- icon box end -->\n\n\t\t\t\t<\/div>\n\t\t\t\t\t\t\t\t<div class=\"col-6 col-md-3\">\n\n\t\t\t\t\t<!-- icon box -->\n\t\t\t\t\t<div class=\"knsl-icon-box knsl-icon-box-sm knsl-scroll-animation\">\n\t\t\t\t\t\t\t\t\t\t\t\t<a >\n\t\t\t\t\t\t\t\t\t\t\t\t\t\t<div class=\"mil-icon\">\n\t\t\t\t\t\t\t\t<img decoding=\"async\" src=\"https:\/\/yourmadeirarentals.com\/wp-content\/uploads\/2025\/08\/cctv-camera-1.png\" alt=\"Security cameras\" class=\" knsl-mb-10\" \/>\n\t\t\t\t\t\t\t<\/div>\n\t\t\t\t\t\t\t\t\t\t\t\t\t\t<h5>Security cameras<\/h5>\n\t\t\t\t\t\t<\/a>\n\t\t\t\t\t<\/div>\n\t\t\t\t\t<!-- icon box end -->\n\n\t\t\t\t<\/div>\n\t\t\t\t\t\t\t\t<div class=\"col-6 col-md-3\">\n\n\t\t\t\t\t<!-- icon box -->\n\t\t\t\t\t<div class=\"knsl-icon-box knsl-icon-box-sm knsl-scroll-animation\">\n\t\t\t\t\t\t\t\t\t\t\t\t<a >\n\t\t\t\t\t\t\t\t\t\t\t\t\t\t<div class=\"mil-icon\">\n\t\t\t\t\t\t\t\t<img decoding=\"async\" src=\"https:\/\/yourmadeirarentals.com\/wp-content\/uploads\/2025\/08\/television.png\" alt=\"TV\" class=\" knsl-mb-10\" \/>\n\t\t\t\t\t\t\t<\/div>\n\t\t\t\t\t\t\t\t\t\t\t\t\t\t<h5>TV<\/h5>\n\t\t\t\t\t\t<\/a>\n\t\t\t\t\t<\/div>\n\t\t\t\t\t<!-- icon box end -->\n\n\t\t\t\t<\/div>\n\t\t\t\t\t\t\t\t<div class=\"col-6 col-md-3\">\n\n\t\t\t\t\t<!-- icon box -->\n\t\t\t\t\t<div class=\"knsl-icon-box knsl-icon-box-sm knsl-scroll-animation\">\n\t\t\t\t\t\t\t\t\t\t\t\t<a >\n\t\t\t\t\t\t\t\t\t\t\t\t\t\t<div class=\"mil-icon\">\n\t\t\t\t\t\t\t\t<img decoding=\"async\" src=\"https:\/\/yourmadeirarentals.com\/wp-content\/uploads\/2025\/08\/drying.png\" alt=\"Washing machine\" class=\" knsl-mb-10\" \/>\n\t\t\t\t\t\t\t<\/div>\n\t\t\t\t\t\t\t\t\t\t\t\t\t\t<h5>Washing machine<\/h5>\n\t\t\t\t\t\t<\/a>\n\t\t\t\t\t<\/div>\n\t\t\t\t\t<!-- icon box end -->\n\n\t\t\t\t<\/div>\n\t\t\t\t\t\t\t\t<div class=\"col-6 col-md-3\">\n\n\t\t\t\t\t<!-- icon box -->\n\t\t\t\t\t<div class=\"knsl-icon-box knsl-icon-box-sm knsl-scroll-animation\">\n\t\t\t\t\t\t\t\t\t\t\t\t<a >\n\t\t\t\t\t\t\t\t\t\t\t\t\t\t<div class=\"mil-icon\">\n\t\t\t\t\t\t\t\t<img decoding=\"async\" src=\"https:\/\/yourmadeirarentals.com\/wp-content\/uploads\/2025\/08\/wifi-1.png\" alt=\"Wifi\" class=\" knsl-mb-10\" \/>\n\t\t\t\t\t\t\t<\/div>\n\t\t\t\t\t\t\t\t\t\t\t\t\t\t<h5>Wifi<\/h5>\n\t\t\t\t\t\t<\/a>\n\t\t\t\t\t<\/div>\n\t\t\t\t\t<!-- icon box end -->\n\n\t\t\t\t<\/div>\n\t\t\t\t\t\t\t\t\t\t\t<\/div>\n\t\t<\/section>\n\t\t<!-- features end -->\n\n\t\t\t\t\t\t<\/div>\n\t\t\t\t<\/div>\n\t\t\t\t\t<\/div>\n\t\t<\/div>\n\t\t\t\t\t<\/div>\n\t\t<\/section>\n\t\t\t\t<section class=\"elementor-section elementor-inner-section elementor-element elementor-element-68668287 elementor-section-full_width elementor-section-height-default elementor-section-height-default\" data-id=\"68668287\" data-element_type=\"section\" data-e-type=\"section\">\n\t\t\t\t\t\t<div class=\"elementor-container elementor-column-gap-no\">\n\t\t\t\t\t<div class=\"elementor-column elementor-col-100 elementor-inner-column elementor-element elementor-element-63535ee2\" data-id=\"63535ee2\" data-element_type=\"column\" data-e-type=\"column\">\n\t\t\t<div class=\"elementor-widget-wrap elementor-element-populated\">\n\t\t\t\t\t\t<div class=\"elementor-element elementor-element-16ed9efc elementor-widget elementor-widget-kinsley-availability-calendar\" data-id=\"16ed9efc\" data-element_type=\"widget\" data-e-type=\"widget\" data-widget_type=\"kinsley-availability-calendar.default\">\n\t\t\t\t<div class=\"elementor-widget-container\">\n\t\t\t\t\t\n                <h3 class=\"knsl-mb-40\">\n          <span >\n              Select Reservation Date          <\/span>\n        <\/h3>\n\t\t\t\t\n        <div class=\"mphb_sc_availability_calendar-wrapper  knsl-scroll-animation\">\t<div class=\"mphb-calendar mphb-datepick inlinePicker mphb-calendar--direct-booking\" data-room-type-id=\"17001\" data-monthstoshow=\"2\" data-is_show_prices=\"0\" data-is_truncate_prices=\"1\" data-is_show_prices_currency=\"0\" data-first_available_check_in_date=\"2026-05-03\"><\/div>\n\t<\/div>\t\t\t\t<\/div>\n\t\t\t\t<\/div>\n\t\t\t\t\t<\/div>\n\t\t<\/div>\n\t\t\t\t\t<\/div>\n\t\t<\/section>\n\t\t\t\t<section class=\"elementor-section elementor-inner-section elementor-element elementor-element-591d1981 elementor-section-full_width elementor-section-height-default elementor-section-height-default\" data-id=\"591d1981\" data-element_type=\"section\" data-e-type=\"section\">\n\t\t\t\t\t\t<div class=\"elementor-container elementor-column-gap-no\">\n\t\t\t\t\t<div class=\"elementor-column elementor-col-100 elementor-inner-column elementor-element elementor-element-2ab6a442\" data-id=\"2ab6a442\" data-element_type=\"column\" data-e-type=\"column\">\n\t\t\t<div class=\"elementor-widget-wrap elementor-element-populated\">\n\t\t\t\t\t\t<div class=\"elementor-element elementor-element-3ea1a830 elementor-widget elementor-widget-kinsley-map\" data-id=\"3ea1a830\" data-element_type=\"widget\" data-e-type=\"widget\" data-widget_type=\"kinsley-map.default\">\n\t\t\t\t<div class=\"elementor-widget-container\">\n\t\t\t\t\t\n\t\t<!-- map -->\n\t\t<section>\n\t\t\t<div class=\"row\">\n\t\t\t\t\t\t\t\t<div class=\"col-lg-12\">\n\t\t\t\t\t<h3 class=\"knsl-title--h knsl-mb-40\">\n\t\t\t\t\t\t<span >\n\t\t\t\t\t\t\tWhere you\u2019ll be\n\n\n\t\t\t\t\t\t<\/span>\n\t\t\t\t\t<\/h3>\n\t\t\t\t<\/div>\n\t\t\t\t\t\t\t\t<div class=\"col-lg-12\">\n\t\t\t\t\t<div class=\"knsl-map-frame knsl-mb-60\">\n\t\t\t\t\t\t<div class=\"knsl-lock\"><i class=\"fas fa-lock\"><\/i><\/div>\n\t\t\t\t\t\t<div id=\"map\" class=\"knsl-map\" data-key=\"pk.eyJ1Ijoia2VmYTkwIiwiYSI6ImNsbGdrZHkwZTBnOWozZHBxbzdqaDlydGYifQ.aPqNmJI8f7NxTkYL5NzTDA\" data-style=\"default\" data-zoom=\"15\" data-lng=\" -17.030784\" data-lat=\"32.742910\"><\/div>\n\t\t\t\t\t<\/div>\n\t\t\t\t<\/div>\n\t\t\t<\/div>\n\t\t<\/section>\n\t\t<!-- map end -->\n\n\t\t\t\t\t\t<\/div>\n\t\t\t\t<\/div>\n\t\t\t\t\t<\/div>\n\t\t<\/div>\n\t\t\t\t\t<\/div>\n\t\t<\/section>\n\t\t\t\t<section class=\"elementor-section elementor-inner-section elementor-element elementor-element-3cac4af4 elementor-section-full_width elementor-section-height-default elementor-section-height-default\" data-id=\"3cac4af4\" data-element_type=\"section\" data-e-type=\"section\">\n\t\t\t\t\t\t<div class=\"elementor-container elementor-column-gap-no\">\n\t\t\t\t\t<div class=\"elementor-column elementor-col-100 elementor-inner-column elementor-element elementor-element-2a1ed123\" data-id=\"2a1ed123\" data-element_type=\"column\" data-e-type=\"column\">\n\t\t\t<div class=\"elementor-widget-wrap elementor-element-populated\">\n\t\t\t\t\t\t<div class=\"elementor-element elementor-element-66c4c85d elementor-widget elementor-widget-kinsley-room-services\" data-id=\"66c4c85d\" data-element_type=\"widget\" data-e-type=\"widget\" data-widget_type=\"kinsley-room-services.default\">\n\t\t\t\t<div class=\"elementor-widget-container\">\n\t\t\t\t\t\n\t\t<!-- services -->\n\t\t<section class=\"knsl-mb-40\">\n\t\t\t<div class=\"row\">\n\t\t\t\t\t\t\t\t<div class=\"col-lg-12\">\n\t\t\t\t\t<h3 class=\"knsl-title--h knsl-mb-40\">\n\t\t\t\t\t\t<span >\n\t\t\t\t\t\t\t\tAround The Hotel\t\t\t\t\t\t<\/span>\n\t\t\t\t\t<\/h3>\n\t\t\t\t<\/div>\n\t\t\t\t\t\t\t\t\t\t\t\t\t\t\t\t<div class=\"col-md-6 col-lg-4\">\n\n\t\t\t\t\t<!-- service card -->\n\t\t\t\t\t<div class=\"knsl-ath-card knsl-scroll-animation\">\n\t\t\t\t\t\t\t\t\t\t\t\t\t\t\t\t\t\t<div class=\"knsl-cover-frame\">\n\t\t\t\t\t\t\t<a >\n\t\t\t\t\t\t\t\t<img decoding=\"async\" src=\"https:\/\/yourmadeirarentals.com\/wp-content\/uploads\/2023\/10\/Rental-car-950x384.jpg\" alt=\"Car Hire Service\" \/>\n\t\t\t\t\t\t\t<\/a>\n\t\t\t\t\t\t<\/div>\n\t\t\t\t\t\t\t\t\t\t\t\t<div class=\"knsl-card-description\">\n\t\t\t\t\t\t\t<h5>\n\t\t\t\t\t\t\t\t<a>Car Hire Service<\/a>\n\t\t\t\t\t\t\t<\/h5>\n\t\t\t\t\t\t<\/div>\n\t\t\t\t\t<\/div>\n\t\t\t\t\t<!-- service card end -->\n\n\t\t\t\t<\/div>\n\t\t\t\t\t\t\t\t<div class=\"col-md-6 col-lg-4\">\n\n\t\t\t\t\t<!-- service card -->\n\t\t\t\t\t<div class=\"knsl-ath-card knsl-scroll-animation\">\n\t\t\t\t\t\t\t\t\t\t\t\t\t\t\t\t\t\t<div class=\"knsl-cover-frame\">\n\t\t\t\t\t\t\t<a >\n\t\t\t\t\t\t\t\t<img decoding=\"async\" src=\"https:\/\/yourmadeirarentals.com\/wp-content\/uploads\/2023\/10\/House-Keeping-950x397.jpg\" alt=\"Housekeeping\" \/>\n\t\t\t\t\t\t\t<\/a>\n\t\t\t\t\t\t<\/div>\n\t\t\t\t\t\t\t\t\t\t\t\t<div class=\"knsl-card-description\">\n\t\t\t\t\t\t\t<h5>\n\t\t\t\t\t\t\t\t<a>Housekeeping<\/a>\n\t\t\t\t\t\t\t<\/h5>\n\t\t\t\t\t\t<\/div>\n\t\t\t\t\t<\/div>\n\t\t\t\t\t<!-- service card end -->\n\n\t\t\t\t<\/div>\n\t\t\t\t\t\t\t\t<div class=\"col-md-6 col-lg-4\">\n\n\t\t\t\t\t<!-- service card -->\n\t\t\t\t\t<div class=\"knsl-ath-card knsl-scroll-animation\">\n\t\t\t\t\t\t\t\t\t\t\t\t\t\t\t\t\t\t<div class=\"knsl-cover-frame\">\n\t\t\t\t\t\t\t<a >\n\t\t\t\t\t\t\t\t<img decoding=\"async\" src=\"https:\/\/yourmadeirarentals.com\/wp-content\/uploads\/2023\/10\/Real-Estate-Digital-950x391.jpg\" alt=\"Real Estate Consulting Service\" \/>\n\t\t\t\t\t\t\t<\/a>\n\t\t\t\t\t\t<\/div>\n\t\t\t\t\t\t\t\t\t\t\t\t<div class=\"knsl-card-description\">\n\t\t\t\t\t\t\t<h5>\n\t\t\t\t\t\t\t\t<a>Real Estate Consulting Service<\/a>\n\t\t\t\t\t\t\t<\/h5>\n\t\t\t\t\t\t<\/div>\n\t\t\t\t\t<\/div>\n\t\t\t\t\t<!-- service card end -->\n\n\t\t\t\t<\/div>\n\t\t\t\t\t\t\t\t<div class=\"col-md-6 col-lg-4\">\n\n\t\t\t\t\t<!-- service card -->\n\t\t\t\t\t<div class=\"knsl-ath-card knsl-scroll-animation\">\n\t\t\t\t\t\t\t\t\t\t\t\t\t\t\t\t\t\t<div class=\"knsl-cover-frame\">\n\t\t\t\t\t\t\t<a >\n\t\t\t\t\t\t\t\t<img decoding=\"async\" src=\"https:\/\/yourmadeirarentals.com\/wp-content\/uploads\/2023\/10\/Yacht-At-Seaside-950x535.jpg\" alt=\"Tour Operation Service\" \/>\n\t\t\t\t\t\t\t<\/a>\n\t\t\t\t\t\t<\/div>\n\t\t\t\t\t\t\t\t\t\t\t\t<div class=\"knsl-card-description\">\n\t\t\t\t\t\t\t<h5>\n\t\t\t\t\t\t\t\t<a>Tour Operation Service<\/a>\n\t\t\t\t\t\t\t<\/h5>\n\t\t\t\t\t\t<\/div>\n\t\t\t\t\t<\/div>\n\t\t\t\t\t<!-- service card end -->\n\n\t\t\t\t<\/div>\n\t\t\t\t\t\t\t\t<div class=\"col-md-6 col-lg-4\">\n\n\t\t\t\t\t<!-- service card -->\n\t\t\t\t\t<div class=\"knsl-ath-card knsl-scroll-animation\">\n\t\t\t\t\t\t\t\t\t\t\t\t\t\t\t\t\t\t<div class=\"knsl-cover-frame\">\n\t\t\t\t\t\t\t<a >\n\t\t\t\t\t\t\t\t<img decoding=\"async\" src=\"https:\/\/yourmadeirarentals.com\/wp-content\/uploads\/2023\/10\/Beautiful-sunset-950x634.jpg\" alt=\"Travel Recommendations\" \/>\n\t\t\t\t\t\t\t<\/a>\n\t\t\t\t\t\t<\/div>\n\t\t\t\t\t\t\t\t\t\t\t\t<div class=\"knsl-card-description\">\n\t\t\t\t\t\t\t<h5>\n\t\t\t\t\t\t\t\t<a>Travel Recommendations<\/a>\n\t\t\t\t\t\t\t<\/h5>\n\t\t\t\t\t\t<\/div>\n\t\t\t\t\t<\/div>\n\t\t\t\t\t<!-- service card end -->\n\n\t\t\t\t<\/div>\n\t\t\t\t\t\t\t\t\t\t\t<\/div>\n\t\t<\/section>\n\t\t<!-- services end -->\n\n\t\t\t\t\t\t<\/div>\n\t\t\t\t<\/div>\n\t\t\t\t\t<\/div>\n\t\t<\/div>\n\t\t\t\t\t<\/div>\n\t\t<\/section>\n\t\t\t\t\t<\/div>\n\t\t<\/div>\n\t\t\t\t<div class=\"elementor-column elementor-col-33 elementor-top-column elementor-element elementor-element-60b421b2\" data-id=\"60b421b2\" data-element_type=\"column\" data-e-type=\"column\">\n\t\t\t<div class=\"elementor-widget-wrap elementor-element-populated\">\n\t\t\t\t\t\t<section class=\"elementor-section elementor-inner-section elementor-element elementor-element-3ce739cd elementor-section-full_width elementor-section-height-default elementor-section-height-default\" data-id=\"3ce739cd\" data-element_type=\"section\" data-e-type=\"section\">\n\t\t\t\t\t\t<div class=\"elementor-container elementor-column-gap-no\">\n\t\t\t\t\t<div class=\"elementor-column elementor-col-100 elementor-inner-column elementor-element elementor-element-f8fd2cd\" data-id=\"f8fd2cd\" data-element_type=\"column\" data-e-type=\"column\">\n\t\t\t<div class=\"elementor-widget-wrap elementor-element-populated\">\n\t\t\t\t\t\t<div class=\"elementor-element elementor-element-72ba792f elementor-widget elementor-widget-kinsley-room-attributes\" data-id=\"72ba792f\" data-element_type=\"widget\" data-e-type=\"widget\" data-widget_type=\"kinsley-room-attributes.default\">\n\t\t\t\t<div class=\"elementor-widget-container\">\n\t\t\t\t\t\n\t\t<!-- room info -->\n\t\t<div class=\"knsl-room-features-lg knsl-mb-20 show-capacity show-size\">\n\t\t\t\t\t<\/div>\n\t\t<!-- room info end -->\n\n\t\t\t\t\t\t<\/div>\n\t\t\t\t<\/div>\n\t\t\t\t\t<\/div>\n\t\t<\/div>\n\t\t\t\t\t<\/div>\n\t\t<\/section>\n\t\t\t\t<section class=\"elementor-section elementor-inner-section elementor-element elementor-element-3a21d8d3 elementor-section-full_width elementor-section-height-default elementor-section-height-default\" data-id=\"3a21d8d3\" data-element_type=\"section\" data-e-type=\"section\">\n\t\t\t\t\t\t<div class=\"elementor-container elementor-column-gap-no\">\n\t\t\t\t\t<div class=\"elementor-column elementor-col-100 elementor-inner-column elementor-element elementor-element-7e618908\" data-id=\"7e618908\" data-element_type=\"column\" data-e-type=\"column\">\n\t\t\t<div class=\"elementor-widget-wrap elementor-element-populated\">\n\t\t\t\t\t\t<div class=\"elementor-element elementor-element-4deb5a26 elementor-widget elementor-widget-kinsley-room-price\" data-id=\"4deb5a26\" data-element_type=\"widget\" data-e-type=\"widget\" data-widget_type=\"kinsley-room-price.default\">\n\t\t\t\t<div class=\"elementor-widget-container\">\n\t\t\t\t\t\n\t\t<div class=\"knsl-price-card knsl-mb-20\">\n            <div class=\"knsl-price-number\">\n            \t                \t\t\t<\/div>\n\t\t<\/div>\n\n\t\t\t\t\t\t<\/div>\n\t\t\t\t<\/div>\n\t\t\t\t\t<\/div>\n\t\t<\/div>\n\t\t\t\t\t<\/div>\n\t\t<\/section>\n\t\t\t\t<section class=\"elementor-section elementor-inner-section elementor-element elementor-element-785e014c elementor-section-full_width elementor-section-height-default elementor-section-height-default\" data-id=\"785e014c\" data-element_type=\"section\" data-e-type=\"section\">\n\t\t\t\t\t\t<div class=\"elementor-container elementor-column-gap-no\">\n\t\t\t\t\t<div class=\"elementor-column elementor-col-100 elementor-inner-column elementor-element elementor-element-68c6dfb1\" data-id=\"68c6dfb1\" data-element_type=\"column\" data-e-type=\"column\">\n\t\t\t<div class=\"elementor-widget-wrap elementor-element-populated\">\n\t\t\t\t\t\t<div class=\"elementor-element elementor-element-4902c1c8 elementor-widget elementor-widget-kinsley-availability-form\" data-id=\"4902c1c8\" data-element_type=\"widget\" data-e-type=\"widget\" id=\"booking_form\" data-widget_type=\"kinsley-availability-form.default\">\n\t\t\t\t<div class=\"elementor-widget-container\">\n\t\t\t\t\t                <div class=\"knsl-sticky knsl-stycky-right\" data-margin-top=\"100\">\n                <div class=\"mphb_sc_booking_form-wrapper  knsl-book-form knsl-book-form-v\">\t<form method=\"POST\" action=\"https:\/\/yourmadeirarentals.com\/cs\/booking-confirmation\/\" class=\"mphb-booking-form mphb-booking-form--direct-booking\" id=\"booking-form-17001\" data-first_available_check_in_date=\"2026-05-03\">\n\n\t\t<p class=\"mphb-required-fields-tip\"><small>Povinn\u00e1 pole jsou ozna\u010dena <abbr title=\"required\">*<\/abbr><\/small><\/p>\n\t\t<input type=\"hidden\" id=\"mphb-checkout-nonce\" name=\"mphb-checkout-nonce\" value=\"fa4ea699af\" \/><input type=\"hidden\" name=\"_wp_http_referer\" value=\"\/cs\/wp-json\/wp\/v2\/mphb_room_type\/17001\" \/>\t\t\t\t<input type=\"hidden\" name=\"mphb_room_type_id\" value=\"17001\" \/>\n\t\t<p class=\"mphb-check-in-date-wrapper\">\n\t\t\t<label for=\"mphb_check_in_date-69edd21feeeb6\">\n\t\t\t\tDatum p\u0159\u00edjezdu\t\t\t\t<abbr title=\"Form\u00e1t datumu dd\/mm\/yyyy\">*<\/abbr>\n\t\t\t<\/label>\n\t\t\t<br \/>\n\t\t\t<input id=\"mphb_check_in_date-69edd21feeeb6\" type=\"text\" class=\"mphb-datepick\" value=\"\" required=\"required\" autocomplete=\"off\" placeholder=\"Datum p\u0159\u00edjezdu\" inputmode=\"none\" \/>\n\t\t\t<input id=\"mphb_check_in_date-69edd21feeeb6-hidden\" type=\"hidden\" name=\"mphb_check_in_date\" value=\"\" \/>\n\t\t<\/p>\n\t\t<p class=\"mphb-check-out-date-wrapper\">\n\t\t\t<label for=\"mphb_check_out_date-69edd21feeeb6\">\n\t\t\t\tDatum odjezdu\t\t\t\t<abbr title=\"Form\u00e1t datumu dd\/mm\/yyyy\">*<\/abbr>\n\t\t\t<\/label>\n\t\t\t<br \/>\n\t\t\t<input id=\"mphb_check_out_date-69edd21feeeb6\" type=\"text\" class=\"mphb-datepick\" value=\"\" required=\"required\" autocomplete=\"off\" placeholder=\"Datum odjezdu\" inputmode=\"none\" \/>\n\t\t\t<input id=\"mphb_check_out_date-69edd21feeeb6-hidden\" type=\"hidden\" name=\"mphb_check_out_date\" value=\"\" \/>\n\t\t<\/p>\n\t\t\n\t\t\t\n\t\t\t\t<p class=\"mphb-adults-wrapper mphb-capacity-wrapper\">\n\t\t\t\t\t<label for=\"mphb_adults-69edd21feeeb6\">\n\t\t\t\t\t\tHost\u00e9\t\t\t\t\t<\/label>\n\t\t\t\t\t<br \/>\n\t\t\t\t\t<select id=\"mphb_adults-69edd21feeeb6\" name=\"mphb_adults\">\n\n\t\t\t\t\t\t\n\t\t\t\t\t\t\t<option value=\"1\" >1<\/option>\n\t\t\t\t\t\t\n\t\t\t\t\t\t\n\t\t\t\t\t\t\t<option value=\"2\" >2<\/option>\n\t\t\t\t\t\t\n\t\t\t\t\t\t\n\t\t\t\t\t\t\t<option value=\"3\" >3<\/option>\n\t\t\t\t\t\t\n\t\t\t\t\t\t\n\t\t\t\t\t\t\t<option value=\"4\" >4<\/option>\n\t\t\t\t\t\t\n\t\t\t\t\t\t\t\t\t\t\t<\/select>\n\t\t\t\t<\/p>\n\t\t\t\n\t\t\t\n\t\t\t\t<input type=\"hidden\" id=\"mphb_children-69edd21feeeb6\" name=\"mphb_children\" value=\"0\" \/>\n\n\t\t\t\t\t\t\t\t\t\t<div class=\"mphb-reserve-room-section mphb-hide\">\n\t\t\t\t<p class=\"mphb-rooms-quantity-wrapper mphb-rooms-quantity-multiple mphb-hide\">\n\t\t\t\tRezervujte si <select class=\"mphb-rooms-quantity\" id=\"mphb-rooms-quantity-17001\" name=\"mphb_rooms_details[17001]\"><option value=\"1\" selected=\"selected\">1<\/option><\/select> z <span class=\"mphb-available-rooms-count\">1<\/span> dostupn\u00e9ho ubytov\u00e1n\u00ed.\t\t\t\t<\/p>\n\t\t\t\t<p class=\"mphb-rooms-quantity-wrapper mphb-rooms-quantity-single mphb-hide\">\n\t\t\t\t\tOn the Rocks 2 je ve vybran\u00e9m obdob\u00ed dostupn\u00e9.\t\t\t\t<\/p>\n\t\t\t\t\t\t\t\t\t<p class=\"mphb-period-price mphb-regular-price mphb-hide\">\n\t\t\t\t\t\t<strong>Cena za\u010d\u00edna na:<\/strong>\n\t\t\t\t\t<\/p>\n\t\t\t\t\t\t\t\t<input type=\"hidden\" name=\"mphb_is_direct_booking\" value=\"1\" \/>\n\t\t\t\t<input class=\"button mphb-button mphb-confirm-reservation\" type=\"submit\" value=\"Potvr\u010fte rezervaci\" \/>\n\t\t\t<\/div>\n\t\t\n\t\t<div class=\"mphb-errors-wrapper mphb-hide\"><\/div>\n\t\t<p class=\"mphb-reserve-btn-wrapper\">\n\t\t\t<input class=\"mphb-reserve-btn button\" type=\"submit\" value=\"Ov\u011b\u0159it dostupnost\" \/>\n\t\t<\/p>\n\t<\/form>\n\t<\/div>                <\/div>\n                \t\t\t\t<\/div>\n\t\t\t\t<\/div>\n\t\t\t\t\t<\/div>\n\t\t<\/div>\n\t\t\t\t\t<\/div>\n\t\t<\/section>\n\t\t\t\t\t<\/div>\n\t\t<\/div>\n\t\t\t\t\t<\/div>\n\t\t<\/section>\n\t\t\t\t<section class=\"elementor-section elementor-top-section elementor-element elementor-element-5bdb4e9f elementor-section-full_width elementor-section-height-default elementor-section-height-default\" data-id=\"5bdb4e9f\" data-element_type=\"section\" data-e-type=\"section\" data-settings=\"{&quot;background_background&quot;:&quot;classic&quot;}\">\n\t\t\t\t\t\t<div class=\"elementor-container elementor-column-gap-no\">\n\t\t\t\t\t<div class=\"elementor-column elementor-col-100 elementor-top-column elementor-element elementor-element-37a01984\" data-id=\"37a01984\" data-element_type=\"column\" data-e-type=\"column\">\n\t\t\t<div class=\"elementor-widget-wrap elementor-element-populated\">\n\t\t\t\t\t\t<div class=\"elementor-element elementor-element-21ad8525 elementor-widget elementor-widget-kinsley-rooms-carousel\" data-id=\"21ad8525\" data-element_type=\"widget\" data-e-type=\"widget\" data-widget_type=\"kinsley-rooms-carousel.default\">\n\t\t\t\t<div class=\"elementor-widget-container\">\n\t\t\t\t\t\n\t\t<!-- rooms -->\n\t\t<section class=\"knsl-transition-top knsl-p-0-100\">\n\t\t\t\t\t\t\n\t\t\n\t\t<div class=\"container\">\t\t<div class=\"row align-items-center\">\n\t\t\t\t\t\t<div class=\"col-lg-12\">\n\t\t\t\t<div class=\"knsl-center knsl-title-frame knsl-mb-100\">\n\t\t\t\t\t\t\t\t\t\t<h2 class=\"knsl-title--h knsl-mb-20\">\n\t\t\t\t\t\t<span >\n\t\t\t\t\t\t\tSimilar Homes\t\t\t\t\t\t<\/span>\n\t\t\t\t\t<\/h2>\n\t\t\t\t\t\t\t\t\t\t\t\t\t\t\t\t\t\t\t\t<a  href=\"\/madeira-villas-with-private-pool\/\" class=\"knsl-btn knsl-btn-md\">\n\t\t\t\t\t\t<span >\n\t\t\t\t\t\t\tAll Homes\t\t\t\t\t\t<\/span>\n\t\t\t\t\t<\/a>\n\t\t\t\t\t\t\t\t\t<\/div>\n\t\t\t<\/div>\n\t\t\t\n\t\t\t<div class=\"col-lg-12 attr-details-amenity-false attr-details-category-false attr-details-attributes-false attr-details-view-false attr-details-bed-type-false attr-details-children-false\">\n\t\t\t\t\t\t\t\t<div class=\"swiper-container knsl-uni-slider  attr-details-amenity-false attr-details-category-false attr-details-attributes-false attr-details-view-false attr-details-bed-type-false attr-details-children-false\">\n\t\t\t\t<div class=\"swiper-wrapper\">\n\t\t\t\t\t\t\t\t\t\t<div class=\"swiper-slide\">\n\t\t\t\t\t<div class=\"mphb_sc_room-wrapper knsl-scroll-animation\"><div class=\"mphb-room-type post-5412 mphb_room_type type-mphb_room_type status-publish has-post-thumbnail mphb_room_type_facility-beach-access mphb_room_type_facility-free-parking mphb_room_type_facility-garden-view mphb_room_type_facility-kitchen mphb_room_type_facility-mountain-view mphb_room_type_facility-tv mphb_room_type_facility-washing-machine mphb_room_type_facility-wifi mphb-room-type-adults-5 mphb-room-type-children-0 has-taxes-and-fees\">\n\n\t\n\t\n\n\t<p class=\"post-thumbnail mphb-loop-room-thumbnail\">\n\t<a href=\"https:\/\/yourmadeirarentals.com\/cs\/accommodation\/casa-calheta\/\">\n\t<img loading=\"lazy\" decoding=\"async\" width=\"1200\" height=\"900\" src=\"https:\/\/yourmadeirarentals.com\/wp-content\/uploads\/2023\/08\/casa-calheta-1-1.webp\" class=\"attachment-post-thumbnail size-post-thumbnail wp-post-image\" alt=\"\" srcset=\"https:\/\/yourmadeirarentals.com\/wp-content\/uploads\/2023\/08\/casa-calheta-1-1.webp 1200w, https:\/\/yourmadeirarentals.com\/wp-content\/uploads\/2023\/08\/casa-calheta-1-1-300x225.webp 300w, https:\/\/yourmadeirarentals.com\/wp-content\/uploads\/2023\/08\/casa-calheta-1-1-1024x768.webp 1024w, https:\/\/yourmadeirarentals.com\/wp-content\/uploads\/2023\/08\/casa-calheta-1-1-768x576.webp 768w, https:\/\/yourmadeirarentals.com\/wp-content\/uploads\/2023\/08\/casa-calheta-1-1-16x12.webp 16w, https:\/\/yourmadeirarentals.com\/wp-content\/uploads\/2023\/08\/casa-calheta-1-1-950x713.webp 950w, https:\/\/yourmadeirarentals.com\/wp-content\/uploads\/2023\/08\/casa-calheta-1-1-800x600.webp 800w\" sizes=\"(max-width: 1200px) 100vw, 1200px\">\t<\/a>\n\n\t<\/p>\n\n\n\n<h2 class=\"mphb-room-type-title entry-title\">\n\n\n\n<a class=\"mphb-room-type-title\" href=\"https:\/\/yourmadeirarentals.com\/cs\/accommodation\/casa-calheta\/\">Casa Calheta<\/a>\n\n\n<\/h2>\n\n\n<div class=\"knsl-text-light knsl-text-sm knsl-mb-20\">\n\t\n\t<p>Located in the southwest of Madeira Island, sea view and sunset. Large house for 5 people and space for 1 car. Wifi . Tv.<\/p>\n\n\t<\/div>\n\n<h3 class=\"mphb-room-type-details-title\">Podrobnosti<\/h3><ul class=\"mphb-loop-room-type-attributes\">\n\t<li class=\"mphb-room-type-total-capacity\"><span class=\"mphb-attribute-title mphb-total-capacity-title\">Host\u00e9:<\/span><span class=\"mphb-attribute-value\">\n\t5\n\t<\/span><\/li>\t\n\n\n\t<li class=\"mphb-room-type-facilities\"><span class=\"mphb-attribute-title mphb-facilities-title\">P\u0159\u00edslu\u0161enstv\u00ed:<\/span><span class=\"mphb-attribute-value\"> <span class=\"facility-beach-access\"><a href=\"https:\/\/yourmadeirarentals.com\/cs\/accommodation-facility\/beach-access\/\">Beach access<\/a><\/span>, <span class=\"facility-free-parking\"><a href=\"https:\/\/yourmadeirarentals.com\/cs\/accommodation-facility\/free-parking\/\">Free parking<\/a><\/span>, <span class=\"facility-garden-view\"><a href=\"https:\/\/yourmadeirarentals.com\/cs\/accommodation-facility\/garden-view\/\">Garden view<\/a><\/span>, <span class=\"facility-kitchen\"><a href=\"https:\/\/yourmadeirarentals.com\/cs\/accommodation-facility\/kitchen\/\">Kitchen<\/a><\/span>, <span class=\"facility-mountain-view\"><a href=\"https:\/\/yourmadeirarentals.com\/cs\/accommodation-facility\/mountain-view\/\">Mountain view<\/a><\/span>, <span class=\"facility-tv\"><a href=\"https:\/\/yourmadeirarentals.com\/cs\/accommodation-facility\/tv\/\">TV<\/a><\/span>, <span class=\"facility-washing-machine\"><a href=\"https:\/\/yourmadeirarentals.com\/cs\/accommodation-facility\/washing-machine\/\">Washing machine<\/a><\/span>, <span class=\"facility-wifi\"><a href=\"https:\/\/yourmadeirarentals.com\/cs\/accommodation-facility\/wifi\/\">Wifi<\/a><\/span><\/span><\/li>\n\t\n\n\n\t<li class=\"mphb-room-type-view\"><span class=\"mphb-attribute-title mphb-view-title\">Prohl\u00e9dnout si:<\/span><span class=\"mphb-attribute-value\">\n\tOcean view\n\t<\/span><\/li>\n\t\n\n\n\t<li class=\"mphb-room-type-size\"><span class=\"mphb-attribute-title mphb-size-title\">Velikost:<\/span><span class=\"mphb-attribute-value\">\n\t200m\u00b2\n\t<\/span><\/li>\n\t\n\n\t<li class=\"mphb-room-type-bed-type\"><span  class=\"mphb-attribute-title mphb-bed-type-title\">Typ postele:<\/span><span class=\"mphb-attribute-value\">\n\t3 bedrooms, 4 beds\n\t<\/span><\/li>\n\t\n<li class=\"mphb-room-type-bath mphb-room-type-custom-attribute\"><span class=\"mphb-attribute-title mphb-bath-title\">Bath:<\/span><span class=\"mphb-attribute-value\"> <span class=\"bath-2\">2<\/span><\/span><\/li>\n<\/ul>\n\n\t<p class=\"mphb-regular-price\"><strong>Cena za\u010d\u00edna na:<\/strong>\n\t<span class=\"mphb-price\"><span class=\"mphb-currency\">&euro;<\/span>267<\/span> <span class=\"mphb-price-period\" title=\"Vyberte si datum pro rezervaci a uvid\u00edte ceny na v\u00e1mi zvolen\u00fd term\u00edny\">za 3 noci<\/span><span class=\"mphb-tax-information taxes-included\"> (+taxes and fees)<\/span>\n\t<\/p>\n\t\n<div class=\"mphb-to-book-btn-wrapper\">\n<form action=\"https:\/\/yourmadeirarentals.com\/cs\/accommodation\/casa-calheta\/#booking-form-5412\" method=\"get\" ><button type=\"submit\" class=\"button mphb-book-button\" >Zarezervovat<\/button><\/form>\n<br\/><\/div>\n\t\n<\/div>\n<\/div>\t\t\t\t\t<\/div>\n\t\t\t\t\t\t\t\t\t\t<div class=\"swiper-slide\">\n\t\t\t\t\t<div class=\"mphb_sc_room-wrapper knsl-scroll-animation\"><div class=\"mphb-room-type post-1015 mphb_room_type type-mphb_room_type status-publish has-post-thumbnail mphb_room_type_facility-workspace mphb_room_type_facility-free-parking mphb_room_type_facility-kitchen mphb_room_type_facility-patio-or-balcony mphb_room_type_facility-private-backyard mphb_room_type_facility-tv mphb_room_type_facility-washing-machine mphb_room_type_facility-wifi mphb-room-type-adults-2 mphb-room-type-children-0 has-taxes-and-fees\">\n\n\t\n\t\n\n\t<p class=\"post-thumbnail mphb-loop-room-thumbnail\">\n\t<a href=\"https:\/\/yourmadeirarentals.com\/cs\/accommodation\/mar-a-vista\/\">\n\t<img loading=\"lazy\" decoding=\"async\" width=\"1200\" height=\"900\" src=\"https:\/\/yourmadeirarentals.com\/wp-content\/uploads\/2021\/12\/Mar-a-Vista-1.webp\" class=\"attachment-post-thumbnail size-post-thumbnail wp-post-image\" alt=\"\" srcset=\"https:\/\/yourmadeirarentals.com\/wp-content\/uploads\/2021\/12\/Mar-a-Vista-1.webp 1200w, https:\/\/yourmadeirarentals.com\/wp-content\/uploads\/2021\/12\/Mar-a-Vista-1-300x225.webp 300w, https:\/\/yourmadeirarentals.com\/wp-content\/uploads\/2021\/12\/Mar-a-Vista-1-1024x768.webp 1024w, https:\/\/yourmadeirarentals.com\/wp-content\/uploads\/2021\/12\/Mar-a-Vista-1-768x576.webp 768w, https:\/\/yourmadeirarentals.com\/wp-content\/uploads\/2021\/12\/Mar-a-Vista-1-950x713.webp 950w, https:\/\/yourmadeirarentals.com\/wp-content\/uploads\/2021\/12\/Mar-a-Vista-1-800x600.webp 800w\" sizes=\"(max-width: 1200px) 100vw, 1200px\">\t<\/a>\n\n\t<\/p>\n\n\n\n<h2 class=\"mphb-room-type-title entry-title\">\n\n\n\n<a class=\"mphb-room-type-title\" href=\"https:\/\/yourmadeirarentals.com\/cs\/accommodation\/mar-a-vista\/\">Mar a Vista<\/a>\n\n\n<\/h2>\n\n\n<div class=\"knsl-text-light knsl-text-sm knsl-mb-20\">\n\t\n\t<p>Discover a remarkable rental retreat perched on a cliff, granting unparalleled sea and valley views. Ideal for two, this cozy haven offers a bedroom with high quality foam mattress, living room, and a fully equipped kitchen with a dining area. The bathroom invites relaxation, while the outdoor space captivates with an open-air shower, garden, and hammock. Embrace nature&#8217;s allure in this tranquil and unique location, where every moment promises to be extraordinary.<\/p>\n\n\t<\/div>\n\n<h3 class=\"mphb-room-type-details-title\">Podrobnosti<\/h3><ul class=\"mphb-loop-room-type-attributes\">\n\t<li class=\"mphb-room-type-total-capacity\"><span class=\"mphb-attribute-title mphb-total-capacity-title\">Host\u00e9:<\/span><span class=\"mphb-attribute-value\">\n\t2\n\t<\/span><\/li>\t\n\n\n\t<li class=\"mphb-room-type-facilities\"><span class=\"mphb-attribute-title mphb-facilities-title\">P\u0159\u00edslu\u0161enstv\u00ed:<\/span><span class=\"mphb-attribute-value\"> <span class=\"facility-workspace\"><a href=\"https:\/\/yourmadeirarentals.com\/cs\/accommodation-facility\/workspace\/\">Dedicated Workspace<\/a><\/span>, <span class=\"facility-free-parking\"><a href=\"https:\/\/yourmadeirarentals.com\/cs\/accommodation-facility\/free-parking\/\">Free parking<\/a><\/span>, <span class=\"facility-kitchen\"><a href=\"https:\/\/yourmadeirarentals.com\/cs\/accommodation-facility\/kitchen\/\">Kitchen<\/a><\/span>, <span class=\"facility-patio-or-balcony\"><a href=\"https:\/\/yourmadeirarentals.com\/cs\/accommodation-facility\/patio-or-balcony\/\">Patio or balcony<\/a><\/span>, <span class=\"facility-private-backyard\"><a href=\"https:\/\/yourmadeirarentals.com\/cs\/accommodation-facility\/private-backyard\/\">Private backyard<\/a><\/span>, <span class=\"facility-tv\"><a href=\"https:\/\/yourmadeirarentals.com\/cs\/accommodation-facility\/tv\/\">TV<\/a><\/span>, <span class=\"facility-washing-machine\"><a href=\"https:\/\/yourmadeirarentals.com\/cs\/accommodation-facility\/washing-machine\/\">Washing machine<\/a><\/span>, <span class=\"facility-wifi\"><a href=\"https:\/\/yourmadeirarentals.com\/cs\/accommodation-facility\/wifi\/\">Wifi<\/a><\/span><\/span><\/li>\n\t\n\n\n\t<li class=\"mphb-room-type-view\"><span class=\"mphb-attribute-title mphb-view-title\">Prohl\u00e9dnout si:<\/span><span class=\"mphb-attribute-value\">\n\tSea View\n\t<\/span><\/li>\n\t\n\n\n\t<li class=\"mphb-room-type-size\"><span class=\"mphb-attribute-title mphb-size-title\">Velikost:<\/span><span class=\"mphb-attribute-value\">\n\t75m\u00b2\n\t<\/span><\/li>\n\t\n\n\t<li class=\"mphb-room-type-bed-type\"><span  class=\"mphb-attribute-title mphb-bed-type-title\">Typ postele:<\/span><span class=\"mphb-attribute-value\">\n\t1 bedroom, 1 bed\n\t<\/span><\/li>\n\t\n<li class=\"mphb-room-type-bath mphb-room-type-custom-attribute\"><span class=\"mphb-attribute-title mphb-bath-title\">Bath:<\/span><span class=\"mphb-attribute-value\"> <span class=\"bath-1\">1<\/span><\/span><\/li>\n<\/ul>\n\n\t<p class=\"mphb-regular-price\"><strong>Cena za\u010d\u00edna na:<\/strong>\n\t<span class=\"mphb-price\"><span class=\"mphb-currency\">&euro;<\/span>447<\/span> <span class=\"mphb-price-period\" title=\"Vyberte si datum pro rezervaci a uvid\u00edte ceny na v\u00e1mi zvolen\u00fd term\u00edny\">za 3 noci<\/span><span class=\"mphb-tax-information taxes-included\"> (+taxes and fees)<\/span>\n\t<\/p>\n\t\n<div class=\"mphb-to-book-btn-wrapper\">\n<form action=\"https:\/\/yourmadeirarentals.com\/cs\/accommodation\/mar-a-vista\/#booking-form-1015\" method=\"get\" ><button type=\"submit\" class=\"button mphb-book-button\" >Zarezervovat<\/button><\/form>\n<br\/><\/div>\n\t\n<\/div>\n<\/div>\t\t\t\t\t<\/div>\n\t\t\t\t\t\t\t\t\t\t<div class=\"swiper-slide\">\n\t\t\t\t\t<div class=\"mphb_sc_room-wrapper knsl-scroll-animation\"><div class=\"mphb-room-type post-6510 mphb_room_type type-mphb_room_type status-publish has-post-thumbnail mphb_room_type_facility-beach-access mphb_room_type_facility-workspace mphb_room_type_facility-free-parking mphb_room_type_facility-kitchen mphb_room_type_facility-ocean-view mphb_room_type_facility-tv mphb_room_type_facility-washing-machine mphb_room_type_facility-wifi mphb-room-type-adults-4 mphb-room-type-children-0 has-taxes-and-fees\">\n\n\t\n\t\n\n\t<p class=\"post-thumbnail mphb-loop-room-thumbnail\">\n\t<a href=\"https:\/\/yourmadeirarentals.com\/cs\/accommodation\/apartment-paulo\/\">\n\t<img loading=\"lazy\" decoding=\"async\" width=\"1200\" height=\"926\" src=\"https:\/\/yourmadeirarentals.com\/wp-content\/uploads\/2023\/09\/Apartment-Paulo-Madalena-1.jpeg\" class=\"attachment-post-thumbnail size-post-thumbnail wp-post-image\" alt=\"\" srcset=\"https:\/\/yourmadeirarentals.com\/wp-content\/uploads\/2023\/09\/Apartment-Paulo-Madalena-1.jpeg 1200w, https:\/\/yourmadeirarentals.com\/wp-content\/uploads\/2023\/09\/Apartment-Paulo-Madalena-1-300x232.jpeg 300w, https:\/\/yourmadeirarentals.com\/wp-content\/uploads\/2023\/09\/Apartment-Paulo-Madalena-1-1024x790.jpeg 1024w, https:\/\/yourmadeirarentals.com\/wp-content\/uploads\/2023\/09\/Apartment-Paulo-Madalena-1-768x593.jpeg 768w, https:\/\/yourmadeirarentals.com\/wp-content\/uploads\/2023\/09\/Apartment-Paulo-Madalena-1-16x12.jpeg 16w, https:\/\/yourmadeirarentals.com\/wp-content\/uploads\/2023\/09\/Apartment-Paulo-Madalena-1-950x733.jpeg 950w, https:\/\/yourmadeirarentals.com\/wp-content\/uploads\/2023\/09\/Apartment-Paulo-Madalena-1-800x617.jpeg 800w\" sizes=\"(max-width: 1200px) 100vw, 1200px\">\t<\/a>\n\n\t<\/p>\n\n\n\n<h2 class=\"mphb-room-type-title entry-title\">\n\n\n\n<a class=\"mphb-room-type-title\" href=\"https:\/\/yourmadeirarentals.com\/cs\/accommodation\/apartment-paulo\/\">Apartament Paulo<\/a>\n\n\n<\/h2>\n\n\n<div class=\"knsl-text-light knsl-text-sm knsl-mb-20\">\n\t\n\t<p>Welcome to our exquisite waterfront apartment in Madalena do Mar, Madeira, Portugal. This charming oasis offers an expansive sun terrace, perfect for soaking up the sun and relishing breathtaking ocean views. With a prime location on the waterfront, you&#8217;ll wake up to the soothing sound of waves and savor unparalleled sunsets. Experience the ultimate coastal retreat in this idyllic haven, where serenity and natural beauty converge for an unforgettable escape.<\/p>\n\n\t<\/div>\n\n<h3 class=\"mphb-room-type-details-title\">Podrobnosti<\/h3><ul class=\"mphb-loop-room-type-attributes\">\n\t<li class=\"mphb-room-type-total-capacity\"><span class=\"mphb-attribute-title mphb-total-capacity-title\">Host\u00e9:<\/span><span class=\"mphb-attribute-value\">\n\t4\n\t<\/span><\/li>\t\n\n\n\t<li class=\"mphb-room-type-facilities\"><span class=\"mphb-attribute-title mphb-facilities-title\">P\u0159\u00edslu\u0161enstv\u00ed:<\/span><span class=\"mphb-attribute-value\"> <span class=\"facility-beach-access\"><a href=\"https:\/\/yourmadeirarentals.com\/cs\/accommodation-facility\/beach-access\/\">Beach access<\/a><\/span>, <span class=\"facility-workspace\"><a href=\"https:\/\/yourmadeirarentals.com\/cs\/accommodation-facility\/workspace\/\">Dedicated Workspace<\/a><\/span>, <span class=\"facility-free-parking\"><a href=\"https:\/\/yourmadeirarentals.com\/cs\/accommodation-facility\/free-parking\/\">Free parking<\/a><\/span>, <span class=\"facility-kitchen\"><a href=\"https:\/\/yourmadeirarentals.com\/cs\/accommodation-facility\/kitchen\/\">Kitchen<\/a><\/span>, <span class=\"facility-ocean-view\"><a href=\"https:\/\/yourmadeirarentals.com\/cs\/accommodation-facility\/ocean-view\/\">Ocean view<\/a><\/span>, <span class=\"facility-tv\"><a href=\"https:\/\/yourmadeirarentals.com\/cs\/accommodation-facility\/tv\/\">TV<\/a><\/span>, <span class=\"facility-washing-machine\"><a href=\"https:\/\/yourmadeirarentals.com\/cs\/accommodation-facility\/washing-machine\/\">Washing machine<\/a><\/span>, <span class=\"facility-wifi\"><a href=\"https:\/\/yourmadeirarentals.com\/cs\/accommodation-facility\/wifi\/\">Wifi<\/a><\/span><\/span><\/li>\n\t\n\n\n\t<li class=\"mphb-room-type-view\"><span class=\"mphb-attribute-title mphb-view-title\">Prohl\u00e9dnout si:<\/span><span class=\"mphb-attribute-value\">\n\tOcean view\n\t<\/span><\/li>\n\t\n\n\n\t<li class=\"mphb-room-type-size\"><span class=\"mphb-attribute-title mphb-size-title\">Velikost:<\/span><span class=\"mphb-attribute-value\">\n\t66m\u00b2\n\t<\/span><\/li>\n\t\n\n\t<li class=\"mphb-room-type-bed-type\"><span  class=\"mphb-attribute-title mphb-bed-type-title\">Typ postele:<\/span><span class=\"mphb-attribute-value\">\n\t2 bedrooms, 3 beds\n\t<\/span><\/li>\n\t\n<li class=\"mphb-room-type-bath mphb-room-type-custom-attribute\"><span class=\"mphb-attribute-title mphb-bath-title\">Bath:<\/span><span class=\"mphb-attribute-value\"> <span class=\"bath-1\">1<\/span><\/span><\/li>\n<\/ul>\n\n\t<p class=\"mphb-regular-price\"><strong>Cena za\u010d\u00edna na:<\/strong>\n\t<span class=\"mphb-price\"><span class=\"mphb-currency\">&euro;<\/span>447<\/span> <span class=\"mphb-price-period\" title=\"Vyberte si datum pro rezervaci a uvid\u00edte ceny na v\u00e1mi zvolen\u00fd term\u00edny\">za 3 noci<\/span><span class=\"mphb-tax-information taxes-included\"> (+taxes and fees)<\/span>\n\t<\/p>\n\t\n<div class=\"mphb-to-book-btn-wrapper\">\n<form action=\"https:\/\/yourmadeirarentals.com\/cs\/accommodation\/apartment-paulo\/#booking-form-6510\" method=\"get\" ><button type=\"submit\" class=\"button mphb-book-button\" >Zarezervovat<\/button><\/form>\n<br\/><\/div>\n\t\n<\/div>\n<\/div>\t\t\t\t\t<\/div>\n\t\t\t\t\t\t\t\t\t\t<div class=\"swiper-slide\">\n\t\t\t\t\t<div class=\"mphb_sc_room-wrapper knsl-scroll-animation\"><div class=\"mphb-room-type post-14975 mphb_room_type type-mphb_room_type status-publish has-post-thumbnail mphb_room_type_facility-beach-access mphb_room_type_facility-workspace mphb_room_type_facility-free-parking mphb_room_type_facility-kitchen mphb_room_type_facility-ocean-view mphb_room_type_facility-tv mphb_room_type_facility-washing-machine mphb_room_type_facility-wifi mphb-room-type-adults-4 mphb-room-type-children-0 has-taxes-and-fees\">\n\n\t\n\t\n\n\t<p class=\"post-thumbnail mphb-loop-room-thumbnail\">\n\t<a href=\"https:\/\/yourmadeirarentals.com\/cs\/accommodation\/vila-juvenal-2\/\">\n\t<img loading=\"lazy\" decoding=\"async\" width=\"1200\" height=\"900\" src=\"https:\/\/yourmadeirarentals.com\/wp-content\/uploads\/2024\/12\/Vila-Juvenal-Bayview-3_22.webp\" class=\"attachment-post-thumbnail size-post-thumbnail wp-post-image\" alt=\"\" srcset=\"https:\/\/yourmadeirarentals.com\/wp-content\/uploads\/2024\/12\/Vila-Juvenal-Bayview-3_22.webp 1200w, https:\/\/yourmadeirarentals.com\/wp-content\/uploads\/2024\/12\/Vila-Juvenal-Bayview-3_22-300x225.webp 300w, https:\/\/yourmadeirarentals.com\/wp-content\/uploads\/2024\/12\/Vila-Juvenal-Bayview-3_22-1024x768.webp 1024w, https:\/\/yourmadeirarentals.com\/wp-content\/uploads\/2024\/12\/Vila-Juvenal-Bayview-3_22-768x576.webp 768w, https:\/\/yourmadeirarentals.com\/wp-content\/uploads\/2024\/12\/Vila-Juvenal-Bayview-3_22-16x12.webp 16w, https:\/\/yourmadeirarentals.com\/wp-content\/uploads\/2024\/12\/Vila-Juvenal-Bayview-3_22-950x713.webp 950w, https:\/\/yourmadeirarentals.com\/wp-content\/uploads\/2024\/12\/Vila-Juvenal-Bayview-3_22-800x600.webp 800w\" sizes=\"(max-width: 1200px) 100vw, 1200px\">\t<\/a>\n\n\t<\/p>\n\n\n\n<h2 class=\"mphb-room-type-title entry-title\">\n\n\n\n<a class=\"mphb-room-type-title\" href=\"https:\/\/yourmadeirarentals.com\/cs\/accommodation\/vila-juvenal-2\/\">Vila Juvenal &#8211; Bayview Apartment 2<\/a>\n\n\n<\/h2>\n\n\n<div class=\"knsl-text-light knsl-text-sm knsl-mb-20\">\n\t\n\t<p>Experience the charm of Funchal, Madeira in our Vila Juvenal &#8211; Bayview 2. This stylish 2-bedroom, 1-bathroom unit located on the middle floor features a spacious balcony with stunning bay, sea, and city views. Enjoy modern and stylish interiors and complete privacy with a separate entrance. Relax in the large, protected shared outdoor area with a magnificent pool. Perfect for families or groups seeking comfort and elegance in a prime location. Book your unforgettable Madeira getaway today!<\/p>\n\n\t<\/div>\n\n<h3 class=\"mphb-room-type-details-title\">Podrobnosti<\/h3><ul class=\"mphb-loop-room-type-attributes\">\n\t<li class=\"mphb-room-type-total-capacity\"><span class=\"mphb-attribute-title mphb-total-capacity-title\">Host\u00e9:<\/span><span class=\"mphb-attribute-value\">\n\t4\n\t<\/span><\/li>\t\n\n\n\t<li class=\"mphb-room-type-facilities\"><span class=\"mphb-attribute-title mphb-facilities-title\">P\u0159\u00edslu\u0161enstv\u00ed:<\/span><span class=\"mphb-attribute-value\"> <span class=\"facility-beach-access\"><a href=\"https:\/\/yourmadeirarentals.com\/cs\/accommodation-facility\/beach-access\/\">Beach access<\/a><\/span>, <span class=\"facility-workspace\"><a href=\"https:\/\/yourmadeirarentals.com\/cs\/accommodation-facility\/workspace\/\">Dedicated Workspace<\/a><\/span>, <span class=\"facility-free-parking\"><a href=\"https:\/\/yourmadeirarentals.com\/cs\/accommodation-facility\/free-parking\/\">Free parking<\/a><\/span>, <span class=\"facility-kitchen\"><a href=\"https:\/\/yourmadeirarentals.com\/cs\/accommodation-facility\/kitchen\/\">Kitchen<\/a><\/span>, <span class=\"facility-ocean-view\"><a href=\"https:\/\/yourmadeirarentals.com\/cs\/accommodation-facility\/ocean-view\/\">Ocean view<\/a><\/span>, <span class=\"facility-tv\"><a href=\"https:\/\/yourmadeirarentals.com\/cs\/accommodation-facility\/tv\/\">TV<\/a><\/span>, <span class=\"facility-washing-machine\"><a href=\"https:\/\/yourmadeirarentals.com\/cs\/accommodation-facility\/washing-machine\/\">Washing machine<\/a><\/span>, <span class=\"facility-wifi\"><a href=\"https:\/\/yourmadeirarentals.com\/cs\/accommodation-facility\/wifi\/\">Wifi<\/a><\/span><\/span><\/li>\n\t\n\n\n\t<li class=\"mphb-room-type-view\"><span class=\"mphb-attribute-title mphb-view-title\">Prohl\u00e9dnout si:<\/span><span class=\"mphb-attribute-value\">\n\tBay View\n\t<\/span><\/li>\n\t\n\n\n\t<li class=\"mphb-room-type-size\"><span class=\"mphb-attribute-title mphb-size-title\">Velikost:<\/span><span class=\"mphb-attribute-value\">\n\t200m\u00b2\n\t<\/span><\/li>\n\t\n\n\t<li class=\"mphb-room-type-bed-type\"><span  class=\"mphb-attribute-title mphb-bed-type-title\">Typ postele:<\/span><span class=\"mphb-attribute-value\">\n\t2 Bedrooms, 2 Beds\n\t<\/span><\/li>\n\t\n<li class=\"mphb-room-type-bath mphb-room-type-custom-attribute\"><span class=\"mphb-attribute-title mphb-bath-title\">Bath:<\/span><span class=\"mphb-attribute-value\"> <span class=\"bath-1\">1<\/span><\/span><\/li>\n<\/ul>\n\n\t<p class=\"mphb-regular-price\"><strong>Cena za\u010d\u00edna na:<\/strong>\n\t<span class=\"mphb-price\"><span class=\"mphb-currency\">&euro;<\/span>975<\/span> <span class=\"mphb-price-period\" title=\"Vyberte si datum pro rezervaci a uvid\u00edte ceny na v\u00e1mi zvolen\u00fd term\u00edny\">za 5 noci<\/span><span class=\"mphb-tax-information taxes-included\"> (+taxes and fees)<\/span>\n\t<\/p>\n\t\n<div class=\"mphb-to-book-btn-wrapper\">\n<form action=\"https:\/\/yourmadeirarentals.com\/cs\/accommodation\/vila-juvenal-2\/#booking-form-14975\" method=\"get\" ><button type=\"submit\" class=\"button mphb-book-button\" >Zarezervovat<\/button><\/form>\n<br\/><\/div>\n\t\n<\/div>\n<\/div>\t\t\t\t\t<\/div>\n\t\t\t\t\t\t\t\t\t\t<div class=\"swiper-slide\">\n\t\t\t\t\t<div class=\"mphb_sc_room-wrapper knsl-scroll-animation\"><div class=\"mphb-room-type post-14942 mphb_room_type type-mphb_room_type status-publish has-post-thumbnail mphb_room_type_facility-beach-access mphb_room_type_facility-workspace mphb_room_type_facility-free-parking mphb_room_type_facility-kitchen mphb_room_type_facility-ocean-view mphb_room_type_facility-tv mphb_room_type_facility-washing-machine mphb_room_type_facility-wifi mphb-room-type-adults-6 mphb-room-type-children-0 has-taxes-and-fees\">\n\n\t\n\t\n\n\t<p class=\"post-thumbnail mphb-loop-room-thumbnail\">\n\t<a href=\"https:\/\/yourmadeirarentals.com\/cs\/accommodation\/vila-juvenal-3\/\">\n\t<img loading=\"lazy\" decoding=\"async\" width=\"1200\" height=\"900\" src=\"https:\/\/yourmadeirarentals.com\/wp-content\/uploads\/2024\/12\/Vila-Juvenal-Bayview-3_22.webp\" class=\"attachment-post-thumbnail size-post-thumbnail wp-post-image\" alt=\"\" srcset=\"https:\/\/yourmadeirarentals.com\/wp-content\/uploads\/2024\/12\/Vila-Juvenal-Bayview-3_22.webp 1200w, https:\/\/yourmadeirarentals.com\/wp-content\/uploads\/2024\/12\/Vila-Juvenal-Bayview-3_22-300x225.webp 300w, https:\/\/yourmadeirarentals.com\/wp-content\/uploads\/2024\/12\/Vila-Juvenal-Bayview-3_22-1024x768.webp 1024w, https:\/\/yourmadeirarentals.com\/wp-content\/uploads\/2024\/12\/Vila-Juvenal-Bayview-3_22-768x576.webp 768w, https:\/\/yourmadeirarentals.com\/wp-content\/uploads\/2024\/12\/Vila-Juvenal-Bayview-3_22-16x12.webp 16w, https:\/\/yourmadeirarentals.com\/wp-content\/uploads\/2024\/12\/Vila-Juvenal-Bayview-3_22-950x713.webp 950w, https:\/\/yourmadeirarentals.com\/wp-content\/uploads\/2024\/12\/Vila-Juvenal-Bayview-3_22-800x600.webp 800w\" sizes=\"(max-width: 1200px) 100vw, 1200px\">\t<\/a>\n\n\t<\/p>\n\n\n\n<h2 class=\"mphb-room-type-title entry-title\">\n\n\n\n<a class=\"mphb-room-type-title\" href=\"https:\/\/yourmadeirarentals.com\/cs\/accommodation\/vila-juvenal-3\/\">Vila Juvenal &#8211; Bayview Apartment 3<\/a>\n\n\n<\/h2>\n\n\n<div class=\"knsl-text-light knsl-text-sm knsl-mb-20\">\n\t\n\t<p>Experience the charm of Funchal, Madeira in our Vila Juvenal &#8211; Bayview 3. This stylish 3-bedroom, 2-bathroom unit located on the top floor features a spacious balcony with stunning bay, sea, and city views. Enjoy modern and stylish interiors and complete privacy with a separate entrance. Relax in the large, protected shared outdoor area with a magnificent pool. Perfect for families or groups seeking comfort and elegance in a prime location. Book your unforgettable Madeira getaway today!<\/p>\n\n\t<\/div>\n\n<h3 class=\"mphb-room-type-details-title\">Podrobnosti<\/h3><ul class=\"mphb-loop-room-type-attributes\">\n\t<li class=\"mphb-room-type-total-capacity\"><span class=\"mphb-attribute-title mphb-total-capacity-title\">Host\u00e9:<\/span><span class=\"mphb-attribute-value\">\n\t6\n\t<\/span><\/li>\t\n\n\n\t<li class=\"mphb-room-type-facilities\"><span class=\"mphb-attribute-title mphb-facilities-title\">P\u0159\u00edslu\u0161enstv\u00ed:<\/span><span class=\"mphb-attribute-value\"> <span class=\"facility-beach-access\"><a href=\"https:\/\/yourmadeirarentals.com\/cs\/accommodation-facility\/beach-access\/\">Beach access<\/a><\/span>, <span class=\"facility-workspace\"><a href=\"https:\/\/yourmadeirarentals.com\/cs\/accommodation-facility\/workspace\/\">Dedicated Workspace<\/a><\/span>, <span class=\"facility-free-parking\"><a href=\"https:\/\/yourmadeirarentals.com\/cs\/accommodation-facility\/free-parking\/\">Free parking<\/a><\/span>, <span class=\"facility-kitchen\"><a href=\"https:\/\/yourmadeirarentals.com\/cs\/accommodation-facility\/kitchen\/\">Kitchen<\/a><\/span>, <span class=\"facility-ocean-view\"><a href=\"https:\/\/yourmadeirarentals.com\/cs\/accommodation-facility\/ocean-view\/\">Ocean view<\/a><\/span>, <span class=\"facility-tv\"><a href=\"https:\/\/yourmadeirarentals.com\/cs\/accommodation-facility\/tv\/\">TV<\/a><\/span>, <span class=\"facility-washing-machine\"><a href=\"https:\/\/yourmadeirarentals.com\/cs\/accommodation-facility\/washing-machine\/\">Washing machine<\/a><\/span>, <span class=\"facility-wifi\"><a href=\"https:\/\/yourmadeirarentals.com\/cs\/accommodation-facility\/wifi\/\">Wifi<\/a><\/span><\/span><\/li>\n\t\n\n\n\t<li class=\"mphb-room-type-view\"><span class=\"mphb-attribute-title mphb-view-title\">Prohl\u00e9dnout si:<\/span><span class=\"mphb-attribute-value\">\n\tBay View\n\t<\/span><\/li>\n\t\n\n\n\t<li class=\"mphb-room-type-size\"><span class=\"mphb-attribute-title mphb-size-title\">Velikost:<\/span><span class=\"mphb-attribute-value\">\n\t200m\u00b2\n\t<\/span><\/li>\n\t\n\n\t<li class=\"mphb-room-type-bed-type\"><span  class=\"mphb-attribute-title mphb-bed-type-title\">Typ postele:<\/span><span class=\"mphb-attribute-value\">\n\t3 Bedrooms, 3 Beds\n\t<\/span><\/li>\n\t\n<li class=\"mphb-room-type-bath mphb-room-type-custom-attribute\"><span class=\"mphb-attribute-title mphb-bath-title\">Bath:<\/span><span class=\"mphb-attribute-value\"> <span class=\"bath-2\">2<\/span><\/span><\/li>\n<\/ul>\n\n\t<p class=\"mphb-regular-price\"><strong>Cena za\u010d\u00edna na:<\/strong>\n\t<span class=\"mphb-price\"><span class=\"mphb-currency\">&euro;<\/span>1,475<\/span> <span class=\"mphb-price-period\" title=\"Vyberte si datum pro rezervaci a uvid\u00edte ceny na v\u00e1mi zvolen\u00fd term\u00edny\">za 5 noci<\/span><span class=\"mphb-tax-information taxes-included\"> (+taxes and fees)<\/span>\n\t<\/p>\n\t\n<div class=\"mphb-to-book-btn-wrapper\">\n<form action=\"https:\/\/yourmadeirarentals.com\/cs\/accommodation\/vila-juvenal-3\/#booking-form-14942\" method=\"get\" ><button type=\"submit\" class=\"button mphb-book-button\" >Zarezervovat<\/button><\/form>\n<br\/><\/div>\n\t\n<\/div>\n<\/div>\t\t\t\t\t<\/div>\n\t\t\t\t\t\t\t\t\t\t<div class=\"swiper-slide\">\n\t\t\t\t\t<div class=\"mphb_sc_room-wrapper knsl-scroll-animation\"><div class=\"mphb-room-type post-13465 mphb_room_type type-mphb_room_type status-publish has-post-thumbnail mphb_room_type_facility-workspace mphb_room_type_facility-first-aid-kit mphb_room_type_facility-free-parking mphb_room_type_facility-kitchen mphb_room_type_facility-private-pool mphb_room_type_facility-tv mphb_room_type_facility-washing-machine mphb_room_type_facility-wifi mphb-room-type-adults-8 mphb-room-type-children-0 has-taxes-and-fees\">\n\n\t\n\t\n\n\t<p class=\"post-thumbnail mphb-loop-room-thumbnail\">\n\t<a href=\"https:\/\/yourmadeirarentals.com\/cs\/accommodation\/terracos-da-calheta\/\">\n\t<img loading=\"lazy\" decoding=\"async\" width=\"1200\" height=\"799\" src=\"https:\/\/yourmadeirarentals.com\/wp-content\/uploads\/2024\/11\/Terracos-da-Calheta-1.webp\" class=\"attachment-post-thumbnail size-post-thumbnail wp-post-image\" alt=\"\" srcset=\"https:\/\/yourmadeirarentals.com\/wp-content\/uploads\/2024\/11\/Terracos-da-Calheta-1.webp 1200w, https:\/\/yourmadeirarentals.com\/wp-content\/uploads\/2024\/11\/Terracos-da-Calheta-1-300x200.webp 300w, https:\/\/yourmadeirarentals.com\/wp-content\/uploads\/2024\/11\/Terracos-da-Calheta-1-1024x682.webp 1024w, https:\/\/yourmadeirarentals.com\/wp-content\/uploads\/2024\/11\/Terracos-da-Calheta-1-768x511.webp 768w, https:\/\/yourmadeirarentals.com\/wp-content\/uploads\/2024\/11\/Terracos-da-Calheta-1-18x12.webp 18w, https:\/\/yourmadeirarentals.com\/wp-content\/uploads\/2024\/11\/Terracos-da-Calheta-1-950x633.webp 950w, https:\/\/yourmadeirarentals.com\/wp-content\/uploads\/2024\/11\/Terracos-da-Calheta-1-800x533.webp 800w\" sizes=\"(max-width: 1200px) 100vw, 1200px\">\t<\/a>\n\n\t<\/p>\n\n\n\n<h2 class=\"mphb-room-type-title entry-title\">\n\n\n\n<a class=\"mphb-room-type-title\" href=\"https:\/\/yourmadeirarentals.com\/cs\/accommodation\/terracos-da-calheta\/\">Terra\u00e7os da Calheta<\/a>\n\n\n<\/h2>\n\n\n<div class=\"knsl-text-light knsl-text-sm knsl-mb-20\">\n\t\n\t<p>Relax in this special and peaceful accommodation. Experience luxury in this modern-style home in Estreito da Calheta, Madeira! Perfect for 8 guests, it features 3 spacious bedrooms, 3 bathrooms, and an open-concept design. Relax on the terrace with a pool, enjoy stunning views, and unwind in the peaceful garden with an outdoor shower. Located in a serene environment, this unique retreat offers the perfect blend of modern comfort and natural beauty for an unforgettable getaway.<\/p>\n\n\t<\/div>\n\n<h3 class=\"mphb-room-type-details-title\">Podrobnosti<\/h3><ul class=\"mphb-loop-room-type-attributes\">\n\t<li class=\"mphb-room-type-total-capacity\"><span class=\"mphb-attribute-title mphb-total-capacity-title\">Host\u00e9:<\/span><span class=\"mphb-attribute-value\">\n\t8\n\t<\/span><\/li>\t\n\n\n\t<li class=\"mphb-room-type-facilities\"><span class=\"mphb-attribute-title mphb-facilities-title\">P\u0159\u00edslu\u0161enstv\u00ed:<\/span><span class=\"mphb-attribute-value\"> <span class=\"facility-workspace\"><a href=\"https:\/\/yourmadeirarentals.com\/cs\/accommodation-facility\/workspace\/\">Dedicated Workspace<\/a><\/span>, <span class=\"facility-first-aid-kit\"><a href=\"https:\/\/yourmadeirarentals.com\/cs\/accommodation-facility\/first-aid-kit\/\">First aid kit<\/a><\/span>, <span class=\"facility-free-parking\"><a href=\"https:\/\/yourmadeirarentals.com\/cs\/accommodation-facility\/free-parking\/\">Free parking<\/a><\/span>, <span class=\"facility-kitchen\"><a href=\"https:\/\/yourmadeirarentals.com\/cs\/accommodation-facility\/kitchen\/\">Kitchen<\/a><\/span>, <span class=\"facility-private-pool\"><a href=\"https:\/\/yourmadeirarentals.com\/cs\/accommodation-facility\/private-pool\/\">Private pool<\/a><\/span>, <span class=\"facility-tv\"><a href=\"https:\/\/yourmadeirarentals.com\/cs\/accommodation-facility\/tv\/\">TV<\/a><\/span>, <span class=\"facility-washing-machine\"><a href=\"https:\/\/yourmadeirarentals.com\/cs\/accommodation-facility\/washing-machine\/\">Washing machine<\/a><\/span>, <span class=\"facility-wifi\"><a href=\"https:\/\/yourmadeirarentals.com\/cs\/accommodation-facility\/wifi\/\">Wifi<\/a><\/span><\/span><\/li>\n\t\n\n\n\t<li class=\"mphb-room-type-view\"><span class=\"mphb-attribute-title mphb-view-title\">Prohl\u00e9dnout si:<\/span><span class=\"mphb-attribute-value\">\n\tOcean View\n\t<\/span><\/li>\n\t\n\n\n\t<li class=\"mphb-room-type-size\"><span class=\"mphb-attribute-title mphb-size-title\">Velikost:<\/span><span class=\"mphb-attribute-value\">\n\t350m\u00b2\n\t<\/span><\/li>\n\t\n\n\t<li class=\"mphb-room-type-bed-type\"><span  class=\"mphb-attribute-title mphb-bed-type-title\">Typ postele:<\/span><span class=\"mphb-attribute-value\">\n\t3 Bedrooms, 4 Beds\n\t<\/span><\/li>\n\t\n<li class=\"mphb-room-type-bath mphb-room-type-custom-attribute\"><span class=\"mphb-attribute-title mphb-bath-title\">Bath:<\/span><span class=\"mphb-attribute-value\"> <span class=\"bath-3\">3<\/span><\/span><\/li>\n<\/ul>\n\n\t<p class=\"mphb-regular-price\"><strong>Cena za\u010d\u00edna na:<\/strong>\n\t<span class=\"mphb-price\"><span class=\"mphb-currency\">&euro;<\/span>1,475<\/span> <span class=\"mphb-price-period\" title=\"Vyberte si datum pro rezervaci a uvid\u00edte ceny na v\u00e1mi zvolen\u00fd term\u00edny\">za 5 noci<\/span><span class=\"mphb-tax-information taxes-included\"> (+taxes and fees)<\/span>\n\t<\/p>\n\t\n<div class=\"mphb-to-book-btn-wrapper\">\n<form action=\"https:\/\/yourmadeirarentals.com\/cs\/accommodation\/terracos-da-calheta\/#booking-form-13465\" method=\"get\" ><button type=\"submit\" class=\"button mphb-book-button\" >Zarezervovat<\/button><\/form>\n<br\/><\/div>\n\t\n<\/div>\n<\/div>\t\t\t\t\t<\/div>\n\t\t\t\t\t\t\t\t\t<\/div>\n\n\t\t\t\t<!-- slider navigation -->\n\t\t\t\t<div class=\"knsl-uni-slider-nav-panel\">\n\t\t\t\t\t<div class=\"knsl-uni-slider-pagination\"><\/div>\n\t\t\t\t\t<div class=\"knsl-uni-nav\">\n\t\t\t\t\t<div class=\"knsl-uni-slider-prev\"><i class=\"fas fa-arrow-left\"><\/i><\/div>\n\t\t\t\t\t<div class=\"knsl-uni-slider-next\"><i class=\"fas fa-arrow-right\"><\/i><\/div>\n\t\t\t\t\t<\/div>\n\t\t\t\t<\/div>\n\n\t\t\t\t<\/div>\n\t\t\t\t\t\t\t<\/div>\n\t\t<\/div>\n\t\t<\/div>\t\t<\/section>\n\t\t<!-- rooms end -->\n\n\t\t\t\t\t\t<\/div>\n\t\t\t\t<\/div>\n\t\t\t\t\t<\/div>\n\t\t<\/div>\n\t\t\t\t\t<\/div>\n\t\t<\/section>\n\t\t\t\t<\/div>\n\t\t","protected":false},"excerpt":{"rendered":"<p>V\u00edtejte v hotelu On the Rocks, va\u0161em \u00fato\u010di\u0161ti mimo s\u00ed\u0165, kde se klid snoub\u00ed s naprostou samotou. Obklopeni uklid\u0148uj\u00edc\u00edmi zvuky kask\u00e1dov\u00fdch vodop\u00e1d\u016f si odpo\u010di\u0148te p\u0159i panoramatick\u00e9m v\u00fdhledu, kter\u00fd se t\u00e1hne a\u017e k obzoru. Uhn\u00edzd\u011bni v srdci ostrova (15 minut k ob\u011bma pob\u0159e\u017e\u00edm), s turistick\u00fdmi stezkami na dosah ruky, m\u00e1te ide\u00e1ln\u00ed polohu pro objevov\u00e1n\u00ed nebo relaxaci. A\u0165 u\u017e hled\u00e1te dobrodru\u017estv\u00ed nebo sluncem zalit\u00fd odpo\u010dinek, toto klidn\u00e9 \u00fato\u010di\u0161t\u011b nab\u00edz\u00ed dokonalou rovnov\u00e1hu - domovskou z\u00e1kladnu pro objevov\u00e1n\u00ed nebo \u00fato\u010di\u0161t\u011b pro na\u010derp\u00e1n\u00ed nov\u00fdch sil.<\/p>","protected":false},"featured_media":17002,"menu_order":0,"comment_status":"closed","ping_status":"closed","template":"","mphb_room_type_category":[],"mphb_room_type_tag":[],"mphb_room_type_facility":[79,41,93,92,94,75,59,54],"class_list":["post-17001","mphb_room_type","type-mphb_room_type","status-publish","has-post-thumbnail","hentry","mphb_room_type_facility-free-parking","mphb_room_type_facility-kitchen","mphb_room_type_facility-pets-allowed","mphb_room_type_facility-refrigerator","mphb_room_type_facility-security-cameras","mphb_room_type_facility-tv","mphb_room_type_facility-washing-machine","mphb_room_type_facility-wifi","mphb-room-type-adults-4","mphb-room-type-children-0","has-taxes-and-fees"],"acf":[],"_links":{"self":[{"href":"https:\/\/yourmadeirarentals.com\/cs\/wp-json\/wp\/v2\/mphb_room_type\/17001","targetHints":{"allow":["GET"]}}],"collection":[{"href":"https:\/\/yourmadeirarentals.com\/cs\/wp-json\/wp\/v2\/mphb_room_type"}],"about":[{"href":"https:\/\/yourmadeirarentals.com\/cs\/wp-json\/wp\/v2\/types\/mphb_room_type"}],"replies":[{"embeddable":true,"href":"https:\/\/yourmadeirarentals.com\/cs\/wp-json\/wp\/v2\/comments?post=17001"}],"version-history":[{"count":42,"href":"https:\/\/yourmadeirarentals.com\/cs\/wp-json\/wp\/v2\/mphb_room_type\/17001\/revisions"}],"predecessor-version":[{"id":28690,"href":"https:\/\/yourmadeirarentals.com\/cs\/wp-json\/wp\/v2\/mphb_room_type\/17001\/revisions\/28690"}],"wp:featuredmedia":[{"embeddable":true,"href":"https:\/\/yourmadeirarentals.com\/cs\/wp-json\/wp\/v2\/media\/17002"}],"wp:attachment":[{"href":"https:\/\/yourmadeirarentals.com\/cs\/wp-json\/wp\/v2\/media?parent=17001"}],"wp:term":[{"taxonomy":"mphb_room_type_category","embeddable":true,"href":"https:\/\/yourmadeirarentals.com\/cs\/wp-json\/wp\/v2\/mphb_room_type_category?post=17001"},{"taxonomy":"mphb_room_type_tag","embeddable":true,"href":"https:\/\/yourmadeirarentals.com\/cs\/wp-json\/wp\/v2\/mphb_room_type_tag?post=17001"},{"taxonomy":"mphb_room_type_facility","embeddable":true,"href":"https:\/\/yourmadeirarentals.com\/cs\/wp-json\/wp\/v2\/mphb_room_type_facility?post=17001"}],"curies":[{"name":"wp","href":"https:\/\/api.w.org\/{rel}","templated":true}]}}