{"id":287,"date":"2021-12-05T00:09:06","date_gmt":"2021-12-05T00:09:06","guid":{"rendered":"https:\/\/kinsley-demo.bslthemes.com\/?page_id=287"},"modified":"2026-02-07T12:59:43","modified_gmt":"2026-02-07T12:59:43","slug":"property-management","status":"publish","type":"page","link":"https:\/\/yourmadeirarentals.com\/cs\/property-management\/","title":{"rendered":"O n\u00e1s"},"content":{"rendered":"<div data-elementor-type=\"wp-page\" data-elementor-id=\"287\" class=\"elementor elementor-287\">\n\t\t\t\t\t\t<section class=\"elementor-section elementor-top-section elementor-element elementor-element-bb5256a elementor-section-full_width elementor-section-height-default elementor-section-height-default\" data-id=\"bb5256a\" data-element_type=\"section\" data-e-type=\"section\">\n\t\t\t\t\t\t<div class=\"elementor-container elementor-column-gap-no\">\n\t\t\t\t\t<div class=\"elementor-column elementor-col-100 elementor-top-column elementor-element elementor-element-dec0541\" data-id=\"dec0541\" data-element_type=\"column\" data-e-type=\"column\">\n\t\t\t<div class=\"elementor-widget-wrap elementor-element-populated\">\n\t\t\t\t\t\t<div class=\"elementor-element elementor-element-80e1cce elementor-widget elementor-widget-kinsley-intro\" data-id=\"80e1cce\" data-element_type=\"widget\" data-e-type=\"widget\" data-widget_type=\"kinsley-intro.default\">\n\t\t\t\t<div class=\"elementor-widget-container\">\n\t\t\t\t\t\n\t\t<!-- banner -->\n\t\t<section class=\"knsl-banner-simple knsl-transition-bottom knsl-banner-white\">\n\t\t\t\t\t\t\t\n\t\t\n\t\t\t\t\t\t<div class=\"knsl-cover-frame\">\n\t\t\t\t\t\t\t\t\t\t\t\t<div style=\"background-image: url('https:\/\/yourmadeirarentals.com\/wp-content\/uploads\/2023\/09\/Madeira-rental.jpg');\" class=\"knsl-parallax knsl-banner-slide\"><\/div>\n\t\t\t\t\t\t\t\t\t\t\t\t\t\t\t\t\t\t\t<\/div>\n\t\t\t<div class=\"knsl-overlay\" style=\"opacity: 0.3;\"><\/div>\n\t\t\t\n\t\t\t\t\t\t<div class=\"container\"><div class=\"row\"><div class=\"col-lg-12\">\n\t\t\t\t\t\t<div class=\"knsl-center knsl-title-frame\">\n\t\t\t\t\t\t\t\t<h1 class=\"knsl-title--h knsl-mb-20 knsl-h1-inner\">\n\t\t\t\t\t<span >\n\t\t\t\t\t\tO n\u00e1s\t\t\t\t\t<\/span>\n\t\t\t\t<\/h1>\n\t\t\t\t\t\t\t\t\t\t\t\t\t\t\t<\/div>\n\t\t\t\t\t\t<\/div><\/div><\/div>\n\t\t\t\n\t\t<\/section>\n\t\t<!-- banner end -->\n\n\t\t\t\t\t\t<\/div>\n\t\t\t\t<\/div>\n\t\t\t\t\t<\/div>\n\t\t<\/div>\n\t\t\t\t\t<\/div>\n\t\t<\/section>\n\t\t\t\t<section class=\"elementor-section elementor-top-section elementor-element elementor-element-20b20d3 elementor-section-boxed elementor-section-height-default elementor-section-height-default\" data-id=\"20b20d3\" data-element_type=\"section\" data-e-type=\"section\">\n\t\t\t\t\t\t<div class=\"elementor-container elementor-column-gap-default\">\n\t\t\t\t\t<div class=\"elementor-column elementor-col-50 elementor-top-column elementor-element elementor-element-43b6f52\" data-id=\"43b6f52\" data-element_type=\"column\" data-e-type=\"column\">\n\t\t\t<div class=\"elementor-widget-wrap elementor-element-populated\">\n\t\t\t\t\t\t<div class=\"elementor-element elementor-element-b377735 elementor-widget elementor-widget-heading\" data-id=\"b377735\" data-element_type=\"widget\" data-e-type=\"widget\" data-widget_type=\"heading.default\">\n\t\t\t\t<div class=\"elementor-widget-container\">\n\t\t\t\t\t<h2 class=\"elementor-heading-title elementor-size-default\">Va\u0161e Madeira - Pron\u00e1jmy<\/h2>\t\t\t\t<\/div>\n\t\t\t\t<\/div>\n\t\t\t\t<div class=\"elementor-element elementor-element-6a122d2 elementor-widget elementor-widget-text-editor\" data-id=\"6a122d2\" data-element_type=\"widget\" data-e-type=\"widget\" data-widget_type=\"text-editor.default\">\n\t\t\t\t<div class=\"elementor-widget-container\">\n\t\t\t\t\t\t\t\t\t<p>V\u00edtejte na webov\u00fdch str\u00e1nk\u00e1ch <strong>Va\u0161e Madeira - Pron\u00e1jmy<\/strong>. Port\u00e1l spole\u010dnosti EXCLUSIVO &amp; DISCRETO - UNIPESSOAL LDA, licence AMI 22520. Tyto webov\u00e9 str\u00e1nky nab\u00edzej\u00ed rozs\u00e1hl\u00fd v\u00fdb\u011br nejkvalitn\u011bj\u0161\u00edch rekrea\u010dn\u00edch pron\u00e1jm\u016f na ostrov\u011b Madeira pro va\u0161i vysn\u011bnou dovolenou, spolu s na\u0161imi profesion\u00e1ln\u00edmi slu\u017ebami spr\u00e1vy nemovitost\u00ed p\u0159izp\u016fsoben\u00fdmi va\u0161im pot\u0159eb\u00e1m, pokud pl\u00e1nujete pronajmout svou nemovitost na Madei\u0159e.<\/p><p>Pokud uva\u017eujete o pron\u00e1jmu sv\u00e9 nemovitosti na kr\u00e1sn\u00e9m ostrov\u011b Madeira, a\u0165 u\u017e na kr\u00e1tkodob\u00e9 nebo dlouhodob\u00e9 pobyty, n\u00e1\u0161 t\u00fdm odborn\u00edk\u016f je zde, aby v\u00e1m poskytl bezkonkuren\u010dn\u011b profesion\u00e1ln\u00ed a dynamick\u00e9 slu\u017eby. D\u00edky rozs\u00e1hl\u00fdm zku\u0161enostem v oblasti spr\u00e1vy nemovitost\u00ed a cestovn\u00edho ruchu, spojen\u00fdm s vynikaj\u00edc\u00ed znalost\u00ed m\u00edstn\u00edch pom\u011br\u016f, jsme dob\u0159e p\u0159ipraveni pomoci v\u00e1m v r\u016fzn\u00fdch aspektech.<\/p><p>Na\u0161e slu\u017eby p\u0159esahuj\u00ed r\u00e1mec p\u0159\u00edpravy va\u0161\u00ed nemovitosti na trh s pr\u00e1zdninov\u00fdmi pron\u00e1jmy. Jsme v\u00e1m k dispozici tak\u00e9 pro \u00fadr\u017ebu va\u0161\u00ed nemovitosti pro soukrom\u00e9 \u00fa\u010dely, kdy\u017e nen\u00ed nab\u00edzena pro turistick\u00e9 \u00fa\u010dely. Od konceptu a\u017e po realizaci v\u00e1s provedeme ka\u017ed\u00fdm krokem p\u0159i z\u0159izov\u00e1n\u00ed va\u0161eho rekrea\u010dn\u00edho pron\u00e1jmu. Spolupracujeme s kvalifikovan\u00fdm a spolehliv\u00fdm t\u00fdmem, kter\u00fd zahrnuje n\u00e1vrh\u00e1\u0159e interi\u00e9r\u016f, pracovn\u00edky \u00faklidu, odborn\u00edky na \u00fadr\u017ebu baz\u00e9n\u016f a zahrad a dal\u0161\u00ed odborn\u00edky v oblasti rekrea\u010dn\u00edho pron\u00e1jmu a spr\u00e1vy nemovitost\u00ed. S na\u0161imi komplexn\u00edmi slu\u017ebami je va\u0161e nemovitost ve schopn\u00fdch rukou.<\/p>\t\t\t\t\t\t\t\t<\/div>\n\t\t\t\t<\/div>\n\t\t\t\t<div class=\"elementor-element elementor-element-c29d082 elementor-widget elementor-widget-heading\" data-id=\"c29d082\" data-element_type=\"widget\" data-e-type=\"widget\" data-widget_type=\"heading.default\">\n\t\t\t\t<div class=\"elementor-widget-container\">\n\t\t\t\t\t<h2 class=\"elementor-heading-title elementor-size-default\">Rozmanit\u00e1 nab\u00eddka rekrea\u010dn\u00edch dom\u016f<\/h2>\t\t\t\t<\/div>\n\t\t\t\t<\/div>\n\t\t\t\t<div class=\"elementor-element elementor-element-5a412b3 elementor-widget elementor-widget-text-editor\" data-id=\"5a412b3\" data-element_type=\"widget\" data-e-type=\"widget\" data-widget_type=\"text-editor.default\">\n\t\t\t\t<div class=\"elementor-widget-container\">\n\t\t\t\t\t\t\t\t\t<p>YourMadeira - Rentals nab\u00edz\u00ed rozmanit\u00fd v\u00fdb\u011br rekrea\u010dn\u00edch pron\u00e1jm\u016f, kter\u00e9 zahrnuj\u00ed apartm\u00e1ny, vily, domy nebo kvinty. Na\u0161e nab\u00eddka zahrnuje kr\u00e1sn\u00e9 rodinn\u00e9 domy, luxusn\u00ed vily s baz\u00e9ny i bez nich a tak\u00e9 apartm\u00e1ny v \u00fa\u017easn\u00fdch lokalit\u00e1ch s \u00fachvatn\u00fdm v\u00fdhledem.<\/p><p>Klademe velk\u00fd d\u016fraz na poskytov\u00e1n\u00ed v\u00fdjime\u010dn\u00fdch slu\u017eeb. A\u0165 u\u017e si p\u0159ejete vilu s baz\u00e9nem, d\u016fm na samot\u011b na venkov\u011b, nemovitost s v\u00fdhledem na mo\u0159e \u010di hory nebo kombinaci t\u011bchto vlastnost\u00ed, jsme si jisti, \u017ee pro v\u00e1s dok\u00e1\u017eeme naj\u00edt ide\u00e1ln\u00ed rekrea\u010dn\u00ed d\u016fm. Na\u0161e profesionalita a rozs\u00e1hl\u00e9 zku\u0161enosti na trhu s pron\u00e1jmy jsou z\u00e1rukou, \u017ee vyhov\u00edme va\u0161im jedine\u010dn\u00fdm pot\u0159eb\u00e1m.<\/p><p>Pokud nav\u00edc hled\u00e1te slu\u017eby spr\u00e1vy nemovitost\u00ed nebo si p\u0159ejete pronaj\u00edmat sv\u00e9 nemovitosti turist\u016fm, cizinc\u016fm nebo digit\u00e1ln\u00edm nom\u00e1d\u016fm, zat\u00edmco jste mimo Madeiru, m\u016f\u017eeme v\u00e1m pomoci se z\u0159\u00edzen\u00edm a spr\u00e1vou va\u0161\u00ed nemovitosti. \u010cerp\u00e1me z na\u0161ich zna\u010dn\u00fdch zku\u0161enost\u00ed v oblasti rekrea\u010dn\u00edch pron\u00e1jm\u016f a m\u016f\u017eeme v\u00e1m pomoci s efektivn\u00edm marketingem a \u00fadr\u017ebou va\u0161\u00ed nemovitosti. S n\u00e1mi je va\u0161e investice do nemovitosti ve schopn\u00fdch rukou.<\/p>\t\t\t\t\t\t\t\t<\/div>\n\t\t\t\t<\/div>\n\t\t\t\t<div class=\"elementor-element elementor-element-7b260a9 elementor-view-stacked elementor-position-inline-start elementor-shape-circle elementor-mobile-position-block-start elementor-widget elementor-widget-icon-box\" data-id=\"7b260a9\" data-element_type=\"widget\" data-e-type=\"widget\" data-widget_type=\"icon-box.default\">\n\t\t\t\t<div class=\"elementor-widget-container\">\n\t\t\t\t\t\t\t<div class=\"elementor-icon-box-wrapper\">\n\n\t\t\t\t\t\t<div class=\"elementor-icon-box-icon\">\n\t\t\t\t<span  class=\"elementor-icon elementor-animation-push\">\n\t\t\t\t<i aria-hidden=\"true\" class=\"fas fa-home\"><\/i>\t\t\t\t<\/span>\n\t\t\t<\/div>\n\t\t\t\n\t\t\t\t\t\t<div class=\"elementor-icon-box-content\">\n\n\t\t\t\t\t\t\t\t\t<h3 class=\"elementor-icon-box-title\">\n\t\t\t\t\t\t<span  >\n\t\t\t\t\t\t\tDovolen\u00e1 Home\t\t\t\t\t\t<\/span>\n\t\t\t\t\t<\/h3>\n\t\t\t\t\n\t\t\t\t\t\t\t\t\t<p class=\"elementor-icon-box-description\">\n\t\t\t\t\t\tJsme zku\u0161en\u00fd a profesion\u00e1ln\u00ed t\u00fdm s hlubok\u00fdmi znalostmi v oblasti pron\u00e1jmu a m\u00edstn\u00edch zvyklost\u00ed na Madei\u0159e. Na\u0161\u00edm c\u00edlem je poskytovat v\u0161em na\u0161im klient\u016fm co nejlep\u0161\u00ed a nestrann\u00e9 rady p\u0159\u00e1telsk\u00fdm a p\u0159\u00edm\u00fdm zp\u016fsobem, a\u0165 u\u017e si p\u0159ej\u00ed spr\u00e1vu nemovitosti pro vilu, d\u016fm, byt nebo quintu.\t\t\t\t\t<\/p>\n\t\t\t\t\n\t\t\t<\/div>\n\t\t\t\n\t\t<\/div>\n\t\t\t\t\t\t<\/div>\n\t\t\t\t<\/div>\n\t\t\t\t<div class=\"elementor-element elementor-element-caeb33e elementor-view-stacked elementor-position-inline-start elementor-shape-circle elementor-mobile-position-block-start elementor-widget elementor-widget-icon-box\" data-id=\"caeb33e\" data-element_type=\"widget\" data-e-type=\"widget\" data-widget_type=\"icon-box.default\">\n\t\t\t\t<div class=\"elementor-widget-container\">\n\t\t\t\t\t\t\t<div class=\"elementor-icon-box-wrapper\">\n\n\t\t\t\t\t\t<div class=\"elementor-icon-box-icon\">\n\t\t\t\t<span  class=\"elementor-icon elementor-animation-push\">\n\t\t\t\t<i aria-hidden=\"true\" class=\"fas fa-hands-helping\"><\/i>\t\t\t\t<\/span>\n\t\t\t<\/div>\n\t\t\t\n\t\t\t\t\t\t<div class=\"elementor-icon-box-content\">\n\n\t\t\t\t\t\t\t\t\t<h3 class=\"elementor-icon-box-title\">\n\t\t\t\t\t\t<span  >\n\t\t\t\t\t\t\tSpr\u00e1va nemovitost\u00ed\t\t\t\t\t\t<\/span>\n\t\t\t\t\t<\/h3>\n\t\t\t\t\n\t\t\t\t\t\t\t\t\t<p class=\"elementor-icon-box-description\">\n\t\t\t\t\t\tMnoho lid\u00ed, kte\u0159\u00ed kupuj\u00ed nemovitost na Madei\u0159e, m\u00e1 v \u00famyslu vstoupit na trh s pr\u00e1zdninov\u00fdmi pron\u00e1jmy pro turisty, expatrianty nebo digit\u00e1ln\u00ed nom\u00e1dy. To jim umo\u017e\u0148uje generovat p\u0159\u00edjem v dob\u011b, kdy nejsou na Madei\u0159e, \u010d\u00edm\u017e se jejich investice do nemovitosti st\u00e1v\u00e1 je\u0161t\u011b v\u00fdhodn\u011bj\u0161\u00ed. Spole\u010dnost YourMadeira -Rentals je zde, aby v\u00e1m pomohla s administrativou pot\u0159ebnou k p\u0159\u00edprav\u011b nemovitosti k pron\u00e1jmu a k jej\u00ed \u00fadr\u017eb\u011b v dob\u011b va\u0161\u00ed nep\u0159\u00edtomnosti na Madei\u0159e.\t\t\t\t\t<\/p>\n\t\t\t\t\n\t\t\t<\/div>\n\t\t\t\n\t\t<\/div>\n\t\t\t\t\t\t<\/div>\n\t\t\t\t<\/div>\n\t\t\t\t<div class=\"elementor-element elementor-element-aead243 elementor-view-stacked elementor-position-inline-start elementor-shape-circle elementor-mobile-position-block-start elementor-widget elementor-widget-icon-box\" data-id=\"aead243\" data-element_type=\"widget\" data-e-type=\"widget\" data-widget_type=\"icon-box.default\">\n\t\t\t\t<div class=\"elementor-widget-container\">\n\t\t\t\t\t\t\t<div class=\"elementor-icon-box-wrapper\">\n\n\t\t\t\t\t\t<div class=\"elementor-icon-box-icon\">\n\t\t\t\t<span  class=\"elementor-icon elementor-animation-push\">\n\t\t\t\t<i aria-hidden=\"true\" class=\"fas fa-clipboard-list\"><\/i>\t\t\t\t<\/span>\n\t\t\t<\/div>\n\t\t\t\n\t\t\t\t\t\t<div class=\"elementor-icon-box-content\">\n\n\t\t\t\t\t\t\t\t\t<h3 class=\"elementor-icon-box-title\">\n\t\t\t\t\t\t<span  >\n\t\t\t\t\t\t\tSpr\u00e1va majetku \t\t\t\t\t\t<\/span>\n\t\t\t\t\t<\/h3>\n\t\t\t\t\n\t\t\t\t\t\t\t\t\t<p class=\"elementor-icon-box-description\">\n\t\t\t\t\t\tJako profesion\u00e1ln\u00ed agentura zab\u00fdvaj\u00edc\u00ed se spr\u00e1vou nemovitost\u00ed na ostrov\u011b Madeira dob\u0159e zn\u00e1me p\u0159edpisy m\u00edstn\u00ed samospr\u00e1vy a m\u016f\u017eeme na\u0161e z\u00e1kazn\u00edky prov\u00e9st procesem spln\u011bn\u00ed z\u00e1konn\u00fdch po\u017eadavk\u016f na z\u0159\u00edzen\u00ed nemovitosti pro rekrea\u010dn\u00ed pron\u00e1jem. Poskytujeme komplexn\u00ed podporu, v\u010detn\u011b vytvo\u0159en\u00ed a p\u0159edlo\u017een\u00ed pot\u0159ebn\u00fdch dokument\u016f a \u0159\u00edzen\u00ed cel\u00e9ho administrativn\u00edho procesu, a to jak p\u0159ed z\u00edsk\u00e1n\u00edm pot\u0159ebn\u00fdch licenc\u00ed, tak i po n\u011bm. Na\u0161e slu\u017eby zahrnuj\u00ed tak\u00e9 registraci host\u016f, m\u011bs\u00ed\u010dn\u00ed statistick\u00e9 v\u00fdkazy a vy\u0159izov\u00e1n\u00ed \u017e\u00e1dost\u00ed jm\u00e9nem na\u0161ich klient\u016f u p\u0159\u00edslu\u0161n\u00fdch pr\u00e1vnick\u00fdch osob.\t\t\t\t\t<\/p>\n\t\t\t\t\n\t\t\t<\/div>\n\t\t\t\n\t\t<\/div>\n\t\t\t\t\t\t<\/div>\n\t\t\t\t<\/div>\n\t\t\t\t<div class=\"elementor-element elementor-element-e691164 elementor-view-stacked elementor-position-inline-start elementor-shape-circle elementor-mobile-position-block-start elementor-widget elementor-widget-icon-box\" data-id=\"e691164\" data-element_type=\"widget\" data-e-type=\"widget\" data-widget_type=\"icon-box.default\">\n\t\t\t\t<div class=\"elementor-widget-container\">\n\t\t\t\t\t\t\t<div class=\"elementor-icon-box-wrapper\">\n\n\t\t\t\t\t\t<div class=\"elementor-icon-box-icon\">\n\t\t\t\t<span  class=\"elementor-icon elementor-animation-push\">\n\t\t\t\t<i aria-hidden=\"true\" class=\"far fa-building\"><\/i>\t\t\t\t<\/span>\n\t\t\t<\/div>\n\t\t\t\n\t\t\t\t\t\t<div class=\"elementor-icon-box-content\">\n\n\t\t\t\t\t\t\t\t\t<h3 class=\"elementor-icon-box-title\">\n\t\t\t\t\t\t<span  >\n\t\t\t\t\t\t\t\u00dadr\u017eba budov\t\t\t\t\t\t<\/span>\n\t\t\t\t\t<\/h3>\n\t\t\t\t\n\t\t\t\t\t\t\t\t\t<p class=\"elementor-icon-box-description\">\n\t\t\t\t\t\tKoup\u011b nemovitosti na Madei\u0159e s sebou nese zna\u010dnou odpov\u011bdnost, zejm\u00e9na pokud ji nab\u00edz\u00edte k pr\u00e1zdninov\u00e9mu pron\u00e1jmu. Domy vy\u017eaduj\u00ed pr\u016fb\u011b\u017enou \u00fadr\u017ebu, proto\u017ee pron\u00e1jem nevyhnuteln\u011b vede k ur\u010dit\u00e9mu opot\u0159eben\u00ed. N\u00e1\u0161 profesion\u00e1ln\u00ed spr\u00e1vcovsk\u00fd t\u00fdm p\u0159eb\u00edr\u00e1 odpov\u011bdnost za to, aby toto opot\u0159eben\u00ed bylo pod kontrolou a v rozumn\u00fdch mez\u00edch. \u00dadr\u017eba interi\u00e9ru i exteri\u00e9ru budovy je koordinov\u00e1na a prov\u00e1d\u011bna v \u00fazk\u00e9 spolupr\u00e1ci s majitelem domu. N\u00e1\u0161 t\u00fdm specialist\u016f disponuje odborn\u00fdmi znalostmi ve v\u0161ech aspektech \u00fadr\u017eby, co\u017e zaji\u0161\u0165uje, \u017ee va\u0161e nemovitost z\u016fstane ve vynikaj\u00edc\u00edm stavu.\t\t\t\t\t<\/p>\n\t\t\t\t\n\t\t\t<\/div>\n\t\t\t\n\t\t<\/div>\n\t\t\t\t\t\t<\/div>\n\t\t\t\t<\/div>\n\t\t\t\t<div class=\"elementor-element elementor-element-9c343e4 elementor-view-stacked elementor-position-inline-start elementor-shape-circle elementor-mobile-position-block-start elementor-widget elementor-widget-icon-box\" data-id=\"9c343e4\" data-element_type=\"widget\" data-e-type=\"widget\" data-widget_type=\"icon-box.default\">\n\t\t\t\t<div class=\"elementor-widget-container\">\n\t\t\t\t\t\t\t<div class=\"elementor-icon-box-wrapper\">\n\n\t\t\t\t\t\t<div class=\"elementor-icon-box-icon\">\n\t\t\t\t<span  class=\"elementor-icon elementor-animation-push\">\n\t\t\t\t<i aria-hidden=\"true\" class=\"fas fa-pen-square\"><\/i>\t\t\t\t<\/span>\n\t\t\t<\/div>\n\t\t\t\n\t\t\t\t\t\t<div class=\"elementor-icon-box-content\">\n\n\t\t\t\t\t\t\t\t\t<h3 class=\"elementor-icon-box-title\">\n\t\t\t\t\t\t<span  >\n\t\t\t\t\t\t\tOd konceptu po dokon\u010den\u00ed\t\t\t\t\t\t<\/span>\n\t\t\t\t\t<\/h3>\n\t\t\t\t\n\t\t\t\t\t\t\t\t\t<p class=\"elementor-icon-box-description\">\n\t\t\t\t\t\t\nSpole\u010dnost Your Madeira Rentals je va\u0161\u00edm partnerem od po\u010d\u00e1te\u010dn\u00ed my\u0161lenky na pron\u00e1jem va\u0161\u00ed rekrea\u010dn\u00ed nemovitosti. N\u00e1\u0161 specializovan\u00fd t\u00fdm zahrnuje n\u00e1vrh\u00e1\u0159e interi\u00e9r\u016f, poskytovatele slu\u017eeb, architekty, in\u017een\u00fdry, stavebn\u00ed firmy a dal\u0161\u00ed zku\u0161en\u00e9 profesion\u00e1ly v oblasti spr\u00e1vy nemovitost\u00ed. Spole\u010dn\u011b ne\u00fanavn\u011b pracujeme na tom, abychom v\u00e1s provedli v\u0161emi f\u00e1zemi va\u0161eho projektu, od po\u010d\u00e1tku a\u017e po dokon\u010den\u00ed, a zajistili, \u017ee se va\u0161e vize stane skute\u010dnost\u00ed.\t\t\t\t\t<\/p>\n\t\t\t\t\n\t\t\t<\/div>\n\t\t\t\n\t\t<\/div>\n\t\t\t\t\t\t<\/div>\n\t\t\t\t<\/div>\n\t\t\t\t<div class=\"elementor-element elementor-element-847e1ee elementor-view-stacked elementor-position-inline-start elementor-shape-circle elementor-mobile-position-block-start elementor-widget elementor-widget-icon-box\" data-id=\"847e1ee\" data-element_type=\"widget\" data-e-type=\"widget\" data-widget_type=\"icon-box.default\">\n\t\t\t\t<div class=\"elementor-widget-container\">\n\t\t\t\t\t\t\t<div class=\"elementor-icon-box-wrapper\">\n\n\t\t\t\t\t\t<div class=\"elementor-icon-box-icon\">\n\t\t\t\t<span  class=\"elementor-icon elementor-animation-push\">\n\t\t\t\t<i aria-hidden=\"true\" class=\"far fa-chart-bar\"><\/i>\t\t\t\t<\/span>\n\t\t\t<\/div>\n\t\t\t\n\t\t\t\t\t\t<div class=\"elementor-icon-box-content\">\n\n\t\t\t\t\t\t\t\t\t<h3 class=\"elementor-icon-box-title\">\n\t\t\t\t\t\t<span  >\n\t\t\t\t\t\t\tReporting a controlling\t\t\t\t\t\t<\/span>\n\t\t\t\t\t<\/h3>\n\t\t\t\t\n\t\t\t\t\t\t\t\t\t<p class=\"elementor-icon-box-description\">\n\t\t\t\t\t\tKomunikace se z\u00e1kazn\u00edky je na\u0161\u00ed nejvy\u0161\u0161\u00ed prioritou. S na\u0161imi z\u00e1kazn\u00edky udr\u017eujeme nep\u0159etr\u017eitou a transparentn\u00ed komunikaci a poskytujeme jim pravideln\u00e9 zpr\u00e1vy o rezervac\u00edch, p\u0159\u00edjmech a n\u00e1kladech. N\u00e1\u0161 t\u00fdm je snadno k dispozici pro \u0159e\u0161en\u00ed jejich pot\u0159eb a zaji\u0161\u0165uje maxim\u00e1ln\u00ed transparentnost a kontrolu nad jejich zku\u0161enostmi se spr\u00e1vou nemovitost\u00ed.\t\t\t\t\t<\/p>\n\t\t\t\t\n\t\t\t<\/div>\n\t\t\t\n\t\t<\/div>\n\t\t\t\t\t\t<\/div>\n\t\t\t\t<\/div>\n\t\t\t\t\t<\/div>\n\t\t<\/div>\n\t\t\t\t<div class=\"elementor-column elementor-col-50 elementor-top-column elementor-element elementor-element-26e9b7b\" data-id=\"26e9b7b\" data-element_type=\"column\" data-e-type=\"column\">\n\t\t\t<div class=\"elementor-widget-wrap elementor-element-populated\">\n\t\t\t\t\t\t<div class=\"elementor-element elementor-element-04e9af5 elementor-widget elementor-widget-kinsley-services\" data-id=\"04e9af5\" data-element_type=\"widget\" data-e-type=\"widget\" data-widget_type=\"kinsley-services.default\">\n\t\t\t\t<div class=\"elementor-widget-container\">\n\t\t\t\t\t\n\t\t<!-- services -->\n\t\t<section class=\"knsl-p-0-80\">\n\t\t\t\n\t\t\t<div class=\"container\">\t\t\t\t<div class=\"row attr-desc-false\">\n\t\t\t\t\n\t\t\t\t\t\t\t\t\t\t<div class=\"col-lg-12\">\n\t\t\t\t\t\t<div class=\"knsl-center knsl-title-frame knsl-mb-80\">\n\t\t\t\t\t\t\t\t\t\t\t\t\t\t<h2 class=\"knsl-title--h knsl-mb-20\">\n\t\t\t\t\t\t\t\t<span >\n\t\t\t\t\t\t\t\t\tNa\u0161e slu\u017eby\t\t\t\t\t\t\t\t<\/span>\n\t\t\t\t\t\t\t<\/h2>\n\t\t\t\t\t\t\t\t\t\t\t\t\t\t\t\t\t\t\t\t\t<div class=\"knsl-text knsl-mb-30\">\n\t\t\t\t\t\t\t\t<p>\n\t\t\t\t\t\t\t\t\t<span >\n\t\t\t\t\t\t\t\t\t\tJako profesion\u00e1ln\u00ed poskytovatel slu\u017eeb v oblasti pron\u00e1jmu rekrea\u010dn\u00edch objekt\u016f na Madei\u0159e poskytujeme sv\u00fdm klient\u016fm a host\u016fm komplexn\u00ed nab\u00eddku dal\u0161\u00edch slu\u017eeb. Pat\u0159\u00ed mezi n\u011b \u00faklid, \u00fadr\u017eba, zahradnick\u00e9 pr\u00e1ce, taxislu\u017eba, p\u016fj\u010dovna aut a mnoho dal\u0161\u00edho, \u010d\u00edm\u017e umocn\u00edme va\u0161e celkov\u00e9 z\u00e1\u017eitky s n\u00e1mi.\t\t\t\t\t\t\t\t\t<\/span>\n\t\t\t\t\t\t\t\t<\/p>\n\t\t\t\t\t\t\t<\/div>\n\t\t\t\t\t\t\t\t\t\t\t\t\t\t\t\t\t\t\t\t\t<a  href=\"\/cs\/service\/\" class=\"knsl-btn knsl-btn-md\">\n\t\t\t\t\t\t\t\t<span >\n\t\t\t\t\t\t\t\t\tSlu\u017eby\t\t\t\t\t\t\t\t<\/span>\n\t\t\t\t\t\t\t<\/a>\n\t\t\t\t\t\t\t\t\t\t\t\t\t<\/div>\n\t\t\t\t\t<\/div>\n\t\t\t\t\t\n\t\t\t\t\t\t\t\t\t\t\t\t\t\t\t<div class=\"col-lg-12\">\n\n\t\t\t\t\t\t\n\n<!-- service card -->\n<div class=\"knsl-ath-card\">\n\t<div class=\"knsl-cover-frame\">\n\t\t<a href=\"https:\/\/yourmadeirarentals.com\/cs\/services\/real-estate-consulting-service\/\">\n\t\t\t\t\t\t<img decoding=\"async\" src=\"https:\/\/yourmadeirarentals.com\/wp-content\/uploads\/2023\/10\/Real-Estate-Digital.jpg\" alt=\"Real Estate Consulting Service\">\n\t\t\t\t\t<\/a>\n\t\t\t<\/div>\n\t<div class=\"knsl-card-description\">\n\t\t<h3 class=\"knsl-mb-10\">\n\t\t\tRealitn\u00ed poradenstv\u00ed\t\t<\/h3>\n\t\t<div class=\"knsl-text knsl-text--h\">\n\t\t\t<p>Unlock a world of possibilities with our Professional Real Estate Consulting Service, exclusively designed for guests staying at our holiday rental villas, houses, or apartments in Madeira. If you&#8217;re interested in purchasing a property or seeking long-term accommodation on this captivating island, we are your trusted partner. Our vast portfolio includes a wide selection of properties, from charming homes to&hellip;<\/p>\n\t\t<\/div>\n\t\t<a href=\"https:\/\/yourmadeirarentals.com\/cs\/services\/real-estate-consulting-service\/\" class=\"knsl-btn\">\n\t\t\tP\u0159e\u010dt\u011bte si v\u00edce\t\t\t<span class=\"screen-reader-text\">Read more&nbsp;Real Estate Consulting Service<\/span>\n\t\t<\/a>\n\t<\/div>\n<\/div>\n<!-- service card end -->\n\n\t\t\t\t\t<\/div>\n\t\t\t\t\t\t\t\t\t\t<div class=\"col-lg-12\">\n\n\t\t\t\t\t\t\n\n<!-- service card -->\n<div class=\"knsl-ath-card knsl-scroll-animation\">\n\t<div class=\"knsl-cover-frame\">\n\t\t<a href=\"https:\/\/yourmadeirarentals.com\/cs\/services\/car-hire-service\/\">\n\t\t\t\t\t\t<img decoding=\"async\" src=\"https:\/\/yourmadeirarentals.com\/wp-content\/uploads\/2023\/10\/Rental-car.jpg\" alt=\"Car Hire Service\">\n\t\t\t\t\t<\/a>\n\t\t\t<\/div>\n\t<div class=\"knsl-card-description\">\n\t\t<h3 class=\"knsl-mb-10\">\n\t\t\tPron\u00e1jem automobil\u016f\t\t<\/h3>\n\t\t<div class=\"knsl-text knsl-text--h\">\n\t\t\t<p>Elevate your holiday experience with our professional Car Hire Service, tailored exclusively for holidaymakers, expatriates, and digital nomads staying at our holiday rental villas, houses, or apartments in Madeira. While we don&#8217;t maintain our own fleet, we collaborate with trusted and reputable car rental companies to provide you with the best transportation solutions. Our mission is to ensure your convenience&hellip;<\/p>\n\t\t<\/div>\n\t\t<a href=\"https:\/\/yourmadeirarentals.com\/cs\/services\/car-hire-service\/\" class=\"knsl-btn\">\n\t\t\tP\u0159e\u010dt\u011bte si v\u00edce\t\t\t<span class=\"screen-reader-text\">Pron\u00e1jem aut<\/span>\n\t\t<\/a>\n\t<\/div>\n<\/div>\n<!-- service card end -->\n\n\t\t\t\t\t<\/div>\n\t\t\t\t\t\t\t\t\t\t<div class=\"col-lg-12\">\n\n\t\t\t\t\t\t\n\n<!-- service card -->\n<div class=\"knsl-ath-card knsl-scroll-animation\">\n\t<div class=\"knsl-cover-frame\">\n\t\t<a href=\"https:\/\/yourmadeirarentals.com\/cs\/services\/housekeeping\/\">\n\t\t\t\t\t\t<img decoding=\"async\" src=\"https:\/\/yourmadeirarentals.com\/wp-content\/uploads\/2023\/10\/House-Keeping.jpg\" alt=\"Housekeeping\">\n\t\t\t\t\t<\/a>\n\t\t\t<\/div>\n\t<div class=\"knsl-card-description\">\n\t\t<h3 class=\"knsl-mb-10\">\n\t\t\t\u00daklid\t\t<\/h3>\n\t\t<div class=\"knsl-text knsl-text--h\">\n\t\t\t<p>Experience unparalleled convenience during your stay at our holiday rental villa, house, or apartment. Our optional housekeeping service is available upon request, allowing you to relax and enjoy your vacation to the fullest. Our dedicated cleaning team will ensure that your accommodation is impeccably maintained, providing you with a pristine and comfortable environment throughout your stay. Simply let us know&hellip;<\/p>\n\t\t<\/div>\n\t\t<a href=\"https:\/\/yourmadeirarentals.com\/cs\/services\/housekeeping\/\" class=\"knsl-btn\">\n\t\t\tP\u0159e\u010dt\u011bte si v\u00edce\t\t\t<span class=\"screen-reader-text\">P\u0159e\u010dt\u011bte si v\u00edce Housekeeping<\/span>\n\t\t<\/a>\n\t<\/div>\n<\/div>\n<!-- service card end -->\n\n\t\t\t\t\t<\/div>\n\t\t\t\t\t\t\t\t\t\t<div class=\"col-lg-12\">\n\n\t\t\t\t\t\t\n\n<!-- service card -->\n<div class=\"knsl-ath-card knsl-scroll-animation\">\n\t<div class=\"knsl-cover-frame\">\n\t\t<a href=\"https:\/\/yourmadeirarentals.com\/cs\/services\/pool\/\">\n\t\t\t\t\t\t<img decoding=\"async\" src=\"https:\/\/yourmadeirarentals.com\/wp-content\/uploads\/2023\/10\/Pool-maintenace.jpg\" alt=\"Pool Maintenance\">\n\t\t\t\t\t<\/a>\n\t\t\t<\/div>\n\t<div class=\"knsl-card-description\">\n\t\t<h3 class=\"knsl-mb-10\">\n\t\t\t\u00dadr\u017eba baz\u00e9nu\t\t<\/h3>\n\t\t<div class=\"knsl-text knsl-text--h\">\n\t\t\t<p>Elevate your holiday experience with our optional swimming pool maintenance service for your villa, house, or apartment rental. Our team of professionals specializes in keeping your pool in pristine condition, ensuring it&#8217;s always ready for you to take a refreshing dip or lounge by the water&#8217;s edge. &#8220;Pool maintenance isn&#8217;t just about chemicals and filters; it&#8217;s about creating a sanctuary&hellip;<\/p>\n\t\t<\/div>\n\t\t<a href=\"https:\/\/yourmadeirarentals.com\/cs\/services\/pool\/\" class=\"knsl-btn\">\n\t\t\tP\u0159e\u010dt\u011bte si v\u00edce\t\t\t<span class=\"screen-reader-text\">P\u0159e\u010dt\u011bte si v\u00edce \u00dadr\u017eba baz\u00e9nu<\/span>\n\t\t<\/a>\n\t<\/div>\n<\/div>\n<!-- service card end -->\n\n\t\t\t\t\t<\/div>\n\t\t\t\t\t\n\t\t\t\t\t\n\t\t\t\t\t\t\t\t\t\t\n    \t\t\t<\/div>\n\t\t\t<\/div>\n\t\t<\/section>\n\t\t<!-- services end -->\n\n\t\t\t\t\t\t<\/div>\n\t\t\t\t<\/div>\n\t\t\t\t\t<\/div>\n\t\t<\/div>\n\t\t\t\t\t<\/div>\n\t\t<\/section>\n\t\t\t\t<section class=\"elementor-section elementor-top-section elementor-element elementor-element-bcacc7c elementor-section-full_width elementor-section-height-default elementor-section-height-default\" data-id=\"bcacc7c\" data-element_type=\"section\" data-e-type=\"section\">\n\t\t\t\t\t\t<div class=\"elementor-container elementor-column-gap-no\">\n\t\t\t\t\t<div class=\"elementor-column elementor-col-100 elementor-top-column elementor-element elementor-element-08937c3\" data-id=\"08937c3\" data-element_type=\"column\" data-e-type=\"column\">\n\t\t\t<div class=\"elementor-widget-wrap elementor-element-populated\">\n\t\t\t\t\t\t<div class=\"elementor-element elementor-element-bf7825a elementor-widget elementor-widget-kinsley-about-quote\" data-id=\"bf7825a\" data-element_type=\"widget\" data-e-type=\"widget\" data-widget_type=\"kinsley-about-quote.default\">\n\t\t\t\t<div class=\"elementor-widget-container\">\n\t\t\t\t\t\n\t\t<!-- quote -->\n\t\t<section class=\"knsl-p-0-100\">\n\t\t\t<div class=\"container\">\n\t\t\t\t<div class=\"row\">\n\t\t\t\t\t<div class=\"col-lg-12\">\n\t\t\t\t\t\t<div class=\"knsl-quote-with-author\">\n\t\t\t\t\t\t\t<div class=\"row align-items-center\">\n\t\t\t\t\t\t\t\t<div class=\"col-lg-4\">\n\t\t\t\t\t\t\t\t\t\t\t\t\t\t\t\t\t\t<div class=\"knsl-photo-frame\">\n\t\t\t\t\t\t\t\t\t\t<img decoding=\"async\" src=\"https:\/\/yourmadeirarentals.com\/wp-content\/uploads\/2023\/10\/Kevin-Fantazi.jpg\" alt=\"Kevin Fantazi\" \/>\n\t\t\t\t\t\t\t\t\t<\/div>\n\t\t\t\t\t\t\t\t\t\t\t\t\t\t\t\t\t<\/div>\n\t\t\t\t\t\t\t\t<div class=\"col-lg-8\">\n\t\t\t\t\t\t\t\t\t\t\t\t\t\t\t\t\t\t<blockquote>\n\t\t\t\t\t\t\t\t\t\tTransparentnost a komunikace s na\u0161imi z\u00e1kazn\u00edky jsou na\u0161imi hlavn\u00edmi prioritami. Spole\u010dn\u011b usilujeme o to, abychom na\u0161im host\u016fm zlep\u0161ili z\u00e1\u017eitky z dovolen\u00e9 a prom\u011bnili jejich dovolenou v nezapomenuteln\u00e9 vzpom\u00ednky.\t\t\t\t\t\t\t\t\t<\/blockquote>\n\t\t\t\t\t\t\t\t\t\t\t\t\t\t\t\t\t\t<div class=\"knsl-quote-bottom\">\n\t\t\t\t\t\t\t\t\t\t<div>\n\t\t\t\t\t\t\t\t\t\t\t\t\t\t\t\t\t\t\t\t\t\t<h4>\n\t\t\t\t\t\t\t\t\t\t\t\t<span >\n\t\t\t\t\t\t\t\t\t\t\t\t\tKevin Fantazi\t\t\t\t\t\t\t\t\t\t\t\t<\/span>\n\t\t\t\t\t\t\t\t\t\t\t<\/h4>\n\t\t\t\t\t\t\t\t\t\t\t\t\t\t\t\t\t\t\t\t\t\t\t\t\t\t\t\t\t\t\t\t\t<p>\n\t\t\t\t\t\t\t\t\t\t\t\t<span >\n\t\t\t\t\t\t\t\t\t\t\t\t\tVedouc\u00ed partner\t\t\t\t\t\t\t\t\t\t\t\t<\/span>\n\t\t\t\t\t\t\t\t\t\t\t<\/p>\n\t\t\t\t\t\t\t\t\t\t\t\t\t\t\t\t\t\t\t\t\t<\/div>\n\t\t\t\t\t\t\t\t\t\t\t\t\t\t\t\t\t\t\t<\/div>\n\t\t\t\t\t\t\t\t<\/div>\n\t\t\t\t\t\t\t<\/div>\n\t\t\t\t\t\t<\/div>\n\t\t\t\t\t<\/div>\n\t\t\t\t<\/div>\n\t\t\t<\/div>\n\t\t<\/section>\n\t\t<!-- quote end -->\n\n\t\t\t\t\t\t<\/div>\n\t\t\t\t<\/div>\n\t\t\t\t\t<\/div>\n\t\t<\/div>\n\t\t\t\t\t<\/div>\n\t\t<\/section>\n\t\t\t\t<section class=\"elementor-section elementor-top-section elementor-element elementor-element-1edd412 elementor-section-full_width elementor-section-height-default elementor-section-height-default\" data-id=\"1edd412\" data-element_type=\"section\" data-e-type=\"section\">\n\t\t\t\t\t\t<div class=\"elementor-container elementor-column-gap-no\">\n\t\t\t\t\t<div class=\"elementor-column elementor-col-100 elementor-top-column elementor-element elementor-element-d8a79f3\" data-id=\"d8a79f3\" data-element_type=\"column\" data-e-type=\"column\">\n\t\t\t<div class=\"elementor-widget-wrap elementor-element-populated\">\n\t\t\t\t\t\t<div class=\"elementor-element elementor-element-d69d785 elementor-widget elementor-widget-kinsley-features-inner\" data-id=\"d69d785\" data-element_type=\"widget\" data-e-type=\"widget\" data-widget_type=\"kinsley-features-inner.default\">\n\t\t\t\t<div class=\"elementor-widget-container\">\n\t\t\t\t\t\n\t\t<!-- features -->\n\t\t<section class=\"knsl-p-0-90\">\n\t\t <div class=\"container\">\t\t\t<div class=\"row\">\n\t\t\t\t\t\t\t\t<div class=\"col-lg-12\">\n\t\t\t\t\t<div class=\"knsl-center knsl-title-frame knsl-mb-80\">\n\t\t\t\t\t\t\t\t\t\t\t\t<h2 class=\"knsl-title--h knsl-mb-20\">\n\t\t\t\t\t\t\t<span >\n\t\t\t\t\t\t\t\tSpr\u00e1vn\u00e1 slu\u017eba pro va\u0161i dovolenou\t\t\t\t\t\t\t<\/span>\n\t\t\t\t\t\t<\/h2>\n\t\t\t\t\t\t\t\t\t\t\t\t\t\t\t\t\t\t<div class=\"knsl-text knsl-mb-30\">\n\t\t\t\t\t\t\t<div >\n\t\t\t\t\t\t\t\tVa\u0161e Madeira - Pron\u00e1jmy nab\u00edz\u00ed \u0161irokou \u0161k\u00e1lu slu\u017eeb, kter\u00e9 mohou vyu\u017e\u00edvat jak z\u00e1kazn\u00edci, tak host\u00e9. D\u00edky na\u0161im nab\u00eddk\u00e1m \u0161it\u00fdm na m\u00edru zajist\u00edme, aby se va\u0161e dovolen\u00e1 stala nezapomenuteln\u00fdm z\u00e1\u017eitkem.\t\t\t\t\t\t\t<\/div>\n\t\t\t\t\t\t<\/div>\n\t\t\t\t\t\t\t\t\t\t\t\t\t\t\t\t\t\t<a href=\"\/cs\/service\/\" class=\"knsl-btn knsl-btn-md\">\n\t\t\t\t\t\t\t<span >\n\t\t\t\t\t\t\t\tSlu\u017eby\t\t\t\t\t\t\t<\/span>\n\t\t\t\t\t\t<\/a>\n\t\t\t\t\t\t\t\t\t\t\t<\/div>\n\t\t\t\t<\/div>\n\t\t\t\t\t\t\t\t\t\t\t\t\t\t\t\t<div class=\"col-lg-3\">\n\t\t\t\t\t<!-- icon box -->\n\t\t\t\t\t<div class=\"knsl-icon-box\">\n\t\t\t\t\t\t\t\t\t\t\t\t<img decoding=\"async\" src=\"https:\/\/yourmadeirarentals.com\/wp-content\/uploads\/2023\/09\/car-1.png\" class=\"knsl-mb-10\" alt=\"Free parking\" \/>\n\t\t\t\t\t\t\t\t\t\t\t\t\t\t\t\t\t\t<h5>\n\t\t\t\t\t\t\t<span >\n\t\t\t\t\t\t\t\tParkov\u00e1n\u00ed zdarma\t\t\t\t\t\t\t<\/span>\n\t\t\t\t\t\t<\/h5>\n\t\t\t\t\t\t\t\t\t\t\t<\/div>\n\t\t\t\t\t<!-- icon box end -->\n\t\t\t\t<\/div>\n\t\t\t\t\t\t\t\t<div class=\"col-lg-3\">\n\t\t\t\t\t<!-- icon box -->\n\t\t\t\t\t<div class=\"knsl-icon-box\">\n\t\t\t\t\t\t\t\t\t\t\t\t<img decoding=\"async\" src=\"https:\/\/yourmadeirarentals.com\/wp-content\/uploads\/2023\/09\/beach_chair.png\" class=\"knsl-mb-10\" alt=\"Beach access\" \/>\n\t\t\t\t\t\t\t\t\t\t\t\t\t\t\t\t\t\t<h5>\n\t\t\t\t\t\t\t<span >\n\t\t\t\t\t\t\t\tP\u0159\u00edstup na pl\u00e1\u017e\t\t\t\t\t\t\t<\/span>\n\t\t\t\t\t\t<\/h5>\n\t\t\t\t\t\t\t\t\t\t\t<\/div>\n\t\t\t\t\t<!-- icon box end -->\n\t\t\t\t<\/div>\n\t\t\t\t\t\t\t\t<div class=\"col-lg-3\">\n\t\t\t\t\t<!-- icon box -->\n\t\t\t\t\t<div class=\"knsl-icon-box\">\n\t\t\t\t\t\t\t\t\t\t\t\t<img decoding=\"async\" src=\"https:\/\/yourmadeirarentals.com\/wp-content\/uploads\/2023\/09\/wifi-1.png\" class=\"knsl-mb-10\" alt=\"Wifi\" \/>\n\t\t\t\t\t\t\t\t\t\t\t\t\t\t\t\t\t\t<h5>\n\t\t\t\t\t\t\t<span >\n\t\t\t\t\t\t\t\tWifi\t\t\t\t\t\t\t<\/span>\n\t\t\t\t\t\t<\/h5>\n\t\t\t\t\t\t\t\t\t\t\t<\/div>\n\t\t\t\t\t<!-- icon box end -->\n\t\t\t\t<\/div>\n\t\t\t\t\t\t\t\t<div class=\"col-lg-3\">\n\t\t\t\t\t<!-- icon box -->\n\t\t\t\t\t<div class=\"knsl-icon-box\">\n\t\t\t\t\t\t\t\t\t\t\t\t<img decoding=\"async\" src=\"https:\/\/yourmadeirarentals.com\/wp-content\/uploads\/2023\/08\/vehicle.png\" class=\"knsl-mb-10\" alt=\"Under protection\" \/>\n\t\t\t\t\t\t\t\t\t\t\t\t\t\t\t\t\t\t<h5>\n\t\t\t\t\t\t\t<span >\n\t\t\t\t\t\t\t\tPod ochranou\t\t\t\t\t\t\t<\/span>\n\t\t\t\t\t\t<\/h5>\n\t\t\t\t\t\t\t\t\t\t\t<\/div>\n\t\t\t\t\t<!-- icon box end -->\n\t\t\t\t<\/div>\n\t\t\t\t\t\t\t\t<div class=\"col-lg-3\">\n\t\t\t\t\t<!-- icon box -->\n\t\t\t\t\t<div class=\"knsl-icon-box\">\n\t\t\t\t\t\t\t\t\t\t\t\t<img decoding=\"async\" src=\"https:\/\/yourmadeirarentals.com\/wp-content\/uploads\/2023\/10\/swimming-pool.png\" class=\"knsl-mb-10\" alt=\"private pool\" \/>\n\t\t\t\t\t\t\t\t\t\t\t\t\t\t\t\t\t\t<h5>\n\t\t\t\t\t\t\t<span >\n\t\t\t\t\t\t\t\tsoukrom\u00fd baz\u00e9n\t\t\t\t\t\t\t<\/span>\n\t\t\t\t\t\t<\/h5>\n\t\t\t\t\t\t\t\t\t\t\t<\/div>\n\t\t\t\t\t<!-- icon box end -->\n\t\t\t\t<\/div>\n\t\t\t\t\t\t\t\t<div class=\"col-lg-3\">\n\t\t\t\t\t<!-- icon box -->\n\t\t\t\t\t<div class=\"knsl-icon-box\">\n\t\t\t\t\t\t\t\t\t\t\t\t<img decoding=\"async\" src=\"https:\/\/yourmadeirarentals.com\/wp-content\/uploads\/2023\/09\/television-1.png\" class=\"knsl-mb-10\" alt=\"TV\" \/>\n\t\t\t\t\t\t\t\t\t\t\t\t\t\t\t\t\t\t<h5>\n\t\t\t\t\t\t\t<span >\n\t\t\t\t\t\t\t\tTV\t\t\t\t\t\t\t<\/span>\n\t\t\t\t\t\t<\/h5>\n\t\t\t\t\t\t\t\t\t\t\t<\/div>\n\t\t\t\t\t<!-- icon box end -->\n\t\t\t\t<\/div>\n\t\t\t\t\t\t\t\t<div class=\"col-lg-3\">\n\t\t\t\t\t<!-- icon box -->\n\t\t\t\t\t<div class=\"knsl-icon-box\">\n\t\t\t\t\t\t\t\t\t\t\t\t<img decoding=\"async\" src=\"https:\/\/yourmadeirarentals.com\/wp-content\/uploads\/2023\/09\/workspace.png\" class=\"knsl-mb-10\" alt=\"Workspace\" \/>\n\t\t\t\t\t\t\t\t\t\t\t\t\t\t\t\t\t\t<h5>\n\t\t\t\t\t\t\t<span >\n\t\t\t\t\t\t\t\tPracovn\u00ed prostor\t\t\t\t\t\t\t<\/span>\n\t\t\t\t\t\t<\/h5>\n\t\t\t\t\t\t\t\t\t\t\t<\/div>\n\t\t\t\t\t<!-- icon box end -->\n\t\t\t\t<\/div>\n\t\t\t\t\t\t\t\t<div class=\"col-lg-3\">\n\t\t\t\t\t<!-- icon box -->\n\t\t\t\t\t<div class=\"knsl-icon-box\">\n\t\t\t\t\t\t\t\t\t\t\t\t<img decoding=\"async\" src=\"https:\/\/yourmadeirarentals.com\/wp-content\/uploads\/2023\/09\/drying-1.png\" class=\"knsl-mb-10\" alt=\"Washer\" \/>\n\t\t\t\t\t\t\t\t\t\t\t\t\t\t\t\t\t\t<h5>\n\t\t\t\t\t\t\t<span >\n\t\t\t\t\t\t\t\tPodlo\u017eka\t\t\t\t\t\t\t<\/span>\n\t\t\t\t\t\t<\/h5>\n\t\t\t\t\t\t\t\t\t\t\t<\/div>\n\t\t\t\t\t<!-- icon box end -->\n\t\t\t\t<\/div>\n\t\t\t\t\t\t\t\t\t\t\t<\/div>\n\t\t <\/div>\t\t<\/section>\n\t\t<!-- features end -->\n\n\t\t\t\t\t\t<\/div>\n\t\t\t\t<\/div>\n\t\t\t\t\t<\/div>\n\t\t<\/div>\n\t\t\t\t\t<\/div>\n\t\t<\/section>\n\t\t\t\t<section class=\"elementor-section elementor-top-section elementor-element elementor-element-262b332 elementor-section-full_width elementor-section-height-default elementor-section-height-default\" data-id=\"262b332\" data-element_type=\"section\" data-e-type=\"section\">\n\t\t\t\t\t\t<div class=\"elementor-container elementor-column-gap-no\">\n\t\t\t\t\t<div class=\"elementor-column elementor-col-100 elementor-top-column elementor-element elementor-element-c4e098b\" data-id=\"c4e098b\" data-element_type=\"column\" data-e-type=\"column\">\n\t\t\t<div class=\"elementor-widget-wrap elementor-element-populated\">\n\t\t\t\t\t\t<div class=\"elementor-element elementor-element-61e1e90 elementor-widget elementor-widget-kinsley-about-video\" data-id=\"61e1e90\" data-element_type=\"widget\" data-e-type=\"widget\" data-widget_type=\"kinsley-about-video.default\">\n\t\t\t\t<div class=\"elementor-widget-container\">\n\t\t\t\t\t\n\t\t<!-- video -->\n\t\t<section class=\"knsl-p-0-100\">\n\t\t\t<div class=\"container\">\n\t\t\t\t<div class=\"knsl-about-card\">\n\t\t\t\t\t<div class=\"row g-0\">\n\t\t\t\t\t\t<div class=\"col-lg-6\">\n\t\t\t\t\t\t\t<div class=\"knsl-about-text\">\n\t\t\t\t\t\t\t\t<div class=\"knsl-title-frame\">\n\t\t\t\t\t\t\t\t\t\t\t\t\t\t\t\t\t\t<h2 class=\"knsl-title--h knsl-mb-20\">\n\t\t\t\t\t\t\t\t\t\t<span >\n\t\t\t\t\t\t\t\t\t\t\tZa\u010dn\u011bte sv\u00e9 \u00fa\u017easn\u00e9 dobrodru\u017estv\u00ed na Madei\u0159e!\t\t\t\t\t\t\t\t\t\t<\/span>\n\t\t\t\t\t\t\t\t\t<\/h2>\n\t\t\t\t\t\t\t\t\t\t\t\t\t\t\t\t\t\t\t\t\t\t\t\t\t\t\t<div class=\"knsl-text knsl-mb-30\">\n\t\t\t\t\t\t\t\t\t\t<div >\n\t\t\t\t\t\t\t\t\t\t\t<p>Za\u017eijte vzru\u0161uj\u00edc\u00ed dobrodru\u017estv\u00ed na ostrov\u011b Madeira, kde se bujn\u00e1 p\u0159\u00edroda snoub\u00ed s adrenalinov\u00fdmi aktivitami. Pono\u0159te se do vzru\u0161uj\u00edc\u00edch t\u00far, prozkoumejte skryt\u00e9 jeskyn\u011b a vzneste se nad dramatick\u00fdmi \u00fatesy. Va\u0161e dobrodru\u017estv\u00ed na Madei\u0159e \u010dek\u00e1!<\/p>\t\t\t\t\t\t\t\t\t\t<\/div>\n\t\t\t\t\t\t\t\t\t<\/div>\n\t\t\t\t\t\t\t\t\t\t\t\t\t\t\t\t\t\t\t\t\t\t\t\t\t\t<\/div>\n\t\t\t\t\t\t\t<\/div>\n\t\t\t\t\t\t<\/div>\n\t\t\t\t\t\t<div class=\"col-lg-6\">\n\t\t\t\t\t\t\t<div class=\"knsl-video-frame\">\n\t\t\t\t\t\t\t\t\t\t\t\t\t\t\t\t<img decoding=\"async\" src=\"https:\/\/yourmadeirarentals.com\/wp-content\/uploads\/2021\/12\/gallery-8.jpg\" alt=\"\">\n\t\t\t\t\t\t\t\t\t\t\t\t\t\t\t\t\t\t\t\t\t\t\t<\/div>\n\t\t\t\t\t\t<\/div>\n\t\t\t\t\t<\/div>\n\t\t\t\t<\/div>\n\t\t\t<\/div>\n\t\t<\/section>\n\t\t<!-- video end -->\n\n\t\t\t\t\t\t<\/div>\n\t\t\t\t<\/div>\n\t\t\t\t\t<\/div>\n\t\t<\/div>\n\t\t\t\t\t<\/div>\n\t\t<\/section>\n\t\t\t\t<section class=\"elementor-section elementor-top-section elementor-element elementor-element-000b28d elementor-section-full_width elementor-section-height-default elementor-section-height-default\" data-id=\"000b28d\" data-element_type=\"section\" data-e-type=\"section\">\n\t\t\t\t\t\t<div class=\"elementor-container elementor-column-gap-no\">\n\t\t\t\t\t<div class=\"elementor-column elementor-col-100 elementor-top-column elementor-element elementor-element-5da090b\" data-id=\"5da090b\" data-element_type=\"column\" data-e-type=\"column\">\n\t\t\t<div class=\"elementor-widget-wrap elementor-element-populated\">\n\t\t\t\t\t\t<div class=\"elementor-element elementor-element-6ee1a71 elementor-widget elementor-widget-kinsley-rooms-grid\" data-id=\"6ee1a71\" data-element_type=\"widget\" data-e-type=\"widget\" data-widget_type=\"kinsley-rooms-grid.default\">\n\t\t\t\t<div class=\"elementor-widget-container\">\n\t\t\t\t\t\n\t\t<!-- rooms -->\n\t\t<section class=\"knsl-p-0-100\">\n\t\t\t\t\t\t\n\t\t\n\t\t<div class=\"container\">\t\t\t\t\t\t<div class=\"row\">\n\t\t\t\t<div class=\"col-lg-12\">\n\t\t\t\t\t<div class=\"knsl-center knsl-title-frame knsl-mb-100\">\n\t\t\t\t\t\t\t\t\t\t\t\t<h2 class=\"knsl-title--h knsl-mb-20\">\n\t\t\t\t\t\t\t<span >\n\t\t\t\t\t\t\t\tV\u00e1\u0161 ostrov Madeira - pron\u00e1jmy \t\t\t\t\t\t\t<\/span>\n\t\t\t\t\t\t<\/h2>\n\t\t\t\t\t\t\t\t\t\t\t\t\t\t\t\t\t\t<div class=\"knsl-text knsl-mb-30\">\n\t\t\t\t\t\t\t<div >\n\t\t\t\t\t\t\t\tNab\u00edz\u00ed to prav\u00e9 ubytov\u00e1n\u00ed pro va\u0161i dovolenou na Madei\u0159e\t\t\t\t\t\t\t<\/div>\n\t\t\t\t\t\t<\/div>\n\t\t\t\t\t\t\t\t\t\t\t\t\t\t\t\t\t<\/div>\n\t\t\t\t<\/div>\n\t\t\t<\/div>\n\t\t\t\n\t\t\t\n\t\t\t\t\t\t<div class=\"row attr-details-amenity-false attr-details-category-false attr-details-attributes-false attr-details-view-false attr-details-bed-type-false attr-details-children-false\">\n\t\t\t\t\n\t\t\t\t\t\t\t\t<div class=\"col-lg-4\">\n\t\t\t\t\t<div class=\"mphb_sc_room-wrapper\"><div class=\"mphb-room-type post-1006 mphb_room_type type-mphb_room_type status-publish has-post-thumbnail mphb_room_type_facility-free-parking mphb_room_type_facility-garden-view mphb_room_type_facility-kitchen mphb_room_type_facility-ocean-view mphb_room_type_facility-private-pool mphb_room_type_facility-tv mphb_room_type_facility-washing-machine mphb_room_type_facility-wifi mphb-room-type-adults-6 mphb-room-type-children-0 has-taxes-and-fees\">\n\n\t\n\t\n\n\t<p class=\"post-thumbnail mphb-loop-room-thumbnail\">\n\t<a href=\"https:\/\/yourmadeirarentals.com\/cs\/accommodation\/villa-carpe-diem\/\">\n\t<img fetchpriority=\"high\" decoding=\"async\" width=\"1200\" height=\"900\" src=\"https:\/\/yourmadeirarentals.com\/wp-content\/uploads\/2021\/12\/Madeira-Villas-with-Private-Pool.webp\" class=\"attachment-post-thumbnail size-post-thumbnail wp-post-image\" alt=\"Madeira Villas with Private Pool\" srcset=\"https:\/\/yourmadeirarentals.com\/wp-content\/uploads\/2021\/12\/Madeira-Villas-with-Private-Pool.webp 1200w, https:\/\/yourmadeirarentals.com\/wp-content\/uploads\/2021\/12\/Madeira-Villas-with-Private-Pool-300x225.webp 300w, https:\/\/yourmadeirarentals.com\/wp-content\/uploads\/2021\/12\/Madeira-Villas-with-Private-Pool-1024x768.webp 1024w, https:\/\/yourmadeirarentals.com\/wp-content\/uploads\/2021\/12\/Madeira-Villas-with-Private-Pool-768x576.webp 768w, https:\/\/yourmadeirarentals.com\/wp-content\/uploads\/2021\/12\/Madeira-Villas-with-Private-Pool-16x12.webp 16w, https:\/\/yourmadeirarentals.com\/wp-content\/uploads\/2021\/12\/Madeira-Villas-with-Private-Pool-950x713.webp 950w, https:\/\/yourmadeirarentals.com\/wp-content\/uploads\/2021\/12\/Madeira-Villas-with-Private-Pool-800x600.webp 800w\" sizes=\"(max-width: 1200px) 100vw, 1200px\" \/>\t<\/a>\n\n\t<\/p>\n\n\n\n<h2 class=\"mphb-room-type-title entry-title\">\n\n\n\n<a class=\"mphb-room-type-title\" href=\"https:\/\/yourmadeirarentals.com\/cs\/accommodation\/villa-carpe-diem\/\">Villa Carpe Diem<\/a>\n\n\n<\/h2>\n\n\n<div class=\"knsl-text-light knsl-text-sm knsl-mb-20\">\n\t\n\t<p>Tato \u00fachvatn\u00e1 rodinn\u00e1 vila v Estreito da Calheta v\u00e1s zve na dovolenou sn\u016f na slunn\u00e9m jihu ostrova Madeira. Vila m\u00e1 3 lo\u017enice, 3,5 koupelny a prostorn\u00fd ob\u00fdvac\u00ed a j\u00eddeln\u00ed prostor. K dispozici je velk\u00fd venkovn\u00ed prostor s baz\u00e9nem a n\u00e1dhern\u00fdm v\u00fdhledem na mo\u0159e.<\/p>\n\n\t<\/div>\n\n<h3 class=\"mphb-room-type-details-title\">Podrobnosti<\/h3><ul class=\"mphb-loop-room-type-attributes\">\n\t<li class=\"mphb-room-type-total-capacity\"><span class=\"mphb-attribute-title mphb-total-capacity-title\">Host\u00e9:<\/span><span class=\"mphb-attribute-value\">\n\t6\n\t<\/span><\/li>\t\n\n\n\t<li class=\"mphb-room-type-facilities\"><span class=\"mphb-attribute-title mphb-facilities-title\">P\u0159\u00edslu\u0161enstv\u00ed:<\/span><span class=\"mphb-attribute-value\"> <span class=\"facility-free-parking\"><a href=\"https:\/\/yourmadeirarentals.com\/cs\/accommodation-facility\/free-parking\/\">Parkov\u00e1n\u00ed zdarma<\/a><\/span>, <span class=\"facility-garden-view\"><a href=\"https:\/\/yourmadeirarentals.com\/cs\/accommodation-facility\/garden-view\/\">V\u00fdhled do zahrady<\/a><\/span>, <span class=\"facility-kitchen\"><a href=\"https:\/\/yourmadeirarentals.com\/cs\/accommodation-facility\/kitchen\/\">Kuchyn\u011b<\/a><\/span>, <span class=\"facility-ocean-view\"><a href=\"https:\/\/yourmadeirarentals.com\/cs\/accommodation-facility\/ocean-view\/\">V\u00fdhled na oce\u00e1n<\/a><\/span>, <span class=\"facility-private-pool\"><a href=\"https:\/\/yourmadeirarentals.com\/cs\/accommodation-facility\/private-pool\/\">Soukrom\u00fd baz\u00e9n<\/a><\/span>, <span class=\"facility-tv\"><a href=\"https:\/\/yourmadeirarentals.com\/cs\/accommodation-facility\/tv\/\">TV<\/a><\/span>, <span class=\"facility-washing-machine\"><a href=\"https:\/\/yourmadeirarentals.com\/cs\/accommodation-facility\/washing-machine\/\">Pra\u010dka<\/a><\/span>, <span class=\"facility-wifi\"><a href=\"https:\/\/yourmadeirarentals.com\/cs\/accommodation-facility\/wifi\/\">Wifi<\/a><\/span><\/span><\/li>\n\t\n\n\n\t<li class=\"mphb-room-type-view\"><span class=\"mphb-attribute-title mphb-view-title\">Prohl\u00e9dnout si:<\/span><span class=\"mphb-attribute-value\">\n\tV\u00fdhled na baz\u00e9n a oce\u00e1n\n\t<\/span><\/li>\n\t\n\n\n\t<li class=\"mphb-room-type-size\"><span class=\"mphb-attribute-title mphb-size-title\">Velikost:<\/span><span class=\"mphb-attribute-value\">\n\t250m\u00b2\n\t<\/span><\/li>\n\t\n\n\t<li class=\"mphb-room-type-bed-type\"><span  class=\"mphb-attribute-title mphb-bed-type-title\">Typ postele:<\/span><span class=\"mphb-attribute-value\">\n\t3 lo\u017enice, 4 l\u016f\u017eka\n\t<\/span><\/li>\n\t\n<li class=\"mphb-room-type-bath mphb-room-type-custom-attribute\"><span class=\"mphb-attribute-title mphb-bath-title\">Vana:<\/span><span class=\"mphb-attribute-value\"> <span class=\"bath-3-5\">3.5<\/span><\/span><\/li>\n<\/ul>\n\n\t<p class=\"mphb-regular-price\"><strong>Cena za\u010d\u00edn\u00e1 na:<\/strong>\n\t<span class=\"mphb-price\"><span class=\"mphb-currency\">\u20ac<\/span>1,245<\/span> <span class=\"mphb-price-period\" title=\"Vyberte si datum pro rezervaci a uvid\u00edte ceny na v\u00e1mi zvolen\u00e9 term\u00edny\">za 5 noc\u00ed<\/span><span class=\"mphb-tax-information taxes-included\"> (+ dan\u011b a poplatky)<\/span>\n\t<\/p>\n\t\n<div class=\"mphb-to-book-btn-wrapper\">\n<form action=\"https:\/\/yourmadeirarentals.com\/cs\/accommodation\/villa-carpe-diem\/#booking-form-1006\" method=\"get\" data-trp-original-action=\"https:\/\/yourmadeirarentals.com\/cs\/accommodation\/villa-carpe-diem\/#booking-form-1006\" ><button type=\"submit\" class=\"button mphb-book-button\" >Zarezervovat<\/button><input type=\"hidden\" name=\"trp-form-language\" value=\"cs\"\/><\/form>\n<br\/><\/div>\n\t\n<\/div>\n<\/div>\t\t\t\t<\/div>\n\t\t\t\t\t\t\t\t<div class=\"col-lg-4\">\n\t\t\t\t\t<div class=\"mphb_sc_room-wrapper\"><div class=\"mphb-room-type post-1015 mphb_room_type type-mphb_room_type status-publish has-post-thumbnail mphb_room_type_facility-workspace mphb_room_type_facility-free-parking mphb_room_type_facility-kitchen mphb_room_type_facility-patio-or-balcony mphb_room_type_facility-private-backyard mphb_room_type_facility-tv mphb_room_type_facility-washing-machine mphb_room_type_facility-wifi mphb-room-type-adults-2 mphb-room-type-children-0 has-taxes-and-fees\">\n\n\t\n\t\n\n\t<p class=\"post-thumbnail mphb-loop-room-thumbnail\">\n\t<a href=\"https:\/\/yourmadeirarentals.com\/cs\/accommodation\/mar-a-vista\/\">\n\t<img decoding=\"async\" width=\"1200\" height=\"900\" src=\"https:\/\/yourmadeirarentals.com\/wp-content\/uploads\/2021\/12\/Mar-a-Vista-1.webp\" class=\"attachment-post-thumbnail size-post-thumbnail wp-post-image\" alt=\"\" srcset=\"https:\/\/yourmadeirarentals.com\/wp-content\/uploads\/2021\/12\/Mar-a-Vista-1.webp 1200w, https:\/\/yourmadeirarentals.com\/wp-content\/uploads\/2021\/12\/Mar-a-Vista-1-300x225.webp 300w, https:\/\/yourmadeirarentals.com\/wp-content\/uploads\/2021\/12\/Mar-a-Vista-1-1024x768.webp 1024w, https:\/\/yourmadeirarentals.com\/wp-content\/uploads\/2021\/12\/Mar-a-Vista-1-768x576.webp 768w, https:\/\/yourmadeirarentals.com\/wp-content\/uploads\/2021\/12\/Mar-a-Vista-1-950x713.webp 950w, https:\/\/yourmadeirarentals.com\/wp-content\/uploads\/2021\/12\/Mar-a-Vista-1-800x600.webp 800w\" sizes=\"(max-width: 1200px) 100vw, 1200px\">\t<\/a>\n\n\t<\/p>\n\n\n\n<h2 class=\"mphb-room-type-title entry-title\">\n\n\n\n<a class=\"mphb-room-type-title\" href=\"https:\/\/yourmadeirarentals.com\/cs\/accommodation\/mar-a-vista\/\">Mar a Vista<\/a>\n\n\n<\/h2>\n\n\n<div class=\"knsl-text-light knsl-text-sm knsl-mb-20\">\n\t\n\t<p>Objevte pozoruhodn\u00fd pron\u00e1jem \u00fato\u010di\u0161t\u011b na \u00fatesu s jedine\u010dn\u00fdm v\u00fdhledem na mo\u0159e a \u00fadol\u00ed. Toto \u00fatuln\u00e9 \u00fato\u010di\u0161t\u011b je ide\u00e1ln\u00ed pro dva a nab\u00edz\u00ed lo\u017enici s kvalitn\u00ed p\u011bnovou matrac\u00ed, ob\u00fdvac\u00ed pokoj a pln\u011b vybavenou kuchy\u0148 s j\u00eddeln\u00edm koutem. Koupelna vyb\u00edz\u00ed k relaxaci, zat\u00edmco venkovn\u00ed prostor zaujme sprchou pod \u0161ir\u00fdm nebem, zahradou a houpac\u00ed s\u00edt\u00ed. Objevte p\u016fvab p\u0159\u00edrody na tomto klidn\u00e9m a jedine\u010dn\u00e9m m\u00edst\u011b, kde ka\u017ed\u00fd okam\u017eik slibuje b\u00fdt v\u00fdjime\u010dn\u00fd.<\/p>\n\n\t<\/div>\n\n<h3 class=\"mphb-room-type-details-title\">Podrobnosti<\/h3><ul class=\"mphb-loop-room-type-attributes\">\n\t<li class=\"mphb-room-type-total-capacity\"><span class=\"mphb-attribute-title mphb-total-capacity-title\">Host\u00e9:<\/span><span class=\"mphb-attribute-value\">\n\t2\n\t<\/span><\/li>\t\n\n\n\t<li class=\"mphb-room-type-facilities\"><span class=\"mphb-attribute-title mphb-facilities-title\">P\u0159\u00edslu\u0161enstv\u00ed:<\/span><span class=\"mphb-attribute-value\"> <span class=\"facility-workspace\"><a href=\"https:\/\/yourmadeirarentals.com\/cs\/accommodation-facility\/workspace\/\">Vyhrazen\u00fd pracovn\u00ed prostor<\/a><\/span>, <span class=\"facility-free-parking\"><a href=\"https:\/\/yourmadeirarentals.com\/cs\/accommodation-facility\/free-parking\/\">Parkov\u00e1n\u00ed zdarma<\/a><\/span>, <span class=\"facility-kitchen\"><a href=\"https:\/\/yourmadeirarentals.com\/cs\/accommodation-facility\/kitchen\/\">Kuchyn\u011b<\/a><\/span>, <span class=\"facility-patio-or-balcony\"><a href=\"https:\/\/yourmadeirarentals.com\/cs\/accommodation-facility\/patio-or-balcony\/\">Terasa nebo balkon<\/a><\/span>, <span class=\"facility-private-backyard\"><a href=\"https:\/\/yourmadeirarentals.com\/cs\/accommodation-facility\/private-backyard\/\">Soukrom\u00fd dvorek<\/a><\/span>, <span class=\"facility-tv\"><a href=\"https:\/\/yourmadeirarentals.com\/cs\/accommodation-facility\/tv\/\">TV<\/a><\/span>, <span class=\"facility-washing-machine\"><a href=\"https:\/\/yourmadeirarentals.com\/cs\/accommodation-facility\/washing-machine\/\">Pra\u010dka<\/a><\/span>, <span class=\"facility-wifi\"><a href=\"https:\/\/yourmadeirarentals.com\/cs\/accommodation-facility\/wifi\/\">Wifi<\/a><\/span><\/span><\/li>\n\t\n\n\n\t<li class=\"mphb-room-type-view\"><span class=\"mphb-attribute-title mphb-view-title\">Prohl\u00e9dnout si:<\/span><span class=\"mphb-attribute-value\">\n\tV\u00fdhled na mo\u0159e\n\t<\/span><\/li>\n\t\n\n\n\t<li class=\"mphb-room-type-size\"><span class=\"mphb-attribute-title mphb-size-title\">Velikost:<\/span><span class=\"mphb-attribute-value\">\n\t75m\u00b2\n\t<\/span><\/li>\n\t\n\n\t<li class=\"mphb-room-type-bed-type\"><span  class=\"mphb-attribute-title mphb-bed-type-title\">Typ postele:<\/span><span class=\"mphb-attribute-value\">\n\t1 lo\u017enice, 1 postel\n\t<\/span><\/li>\n\t\n<li class=\"mphb-room-type-bath mphb-room-type-custom-attribute\"><span class=\"mphb-attribute-title mphb-bath-title\">Vana:<\/span><span class=\"mphb-attribute-value\"> <span class=\"bath-1\">1<\/span><\/span><\/li>\n<\/ul>\n\n\t<p class=\"mphb-regular-price\"><strong>Cena za\u010d\u00edn\u00e1 na:<\/strong>\n\t<span class=\"mphb-price\"><span class=\"mphb-currency\">\u20ac<\/span>447<\/span> <span class=\"mphb-price-period\" title=\"Vyberte si datum pro rezervaci a uvid\u00edte ceny na v\u00e1mi zvolen\u00e9 term\u00edny\">za 3 noci<\/span><span class=\"mphb-tax-information taxes-included\"> (+ dan\u011b a poplatky)<\/span>\n\t<\/p>\n\t\n<div class=\"mphb-to-book-btn-wrapper\">\n<form action=\"https:\/\/yourmadeirarentals.com\/cs\/accommodation\/mar-a-vista\/#booking-form-1015\" method=\"get\" data-trp-original-action=\"https:\/\/yourmadeirarentals.com\/cs\/accommodation\/mar-a-vista\/#booking-form-1015\" ><button type=\"submit\" class=\"button mphb-book-button\" >Zarezervovat<\/button><input type=\"hidden\" name=\"trp-form-language\" value=\"cs\"\/><\/form>\n<br\/><\/div>\n\t\n<\/div>\n<\/div>\t\t\t\t<\/div>\n\t\t\t\t\t\t\t\t<div class=\"col-lg-4\">\n\t\t\t\t\t<div class=\"mphb_sc_room-wrapper\"><div class=\"mphb-room-type post-1192 mphb_room_type type-mphb_room_type status-publish has-post-thumbnail mphb_room_type_facility-free-parking mphb_room_type_facility-kitchen mphb_room_type_facility-mountain-view mphb_room_type_facility-ocean-view mphb_room_type_facility-private-pool mphb_room_type_facility-tv mphb_room_type_facility-washing-machine mphb_room_type_facility-wifi mphb-room-type-adults-6 mphb-room-type-children-0 has-taxes-and-fees\">\n\n\t\n\t\n\n\t<p class=\"post-thumbnail mphb-loop-room-thumbnail\">\n\t<a href=\"https:\/\/yourmadeirarentals.com\/cs\/accommodation\/myvilla-do-sol\/\">\n\t<img decoding=\"async\" width=\"720\" height=\"540\" src=\"https:\/\/yourmadeirarentals.com\/wp-content\/uploads\/2021\/12\/MyVilla-do-Sol-2.webp\" class=\"attachment-post-thumbnail size-post-thumbnail wp-post-image\" alt=\"\" srcset=\"https:\/\/yourmadeirarentals.com\/wp-content\/uploads\/2021\/12\/MyVilla-do-Sol-2.webp 720w, https:\/\/yourmadeirarentals.com\/wp-content\/uploads\/2021\/12\/MyVilla-do-Sol-2-300x225.webp 300w\" sizes=\"(max-width: 720px) 100vw, 720px\">\t<\/a>\n\n\t<\/p>\n\n\n\n<h2 class=\"mphb-room-type-title entry-title\">\n\n\n\n<a class=\"mphb-room-type-title\" href=\"https:\/\/yourmadeirarentals.com\/cs\/accommodation\/myvilla-do-sol\/\">Casa Bondi - Ponta do Sol<\/a>\n\n\n<\/h2>\n\n\n<div class=\"knsl-text-light knsl-text-sm knsl-mb-20\">\n\t\n\t<p>Casa Bondi je n\u00e1dhern\u00e1 vila v \u00fadol\u00ed Banana v Ponta do Sol, v bl\u00edzkosti pl\u00e1\u017e\u00ed, turistick\u00fdch tras a m\u00edstn\u00edch m\u00edst. Z prostorn\u00e9 terasy s grilem a v\u00fdhledem na ban\u00e1nov\u00e9 plant\u00e1\u017ee si m\u016f\u017eete vychutnat \u00fachvatn\u00fd v\u00fdhled na mo\u0159e a hory. Relaxujte ve vyh\u0159\u00edvan\u00e9m soukrom\u00e9m baz\u00e9nu nebo ve velk\u00e9m obytn\u00e9m prostoru. Vila m\u00e1 3 lo\u017enice (ka\u017ed\u00e1 s balkonem), 3 koupelny (1 s vlastn\u00ed koupelnou), WC pro hosty, pln\u011b vybavenou kuchy\u0148 a jedine\u010dnou venkovn\u00ed kuchyni.<\/p>\n\n\t<\/div>\n\n<h3 class=\"mphb-room-type-details-title\">Podrobnosti<\/h3><ul class=\"mphb-loop-room-type-attributes\">\n\t<li class=\"mphb-room-type-total-capacity\"><span class=\"mphb-attribute-title mphb-total-capacity-title\">Host\u00e9:<\/span><span class=\"mphb-attribute-value\">\n\t6\n\t<\/span><\/li>\t\n\n\n\t<li class=\"mphb-room-type-facilities\"><span class=\"mphb-attribute-title mphb-facilities-title\">P\u0159\u00edslu\u0161enstv\u00ed:<\/span><span class=\"mphb-attribute-value\"> <span class=\"facility-free-parking\"><a href=\"https:\/\/yourmadeirarentals.com\/cs\/accommodation-facility\/free-parking\/\">Parkov\u00e1n\u00ed zdarma<\/a><\/span>, <span class=\"facility-kitchen\"><a href=\"https:\/\/yourmadeirarentals.com\/cs\/accommodation-facility\/kitchen\/\">Kuchyn\u011b<\/a><\/span>, <span class=\"facility-mountain-view\"><a href=\"https:\/\/yourmadeirarentals.com\/cs\/accommodation-facility\/mountain-view\/\">V\u00fdhled na hory<\/a><\/span>, <span class=\"facility-ocean-view\"><a href=\"https:\/\/yourmadeirarentals.com\/cs\/accommodation-facility\/ocean-view\/\">V\u00fdhled na oce\u00e1n<\/a><\/span>, <span class=\"facility-private-pool\"><a href=\"https:\/\/yourmadeirarentals.com\/cs\/accommodation-facility\/private-pool\/\">Soukrom\u00fd baz\u00e9n<\/a><\/span>, <span class=\"facility-tv\"><a href=\"https:\/\/yourmadeirarentals.com\/cs\/accommodation-facility\/tv\/\">TV<\/a><\/span>, <span class=\"facility-washing-machine\"><a href=\"https:\/\/yourmadeirarentals.com\/cs\/accommodation-facility\/washing-machine\/\">Pra\u010dka<\/a><\/span>, <span class=\"facility-wifi\"><a href=\"https:\/\/yourmadeirarentals.com\/cs\/accommodation-facility\/wifi\/\">Wifi<\/a><\/span><\/span><\/li>\n\t\n\n\n\t<li class=\"mphb-room-type-view\"><span class=\"mphb-attribute-title mphb-view-title\">Prohl\u00e9dnout si:<\/span><span class=\"mphb-attribute-value\">\n\tV\u00fdhled na oce\u00e1n\n\t<\/span><\/li>\n\t\n\n\n\t<li class=\"mphb-room-type-size\"><span class=\"mphb-attribute-title mphb-size-title\">Velikost:<\/span><span class=\"mphb-attribute-value\">\n\t285m\u00b2\n\t<\/span><\/li>\n\t\n\n\t<li class=\"mphb-room-type-bed-type\"><span  class=\"mphb-attribute-title mphb-bed-type-title\">Typ postele:<\/span><span class=\"mphb-attribute-value\">\n\t3 lo\u017enice, 4 l\u016f\u017eka\n\t<\/span><\/li>\n\t\n<li class=\"mphb-room-type-bath mphb-room-type-custom-attribute\"><span class=\"mphb-attribute-title mphb-bath-title\">Vana:<\/span><span class=\"mphb-attribute-value\"> <span class=\"bath-3-5\">3.5<\/span><\/span><\/li>\n<\/ul>\n\n\t<p class=\"mphb-regular-price\"><strong>Cena za\u010d\u00edn\u00e1 na:<\/strong>\n\t<span class=\"mphb-price\"><span class=\"mphb-currency\">\u20ac<\/span>845<\/span> <span class=\"mphb-price-period\" title=\"Vyberte si datum pro rezervaci a uvid\u00edte ceny na v\u00e1mi zvolen\u00e9 term\u00edny\">za 5 noc\u00ed<\/span><span class=\"mphb-tax-information taxes-included\"> (+ dan\u011b a poplatky)<\/span>\n\t<\/p>\n\t\n<div class=\"mphb-to-book-btn-wrapper\">\n<form action=\"https:\/\/yourmadeirarentals.com\/cs\/accommodation\/myvilla-do-sol\/#booking-form-1192\" method=\"get\" data-trp-original-action=\"https:\/\/yourmadeirarentals.com\/cs\/accommodation\/myvilla-do-sol\/#booking-form-1192\" ><button type=\"submit\" class=\"button mphb-book-button\" >Zarezervovat<\/button><input type=\"hidden\" name=\"trp-form-language\" value=\"cs\"\/><\/form>\n<br\/><\/div>\n\t\n<\/div>\n<\/div>\t\t\t\t<\/div>\n\t\t\t\t\t\t\t\t<div class=\"col-lg-4\">\n\t\t\t\t\t<div class=\"mphb_sc_room-wrapper knsl-scroll-animation\"><div class=\"mphb-room-type post-1191 mphb_room_type type-mphb_room_type status-publish has-post-thumbnail mphb_room_type_facility-workspace mphb_room_type_facility-free-parking mphb_room_type_facility-kitchen mphb_room_type_facility-ocean-view mphb_room_type_facility-private-pool mphb_room_type_facility-washing-machine mphb_room_type_facility-wifi mphb-room-type-adults-6 mphb-room-type-children-0 has-taxes-and-fees\">\n\n\t\n\t\n\n\t<p class=\"post-thumbnail mphb-loop-room-thumbnail\">\n\t<a href=\"https:\/\/yourmadeirarentals.com\/cs\/accommodation\/vila-juntos\/\">\n\t<img loading=\"lazy\" decoding=\"async\" width=\"1200\" height=\"900\" src=\"https:\/\/yourmadeirarentals.com\/wp-content\/uploads\/2021\/12\/Vila_Juntos-1.jpg\" class=\"attachment-post-thumbnail size-post-thumbnail wp-post-image\" alt=\"\" srcset=\"https:\/\/yourmadeirarentals.com\/wp-content\/uploads\/2021\/12\/Vila_Juntos-1.jpg 1200w, https:\/\/yourmadeirarentals.com\/wp-content\/uploads\/2021\/12\/Vila_Juntos-1-300x225.jpg 300w, https:\/\/yourmadeirarentals.com\/wp-content\/uploads\/2021\/12\/Vila_Juntos-1-1024x768.jpg 1024w, https:\/\/yourmadeirarentals.com\/wp-content\/uploads\/2021\/12\/Vila_Juntos-1-768x576.jpg 768w, https:\/\/yourmadeirarentals.com\/wp-content\/uploads\/2021\/12\/Vila_Juntos-1-16x12.jpg 16w, https:\/\/yourmadeirarentals.com\/wp-content\/uploads\/2021\/12\/Vila_Juntos-1-950x713.jpg 950w, https:\/\/yourmadeirarentals.com\/wp-content\/uploads\/2021\/12\/Vila_Juntos-1-800x600.jpg 800w\" sizes=\"(max-width: 1200px) 100vw, 1200px\">\t<\/a>\n\n\t<\/p>\n\n\n\n<h2 class=\"mphb-room-type-title entry-title\">\n\n\n\n<a class=\"mphb-room-type-title\" href=\"https:\/\/yourmadeirarentals.com\/cs\/accommodation\/vila-juntos\/\">Vila Juntos<\/a>\n\n\n<\/h2>\n\n\n<div class=\"knsl-text-light knsl-text-sm knsl-mb-20\">\n\t\n\t<p>Na\u0161e Vila Juntos je luxusn\u00ed vila k pron\u00e1jmu se 3 lo\u017enicemi, soukrom\u00fdm baz\u00e9nem, kr\u00e1snou slune\u010dn\u00ed terasou, romantickou zahradou a zast\u0159e\u0161en\u00fdm grilem. Nach\u00e1z\u00ed se v klidn\u00e9 oblasti kousek nad Ponta do Sol. Vila m\u00e1 pln\u011b vybavenou otev\u0159enou kuchy\u0148 s troubou, my\u010dkou a lednic\u00ed. v p\u0159\u00edzem\u00ed je tak\u00e9 toaleta pro hosty.  V prvn\u00edm pat\u0159e dv\u011b dvoul\u016f\u017ekov\u00e9 lo\u017enice se spole\u010dnou koupelnou, vestav\u011bn\u00fdmi sk\u0159\u00edn\u011bmi, jedna s balkonem, hlavn\u00ed lo\u017enice s vlastn\u00ed koupelnou, vestav\u011bn\u00fdmi sk\u0159\u00edn\u011bmi a balkonem.<\/p>\n\n\t<\/div>\n\n<h3 class=\"mphb-room-type-details-title\">Podrobnosti<\/h3><ul class=\"mphb-loop-room-type-attributes\">\n\t<li class=\"mphb-room-type-total-capacity\"><span class=\"mphb-attribute-title mphb-total-capacity-title\">Host\u00e9:<\/span><span class=\"mphb-attribute-value\">\n\t6\n\t<\/span><\/li>\t\n\n\n\t<li class=\"mphb-room-type-facilities\"><span class=\"mphb-attribute-title mphb-facilities-title\">P\u0159\u00edslu\u0161enstv\u00ed:<\/span><span class=\"mphb-attribute-value\"> <span class=\"facility-workspace\"><a href=\"https:\/\/yourmadeirarentals.com\/cs\/accommodation-facility\/workspace\/\">Vyhrazen\u00fd pracovn\u00ed prostor<\/a><\/span>, <span class=\"facility-free-parking\"><a href=\"https:\/\/yourmadeirarentals.com\/cs\/accommodation-facility\/free-parking\/\">Parkov\u00e1n\u00ed zdarma<\/a><\/span>, <span class=\"facility-kitchen\"><a href=\"https:\/\/yourmadeirarentals.com\/cs\/accommodation-facility\/kitchen\/\">Kuchyn\u011b<\/a><\/span>, <span class=\"facility-ocean-view\"><a href=\"https:\/\/yourmadeirarentals.com\/cs\/accommodation-facility\/ocean-view\/\">V\u00fdhled na oce\u00e1n<\/a><\/span>, <span class=\"facility-private-pool\"><a href=\"https:\/\/yourmadeirarentals.com\/cs\/accommodation-facility\/private-pool\/\">Soukrom\u00fd baz\u00e9n<\/a><\/span>, <span class=\"facility-washing-machine\"><a href=\"https:\/\/yourmadeirarentals.com\/cs\/accommodation-facility\/washing-machine\/\">Pra\u010dka<\/a><\/span>, <span class=\"facility-wifi\"><a href=\"https:\/\/yourmadeirarentals.com\/cs\/accommodation-facility\/wifi\/\">Wifi<\/a><\/span><\/span><\/li>\n\t\n\n\n\t<li class=\"mphb-room-type-view\"><span class=\"mphb-attribute-title mphb-view-title\">Prohl\u00e9dnout si:<\/span><span class=\"mphb-attribute-value\">\n\tV\u00fdhled na mo\u0159e\n\t<\/span><\/li>\n\t\n\n\n\t<li class=\"mphb-room-type-size\"><span class=\"mphb-attribute-title mphb-size-title\">Velikost:<\/span><span class=\"mphb-attribute-value\">\n\t220m\u00b2\n\t<\/span><\/li>\n\t\n\n\t<li class=\"mphb-room-type-bed-type\"><span  class=\"mphb-attribute-title mphb-bed-type-title\">Typ postele:<\/span><span class=\"mphb-attribute-value\">\n\t3 lo\u017enice, 4 l\u016f\u017eka\n\t<\/span><\/li>\n\t\n<li class=\"mphb-room-type-bath mphb-room-type-custom-attribute\"><span class=\"mphb-attribute-title mphb-bath-title\">Vana:<\/span><span class=\"mphb-attribute-value\"> <span class=\"bath-2-5\">2.5<\/span><\/span><\/li>\n<\/ul>\n\n\t<p class=\"mphb-regular-price\"><strong>Cena za\u010d\u00edn\u00e1 na:<\/strong>\n\t<span class=\"mphb-price\"><span class=\"mphb-currency\">\u20ac<\/span>1,975<\/span> <span class=\"mphb-price-period\" title=\"Vyberte si datum pro rezervaci a uvid\u00edte ceny na v\u00e1mi zvolen\u00e9 term\u00edny\">za 5 noc\u00ed<\/span><span class=\"mphb-tax-information taxes-included\"> (+ dan\u011b a poplatky)<\/span>\n\t<\/p>\n\t\n<div class=\"mphb-to-book-btn-wrapper\">\n<form action=\"https:\/\/yourmadeirarentals.com\/cs\/accommodation\/vila-juntos\/#booking-form-1191\" method=\"get\" data-trp-original-action=\"https:\/\/yourmadeirarentals.com\/cs\/accommodation\/vila-juntos\/#booking-form-1191\" ><button type=\"submit\" class=\"button mphb-book-button\" >Zarezervovat<\/button><input type=\"hidden\" name=\"trp-form-language\" value=\"cs\"\/><\/form>\n<br\/><\/div>\n\t\n<\/div>\n<\/div>\t\t\t\t<\/div>\n\t\t\t\t\t\t\t\t<div class=\"col-lg-4\">\n\t\t\t\t\t<div class=\"mphb_sc_room-wrapper knsl-scroll-animation\"><div class=\"mphb-room-type post-1190 mphb_room_type type-mphb_room_type status-publish has-post-thumbnail mphb_room_type_facility-workspace mphb_room_type_facility-free-parking mphb_room_type_facility-kitchen mphb_room_type_facility-ocean-view mphb_room_type_facility-private-pool mphb_room_type_facility-security-cameras mphb_room_type_facility-tv mphb_room_type_facility-wifi mphb-room-type-adults-6 mphb-room-type-children-0 has-taxes-and-fees\">\n\n\t\n\t\n\n\t<p class=\"post-thumbnail mphb-loop-room-thumbnail\">\n\t<a href=\"https:\/\/yourmadeirarentals.com\/cs\/accommodation\/casa-mabu\/\">\n\t<img loading=\"lazy\" decoding=\"async\" width=\"1200\" height=\"900\" src=\"https:\/\/yourmadeirarentals.com\/wp-content\/uploads\/2021\/12\/Casa-MaBu-1.webp\" class=\"attachment-post-thumbnail size-post-thumbnail wp-post-image\" alt=\"\" srcset=\"https:\/\/yourmadeirarentals.com\/wp-content\/uploads\/2021\/12\/Casa-MaBu-1.webp 1200w, https:\/\/yourmadeirarentals.com\/wp-content\/uploads\/2021\/12\/Casa-MaBu-1-300x225.webp 300w, https:\/\/yourmadeirarentals.com\/wp-content\/uploads\/2021\/12\/Casa-MaBu-1-1024x768.webp 1024w, https:\/\/yourmadeirarentals.com\/wp-content\/uploads\/2021\/12\/Casa-MaBu-1-768x576.webp 768w, https:\/\/yourmadeirarentals.com\/wp-content\/uploads\/2021\/12\/Casa-MaBu-1-950x713.webp 950w, https:\/\/yourmadeirarentals.com\/wp-content\/uploads\/2021\/12\/Casa-MaBu-1-800x600.webp 800w\" sizes=\"(max-width: 1200px) 100vw, 1200px\">\t<\/a>\n\n\t<\/p>\n\n\n\n<h2 class=\"mphb-room-type-title entry-title\">\n\n\n\n<a class=\"mphb-room-type-title\" href=\"https:\/\/yourmadeirarentals.com\/cs\/accommodation\/casa-mabu\/\">Casa MaBu<\/a>\n\n\n<\/h2>\n\n\n<div class=\"knsl-text-light knsl-text-sm knsl-mb-20\">\n\t\n\t<p>Tato vila s jedine\u010dnou polohou p\u0159\u00edmo u mo\u0159e v obl\u00edben\u00e9m a poh\u00e1dkov\u00e9m ryb\u00e1\u0159sk\u00e9m m\u011bste\u010dku Paul do Mar v\u00e1s zve ke str\u00e1ven\u00ed kouzeln\u00fdch a v\u00fdjime\u010dn\u00fdch chvil. Stylov\u00fd interi\u00e9r i velmi rozlehl\u00fd venkovn\u00ed prostor s vyh\u0159\u00edvan\u00fdm baz\u00e9nem, venkovn\u00ed sprchou, zahradou a terasou nab\u00edz\u00ed v\u0161echny ingredience pro nezapomenuteln\u00e9 z\u00e1\u017eitky z dovolen\u00e9 s celou rodinou. Nechte se okouzlit mal\u00fdm madeirsk\u00fdm ryb\u00e1\u0159sk\u00fdm m\u011bste\u010dkem a u\u017eijte si p\u00e1r pohodov\u00fdch dn\u00ed daleko od ruchu velkom\u011bsta.<\/p>\n\n\t<\/div>\n\n<h3 class=\"mphb-room-type-details-title\">Podrobnosti<\/h3><ul class=\"mphb-loop-room-type-attributes\">\n\t<li class=\"mphb-room-type-total-capacity\"><span class=\"mphb-attribute-title mphb-total-capacity-title\">Host\u00e9:<\/span><span class=\"mphb-attribute-value\">\n\t6\n\t<\/span><\/li>\t\n\n\n\t<li class=\"mphb-room-type-facilities\"><span class=\"mphb-attribute-title mphb-facilities-title\">P\u0159\u00edslu\u0161enstv\u00ed:<\/span><span class=\"mphb-attribute-value\"> <span class=\"facility-workspace\"><a href=\"https:\/\/yourmadeirarentals.com\/cs\/accommodation-facility\/workspace\/\">Vyhrazen\u00fd pracovn\u00ed prostor<\/a><\/span>, <span class=\"facility-free-parking\"><a href=\"https:\/\/yourmadeirarentals.com\/cs\/accommodation-facility\/free-parking\/\">Parkov\u00e1n\u00ed zdarma<\/a><\/span>, <span class=\"facility-kitchen\"><a href=\"https:\/\/yourmadeirarentals.com\/cs\/accommodation-facility\/kitchen\/\">Kuchyn\u011b<\/a><\/span>, <span class=\"facility-ocean-view\"><a href=\"https:\/\/yourmadeirarentals.com\/cs\/accommodation-facility\/ocean-view\/\">V\u00fdhled na oce\u00e1n<\/a><\/span>, <span class=\"facility-private-pool\"><a href=\"https:\/\/yourmadeirarentals.com\/cs\/accommodation-facility\/private-pool\/\">Soukrom\u00fd baz\u00e9n<\/a><\/span>, <span class=\"facility-security-cameras\"><a href=\"https:\/\/yourmadeirarentals.com\/cs\/accommodation-facility\/security-cameras\/\">Bezpe\u010dnostn\u00ed kamery<\/a><\/span>, <span class=\"facility-tv\"><a href=\"https:\/\/yourmadeirarentals.com\/cs\/accommodation-facility\/tv\/\">TV<\/a><\/span>, <span class=\"facility-wifi\"><a href=\"https:\/\/yourmadeirarentals.com\/cs\/accommodation-facility\/wifi\/\">Wifi<\/a><\/span><\/span><\/li>\n\t\n\n\n\t<li class=\"mphb-room-type-view\"><span class=\"mphb-attribute-title mphb-view-title\">Prohl\u00e9dnout si:<\/span><span class=\"mphb-attribute-value\">\n\tV\u00fdhled na mo\u0159e\n\t<\/span><\/li>\n\t\n\n\n\t<li class=\"mphb-room-type-size\"><span class=\"mphb-attribute-title mphb-size-title\">Velikost:<\/span><span class=\"mphb-attribute-value\">\n\t700m\u00b2\n\t<\/span><\/li>\n\t\n\n\t<li class=\"mphb-room-type-bed-type\"><span  class=\"mphb-attribute-title mphb-bed-type-title\">Typ postele:<\/span><span class=\"mphb-attribute-value\">\n\t3 lo\u017enice, 3 l\u016f\u017eka\n\t<\/span><\/li>\n\t\n<li class=\"mphb-room-type-bath mphb-room-type-custom-attribute\"><span class=\"mphb-attribute-title mphb-bath-title\">Vana:<\/span><span class=\"mphb-attribute-value\"> <span class=\"bath-3-5\">3.5<\/span><\/span><\/li>\n<\/ul>\n\n\t<p class=\"mphb-regular-price\"><strong>Cena za\u010d\u00edn\u00e1 na:<\/strong>\n\t<span class=\"mphb-price\"><span class=\"mphb-currency\">\u20ac<\/span>895<\/span> <span class=\"mphb-price-period\" title=\"Vyberte si datum pro rezervaci a uvid\u00edte ceny na v\u00e1mi zvolen\u00e9 term\u00edny\">za 5 noc\u00ed<\/span><span class=\"mphb-tax-information taxes-included\"> (+ dan\u011b a poplatky)<\/span>\n\t<\/p>\n\t\n<div class=\"mphb-to-book-btn-wrapper\">\n<form action=\"https:\/\/yourmadeirarentals.com\/cs\/accommodation\/casa-mabu\/#booking-form-1190\" method=\"get\" data-trp-original-action=\"https:\/\/yourmadeirarentals.com\/cs\/accommodation\/casa-mabu\/#booking-form-1190\" ><button type=\"submit\" class=\"button mphb-book-button\" >Zarezervovat<\/button><input type=\"hidden\" name=\"trp-form-language\" value=\"cs\"\/><\/form>\n<br\/><\/div>\n\t\n<\/div>\n<\/div>\t\t\t\t<\/div>\n\t\t\t\t\t\t\t\t<div class=\"col-lg-4\">\n\t\t\t\t\t<div class=\"mphb_sc_room-wrapper knsl-scroll-animation\"><div class=\"mphb-room-type post-5412 mphb_room_type type-mphb_room_type status-publish has-post-thumbnail mphb_room_type_facility-beach-access mphb_room_type_facility-free-parking mphb_room_type_facility-garden-view mphb_room_type_facility-kitchen mphb_room_type_facility-mountain-view mphb_room_type_facility-tv mphb_room_type_facility-washing-machine mphb_room_type_facility-wifi mphb-room-type-adults-5 mphb-room-type-children-0 has-taxes-and-fees\">\n\n\t\n\t\n\n\t<p class=\"post-thumbnail mphb-loop-room-thumbnail\">\n\t<a href=\"https:\/\/yourmadeirarentals.com\/cs\/accommodation\/casa-calheta\/\">\n\t<img loading=\"lazy\" decoding=\"async\" width=\"1200\" height=\"900\" src=\"https:\/\/yourmadeirarentals.com\/wp-content\/uploads\/2023\/08\/casa-calheta-1-1.webp\" class=\"attachment-post-thumbnail size-post-thumbnail wp-post-image\" alt=\"\" srcset=\"https:\/\/yourmadeirarentals.com\/wp-content\/uploads\/2023\/08\/casa-calheta-1-1.webp 1200w, https:\/\/yourmadeirarentals.com\/wp-content\/uploads\/2023\/08\/casa-calheta-1-1-300x225.webp 300w, https:\/\/yourmadeirarentals.com\/wp-content\/uploads\/2023\/08\/casa-calheta-1-1-1024x768.webp 1024w, https:\/\/yourmadeirarentals.com\/wp-content\/uploads\/2023\/08\/casa-calheta-1-1-768x576.webp 768w, https:\/\/yourmadeirarentals.com\/wp-content\/uploads\/2023\/08\/casa-calheta-1-1-16x12.webp 16w, https:\/\/yourmadeirarentals.com\/wp-content\/uploads\/2023\/08\/casa-calheta-1-1-950x713.webp 950w, https:\/\/yourmadeirarentals.com\/wp-content\/uploads\/2023\/08\/casa-calheta-1-1-800x600.webp 800w\" sizes=\"(max-width: 1200px) 100vw, 1200px\">\t<\/a>\n\n\t<\/p>\n\n\n\n<h2 class=\"mphb-room-type-title entry-title\">\n\n\n\n<a class=\"mphb-room-type-title\" href=\"https:\/\/yourmadeirarentals.com\/cs\/accommodation\/casa-calheta\/\">Casa Calheta<\/a>\n\n\n<\/h2>\n\n\n<div class=\"knsl-text-light knsl-text-sm knsl-mb-20\">\n\t\n\t<p>Nach\u00e1z\u00ed se na jihoz\u00e1pad\u011b ostrova Madeira, v\u00fdhled na mo\u0159e a z\u00e1pad slunce. Velk\u00fd d\u016fm pro 5 osob a m\u00edsto pro 1 auto. Wifi . TV.<\/p>\n\n\t<\/div>\n\n<h3 class=\"mphb-room-type-details-title\">Podrobnosti<\/h3><ul class=\"mphb-loop-room-type-attributes\">\n\t<li class=\"mphb-room-type-total-capacity\"><span class=\"mphb-attribute-title mphb-total-capacity-title\">Host\u00e9:<\/span><span class=\"mphb-attribute-value\">\n\t5\n\t<\/span><\/li>\t\n\n\n\t<li class=\"mphb-room-type-facilities\"><span class=\"mphb-attribute-title mphb-facilities-title\">P\u0159\u00edslu\u0161enstv\u00ed:<\/span><span class=\"mphb-attribute-value\"> <span class=\"facility-beach-access\"><a href=\"https:\/\/yourmadeirarentals.com\/cs\/accommodation-facility\/beach-access\/\">P\u0159\u00edstup na pl\u00e1\u017e<\/a><\/span>, <span class=\"facility-free-parking\"><a href=\"https:\/\/yourmadeirarentals.com\/cs\/accommodation-facility\/free-parking\/\">Parkov\u00e1n\u00ed zdarma<\/a><\/span>, <span class=\"facility-garden-view\"><a href=\"https:\/\/yourmadeirarentals.com\/cs\/accommodation-facility\/garden-view\/\">V\u00fdhled do zahrady<\/a><\/span>, <span class=\"facility-kitchen\"><a href=\"https:\/\/yourmadeirarentals.com\/cs\/accommodation-facility\/kitchen\/\">Kuchyn\u011b<\/a><\/span>, <span class=\"facility-mountain-view\"><a href=\"https:\/\/yourmadeirarentals.com\/cs\/accommodation-facility\/mountain-view\/\">V\u00fdhled na hory<\/a><\/span>, <span class=\"facility-tv\"><a href=\"https:\/\/yourmadeirarentals.com\/cs\/accommodation-facility\/tv\/\">TV<\/a><\/span>, <span class=\"facility-washing-machine\"><a href=\"https:\/\/yourmadeirarentals.com\/cs\/accommodation-facility\/washing-machine\/\">Pra\u010dka<\/a><\/span>, <span class=\"facility-wifi\"><a href=\"https:\/\/yourmadeirarentals.com\/cs\/accommodation-facility\/wifi\/\">Wifi<\/a><\/span><\/span><\/li>\n\t\n\n\n\t<li class=\"mphb-room-type-view\"><span class=\"mphb-attribute-title mphb-view-title\">Prohl\u00e9dnout si:<\/span><span class=\"mphb-attribute-value\">\n\tV\u00fdhled na oce\u00e1n\n\t<\/span><\/li>\n\t\n\n\n\t<li class=\"mphb-room-type-size\"><span class=\"mphb-attribute-title mphb-size-title\">Velikost:<\/span><span class=\"mphb-attribute-value\">\n\t200m\u00b2\n\t<\/span><\/li>\n\t\n\n\t<li class=\"mphb-room-type-bed-type\"><span  class=\"mphb-attribute-title mphb-bed-type-title\">Typ postele:<\/span><span class=\"mphb-attribute-value\">\n\t3 lo\u017enice, 4 l\u016f\u017eka\n\t<\/span><\/li>\n\t\n<li class=\"mphb-room-type-bath mphb-room-type-custom-attribute\"><span class=\"mphb-attribute-title mphb-bath-title\">Vana:<\/span><span class=\"mphb-attribute-value\"> <span class=\"bath-2\">2<\/span><\/span><\/li>\n<\/ul>\n\n\t<p class=\"mphb-regular-price\"><strong>Cena za\u010d\u00edn\u00e1 na:<\/strong>\n\t<span class=\"mphb-price\"><span class=\"mphb-currency\">\u20ac<\/span>267<\/span> <span class=\"mphb-price-period\" title=\"Vyberte si datum pro rezervaci a uvid\u00edte ceny na v\u00e1mi zvolen\u00e9 term\u00edny\">za 3 noci<\/span><span class=\"mphb-tax-information taxes-included\"> (+ dan\u011b a poplatky)<\/span>\n\t<\/p>\n\t\n<div class=\"mphb-to-book-btn-wrapper\">\n<form action=\"https:\/\/yourmadeirarentals.com\/cs\/accommodation\/casa-calheta\/#booking-form-5412\" method=\"get\" data-trp-original-action=\"https:\/\/yourmadeirarentals.com\/cs\/accommodation\/casa-calheta\/#booking-form-5412\" ><button type=\"submit\" class=\"button mphb-book-button\" >Zarezervovat<\/button><input type=\"hidden\" name=\"trp-form-language\" value=\"cs\"\/><\/form>\n<br\/><\/div>\n\t\n<\/div>\n<\/div>\t\t\t\t<\/div>\n\t\t\t\t\t\t\t<\/div>\n\t\t\t\n\t\t\t\n\t\t\t\t\t\t\t\t<\/div>\t\t<\/section>\n\t\t<!-- rooms end -->\n\n\t\t\t\t\t\t<\/div>\n\t\t\t\t<\/div>\n\t\t\t\t\t<\/div>\n\t\t<\/div>\n\t\t\t\t\t<\/div>\n\t\t<\/section>\n\t\t\t\t<section class=\"elementor-section elementor-top-section elementor-element elementor-element-27b19fd elementor-section-full_width elementor-section-height-default elementor-section-height-default\" data-id=\"27b19fd\" data-element_type=\"section\" data-e-type=\"section\">\n\t\t\t\t\t\t<div class=\"elementor-container elementor-column-gap-no\">\n\t\t\t\t\t<div class=\"elementor-column elementor-col-100 elementor-top-column elementor-element elementor-element-c9fb82e\" data-id=\"c9fb82e\" data-element_type=\"column\" data-e-type=\"column\">\n\t\t\t<div class=\"elementor-widget-wrap elementor-element-populated\">\n\t\t\t\t\t\t<div class=\"elementor-element elementor-element-3a0e48e elementor-widget elementor-widget-kinsley-testimonials\" data-id=\"3a0e48e\" data-element_type=\"widget\" data-e-type=\"widget\" data-widget_type=\"kinsley-testimonials.default\">\n\t\t\t\t<div class=\"elementor-widget-container\">\n\t\t\t\t\t\n\t\t<!-- testimonials -->\n\t\t<section class=\"knsl-transition-top knsl-p-0-80\">\n\t\t\t\t\t\t\t\n\t\t\n\t\t\t<div class=\"container\">\n\t\t\t\t<div class=\"row justify-content-center\">\n\t\t\t\t\n\t\t\t\t\t\t\t\t\t\t<div class=\"col-lg-12\">\n\t\t\t\t\t\t<div class=\"knsl-center knsl-title-frame knsl-mb-80\">\n\t\t\t\t\t\t\t\t\t\t\t\t\t\t<h2 class=\"knsl-title--h knsl-mb-20\">\n\t\t\t\t\t\t\t\t<span >\n\t\t\t\t\t\t\t\t\tZp\u011btn\u00e1 vazba od na\u0161ich host\u016f\t\t\t\t\t\t\t\t<\/span>\n\t\t\t\t\t\t\t<\/h2>\n\t\t\t\t\t\t\t\t\t\t\t\t\t\t\t\t\t\t\t\t\t<div class=\"knsl-text\">\n\t\t\t\t\t\t\t\t<div >\n\t\t\t\t\t\t\t\t\tNechte se inspirovat a podpo\u0159it cennou zp\u011btnou vazbou na\u0161ich p\u0159edchoz\u00edch host\u016f p\u0159i hled\u00e1n\u00ed dokonal\u00e9ho pr\u00e1zdninov\u00e9ho ubytov\u00e1n\u00ed na m\u00edru va\u0161im pot\u0159eb\u00e1m. Jejich zku\u0161enosti v\u00e1m mohou poslou\u017eit jako kompas pro informovan\u00fd v\u00fdb\u011br, kter\u00fd z va\u0161\u00ed dovolen\u00e9 ud\u011bl\u00e1 v\u00fdjime\u010dn\u00fd z\u00e1\u017eitek. P\u0159ipojte se k \u0159ad\u011b na\u0161ich spokojen\u00fdch host\u016f a objevte ide\u00e1ln\u00ed \u00fato\u010di\u0161t\u011b dokonale odpov\u00eddaj\u00edc\u00ed va\u0161im sn\u016fm a touh\u00e1m.\t\t\t\t\t\t\t\t<\/div>\n\t\t\t\t\t\t\t<\/div>\n\t\t\t\t\t\t\t\t\t\t\t\t\t<\/div>\n\t\t\t\t\t<\/div>\n\t\t\t\t\t\n\t\t\t\t\t\t\t\t\t\t<div class=\"col-lg-6\">\n\t\t\t\t\t\t<div class=\"swiper-slider knsl-testimonials-slider knsl-scroll-animation\">\n\t\t\t\t\t\t\t<div class=\"swiper-wrapper\">\n\t\t\t\t\t\t\t\t\t\t\t\t\t\t\t\t<div class=\"swiper-slide\">\n\t\t\t\t\t\t\t\t<div class=\"knsl-testimonial-card\">\n\t\t\t\t\t\t\t\t\t\t\t\t\t\t\t\t\t\t<div class=\"knsl-avatar-frame\">\n\t\t\t\t\t\t\t\t\t<img decoding=\"async\" src=\"https:\/\/yourmadeirarentals.com\/wp-content\/uploads\/2021\/10\/faces-1-140x140.jpg\" alt=\"Denis\" \/>\n\t\t\t\t\t\t\t\t\t<\/div>\n\t\t\t\t\t\t\t\t\t\t\t\t\t\t\t\t\t\t<div class=\"knsl-name-and-text\">\n\t\t\t\t\t\t\t\t\t\t\t\t\t\t\t\t\t\t<h3 class=\"knsl-mb-10\">\n\t\t\t\t\t\t\t\t\t\t<span >\n\t\t\t\t\t\t\t\t\t\t\tDenis\t\t\t\t\t\t\t\t\t\t<\/span>\n\t\t\t\t\t\t\t\t\t<\/h3>\n\t\t\t\t\t\t\t\t\t\t\t\t\t\t\t\t\t\t\t\t\t\t\t\t\t\t\t<div class=\"knsl-subtitle--h\">\n\t\t\t\t\t\t\t\t\t\t<span >\n\t\t\t\t\t\t\t\t\t\t\tZ Francie\t\t\t\t\t\t\t\t\t\t<\/span>\n\t\t\t\t\t\t\t\t\t<\/div>\n\t\t\t\t\t\t\t\t\t\t\t\t\t\t\t\t\t\t\t\t\t\t\t\t\t\t\t<blockquote>\n\t\t\t\t\t\t\t\t\t\t\t\t\t\t\t\t\t\t\t\t\t<ul class=\"knsl-stars\">\n\t\t\t\t\t\t\t\t\t\t\t\t\t\t\t\t\t\t\t\t\t\t\t\t\t\t\t\t\t\t\t\t\t\t\t\t<li><i class=\"fas fa-star\"><\/i><\/li>\n\t\t\t\t\t\t\t\t\t\t\t\t\t\t\t\t\t\t\t\t\t\t\t\t\t\t\t\t\t\t\t\t\t\t\t\t\t\t\t\t\t\t\t\t\t\t\t\t<li><i class=\"fas fa-star\"><\/i><\/li>\n\t\t\t\t\t\t\t\t\t\t\t\t\t\t\t\t\t\t\t\t\t\t\t\t\t\t\t\t\t\t\t\t\t\t\t\t\t\t\t\t\t\t\t\t\t\t\t\t<li><i class=\"fas fa-star\"><\/i><\/li>\n\t\t\t\t\t\t\t\t\t\t\t\t\t\t\t\t\t\t\t\t\t\t\t\t\t\t\t\t\t\t\t\t\t\t\t\t\t\t\t\t\t\t\t\t\t\t\t\t<li><i class=\"fas fa-star\"><\/i><\/li>\n\t\t\t\t\t\t\t\t\t\t\t\t\t\t\t\t\t\t\t\t\t\t\t\t\t\t\t\t\t\t\t\t\t\t\t\t\t\t\t\t\t\t\t\t\t\t\t\t<li><i class=\"fas fa-star\"><\/i><\/li>\n\t\t\t\t\t\t\t\t\t\t\t\t\t\t\t\t\t\t\t\t\t\t\t\t\t\t\t\t\t\t\t\t\t\t\t<\/ul>\n\t\t\t\t\t\t\t\t\t\t\n\t\t\t\t\t\t\t\t\t\t\t\t\t\t\t\t\t\t\t\t\t<div >\n\t\t\t\t\t\t\t\t\t\t\t\t<p>Opravdu p\u011bkn\u00e1 vila. C\u00edt\u00edte se jako doma. Baz\u00e9n je v\u017edy vyh\u0159\u00edvan\u00fd, pokoje a vila jsou p\u011bkn\u011b za\u0159\u00edzen\u00e9. N\u00e1\u0161 AirBnb byl zru\u0161en v den odletu a Kevin mi okam\u017eit\u011b odpov\u011bd\u011bl a umo\u017enil check-in ve stejn\u00fd den. Poskytl check-in ve stejn\u00fd den. Lep\u0161\u00ed komunikaci u\u017e nedostanete. Lokalita je n\u00e1dhern\u00e1, je velmi klidn\u00e1. V\u0161echno bylo skv\u011bl\u00e9. Opravdu, \u017e\u00e1dn\u00e9 nedostatky. R\u00e1di bychom se vr\u00e1tili!<\/p>\t\t\t\t\t\t\t\t\t\t\t<\/div>\n\t\t\t\t\t\t\t\t\t\t\t\t\t\t\t\t\t\t\t<\/blockquote>\n\t\t\t\t\t\t\t\t\t\t\t\t\t\t\t\t\t\t<\/div>\n\t\t\t\t\t\t\t\t<\/div>\n\t\t\t\t\t\t\t\t<\/div>\n\t\t\t\t\t\t\t\t\t\t\t\t\t\t\t\t<div class=\"swiper-slide\">\n\t\t\t\t\t\t\t\t<div class=\"knsl-testimonial-card\">\n\t\t\t\t\t\t\t\t\t\t\t\t\t\t\t\t\t\t<div class=\"knsl-avatar-frame\">\n\t\t\t\t\t\t\t\t\t<img decoding=\"async\" src=\"https:\/\/yourmadeirarentals.com\/wp-content\/uploads\/2021\/10\/faces-2-140x140.jpg\" alt=\"Mirka\" \/>\n\t\t\t\t\t\t\t\t\t<\/div>\n\t\t\t\t\t\t\t\t\t\t\t\t\t\t\t\t\t\t<div class=\"knsl-name-and-text\">\n\t\t\t\t\t\t\t\t\t\t\t\t\t\t\t\t\t\t<h3 class=\"knsl-mb-10\">\n\t\t\t\t\t\t\t\t\t\t<span >\n\t\t\t\t\t\t\t\t\t\t\tMirka\t\t\t\t\t\t\t\t\t\t<\/span>\n\t\t\t\t\t\t\t\t\t<\/h3>\n\t\t\t\t\t\t\t\t\t\t\t\t\t\t\t\t\t\t\t\t\t\t\t\t\t\t\t<div class=\"knsl-subtitle--h\">\n\t\t\t\t\t\t\t\t\t\t<span >\n\t\t\t\t\t\t\t\t\t\t\tZ N\u011bmecka\t\t\t\t\t\t\t\t\t\t<\/span>\n\t\t\t\t\t\t\t\t\t<\/div>\n\t\t\t\t\t\t\t\t\t\t\t\t\t\t\t\t\t\t\t\t\t\t\t\t\t\t\t<blockquote>\n\t\t\t\t\t\t\t\t\t\t\t\t\t\t\t\t\t\t\t\t\t<ul class=\"knsl-stars\">\n\t\t\t\t\t\t\t\t\t\t\t\t\t\t\t\t\t\t\t\t\t\t\t\t\t\t\t\t\t\t\t\t\t\t\t\t<li><i class=\"fas fa-star\"><\/i><\/li>\n\t\t\t\t\t\t\t\t\t\t\t\t\t\t\t\t\t\t\t\t\t\t\t\t\t\t\t\t\t\t\t\t\t\t\t\t\t\t\t\t\t\t\t\t\t\t\t\t<li><i class=\"fas fa-star\"><\/i><\/li>\n\t\t\t\t\t\t\t\t\t\t\t\t\t\t\t\t\t\t\t\t\t\t\t\t\t\t\t\t\t\t\t\t\t\t\t\t\t\t\t\t\t\t\t\t\t\t\t\t<li><i class=\"fas fa-star\"><\/i><\/li>\n\t\t\t\t\t\t\t\t\t\t\t\t\t\t\t\t\t\t\t\t\t\t\t\t\t\t\t\t\t\t\t\t\t\t\t\t\t\t\t\t\t\t\t\t\t\t\t\t<li><i class=\"fas fa-star\"><\/i><\/li>\n\t\t\t\t\t\t\t\t\t\t\t\t\t\t\t\t\t\t\t\t\t\t\t\t\t\t\t\t\t\t\t\t\t\t\t\t\t\t\t\t\t\t\t\t\t\t\t\t<li><i class=\"fas fa-star\"><\/i><\/li>\n\t\t\t\t\t\t\t\t\t\t\t\t\t\t\t\t\t\t\t\t\t\t\t\t\t\t\t\t\t\t\t\t\t\t\t<\/ul>\n\t\t\t\t\t\t\t\t\t\t\n\t\t\t\t\t\t\t\t\t\t\t\t\t\t\t\t\t\t\t\t\t<div >\n\t\t\t\t\t\t\t\t\t\t\t\t<p>Ubytov\u00e1n\u00ed bylo velmi \u010dist\u00e9 a modern\u00ed. M\u011bli jsme v\u0161e, co jsme na t\u00fdden na Madei\u0159e pot\u0159ebovali. Zvl\u00e1\u0161tn\u00edm vrcholem je v\u00fdhled z terasy. Komunikace s Kevinem byla v\u017edy bezchybn\u00e1 a p\u0159\u00e1telsk\u00e1. m\u011bli jsme se b\u00e1je\u010dn\u011b.<\/p>\t\t\t\t\t\t\t\t\t\t\t<\/div>\n\t\t\t\t\t\t\t\t\t\t\t\t\t\t\t\t\t\t\t<\/blockquote>\n\t\t\t\t\t\t\t\t\t\t\t\t\t\t\t\t\t\t<\/div>\n\t\t\t\t\t\t\t\t<\/div>\n\t\t\t\t\t\t\t\t<\/div>\n\t\t\t\t\t\t\t\t\t\t\t\t\t\t\t\t<div class=\"swiper-slide\">\n\t\t\t\t\t\t\t\t<div class=\"knsl-testimonial-card\">\n\t\t\t\t\t\t\t\t\t\t\t\t\t\t\t\t\t\t<div class=\"knsl-avatar-frame\">\n\t\t\t\t\t\t\t\t\t<img decoding=\"async\" src=\"https:\/\/yourmadeirarentals.com\/wp-content\/uploads\/2021\/10\/faces-3-scaled-1-140x140.jpg\" alt=\"Beth\" \/>\n\t\t\t\t\t\t\t\t\t<\/div>\n\t\t\t\t\t\t\t\t\t\t\t\t\t\t\t\t\t\t<div class=\"knsl-name-and-text\">\n\t\t\t\t\t\t\t\t\t\t\t\t\t\t\t\t\t\t<h3 class=\"knsl-mb-10\">\n\t\t\t\t\t\t\t\t\t\t<span >\n\t\t\t\t\t\t\t\t\t\t\tBeth\t\t\t\t\t\t\t\t\t\t<\/span>\n\t\t\t\t\t\t\t\t\t<\/h3>\n\t\t\t\t\t\t\t\t\t\t\t\t\t\t\t\t\t\t\t\t\t\t\t\t\t\t\t<div class=\"knsl-subtitle--h\">\n\t\t\t\t\t\t\t\t\t\t<span >\n\t\t\t\t\t\t\t\t\t\t\tZ Velk\u00e9 Brit\u00e1nie\t\t\t\t\t\t\t\t\t\t<\/span>\n\t\t\t\t\t\t\t\t\t<\/div>\n\t\t\t\t\t\t\t\t\t\t\t\t\t\t\t\t\t\t\t\t\t\t\t\t\t\t\t<blockquote>\n\t\t\t\t\t\t\t\t\t\t\t\t\t\t\t\t\t\t\t\t\t<ul class=\"knsl-stars\">\n\t\t\t\t\t\t\t\t\t\t\t\t\t\t\t\t\t\t\t\t\t\t\t\t\t\t\t\t\t\t\t\t\t\t\t\t<li><i class=\"fas fa-star\"><\/i><\/li>\n\t\t\t\t\t\t\t\t\t\t\t\t\t\t\t\t\t\t\t\t\t\t\t\t\t\t\t\t\t\t\t\t\t\t\t\t\t\t\t\t\t\t\t\t\t\t\t\t<li><i class=\"fas fa-star\"><\/i><\/li>\n\t\t\t\t\t\t\t\t\t\t\t\t\t\t\t\t\t\t\t\t\t\t\t\t\t\t\t\t\t\t\t\t\t\t\t\t\t\t\t\t\t\t\t\t\t\t\t\t<li><i class=\"fas fa-star\"><\/i><\/li>\n\t\t\t\t\t\t\t\t\t\t\t\t\t\t\t\t\t\t\t\t\t\t\t\t\t\t\t\t\t\t\t\t\t\t\t\t\t\t\t\t\t\t\t\t\t\t\t\t<li><i class=\"fas fa-star\"><\/i><\/li>\n\t\t\t\t\t\t\t\t\t\t\t\t\t\t\t\t\t\t\t\t\t\t\t\t\t\t\t\t\t\t\t\t\t\t\t\t\t\t\t\t\t\t\t\t\t\t\t\t<li><i class=\"fas fa-star\"><\/i><\/li>\n\t\t\t\t\t\t\t\t\t\t\t\t\t\t\t\t\t\t\t\t\t\t\t\t\t\t\t\t\t\t\t\t\t\t\t<\/ul>\n\t\t\t\t\t\t\t\t\t\t\n\t\t\t\t\t\t\t\t\t\t\t\t\t\t\t\t\t\t\t\t\t<div >\n\t\t\t\t\t\t\t\t\t\t\t\t<p>Ubytov\u00e1n\u00ed bylo velmi p\u011bkn\u00e9! Bylo naprosto dosta\u010duj\u00edc\u00ed pro \u010dty\u0159i osoby, kuchy\u0148 byla pln\u011b vybavena, baz\u00e9n je velmi dob\u0159e udr\u017eovan\u00fd a bylo zde v\u0161e pot\u0159ebn\u00e9 k u\u017e\u00edv\u00e1n\u00ed dovolen\u00e9 na Madei\u0159e. D\u00e1rek pro hosty v lednici n\u00e1s tak\u00e9 pot\u011b\u0161il a nadchl \ud83d\ude09 Rozhodn\u011b doporu\u010dujeme!<\/p>\t\t\t\t\t\t\t\t\t\t\t<\/div>\n\t\t\t\t\t\t\t\t\t\t\t\t\t\t\t\t\t\t\t<\/blockquote>\n\t\t\t\t\t\t\t\t\t\t\t\t\t\t\t\t\t\t<\/div>\n\t\t\t\t\t\t\t\t<\/div>\n\t\t\t\t\t\t\t\t<\/div>\n\t\t\t\t\t\t\t\t\t\t\t\t\t\t\t\t<div class=\"swiper-slide\">\n\t\t\t\t\t\t\t\t<div class=\"knsl-testimonial-card\">\n\t\t\t\t\t\t\t\t\t\t\t\t\t\t\t\t\t\t<div class=\"knsl-avatar-frame\">\n\t\t\t\t\t\t\t\t\t<img decoding=\"async\" src=\"https:\/\/yourmadeirarentals.com\/wp-content\/uploads\/2021\/10\/faces-4-140x140.jpg\" alt=\"Paulo \" \/>\n\t\t\t\t\t\t\t\t\t<\/div>\n\t\t\t\t\t\t\t\t\t\t\t\t\t\t\t\t\t\t<div class=\"knsl-name-and-text\">\n\t\t\t\t\t\t\t\t\t\t\t\t\t\t\t\t\t\t<h3 class=\"knsl-mb-10\">\n\t\t\t\t\t\t\t\t\t\t<span >\n\t\t\t\t\t\t\t\t\t\t\tPaulo \t\t\t\t\t\t\t\t\t\t<\/span>\n\t\t\t\t\t\t\t\t\t<\/h3>\n\t\t\t\t\t\t\t\t\t\t\t\t\t\t\t\t\t\t\t\t\t\t\t\t\t\t\t<div class=\"knsl-subtitle--h\">\n\t\t\t\t\t\t\t\t\t\t<span >\n\t\t\t\t\t\t\t\t\t\t\tZe \u0160pan\u011blska\t\t\t\t\t\t\t\t\t\t<\/span>\n\t\t\t\t\t\t\t\t\t<\/div>\n\t\t\t\t\t\t\t\t\t\t\t\t\t\t\t\t\t\t\t\t\t\t\t\t\t\t\t<blockquote>\n\t\t\t\t\t\t\t\t\t\t\t\t\t\t\t\t\t\t\t\t\t<ul class=\"knsl-stars\">\n\t\t\t\t\t\t\t\t\t\t\t\t\t\t\t\t\t\t\t\t\t\t\t\t\t\t\t\t\t\t\t\t\t\t\t\t<li><i class=\"fas fa-star\"><\/i><\/li>\n\t\t\t\t\t\t\t\t\t\t\t\t\t\t\t\t\t\t\t\t\t\t\t\t\t\t\t\t\t\t\t\t\t\t\t\t\t\t\t\t\t\t\t\t\t\t\t\t<li><i class=\"fas fa-star\"><\/i><\/li>\n\t\t\t\t\t\t\t\t\t\t\t\t\t\t\t\t\t\t\t\t\t\t\t\t\t\t\t\t\t\t\t\t\t\t\t\t\t\t\t\t\t\t\t\t\t\t\t\t<li><i class=\"fas fa-star\"><\/i><\/li>\n\t\t\t\t\t\t\t\t\t\t\t\t\t\t\t\t\t\t\t\t\t\t\t\t\t\t\t\t\t\t\t\t\t\t\t\t\t\t\t\t\t\t\t\t\t\t\t\t<li><i class=\"fas fa-star\"><\/i><\/li>\n\t\t\t\t\t\t\t\t\t\t\t\t\t\t\t\t\t\t\t\t\t\t\t\t\t\t\t\t\t\t\t\t\t\t\t\t\t\t\t\t\t\t\t\t\t\t\t\t<li><i class=\"fas fa-star\"><\/i><\/li>\n\t\t\t\t\t\t\t\t\t\t\t\t\t\t\t\t\t\t\t\t\t\t\t\t\t\t\t\t\t\t\t\t\t\t\t<\/ul>\n\t\t\t\t\t\t\t\t\t\t\n\t\t\t\t\t\t\t\t\t\t\t\t\t\t\t\t\t\t\t\t\t<div >\n\t\t\t\t\t\t\t\t\t\t\t\t<p>Nov\u00fd d\u016fm s ve\u0161ker\u00fdm vybaven\u00edm a n\u00e1dhern\u00fdm v\u00fdhledem na oce\u00e1n a hory. Velmi klidn\u00e9 a dob\u0159e propojen\u00e9 m\u00edsto pro pohyb po ostrov\u011b. Ur\u010dit\u011b bychom to ud\u011blali znovu.<\/p>\t\t\t\t\t\t\t\t\t\t\t<\/div>\n\t\t\t\t\t\t\t\t\t\t\t\t\t\t\t\t\t\t\t<\/blockquote>\n\t\t\t\t\t\t\t\t\t\t\t\t\t\t\t\t\t\t<\/div>\n\t\t\t\t\t\t\t\t<\/div>\n\t\t\t\t\t\t\t\t<\/div>\n\t\t\t\t\t\t\t\t\t\t\t\t\t\t\t\t<div class=\"swiper-slide\">\n\t\t\t\t\t\t\t\t<div class=\"knsl-testimonial-card\">\n\t\t\t\t\t\t\t\t\t\t\t\t\t\t\t\t\t\t<div class=\"knsl-avatar-frame\">\n\t\t\t\t\t\t\t\t\t<img decoding=\"async\" src=\"https:\/\/yourmadeirarentals.com\/wp-content\/uploads\/2023\/09\/happy-man-standing-beach.jpg\" alt=\"Raphael\" \/>\n\t\t\t\t\t\t\t\t\t<\/div>\n\t\t\t\t\t\t\t\t\t\t\t\t\t\t\t\t\t\t<div class=\"knsl-name-and-text\">\n\t\t\t\t\t\t\t\t\t\t\t\t\t\t\t\t\t\t<h3 class=\"knsl-mb-10\">\n\t\t\t\t\t\t\t\t\t\t<span >\n\t\t\t\t\t\t\t\t\t\t\tRaphael\t\t\t\t\t\t\t\t\t\t<\/span>\n\t\t\t\t\t\t\t\t\t<\/h3>\n\t\t\t\t\t\t\t\t\t\t\t\t\t\t\t\t\t\t\t\t\t\t\t\t\t\t\t<div class=\"knsl-subtitle--h\">\n\t\t\t\t\t\t\t\t\t\t<span >\n\t\t\t\t\t\t\t\t\t\t\tZ Francie\t\t\t\t\t\t\t\t\t\t<\/span>\n\t\t\t\t\t\t\t\t\t<\/div>\n\t\t\t\t\t\t\t\t\t\t\t\t\t\t\t\t\t\t\t\t\t\t\t\t\t\t\t<blockquote>\n\t\t\t\t\t\t\t\t\t\t\t\t\t\t\t\t\t\t\t\t\t<ul class=\"knsl-stars\">\n\t\t\t\t\t\t\t\t\t\t\t\t\t\t\t\t\t\t\t\t\t\t\t\t\t\t\t\t\t\t\t\t\t\t\t\t<li><i class=\"fas fa-star\"><\/i><\/li>\n\t\t\t\t\t\t\t\t\t\t\t\t\t\t\t\t\t\t\t\t\t\t\t\t\t\t\t\t\t\t\t\t\t\t\t\t\t\t\t\t\t\t\t\t\t\t\t\t<li><i class=\"fas fa-star\"><\/i><\/li>\n\t\t\t\t\t\t\t\t\t\t\t\t\t\t\t\t\t\t\t\t\t\t\t\t\t\t\t\t\t\t\t\t\t\t\t\t\t\t\t\t\t\t\t\t\t\t\t\t<li><i class=\"fas fa-star\"><\/i><\/li>\n\t\t\t\t\t\t\t\t\t\t\t\t\t\t\t\t\t\t\t\t\t\t\t\t\t\t\t\t\t\t\t\t\t\t\t\t\t\t\t\t\t\t\t\t\t\t\t\t<li><i class=\"fas fa-star\"><\/i><\/li>\n\t\t\t\t\t\t\t\t\t\t\t\t\t\t\t\t\t\t\t\t\t\t\t\t\t\t\t\t\t\t\t\t\t\t\t\t\t\t\t\t\t\t\t\t\t\t\t\t<li><i class=\"fas fa-star\"><\/i><\/li>\n\t\t\t\t\t\t\t\t\t\t\t\t\t\t\t\t\t\t\t\t\t\t\t\t\t\t\t\t\t\t\t\t\t\t\t<\/ul>\n\t\t\t\t\t\t\t\t\t\t\n\t\t\t\t\t\t\t\t\t\t\t\t\t\t\t\t\t\t\t\t\t<div >\n\t\t\t\t\t\t\t\t\t\t\t\t<p>Opravdu p\u011bkn\u00e1 vila. C\u00edt\u00edte se jako doma. Baz\u00e9n je v\u017edy vyh\u0159\u00edvan\u00fd, pokoje a vila jsou p\u011bkn\u011b za\u0159\u00edzen\u00e9. N\u00e1\u0161 AirBnb byl zru\u0161en v den odletu a Kevin mi okam\u017eit\u011b odpov\u011bd\u011bl a umo\u017enil check-in ve stejn\u00fd den. Poskytl check-in ve stejn\u00fd den. Lep\u0161\u00ed komunikaci u\u017e nedostanete. Lokalita je n\u00e1dhern\u00e1, je velmi klidn\u00e1. V\u0161echno bylo skv\u011bl\u00e9. Opravdu, \u017e\u00e1dn\u00e9 nedostatky. R\u00e1di bychom se vr\u00e1tili!<\/p>\t\t\t\t\t\t\t\t\t\t\t<\/div>\n\t\t\t\t\t\t\t\t\t\t\t\t\t\t\t\t\t\t\t<\/blockquote>\n\t\t\t\t\t\t\t\t\t\t\t\t\t\t\t\t\t\t<\/div>\n\t\t\t\t\t\t\t\t<\/div>\n\t\t\t\t\t\t\t\t<\/div>\n\t\t\t\t\t\t\t\t\t\t\t\t\t\t\t\t<div class=\"swiper-slide\">\n\t\t\t\t\t\t\t\t<div class=\"knsl-testimonial-card\">\n\t\t\t\t\t\t\t\t\t\t\t\t\t\t\t\t\t\t<div class=\"knsl-avatar-frame\">\n\t\t\t\t\t\t\t\t\t<img decoding=\"async\" src=\"https:\/\/yourmadeirarentals.com\/wp-content\/uploads\/2023\/09\/young-blonde-woman.jpg\" alt=\"Alvie\" \/>\n\t\t\t\t\t\t\t\t\t<\/div>\n\t\t\t\t\t\t\t\t\t\t\t\t\t\t\t\t\t\t<div class=\"knsl-name-and-text\">\n\t\t\t\t\t\t\t\t\t\t\t\t\t\t\t\t\t\t<h3 class=\"knsl-mb-10\">\n\t\t\t\t\t\t\t\t\t\t<span >\n\t\t\t\t\t\t\t\t\t\t\tAlvie\t\t\t\t\t\t\t\t\t\t<\/span>\n\t\t\t\t\t\t\t\t\t<\/h3>\n\t\t\t\t\t\t\t\t\t\t\t\t\t\t\t\t\t\t\t\t\t\t\t\t\t\t\t<div class=\"knsl-subtitle--h\">\n\t\t\t\t\t\t\t\t\t\t<span >\n\t\t\t\t\t\t\t\t\t\t\tZ N\u011bmecka\t\t\t\t\t\t\t\t\t\t<\/span>\n\t\t\t\t\t\t\t\t\t<\/div>\n\t\t\t\t\t\t\t\t\t\t\t\t\t\t\t\t\t\t\t\t\t\t\t\t\t\t\t<blockquote>\n\t\t\t\t\t\t\t\t\t\t\t\t\t\t\t\t\t\t\t\t\t<ul class=\"knsl-stars\">\n\t\t\t\t\t\t\t\t\t\t\t\t\t\t\t\t\t\t\t\t\t\t\t\t\t\t\t\t\t\t\t\t\t\t\t\t<li><i class=\"fas fa-star\"><\/i><\/li>\n\t\t\t\t\t\t\t\t\t\t\t\t\t\t\t\t\t\t\t\t\t\t\t\t\t\t\t\t\t\t\t\t\t\t\t\t\t\t\t\t\t\t\t\t\t\t\t\t<li><i class=\"fas fa-star\"><\/i><\/li>\n\t\t\t\t\t\t\t\t\t\t\t\t\t\t\t\t\t\t\t\t\t\t\t\t\t\t\t\t\t\t\t\t\t\t\t\t\t\t\t\t\t\t\t\t\t\t\t\t<li><i class=\"fas fa-star\"><\/i><\/li>\n\t\t\t\t\t\t\t\t\t\t\t\t\t\t\t\t\t\t\t\t\t\t\t\t\t\t\t\t\t\t\t\t\t\t\t\t\t\t\t\t\t\t\t\t\t\t\t\t<li><i class=\"fas fa-star\"><\/i><\/li>\n\t\t\t\t\t\t\t\t\t\t\t\t\t\t\t\t\t\t\t\t\t\t\t\t\t\t\t\t\t\t\t\t\t\t\t\t\t\t\t\t\t\t\t\t\t\t\t\t<li><i class=\"fas fa-star\"><\/i><\/li>\n\t\t\t\t\t\t\t\t\t\t\t\t\t\t\t\t\t\t\t\t\t\t\t\t\t\t\t\t\t\t\t\t\t\t\t<\/ul>\n\t\t\t\t\t\t\t\t\t\t\n\t\t\t\t\t\t\t\t\t\t\t\t\t\t\t\t\t\t\t\t\t<div >\n\t\t\t\t\t\t\t\t\t\t\t\t<p>Ubytov\u00e1n\u00ed bylo velmi \u010dist\u00e9 a modern\u00ed. M\u011bli jsme v\u0161e, co jsme na t\u00fdden na Madei\u0159e pot\u0159ebovali. Zvl\u00e1\u0161tn\u00edm vrcholem je v\u00fdhled z terasy. Komunikace s Kevinem byla v\u017edy bezchybn\u00e1 a p\u0159\u00e1telsk\u00e1. m\u011bli jsme se b\u00e1je\u010dn\u011b.<\/p>\t\t\t\t\t\t\t\t\t\t\t<\/div>\n\t\t\t\t\t\t\t\t\t\t\t\t\t\t\t\t\t\t\t<\/blockquote>\n\t\t\t\t\t\t\t\t\t\t\t\t\t\t\t\t\t\t<\/div>\n\t\t\t\t\t\t\t\t<\/div>\n\t\t\t\t\t\t\t\t<\/div>\n\t\t\t\t\t\t\t\t\t\t\t\t\t\t\t\t<div class=\"swiper-slide\">\n\t\t\t\t\t\t\t\t<div class=\"knsl-testimonial-card\">\n\t\t\t\t\t\t\t\t\t\t\t\t\t\t\t\t\t\t<div class=\"knsl-avatar-frame\">\n\t\t\t\t\t\t\t\t\t<img decoding=\"async\" src=\"https:\/\/yourmadeirarentals.com\/wp-content\/uploads\/2023\/09\/woman-beach-making-v-sigh-1.jpg\" alt=\"Saron\" \/>\n\t\t\t\t\t\t\t\t\t<\/div>\n\t\t\t\t\t\t\t\t\t\t\t\t\t\t\t\t\t\t<div class=\"knsl-name-and-text\">\n\t\t\t\t\t\t\t\t\t\t\t\t\t\t\t\t\t\t<h3 class=\"knsl-mb-10\">\n\t\t\t\t\t\t\t\t\t\t<span >\n\t\t\t\t\t\t\t\t\t\t\tSaron\t\t\t\t\t\t\t\t\t\t<\/span>\n\t\t\t\t\t\t\t\t\t<\/h3>\n\t\t\t\t\t\t\t\t\t\t\t\t\t\t\t\t\t\t\t\t\t\t\t\t\t\t\t<div class=\"knsl-subtitle--h\">\n\t\t\t\t\t\t\t\t\t\t<span >\n\t\t\t\t\t\t\t\t\t\t\tZ Velk\u00e9 Brit\u00e1nie\t\t\t\t\t\t\t\t\t\t<\/span>\n\t\t\t\t\t\t\t\t\t<\/div>\n\t\t\t\t\t\t\t\t\t\t\t\t\t\t\t\t\t\t\t\t\t\t\t\t\t\t\t<blockquote>\n\t\t\t\t\t\t\t\t\t\t\t\t\t\t\t\t\t\t\t\t\t<ul class=\"knsl-stars\">\n\t\t\t\t\t\t\t\t\t\t\t\t\t\t\t\t\t\t\t\t\t\t\t\t\t\t\t\t\t\t\t\t\t\t\t\t<li><i class=\"fas fa-star\"><\/i><\/li>\n\t\t\t\t\t\t\t\t\t\t\t\t\t\t\t\t\t\t\t\t\t\t\t\t\t\t\t\t\t\t\t\t\t\t\t\t\t\t\t\t\t\t\t\t\t\t\t\t<li><i class=\"fas fa-star\"><\/i><\/li>\n\t\t\t\t\t\t\t\t\t\t\t\t\t\t\t\t\t\t\t\t\t\t\t\t\t\t\t\t\t\t\t\t\t\t\t\t\t\t\t\t\t\t\t\t\t\t\t\t<li><i class=\"fas fa-star\"><\/i><\/li>\n\t\t\t\t\t\t\t\t\t\t\t\t\t\t\t\t\t\t\t\t\t\t\t\t\t\t\t\t\t\t\t\t\t\t\t\t\t\t\t\t\t\t\t\t\t\t\t\t<li><i class=\"fas fa-star\"><\/i><\/li>\n\t\t\t\t\t\t\t\t\t\t\t\t\t\t\t\t\t\t\t\t\t\t\t\t\t\t\t\t\t\t\t\t\t\t\t\t\t\t\t\t\t\t\t\t\t\t\t\t<li><i class=\"fas fa-star\"><\/i><\/li>\n\t\t\t\t\t\t\t\t\t\t\t\t\t\t\t\t\t\t\t\t\t\t\t\t\t\t\t\t\t\t\t\t\t\t\t<\/ul>\n\t\t\t\t\t\t\t\t\t\t\n\t\t\t\t\t\t\t\t\t\t\t\t\t\t\t\t\t\t\t\t\t<div >\n\t\t\t\t\t\t\t\t\t\t\t\t<p>Ubytov\u00e1n\u00ed bylo velmi p\u011bkn\u00e9! Bylo naprosto dosta\u010duj\u00edc\u00ed pro \u010dty\u0159i osoby, kuchy\u0148 byla pln\u011b vybavena, baz\u00e9n je velmi dob\u0159e udr\u017eovan\u00fd a bylo zde v\u0161e pot\u0159ebn\u00e9 k u\u017e\u00edv\u00e1n\u00ed dovolen\u00e9 na Madei\u0159e. D\u00e1rek pro hosty v lednici n\u00e1s tak\u00e9 pot\u011b\u0161il a nadchl \ud83d\ude09 Rozhodn\u011b doporu\u010dujeme!<\/p>\t\t\t\t\t\t\t\t\t\t\t<\/div>\n\t\t\t\t\t\t\t\t\t\t\t\t\t\t\t\t\t\t\t<\/blockquote>\n\t\t\t\t\t\t\t\t\t\t\t\t\t\t\t\t\t\t<\/div>\n\t\t\t\t\t\t\t\t<\/div>\n\t\t\t\t\t\t\t\t<\/div>\n\t\t\t\t\t\t\t\t\t\t\t\t\t\t\t\t<div class=\"swiper-slide\">\n\t\t\t\t\t\t\t\t<div class=\"knsl-testimonial-card\">\n\t\t\t\t\t\t\t\t\t\t\t\t\t\t\t\t\t\t<div class=\"knsl-avatar-frame\">\n\t\t\t\t\t\t\t\t\t<img decoding=\"async\" src=\"https:\/\/yourmadeirarentals.com\/wp-content\/uploads\/2023\/09\/Testimonial-1.jpg\" alt=\"Cesar \" \/>\n\t\t\t\t\t\t\t\t\t<\/div>\n\t\t\t\t\t\t\t\t\t\t\t\t\t\t\t\t\t\t<div class=\"knsl-name-and-text\">\n\t\t\t\t\t\t\t\t\t\t\t\t\t\t\t\t\t\t<h3 class=\"knsl-mb-10\">\n\t\t\t\t\t\t\t\t\t\t<span >\n\t\t\t\t\t\t\t\t\t\t\tCesar \t\t\t\t\t\t\t\t\t\t<\/span>\n\t\t\t\t\t\t\t\t\t<\/h3>\n\t\t\t\t\t\t\t\t\t\t\t\t\t\t\t\t\t\t\t\t\t\t\t\t\t\t\t<div class=\"knsl-subtitle--h\">\n\t\t\t\t\t\t\t\t\t\t<span >\n\t\t\t\t\t\t\t\t\t\t\tZe \u0160pan\u011blska\t\t\t\t\t\t\t\t\t\t<\/span>\n\t\t\t\t\t\t\t\t\t<\/div>\n\t\t\t\t\t\t\t\t\t\t\t\t\t\t\t\t\t\t\t\t\t\t\t\t\t\t\t<blockquote>\n\t\t\t\t\t\t\t\t\t\t\t\t\t\t\t\t\t\t\t\t\t<ul class=\"knsl-stars\">\n\t\t\t\t\t\t\t\t\t\t\t\t\t\t\t\t\t\t\t\t\t\t\t\t\t\t\t\t\t\t\t\t\t\t\t\t<li><i class=\"fas fa-star\"><\/i><\/li>\n\t\t\t\t\t\t\t\t\t\t\t\t\t\t\t\t\t\t\t\t\t\t\t\t\t\t\t\t\t\t\t\t\t\t\t\t\t\t\t\t\t\t\t\t\t\t\t\t<li><i class=\"fas fa-star\"><\/i><\/li>\n\t\t\t\t\t\t\t\t\t\t\t\t\t\t\t\t\t\t\t\t\t\t\t\t\t\t\t\t\t\t\t\t\t\t\t\t\t\t\t\t\t\t\t\t\t\t\t\t<li><i class=\"fas fa-star\"><\/i><\/li>\n\t\t\t\t\t\t\t\t\t\t\t\t\t\t\t\t\t\t\t\t\t\t\t\t\t\t\t\t\t\t\t\t\t\t\t\t\t\t\t\t\t\t\t\t\t\t\t\t<li><i class=\"fas fa-star\"><\/i><\/li>\n\t\t\t\t\t\t\t\t\t\t\t\t\t\t\t\t\t\t\t\t\t\t\t\t\t\t\t\t\t\t\t\t\t\t\t\t\t\t\t\t\t\t\t\t\t\t\t\t<li><i class=\"fas fa-star\"><\/i><\/li>\n\t\t\t\t\t\t\t\t\t\t\t\t\t\t\t\t\t\t\t\t\t\t\t\t\t\t\t\t\t\t\t\t\t\t\t<\/ul>\n\t\t\t\t\t\t\t\t\t\t\n\t\t\t\t\t\t\t\t\t\t\t\t\t\t\t\t\t\t\t\t\t<div >\n\t\t\t\t\t\t\t\t\t\t\t\t<p>Nov\u00fd d\u016fm s ve\u0161ker\u00fdm vybaven\u00edm a n\u00e1dhern\u00fdm v\u00fdhledem na oce\u00e1n a hory. Velmi klidn\u00e9 a dob\u0159e propojen\u00e9 m\u00edsto pro pohyb po ostrov\u011b. Ur\u010dit\u011b bychom to ud\u011blali znovu.<\/p>\t\t\t\t\t\t\t\t\t\t\t<\/div>\n\t\t\t\t\t\t\t\t\t\t\t\t\t\t\t\t\t\t\t<\/blockquote>\n\t\t\t\t\t\t\t\t\t\t\t\t\t\t\t\t\t\t<\/div>\n\t\t\t\t\t\t\t\t<\/div>\n\t\t\t\t\t\t\t\t<\/div>\n\t\t\t\t\t\t\t\t\t\t\t\t\t\t\t\t<div class=\"swiper-slide\">\n\t\t\t\t\t\t\t\t<div class=\"knsl-testimonial-card\">\n\t\t\t\t\t\t\t\t\t\t\t\t\t\t\t\t\t\t<div class=\"knsl-avatar-frame\">\n\t\t\t\t\t\t\t\t\t<img decoding=\"async\" src=\"https:\/\/yourmadeirarentals.com\/wp-content\/uploads\/2023\/09\/young-handsome-1.jpg\" alt=\"Mikel\" \/>\n\t\t\t\t\t\t\t\t\t<\/div>\n\t\t\t\t\t\t\t\t\t\t\t\t\t\t\t\t\t\t<div class=\"knsl-name-and-text\">\n\t\t\t\t\t\t\t\t\t\t\t\t\t\t\t\t\t\t<h3 class=\"knsl-mb-10\">\n\t\t\t\t\t\t\t\t\t\t<span >\n\t\t\t\t\t\t\t\t\t\t\tMikel\t\t\t\t\t\t\t\t\t\t<\/span>\n\t\t\t\t\t\t\t\t\t<\/h3>\n\t\t\t\t\t\t\t\t\t\t\t\t\t\t\t\t\t\t\t\t\t\t\t\t\t\t\t<div class=\"knsl-subtitle--h\">\n\t\t\t\t\t\t\t\t\t\t<span >\n\t\t\t\t\t\t\t\t\t\t\tZ Francie\t\t\t\t\t\t\t\t\t\t<\/span>\n\t\t\t\t\t\t\t\t\t<\/div>\n\t\t\t\t\t\t\t\t\t\t\t\t\t\t\t\t\t\t\t\t\t\t\t\t\t\t\t<blockquote>\n\t\t\t\t\t\t\t\t\t\t\t\t\t\t\t\t\t\t\t\t\t<ul class=\"knsl-stars\">\n\t\t\t\t\t\t\t\t\t\t\t\t\t\t\t\t\t\t\t\t\t\t\t\t\t\t\t\t\t\t\t\t\t\t\t\t<li><i class=\"fas fa-star\"><\/i><\/li>\n\t\t\t\t\t\t\t\t\t\t\t\t\t\t\t\t\t\t\t\t\t\t\t\t\t\t\t\t\t\t\t\t\t\t\t\t\t\t\t\t\t\t\t\t\t\t\t\t<li><i class=\"fas fa-star\"><\/i><\/li>\n\t\t\t\t\t\t\t\t\t\t\t\t\t\t\t\t\t\t\t\t\t\t\t\t\t\t\t\t\t\t\t\t\t\t\t\t\t\t\t\t\t\t\t\t\t\t\t\t<li><i class=\"fas fa-star\"><\/i><\/li>\n\t\t\t\t\t\t\t\t\t\t\t\t\t\t\t\t\t\t\t\t\t\t\t\t\t\t\t\t\t\t\t\t\t\t\t\t\t\t\t\t\t\t\t\t\t\t\t\t<li><i class=\"fas fa-star\"><\/i><\/li>\n\t\t\t\t\t\t\t\t\t\t\t\t\t\t\t\t\t\t\t\t\t\t\t\t\t\t\t\t\t\t\t\t\t\t\t\t\t\t\t\t\t\t\t\t\t\t\t\t<li><i class=\"fas fa-star\"><\/i><\/li>\n\t\t\t\t\t\t\t\t\t\t\t\t\t\t\t\t\t\t\t\t\t\t\t\t\t\t\t\t\t\t\t\t\t\t\t<\/ul>\n\t\t\t\t\t\t\t\t\t\t\n\t\t\t\t\t\t\t\t\t\t\t\t\t\t\t\t\t\t\t\t\t<div >\n\t\t\t\t\t\t\t\t\t\t\t\t<p>Opravdu p\u011bkn\u00e1 vila. C\u00edt\u00edte se jako doma. Baz\u00e9n je v\u017edy vyh\u0159\u00edvan\u00fd, pokoje a vila jsou p\u011bkn\u011b za\u0159\u00edzen\u00e9. N\u00e1\u0161 AirBnb byl zru\u0161en v den odletu a Kevin mi okam\u017eit\u011b odpov\u011bd\u011bl a umo\u017enil check-in ve stejn\u00fd den. Poskytl check-in ve stejn\u00fd den. Lep\u0161\u00ed komunikaci u\u017e nedostanete. Lokalita je n\u00e1dhern\u00e1, je velmi klidn\u00e1. V\u0161echno bylo skv\u011bl\u00e9. Opravdu, \u017e\u00e1dn\u00e9 nedostatky. R\u00e1di bychom se vr\u00e1tili!<\/p>\t\t\t\t\t\t\t\t\t\t\t<\/div>\n\t\t\t\t\t\t\t\t\t\t\t\t\t\t\t\t\t\t\t<\/blockquote>\n\t\t\t\t\t\t\t\t\t\t\t\t\t\t\t\t\t\t<\/div>\n\t\t\t\t\t\t\t\t<\/div>\n\t\t\t\t\t\t\t\t<\/div>\n\t\t\t\t\t\t\t\t\t\t\t\t\t\t\t\t<div class=\"swiper-slide\">\n\t\t\t\t\t\t\t\t<div class=\"knsl-testimonial-card\">\n\t\t\t\t\t\t\t\t\t\t\t\t\t\t\t\t\t\t<div class=\"knsl-avatar-frame\">\n\t\t\t\t\t\t\t\t\t<img decoding=\"async\" src=\"https:\/\/yourmadeirarentals.com\/wp-content\/uploads\/2023\/09\/Testimonial-3.jpg\" alt=\"Raha\" \/>\n\t\t\t\t\t\t\t\t\t<\/div>\n\t\t\t\t\t\t\t\t\t\t\t\t\t\t\t\t\t\t<div class=\"knsl-name-and-text\">\n\t\t\t\t\t\t\t\t\t\t\t\t\t\t\t\t\t\t<h3 class=\"knsl-mb-10\">\n\t\t\t\t\t\t\t\t\t\t<span >\n\t\t\t\t\t\t\t\t\t\t\tRaha\t\t\t\t\t\t\t\t\t\t<\/span>\n\t\t\t\t\t\t\t\t\t<\/h3>\n\t\t\t\t\t\t\t\t\t\t\t\t\t\t\t\t\t\t\t\t\t\t\t\t\t\t\t<div class=\"knsl-subtitle--h\">\n\t\t\t\t\t\t\t\t\t\t<span >\n\t\t\t\t\t\t\t\t\t\t\tZ N\u011bmecka\t\t\t\t\t\t\t\t\t\t<\/span>\n\t\t\t\t\t\t\t\t\t<\/div>\n\t\t\t\t\t\t\t\t\t\t\t\t\t\t\t\t\t\t\t\t\t\t\t\t\t\t\t<blockquote>\n\t\t\t\t\t\t\t\t\t\t\t\t\t\t\t\t\t\t\t\t\t<ul class=\"knsl-stars\">\n\t\t\t\t\t\t\t\t\t\t\t\t\t\t\t\t\t\t\t\t\t\t\t\t\t\t\t\t\t\t\t\t\t\t\t\t<li><i class=\"fas fa-star\"><\/i><\/li>\n\t\t\t\t\t\t\t\t\t\t\t\t\t\t\t\t\t\t\t\t\t\t\t\t\t\t\t\t\t\t\t\t\t\t\t\t\t\t\t\t\t\t\t\t\t\t\t\t<li><i class=\"fas fa-star\"><\/i><\/li>\n\t\t\t\t\t\t\t\t\t\t\t\t\t\t\t\t\t\t\t\t\t\t\t\t\t\t\t\t\t\t\t\t\t\t\t\t\t\t\t\t\t\t\t\t\t\t\t\t<li><i class=\"fas fa-star\"><\/i><\/li>\n\t\t\t\t\t\t\t\t\t\t\t\t\t\t\t\t\t\t\t\t\t\t\t\t\t\t\t\t\t\t\t\t\t\t\t\t\t\t\t\t\t\t\t\t\t\t\t\t<li><i class=\"fas fa-star\"><\/i><\/li>\n\t\t\t\t\t\t\t\t\t\t\t\t\t\t\t\t\t\t\t\t\t\t\t\t\t\t\t\t\t\t\t\t\t\t\t\t\t\t\t\t\t\t\t\t\t\t\t\t<li><i class=\"fas fa-star\"><\/i><\/li>\n\t\t\t\t\t\t\t\t\t\t\t\t\t\t\t\t\t\t\t\t\t\t\t\t\t\t\t\t\t\t\t\t\t\t\t<\/ul>\n\t\t\t\t\t\t\t\t\t\t\n\t\t\t\t\t\t\t\t\t\t\t\t\t\t\t\t\t\t\t\t\t<div >\n\t\t\t\t\t\t\t\t\t\t\t\t<p>Ubytov\u00e1n\u00ed bylo velmi \u010dist\u00e9 a modern\u00ed. M\u011bli jsme v\u0161e, co jsme na t\u00fdden na Madei\u0159e pot\u0159ebovali. Zvl\u00e1\u0161tn\u00edm vrcholem je v\u00fdhled z terasy. Komunikace s Kevinem byla v\u017edy bezchybn\u00e1 a p\u0159\u00e1telsk\u00e1. m\u011bli jsme se b\u00e1je\u010dn\u011b.<\/p>\t\t\t\t\t\t\t\t\t\t\t<\/div>\n\t\t\t\t\t\t\t\t\t\t\t\t\t\t\t\t\t\t\t<\/blockquote>\n\t\t\t\t\t\t\t\t\t\t\t\t\t\t\t\t\t\t<\/div>\n\t\t\t\t\t\t\t\t<\/div>\n\t\t\t\t\t\t\t\t<\/div>\n\t\t\t\t\t\t\t\t\t\t\t\t\t\t\t\t<div class=\"swiper-slide\">\n\t\t\t\t\t\t\t\t<div class=\"knsl-testimonial-card\">\n\t\t\t\t\t\t\t\t\t\t\t\t\t\t\t\t\t\t<div class=\"knsl-avatar-frame\">\n\t\t\t\t\t\t\t\t\t<img decoding=\"async\" src=\"https:\/\/yourmadeirarentals.com\/wp-content\/uploads\/2023\/09\/Testimonial-2.jpg\" alt=\"Mr. &amp; Mrs. Jhon\" \/>\n\t\t\t\t\t\t\t\t\t<\/div>\n\t\t\t\t\t\t\t\t\t\t\t\t\t\t\t\t\t\t<div class=\"knsl-name-and-text\">\n\t\t\t\t\t\t\t\t\t\t\t\t\t\t\t\t\t\t<h3 class=\"knsl-mb-10\">\n\t\t\t\t\t\t\t\t\t\t<span >\n\t\t\t\t\t\t\t\t\t\t\tPan a pan\u00ed Jhonovi\t\t\t\t\t\t\t\t\t\t<\/span>\n\t\t\t\t\t\t\t\t\t<\/h3>\n\t\t\t\t\t\t\t\t\t\t\t\t\t\t\t\t\t\t\t\t\t\t\t\t\t\t\t<div class=\"knsl-subtitle--h\">\n\t\t\t\t\t\t\t\t\t\t<span >\n\t\t\t\t\t\t\t\t\t\t\tZ Velk\u00e9 Brit\u00e1nie\t\t\t\t\t\t\t\t\t\t<\/span>\n\t\t\t\t\t\t\t\t\t<\/div>\n\t\t\t\t\t\t\t\t\t\t\t\t\t\t\t\t\t\t\t\t\t\t\t\t\t\t\t<blockquote>\n\t\t\t\t\t\t\t\t\t\t\t\t\t\t\t\t\t\t\t\t\t<ul class=\"knsl-stars\">\n\t\t\t\t\t\t\t\t\t\t\t\t\t\t\t\t\t\t\t\t\t\t\t\t\t\t\t\t\t\t\t\t\t\t\t\t<li><i class=\"fas fa-star\"><\/i><\/li>\n\t\t\t\t\t\t\t\t\t\t\t\t\t\t\t\t\t\t\t\t\t\t\t\t\t\t\t\t\t\t\t\t\t\t\t\t\t\t\t\t\t\t\t\t\t\t\t\t<li><i class=\"fas fa-star\"><\/i><\/li>\n\t\t\t\t\t\t\t\t\t\t\t\t\t\t\t\t\t\t\t\t\t\t\t\t\t\t\t\t\t\t\t\t\t\t\t\t\t\t\t\t\t\t\t\t\t\t\t\t<li><i class=\"fas fa-star\"><\/i><\/li>\n\t\t\t\t\t\t\t\t\t\t\t\t\t\t\t\t\t\t\t\t\t\t\t\t\t\t\t\t\t\t\t\t\t\t\t\t\t\t\t\t\t\t\t\t\t\t\t\t<li><i class=\"fas fa-star\"><\/i><\/li>\n\t\t\t\t\t\t\t\t\t\t\t\t\t\t\t\t\t\t\t\t\t\t\t\t\t\t\t\t\t\t\t\t\t\t\t\t\t\t\t\t\t\t\t\t\t\t\t\t<li><i class=\"fas fa-star\"><\/i><\/li>\n\t\t\t\t\t\t\t\t\t\t\t\t\t\t\t\t\t\t\t\t\t\t\t\t\t\t\t\t\t\t\t\t\t\t\t<\/ul>\n\t\t\t\t\t\t\t\t\t\t\n\t\t\t\t\t\t\t\t\t\t\t\t\t\t\t\t\t\t\t\t\t<div >\n\t\t\t\t\t\t\t\t\t\t\t\t<p>Ubytov\u00e1n\u00ed bylo velmi p\u011bkn\u00e9! Bylo naprosto dosta\u010duj\u00edc\u00ed pro \u010dty\u0159i osoby, kuchy\u0148 byla pln\u011b vybavena, baz\u00e9n je velmi dob\u0159e udr\u017eovan\u00fd a bylo zde v\u0161e pot\u0159ebn\u00e9 k u\u017e\u00edv\u00e1n\u00ed dovolen\u00e9 na Madei\u0159e. D\u00e1rek pro hosty v lednici n\u00e1s tak\u00e9 pot\u011b\u0161il a nadchl \ud83d\ude09 Rozhodn\u011b doporu\u010dujeme!<\/p>\t\t\t\t\t\t\t\t\t\t\t<\/div>\n\t\t\t\t\t\t\t\t\t\t\t\t\t\t\t\t\t\t\t<\/blockquote>\n\t\t\t\t\t\t\t\t\t\t\t\t\t\t\t\t\t\t<\/div>\n\t\t\t\t\t\t\t\t<\/div>\n\t\t\t\t\t\t\t\t<\/div>\n\t\t\t\t\t\t\t\t\t\t\t\t\t\t\t\t<div class=\"swiper-slide\">\n\t\t\t\t\t\t\t\t<div class=\"knsl-testimonial-card\">\n\t\t\t\t\t\t\t\t\t\t\t\t\t\t\t\t\t\t<div class=\"knsl-avatar-frame\">\n\t\t\t\t\t\t\t\t\t<img decoding=\"async\" src=\"https:\/\/yourmadeirarentals.com\/wp-content\/uploads\/2023\/09\/Testimonial-4-1.jpg\" alt=\"Alfred \" \/>\n\t\t\t\t\t\t\t\t\t<\/div>\n\t\t\t\t\t\t\t\t\t\t\t\t\t\t\t\t\t\t<div class=\"knsl-name-and-text\">\n\t\t\t\t\t\t\t\t\t\t\t\t\t\t\t\t\t\t<h3 class=\"knsl-mb-10\">\n\t\t\t\t\t\t\t\t\t\t<span >\n\t\t\t\t\t\t\t\t\t\t\tAlfred \t\t\t\t\t\t\t\t\t\t<\/span>\n\t\t\t\t\t\t\t\t\t<\/h3>\n\t\t\t\t\t\t\t\t\t\t\t\t\t\t\t\t\t\t\t\t\t\t\t\t\t\t\t<div class=\"knsl-subtitle--h\">\n\t\t\t\t\t\t\t\t\t\t<span >\n\t\t\t\t\t\t\t\t\t\t\tZe \u0160pan\u011blska\t\t\t\t\t\t\t\t\t\t<\/span>\n\t\t\t\t\t\t\t\t\t<\/div>\n\t\t\t\t\t\t\t\t\t\t\t\t\t\t\t\t\t\t\t\t\t\t\t\t\t\t\t<blockquote>\n\t\t\t\t\t\t\t\t\t\t\t\t\t\t\t\t\t\t\t\t\t<ul class=\"knsl-stars\">\n\t\t\t\t\t\t\t\t\t\t\t\t\t\t\t\t\t\t\t\t\t\t\t\t\t\t\t\t\t\t\t\t\t\t\t\t<li><i class=\"fas fa-star\"><\/i><\/li>\n\t\t\t\t\t\t\t\t\t\t\t\t\t\t\t\t\t\t\t\t\t\t\t\t\t\t\t\t\t\t\t\t\t\t\t\t\t\t\t\t\t\t\t\t\t\t\t\t<li><i class=\"fas fa-star\"><\/i><\/li>\n\t\t\t\t\t\t\t\t\t\t\t\t\t\t\t\t\t\t\t\t\t\t\t\t\t\t\t\t\t\t\t\t\t\t\t\t\t\t\t\t\t\t\t\t\t\t\t\t<li><i class=\"fas fa-star\"><\/i><\/li>\n\t\t\t\t\t\t\t\t\t\t\t\t\t\t\t\t\t\t\t\t\t\t\t\t\t\t\t\t\t\t\t\t\t\t\t\t\t\t\t\t\t\t\t\t\t\t\t\t<li><i class=\"fas fa-star\"><\/i><\/li>\n\t\t\t\t\t\t\t\t\t\t\t\t\t\t\t\t\t\t\t\t\t\t\t\t\t\t\t\t\t\t\t\t\t\t\t\t\t\t\t\t\t\t\t\t\t\t\t\t<li><i class=\"fas fa-star\"><\/i><\/li>\n\t\t\t\t\t\t\t\t\t\t\t\t\t\t\t\t\t\t\t\t\t\t\t\t\t\t\t\t\t\t\t\t\t\t\t<\/ul>\n\t\t\t\t\t\t\t\t\t\t\n\t\t\t\t\t\t\t\t\t\t\t\t\t\t\t\t\t\t\t\t\t<div >\n\t\t\t\t\t\t\t\t\t\t\t\t<p>Nov\u00fd d\u016fm s ve\u0161ker\u00fdm vybaven\u00edm a n\u00e1dhern\u00fdm v\u00fdhledem na oce\u00e1n a hory. Velmi klidn\u00e9 a dob\u0159e propojen\u00e9 m\u00edsto pro pohyb po ostrov\u011b. Ur\u010dit\u011b bychom to ud\u011blali znovu.<\/p>\t\t\t\t\t\t\t\t\t\t\t<\/div>\n\t\t\t\t\t\t\t\t\t\t\t\t\t\t\t\t\t\t\t<\/blockquote>\n\t\t\t\t\t\t\t\t\t\t\t\t\t\t\t\t\t\t<\/div>\n\t\t\t\t\t\t\t\t<\/div>\n\t\t\t\t\t\t\t\t<\/div>\n\t\t\t\t\t\t\t\t\t\t\t\t\t\t\t<\/div>\n\t\t\t\t\t\t\t<div class=\"knsl-testimonials-nav\">\n\t\t\t\t\t\t\t\t<div class=\"knsl-testimonials-slider-1-prev\"><i class=\"fas fa-arrow-left\"><\/i><\/div>\n\t\t\t\t\t\t\t\t<div class=\"knsl-testimonials-slider-1-next\"><i class=\"fas fa-arrow-right\"><\/i><\/div>\n\t\t\t\t\t\t\t<\/div>\n\t\t\t\t\t\t<\/div>\n\t\t\t\t\t<\/div>\n\t\t\t\t\t\t\t\t\t<\/div>\n\t\t\t<\/div>\n\t\t<\/section>\n\t\t<!-- testimonials end -->\n\n\t\t\t\t\t\t<\/div>\n\t\t\t\t<\/div>\n\t\t\t\t\t<\/div>\n\t\t<\/div>\n\t\t\t\t\t<\/div>\n\t\t<\/section>\n\t\t\t\t<section class=\"elementor-section elementor-top-section elementor-element elementor-element-6c9ca8c elementor-section-full_width elementor-section-height-default elementor-section-height-default\" data-id=\"6c9ca8c\" data-element_type=\"section\" data-e-type=\"section\">\n\t\t\t\t\t\t<div class=\"elementor-container elementor-column-gap-no\">\n\t\t\t\t\t<div class=\"elementor-column elementor-col-100 elementor-top-column elementor-element elementor-element-ddd7d93\" data-id=\"ddd7d93\" data-element_type=\"column\" data-e-type=\"column\">\n\t\t\t<div class=\"elementor-widget-wrap elementor-element-populated\">\n\t\t\t\t\t\t<div class=\"elementor-element elementor-element-82c36b4 elementor-widget elementor-widget-kinsley-blog-grid\" data-id=\"82c36b4\" data-element_type=\"widget\" data-e-type=\"widget\" data-widget_type=\"kinsley-blog-grid.default\">\n\t\t\t\t<div class=\"elementor-widget-container\">\n\t\t\t\t\t\n\t\t<!-- blog -->\n\t\t<section class=\"knsl-transition-middle knsl-p-0-80\">\n\t\t\t\t\t\t\n\t\t\n\t\t<div class=\"container\">\t\t\t<div class=\"row attr-categories-false attr-details-author-false attr-readmore-false\">\n\t\t\t\t\t\t\t\t<div class=\"col-lg-12\">\n\t\t\t\t\t<div class=\"knsl-center knsl-title-frame knsl-mb-80\">\n\t\t\t\t\t\t\t\t\t\t\t\t<h2 class=\"knsl-title--h knsl-mb-20\">\n\t\t\t\t\t\t\t<span >\n\t\t\t\t\t\t\t\tV\u00e1\u0161 ostrov Madeira - Blog\t\t\t\t\t\t\t<\/span>\n\t\t\t\t\t\t<\/h2>\n\t\t\t\t\t\t\t\t\t\t\t\t\t\t\t\t\t\t<div class=\"knsl-text knsl-mb-30\">\n\t\t\t\t\t\t\t<div >\n\t\t\t\t\t\t\t\tPono\u0159te se do srdce Madeiry: Vydejte se do srdce Madeiry: Objevte inspiraci, post\u0159ehy a m\u00edstn\u00ed tajemstv\u00ed na sv\u00e9m blogu o ostrov\u011b Madeira.\n<br \/>\n<form method=\"post\" action=\"https:\/\/yourmadeirarentals.com\/cs\/?na=s\" id=\"newsletter_form\" data-trp-original-action=\"https:\/\/yourmadeirarentals.com\/?na=s\">\r\n<div class=\"row mailchimp_form\">\r\n\r\n<div class=\"tnp-field tnp-field-email col-lg-8 col-md-8\">\r\n<input class=\"tnp-email\" type=\"email\" name=\"ne\" value=\"\" placeholder=\"E-mailov\u00e1 adresa\" required><\/div>\r\n<div class=\"tnp-field tnp-field-button col-lg-4 col-md-4\"><input class=\"tnp-submit\" type=\"submit\" value=\"P\u0159ihlaste se k odb\u011bru na\" >\r\n<\/div>\r\n\r\n<\/div>\r\n<input type=\"hidden\" name=\"trp-form-language\" value=\"cs\"\/><\/form><input type=\"hidden\" name=\"nlang\" value=\"\">\n\t\t\t\t\t\t\t<\/div>\n\t\t\t\t\t\t<\/div>\n\t\t\t\t\t\t\t\t\t\t\t\t\t\t\t\t\t<\/div>\n\t\t\t\t<\/div>\n\t\t\t\t\n\t\t\t\t\t\t\t\t\t\t\t\t<div class=\"col-md-6 col-lg-4\">\n\n\t\t\t\t\t\n\n\n<!-- blog card -->\n<div class=\"knsl-blog-card\">\n  <div id=\"post-1181\" class=\"post-1181 post type-post status-publish format-standard has-post-thumbnail hentry category-travel tag-guide tag-places tag-travel tag-trip\">\n    <div class=\"knsl-cover-frame\">\n    <a href=\"https:\/\/yourmadeirarentals.com\/cs\/seven-reasons-for-your-magical-holiday-in-madeira-island\/\">\n    \t    \t<img decoding=\"async\" src=\"https:\/\/yourmadeirarentals.com\/wp-content\/uploads\/2023\/10\/Aerial-view-of-a-car-950x633.jpg\" alt=\"Seven Reasons for Your Magical Holiday in Madeira Island\" \/>\n    \t    <\/a>\n\t\t<div class=\"knsl-badge\">\n\t\t\tCestov\u00e1n\u00ed\t\t<\/div>\n  <\/div>\n    <div class=\"knsl-description-frame\">\n    <div class=\"knsl-room-features\">\n      <div class=\"knsl-feature knsl-feature-author\">\n                <div class=\"knsl-icon-frame knsl-icon-author\"><img decoding=\"async\" src=\"https:\/\/secure.gravatar.com\/avatar\/b16ff0e644108a0fdc1d757bc49bd51c056caefaa17542edbd6cdc7d6c96aef2?s=96&#038;d=mm&#038;r=g\" alt=\"Kevin\" \/><\/div>\n                <span>Kevin<\/span>\n      <\/div>\n\n      \t  \t<div class=\"knsl-feature knsl-feature-date\">\n        <div class=\"knsl-icon-frame\"><span class=\"img-svg img-svg-time\"><\/span><\/div>\n        <span>21 z\u00e1\u0159\u00ed 2023<\/span>\n      <\/div>\n\t  \t    <\/div>\n    <a href=\"https:\/\/yourmadeirarentals.com\/cs\/seven-reasons-for-your-magical-holiday-in-madeira-island\/\" class=\"knsl-title\">\n      <h4 class=\"knsl-mb-20\">Sedm d\u016fvod\u016f pro kouzelnou dovolenou na ostrov\u011b Madeira<\/h4>\n    <\/a>\n    <div class=\"knsl-text-light knsl-text-sm\">\n    \t<p>Ostrov Madeira, perla Atlantsk\u00e9ho oce\u00e1nu! Uhn\u00edzd\u011bn\u00fd v srdci Atlantiku... <span class=\"knsl-el-more\"><a href=\"https:\/\/yourmadeirarentals.com\/cs\/seven-reasons-for-your-magical-holiday-in-madeira-island\/\" class=\"knsl-btn\">P\u0159e\u010dt\u011bte si v\u00edce<span class=\"screen-reader-text\">\u010ct\u011bte v\u00edce Sedm d\u016fvod\u016f pro kouzelnou dovolenou na ostrov\u011b Madeira<\/span><\/a><\/span><\/p>\n    <\/div>\n  <\/div>\n  <\/div>\n<\/div>\n<!-- blog card end -->\n\n\n\t\t\t\t<\/div>\n\t\t\t\t\t\t\t\t<div class=\"col-md-6 col-lg-4\">\n\n\t\t\t\t\t\n\n\n<!-- blog card -->\n<div class=\"knsl-blog-card\">\n  <div id=\"post-1182\" class=\"post-1182 post type-post status-publish format-standard has-post-thumbnail hentry category-travel tag-resort tag-tour tag-travel\">\n    <div class=\"knsl-cover-frame\">\n    <a href=\"https:\/\/yourmadeirarentals.com\/cs\/unleashing-adventures-for-your-madeira-island-holiday\/\">\n    \t    \t<img decoding=\"async\" src=\"https:\/\/yourmadeirarentals.com\/wp-content\/uploads\/2023\/10\/Mountain-at-sunrise-950x616.jpg\" alt=\"Unleashing Adventures for Your Madeira Island Holiday\" \/>\n    \t    <\/a>\n\t\t<div class=\"knsl-badge\">\n\t\t\tCestov\u00e1n\u00ed\t\t<\/div>\n  <\/div>\n    <div class=\"knsl-description-frame\">\n    <div class=\"knsl-room-features\">\n      <div class=\"knsl-feature knsl-feature-author\">\n                <div class=\"knsl-icon-frame knsl-icon-author\"><img decoding=\"async\" src=\"https:\/\/secure.gravatar.com\/avatar\/b16ff0e644108a0fdc1d757bc49bd51c056caefaa17542edbd6cdc7d6c96aef2?s=96&#038;d=mm&#038;r=g\" alt=\"Kevin\" \/><\/div>\n                <span>Kevin<\/span>\n      <\/div>\n\n      \t  \t<div class=\"knsl-feature knsl-feature-date\">\n        <div class=\"knsl-icon-frame\"><span class=\"img-svg img-svg-time\"><\/span><\/div>\n        <span>21 prosince 2021<\/span>\n      <\/div>\n\t  \t    <\/div>\n    <a href=\"https:\/\/yourmadeirarentals.com\/cs\/unleashing-adventures-for-your-madeira-island-holiday\/\" class=\"knsl-title\">\n      <h4 class=\"knsl-mb-20\">Uvoln\u011bn\u00ed dobrodru\u017estv\u00ed pro va\u0161i dovolenou na ostrov\u011b Madeira<\/h4>\n    <\/a>\n    <div class=\"knsl-text-light knsl-text-sm\">\n    \t<p>Ostrov Madeira, rajsk\u00fd klenot uprost\u0159ed Atlantsk\u00e9ho oce\u00e1nu, je... <span class=\"knsl-el-more\"><a href=\"https:\/\/yourmadeirarentals.com\/cs\/unleashing-adventures-for-your-madeira-island-holiday\/\" class=\"knsl-btn\">P\u0159e\u010dt\u011bte si v\u00edce<span class=\"screen-reader-text\">\u010ct\u011bte v\u00edce Uvoln\u011bte dobrodru\u017estv\u00ed pro svou dovolenou na ostrov\u011b Madeira<\/span><\/a><\/span><\/p>\n    <\/div>\n  <\/div>\n  <\/div>\n<\/div>\n<!-- blog card end -->\n\n\n\t\t\t\t<\/div>\n\t\t\t\t\t\t\t\t<div class=\"col-md-6 col-lg-4\">\n\n\t\t\t\t\t\n\n\n<!-- blog card -->\n<div class=\"knsl-blog-card\">\n  <div id=\"post-1179\" class=\"post-1179 post type-post status-publish format-standard has-post-thumbnail hentry category-places tag-sea tag-tour tag-travel tag-trip\">\n    <div class=\"knsl-cover-frame\">\n    <a href=\"https:\/\/yourmadeirarentals.com\/cs\/the-enchanting-history-of-madeira-island\/\">\n    \t    \t<img decoding=\"async\" src=\"https:\/\/yourmadeirarentals.com\/wp-content\/uploads\/2023\/10\/Sea-Mountain-950x680.jpg\" alt=\"The Enchanting History of Madeira Island\" \/>\n    \t    <\/a>\n\t\t<div class=\"knsl-badge\">\n\t\t\tM\u00edsta\t\t<\/div>\n  <\/div>\n    <div class=\"knsl-description-frame\">\n    <div class=\"knsl-room-features\">\n      <div class=\"knsl-feature knsl-feature-author\">\n                <div class=\"knsl-icon-frame knsl-icon-author\"><img decoding=\"async\" src=\"https:\/\/secure.gravatar.com\/avatar\/b16ff0e644108a0fdc1d757bc49bd51c056caefaa17542edbd6cdc7d6c96aef2?s=96&#038;d=mm&#038;r=g\" alt=\"Kevin\" \/><\/div>\n                <span>Kevin<\/span>\n      <\/div>\n\n      \t  \t<div class=\"knsl-feature knsl-feature-date\">\n        <div class=\"knsl-icon-frame\"><span class=\"img-svg img-svg-time\"><\/span><\/div>\n        <span>21 prosince 2021<\/span>\n      <\/div>\n\t  \t    <\/div>\n    <a href=\"https:\/\/yourmadeirarentals.com\/cs\/the-enchanting-history-of-madeira-island\/\" class=\"knsl-title\">\n      <h4 class=\"knsl-mb-20\">Okouzluj\u00edc\u00ed historie ostrova Madeira<\/h4>\n    <\/a>\n    <div class=\"knsl-text-light knsl-text-sm\">\n    \t<p>Cesta \u010dasem! Ostrov Madeira, bujn\u00fd a podmaniv\u00fd r\u00e1j v Atlantiku, je... <span class=\"knsl-el-more\"><a href=\"https:\/\/yourmadeirarentals.com\/cs\/the-enchanting-history-of-madeira-island\/\" class=\"knsl-btn\">P\u0159e\u010dt\u011bte si v\u00edce<span class=\"screen-reader-text\">\u010ct\u011bte v\u00edce Okouzluj\u00edc\u00ed historie ostrova Madeira<\/span><\/a><\/span><\/p>\n    <\/div>\n  <\/div>\n  <\/div>\n<\/div>\n<!-- blog card end -->\n\n\n\t\t\t\t<\/div>\n\t\t\t\t\n\t      \t\t\n\t\t\t\t\t\t\t\t\n\t\t\t<\/div>\n\t\t<\/div>\t\t<\/section>\n\n\t\t\t\t\t\t<\/div>\n\t\t\t\t<\/div>\n\t\t\t\t\t<\/div>\n\t\t<\/div>\n\t\t\t\t\t<\/div>\n\t\t<\/section>\n\t\t\t\t<\/div>","protected":false},"excerpt":{"rendered":"<p>About us Your Madeira &#8211; Rentals Welcome to the website of Your Madeira &#8211;&#8230; <span class=\"knsl-el-more\"><a href=\"https:\/\/yourmadeirarentals.com\/cs\/the-enchanting-history-of-madeira-island\/\" class=\"knsl-btn\">P\u0159e\u010dt\u011bte si v\u00edce<span class=\"screen-reader-text\">\u010ct\u011bte v\u00edce Okouzluj\u00edc\u00ed historie ostrova Madeira<\/span><\/a><\/span><\/p>","protected":false},"author":1,"featured_media":0,"parent":0,"menu_order":0,"comment_status":"closed","ping_status":"closed","template":"template-layout-builder.php","meta":{"_acf_changed":false,"footnotes":""},"class_list":["post-287","page","type-page","status-publish","hentry"],"acf":[],"_links":{"self":[{"href":"https:\/\/yourmadeirarentals.com\/cs\/wp-json\/wp\/v2\/pages\/287","targetHints":{"allow":["GET"]}}],"collection":[{"href":"https:\/\/yourmadeirarentals.com\/cs\/wp-json\/wp\/v2\/pages"}],"about":[{"href":"https:\/\/yourmadeirarentals.com\/cs\/wp-json\/wp\/v2\/types\/page"}],"author":[{"embeddable":true,"href":"https:\/\/yourmadeirarentals.com\/cs\/wp-json\/wp\/v2\/users\/1"}],"replies":[{"embeddable":true,"href":"https:\/\/yourmadeirarentals.com\/cs\/wp-json\/wp\/v2\/comments?post=287"}],"version-history":[{"count":293,"href":"https:\/\/yourmadeirarentals.com\/cs\/wp-json\/wp\/v2\/pages\/287\/revisions"}],"predecessor-version":[{"id":28296,"href":"https:\/\/yourmadeirarentals.com\/cs\/wp-json\/wp\/v2\/pages\/287\/revisions\/28296"}],"wp:attachment":[{"href":"https:\/\/yourmadeirarentals.com\/cs\/wp-json\/wp\/v2\/media?parent=287"}],"curies":[{"name":"wp","href":"https:\/\/api.w.org\/{rel}","templated":true}]}}