{"id":1192,"date":"2021-11-25T01:57:12","date_gmt":"2021-11-25T01:57:12","guid":{"rendered":"https:\/\/kinsley-demo.bslthemes.com\/?post_type=mphb_room_type&#038;p=1192"},"modified":"2026-02-13T09:17:06","modified_gmt":"2026-02-13T09:17:06","slug":"myvilla-do-sol","status":"publish","type":"mphb_room_type","link":"https:\/\/yourmadeirarentals.com\/fr\/accommodation\/myvilla-do-sol\/","title":{"rendered":"Casa Bondi - Ponta do Sol"},"content":{"rendered":"\t\t<div data-elementor-type=\"wp-post\" data-elementor-id=\"1192\" class=\"elementor elementor-1192\">\n\t\t\t\t\t\t<section class=\"elementor-section elementor-top-section elementor-element elementor-element-25b386f2 set-sticky-container elementor-reverse-mobile elementor-reverse-tablet elementor-section-boxed elementor-section-height-default elementor-section-height-default\" data-id=\"25b386f2\" data-element_type=\"section\" data-e-type=\"section\" data-settings=\"{&quot;background_background&quot;:&quot;classic&quot;}\">\n\t\t\t\t\t\t<div class=\"elementor-container elementor-column-gap-default\">\n\t\t\t\t\t<div class=\"elementor-column elementor-col-66 elementor-top-column elementor-element elementor-element-45d4b9cf\" data-id=\"45d4b9cf\" data-element_type=\"column\" data-e-type=\"column\">\n\t\t\t<div class=\"elementor-widget-wrap elementor-element-populated\">\n\t\t\t\t\t\t<section class=\"elementor-section elementor-inner-section elementor-element elementor-element-18fbe96f elementor-section-full_width elementor-section-height-default elementor-section-height-default\" data-id=\"18fbe96f\" data-element_type=\"section\" data-e-type=\"section\">\n\t\t\t\t\t\t<div class=\"elementor-container elementor-column-gap-no\">\n\t\t\t\t\t<div class=\"elementor-column elementor-col-100 elementor-inner-column elementor-element elementor-element-39c6d584\" data-id=\"39c6d584\" data-element_type=\"column\" data-e-type=\"column\">\n\t\t\t<div class=\"elementor-widget-wrap elementor-element-populated\">\n\t\t\t\t\t\t<div class=\"elementor-element elementor-element-4f7be357 elementor-widget elementor-widget-kinsley-photo-gallery\" data-id=\"4f7be357\" data-element_type=\"widget\" data-e-type=\"widget\" data-widget_type=\"kinsley-photo-gallery.default\">\n\t\t\t\t<div class=\"elementor-widget-container\">\n\t\t\t\t\t\n\t\t<div class=\"knsl-room-detail-slider-frame knsl-mb-60\">\n\t\t\t\n\t\t\t\n\t\t\t\n\t\t\t\n\t\t<\/div>\n\n\t\t\t\t\t\t<\/div>\n\t\t\t\t<\/div>\n\t\t\t\t\t<\/div>\n\t\t<\/div>\n\t\t\t\t\t<\/div>\n\t\t<\/section>\n\t\t\t\t<section class=\"elementor-section elementor-inner-section elementor-element elementor-element-4d1eb433 elementor-section-full_width elementor-section-height-default elementor-section-height-default\" data-id=\"4d1eb433\" data-element_type=\"section\" data-e-type=\"section\" data-settings=\"{&quot;background_background&quot;:&quot;classic&quot;}\">\n\t\t\t\t\t\t<div class=\"elementor-container elementor-column-gap-no\">\n\t\t\t\t\t<div class=\"elementor-column elementor-col-100 elementor-inner-column elementor-element elementor-element-23ea9672\" data-id=\"23ea9672\" data-element_type=\"column\" data-e-type=\"column\">\n\t\t\t<div class=\"elementor-widget-wrap elementor-element-populated\">\n\t\t\t\t\t\t<div class=\"elementor-element elementor-element-3c21a2ef elementor-widget elementor-widget-heading\" data-id=\"3c21a2ef\" data-element_type=\"widget\" data-e-type=\"widget\" data-widget_type=\"heading.default\">\n\t\t\t\t<div class=\"elementor-widget-container\">\n\t\t\t\t\t<h2 class=\"elementor-heading-title elementor-size-default\">Casa Bondi - Ocean view &amp; heated pool<\/h2>\t\t\t\t<\/div>\n\t\t\t\t<\/div>\n\t\t\t\t<div class=\"elementor-element elementor-element-3bc34c3a elementor-position-left elementor-vertical-align-top elementor-widget elementor-widget-image-box\" data-id=\"3bc34c3a\" data-element_type=\"widget\" data-e-type=\"widget\" data-widget_type=\"image-box.default\">\n\t\t\t\t<div class=\"elementor-widget-container\">\n\t\t\t\t\t<div class=\"elementor-image-box-wrapper\"><figure class=\"elementor-image-box-img\"><img decoding=\"async\" width=\"32\" height=\"32\" src=\"https:\/\/yourmadeirarentals.com\/wp-content\/uploads\/2021\/12\/location.png\" class=\"attachment-full size-full wp-image-3907\" alt=\"\"><\/figure><div class=\"elementor-image-box-content\"><h3 class=\"elementor-image-box-title\">Estrada do Livramento 71A,  Levada poiso, 9360-537 Ponta do Sol <\/h3><\/div><\/div>\t\t\t\t<\/div>\n\t\t\t\t<\/div>\n\t\t\t\t\t<\/div>\n\t\t<\/div>\n\t\t\t\t\t<\/div>\n\t\t<\/section>\n\t\t\t\t<section class=\"elementor-section elementor-inner-section elementor-element elementor-element-54d9619b elementor-section-full_width elementor-section-height-default elementor-section-height-default\" data-id=\"54d9619b\" data-element_type=\"section\" data-e-type=\"section\" data-settings=\"{&quot;background_background&quot;:&quot;classic&quot;}\">\n\t\t\t\t\t\t<div class=\"elementor-container elementor-column-gap-no\">\n\t\t\t\t\t<div class=\"elementor-column elementor-col-100 elementor-inner-column elementor-element elementor-element-616d38d5\" data-id=\"616d38d5\" data-element_type=\"column\" data-e-type=\"column\">\n\t\t\t<div class=\"elementor-widget-wrap elementor-element-populated\">\n\t\t\t\t\t\t<div class=\"elementor-element elementor-element-1cad270f elementor-position-left elementor-vertical-align-top elementor-widget elementor-widget-image-box\" data-id=\"1cad270f\" data-element_type=\"widget\" data-e-type=\"widget\" data-widget_type=\"image-box.default\">\n\t\t\t\t<div class=\"elementor-widget-container\">\n\t\t\t\t\t<div class=\"elementor-image-box-wrapper\"><figure class=\"elementor-image-box-img\"><img decoding=\"async\" width=\"32\" height=\"32\" src=\"https:\/\/yourmadeirarentals.com\/wp-content\/uploads\/2021\/09\/pool-1.png\" class=\"attachment-full size-full wp-image-21892\" alt=\"\" srcset=\"https:\/\/yourmadeirarentals.com\/wp-content\/uploads\/2021\/09\/pool-1.png 32w, https:\/\/yourmadeirarentals.com\/wp-content\/uploads\/2021\/09\/pool-1-12x12.png 12w\" sizes=\"(max-width: 32px) 100vw, 32px\" \/><\/figure><div class=\"elementor-image-box-content\"><h3 class=\"elementor-image-box-title\">Dive right in<\/h3><p class=\"elementor-image-box-description\">This is one of the few places in the area with a pool.<\/p><\/div><\/div>\t\t\t\t<\/div>\n\t\t\t\t<\/div>\n\t\t\t\t<div class=\"elementor-element elementor-element-58d0a70 elementor-position-left elementor-vertical-align-top elementor-widget elementor-widget-image-box\" data-id=\"58d0a70\" data-element_type=\"widget\" data-e-type=\"widget\" data-widget_type=\"image-box.default\">\n\t\t\t\t<div class=\"elementor-widget-container\">\n\t\t\t\t\t<div class=\"elementor-image-box-wrapper\"><figure class=\"elementor-image-box-img\"><img decoding=\"async\" width=\"32\" height=\"32\" src=\"https:\/\/yourmadeirarentals.com\/wp-content\/uploads\/2021\/09\/door-1.png\" class=\"attachment-full size-full wp-image-21898\" alt=\"\" srcset=\"https:\/\/yourmadeirarentals.com\/wp-content\/uploads\/2021\/09\/door-1.png 32w, https:\/\/yourmadeirarentals.com\/wp-content\/uploads\/2021\/09\/door-1-12x12.png 12w\" sizes=\"(max-width: 32px) 100vw, 32px\" \/><\/figure><div class=\"elementor-image-box-content\"><h3 class=\"elementor-image-box-title\">24-hour self check-in<\/h3><p class=\"elementor-image-box-description\">Check yourself in with the lockbox whenever you arrive.<\/p><\/div><\/div>\t\t\t\t<\/div>\n\t\t\t\t<\/div>\n\t\t\t\t<div class=\"elementor-element elementor-element-8413f83 elementor-position-left elementor-vertical-align-top elementor-widget elementor-widget-image-box\" data-id=\"8413f83\" data-element_type=\"widget\" data-e-type=\"widget\" data-widget_type=\"image-box.default\">\n\t\t\t\t<div class=\"elementor-widget-container\">\n\t\t\t\t\t<div class=\"elementor-image-box-wrapper\"><figure class=\"elementor-image-box-img\"><img loading=\"lazy\" decoding=\"async\" width=\"32\" height=\"32\" src=\"https:\/\/yourmadeirarentals.com\/wp-content\/uploads\/2021\/09\/sunset-1.png\" class=\"attachment-full size-full wp-image-21894\" alt=\"\" srcset=\"https:\/\/yourmadeirarentals.com\/wp-content\/uploads\/2021\/09\/sunset-1.png 32w, https:\/\/yourmadeirarentals.com\/wp-content\/uploads\/2021\/09\/sunset-1-12x12.png 12w\" sizes=\"(max-width: 32px) 100vw, 32px\" \/><\/figure><div class=\"elementor-image-box-content\"><h3 class=\"elementor-image-box-title\">Ocean and mountain views<\/h3><p class=\"elementor-image-box-description\">Soak up the views during your stay.<\/p><\/div><\/div>\t\t\t\t<\/div>\n\t\t\t\t<\/div>\n\t\t\t\t\t<\/div>\n\t\t<\/div>\n\t\t\t\t\t<\/div>\n\t\t<\/section>\n\t\t\t\t<section class=\"elementor-section elementor-inner-section elementor-element elementor-element-410918cb elementor-section-full_width elementor-section-height-default elementor-section-height-default\" data-id=\"410918cb\" data-element_type=\"section\" data-e-type=\"section\" data-settings=\"{&quot;background_background&quot;:&quot;classic&quot;}\">\n\t\t\t\t\t\t<div class=\"elementor-container elementor-column-gap-no\">\n\t\t\t\t\t<div class=\"elementor-column elementor-col-100 elementor-inner-column elementor-element elementor-element-16f52286\" data-id=\"16f52286\" data-element_type=\"column\" data-e-type=\"column\">\n\t\t\t<div class=\"elementor-widget-wrap elementor-element-populated\">\n\t\t\t\t\t\t<div class=\"elementor-element elementor-element-3d99dfc elementor-widget elementor-widget-kinsley-room-description\" data-id=\"3d99dfc\" data-element_type=\"widget\" data-e-type=\"widget\" data-widget_type=\"kinsley-room-description.default\">\n\t\t\t\t<div class=\"elementor-widget-container\">\n\t\t\t\t\t\n\t\t<!-- description -->\n\t\t<section class=\"knsl-mb-60\">\n\t\t\t\t\t\t<h3 class=\"knsl-title--h knsl-mb-40\">\n\t\t\t\t<span >\n\t\t\t\t\tEntire home hosted by Kevin\t\t\t\t<\/span>\n\t\t\t<\/h3>\n\t\t\t\t\t\t\t\t\t<div class=\"knsl-text\">\n\t\t\t\t<div >\n\t\t\t\t\t<p>Casa Bondi is a stunning villa in the Banana Valley of Ponta do Sol, close to beaches, hikes, and local spots. Enjoy breathtaking sea and mountain views from the spacious terrace with BBQ overlooking banana plantations. Relax in the heated private pool or the large living space. The villa has 3 bedrooms (each with balcony), 3 bathrooms (1 en suite), a guest WC, a fully equipped kitchen, and a unique outdoor kitchen.<\/p>\t\t\t\t<\/div>\n\t\t\t<\/div>\n\t\t\t\t\t<\/section>\n\t\t<!-- description end -->\n\n\t\t\t\t\t\t<\/div>\n\t\t\t\t<\/div>\n\t\t\t\t\t<\/div>\n\t\t<\/div>\n\t\t\t\t\t<\/div>\n\t\t<\/section>\n\t\t\t\t<section class=\"elementor-section elementor-inner-section elementor-element elementor-element-5087406c elementor-section-full_width elementor-section-height-default elementor-section-height-default\" data-id=\"5087406c\" data-element_type=\"section\" data-e-type=\"section\">\n\t\t\t\t\t\t<div class=\"elementor-container elementor-column-gap-no\">\n\t\t\t\t\t<div class=\"elementor-column elementor-col-100 elementor-inner-column elementor-element elementor-element-3ece308\" data-id=\"3ece308\" data-element_type=\"column\" data-e-type=\"column\">\n\t\t\t<div class=\"elementor-widget-wrap elementor-element-populated\">\n\t\t\t\t\t\t<div class=\"elementor-element elementor-element-57ebad78 elementor-widget elementor-widget-kinsley-room-attributes\" data-id=\"57ebad78\" data-element_type=\"widget\" data-e-type=\"widget\" id=\"custom_attribute\" data-widget_type=\"kinsley-room-attributes.default\">\n\t\t\t\t<div class=\"elementor-widget-container\">\n\t\t\t\t\t\n\t\t<!-- room info -->\n\t\t<div class=\"knsl-room-features-lg knsl-mb-20 show-view show-bed-type show-custom-attribute\">\n\t\t\t\t\t<\/div>\n\t\t<!-- room info end -->\n\n\t\t\t\t\t\t<\/div>\n\t\t\t\t<\/div>\n\t\t\t\t\t<\/div>\n\t\t<\/div>\n\t\t\t\t\t<\/div>\n\t\t<\/section>\n\t\t\t\t<section class=\"elementor-section elementor-inner-section elementor-element elementor-element-21e0619 elementor-section-full_width elementor-section-height-default elementor-section-height-default\" data-id=\"21e0619\" data-element_type=\"section\" data-e-type=\"section\">\n\t\t\t\t\t\t<div class=\"elementor-container elementor-column-gap-no\">\n\t\t\t\t\t<div class=\"elementor-column elementor-col-100 elementor-inner-column elementor-element elementor-element-41aa2688\" data-id=\"41aa2688\" data-element_type=\"column\" data-e-type=\"column\">\n\t\t\t<div class=\"elementor-widget-wrap elementor-element-populated\">\n\t\t\t\t\t\t<div class=\"elementor-element elementor-element-38eb1442 elementor-widget elementor-widget-heading\" data-id=\"38eb1442\" data-element_type=\"widget\" data-e-type=\"widget\" data-widget_type=\"heading.default\">\n\t\t\t\t<div class=\"elementor-widget-container\">\n\t\t\t\t\t<h3 class=\"elementor-heading-title elementor-size-default\">Where you'll sleep<\/h3>\t\t\t\t<\/div>\n\t\t\t\t<\/div>\n\t\t\t\t\t<\/div>\n\t\t<\/div>\n\t\t\t\t\t<\/div>\n\t\t<\/section>\n\t\t\t\t<section class=\"elementor-section elementor-inner-section elementor-element elementor-element-4f752b9d elementor-section-full_width elementor-section-height-default elementor-section-height-default\" data-id=\"4f752b9d\" data-element_type=\"section\" data-e-type=\"section\" id=\"bedroom_img\">\n\t\t\t\t\t\t<div class=\"elementor-container elementor-column-gap-no\">\n\t\t\t\t\t<div class=\"elementor-column elementor-col-33 elementor-inner-column elementor-element elementor-element-50176b04\" data-id=\"50176b04\" data-element_type=\"column\" data-e-type=\"column\">\n\t\t\t<div class=\"elementor-widget-wrap elementor-element-populated\">\n\t\t\t\t\t\t<div class=\"elementor-element elementor-element-aa0e625 elementor-position-top elementor-widget elementor-widget-image-box\" data-id=\"aa0e625\" data-element_type=\"widget\" data-e-type=\"widget\" data-widget_type=\"image-box.default\">\n\t\t\t\t<div class=\"elementor-widget-container\">\n\t\t\t\t\t<div class=\"elementor-image-box-wrapper\"><figure class=\"elementor-image-box-img\"><img decoding=\"async\" src=\"https:\/\/yourmadeirarentals.com\/wp-content\/uploads\/elementor\/thumbs\/double-bed-qav2ylarv3xc3i5znsbpfrya110wqhhxu0040j48hc.png\" title=\"double-bed\" alt=\"double-bed\" loading=\"lazy\" \/><\/figure><div class=\"elementor-image-box-content\"><h3 class=\"elementor-image-box-title\">Bedroom 1<\/h3><p class=\"elementor-image-box-description\">1 queen bed<\/p><\/div><\/div>\t\t\t\t<\/div>\n\t\t\t\t<\/div>\n\t\t\t\t\t<\/div>\n\t\t<\/div>\n\t\t\t\t<div class=\"elementor-column elementor-col-33 elementor-inner-column elementor-element elementor-element-196046c3\" data-id=\"196046c3\" data-element_type=\"column\" data-e-type=\"column\">\n\t\t\t<div class=\"elementor-widget-wrap elementor-element-populated\">\n\t\t\t\t\t\t<div class=\"elementor-element elementor-element-33ae5a16 elementor-position-top elementor-widget elementor-widget-image-box\" data-id=\"33ae5a16\" data-element_type=\"widget\" data-e-type=\"widget\" data-widget_type=\"image-box.default\">\n\t\t\t\t<div class=\"elementor-widget-container\">\n\t\t\t\t\t<div class=\"elementor-image-box-wrapper\"><figure class=\"elementor-image-box-img\"><img decoding=\"async\" src=\"https:\/\/yourmadeirarentals.com\/wp-content\/uploads\/elementor\/thumbs\/double-bed-qav2ylarv3xc3i5znsbpfrya110wqhhxu0040j48hc.png\" title=\"double-bed\" alt=\"double-bed\" loading=\"lazy\" \/><\/figure><div class=\"elementor-image-box-content\"><h3 class=\"elementor-image-box-title\">Bedroom 2<\/h3><p class=\"elementor-image-box-description\">1 queen bed<\/p><\/div><\/div>\t\t\t\t<\/div>\n\t\t\t\t<\/div>\n\t\t\t\t\t<\/div>\n\t\t<\/div>\n\t\t\t\t<div class=\"elementor-column elementor-col-33 elementor-inner-column elementor-element elementor-element-1c8d15b1\" data-id=\"1c8d15b1\" data-element_type=\"column\" data-e-type=\"column\">\n\t\t\t<div class=\"elementor-widget-wrap elementor-element-populated\">\n\t\t\t\t\t\t<div class=\"elementor-element elementor-element-3b6b696a elementor-position-top elementor-widget elementor-widget-image-box\" data-id=\"3b6b696a\" data-element_type=\"widget\" data-e-type=\"widget\" data-widget_type=\"image-box.default\">\n\t\t\t\t<div class=\"elementor-widget-container\">\n\t\t\t\t\t<div class=\"elementor-image-box-wrapper\"><figure class=\"elementor-image-box-img\"><img decoding=\"async\" src=\"https:\/\/yourmadeirarentals.com\/wp-content\/uploads\/elementor\/thumbs\/2-single_beds-qay8r3l5d1da0b06ydjx7q8czjl565q01boo00dbao.png\" title=\"2-single_beds\" alt=\"2-single_beds\" loading=\"lazy\" \/><\/figure><div class=\"elementor-image-box-content\"><h3 class=\"elementor-image-box-title\">Bedroom 3<\/h3><p class=\"elementor-image-box-description\">2 single beds<\/p><\/div><\/div>\t\t\t\t<\/div>\n\t\t\t\t<\/div>\n\t\t\t\t\t<\/div>\n\t\t<\/div>\n\t\t\t\t\t<\/div>\n\t\t<\/section>\n\t\t\t\t<section class=\"elementor-section elementor-inner-section elementor-element elementor-element-6a5d14fa elementor-section-full_width elementor-section-height-default elementor-section-height-default\" data-id=\"6a5d14fa\" data-element_type=\"section\" data-e-type=\"section\">\n\t\t\t\t\t\t<div class=\"elementor-container elementor-column-gap-no\">\n\t\t\t\t\t<div class=\"elementor-column elementor-col-100 elementor-inner-column elementor-element elementor-element-7748d278\" data-id=\"7748d278\" data-element_type=\"column\" data-e-type=\"column\">\n\t\t\t<div class=\"elementor-widget-wrap elementor-element-populated\">\n\t\t\t\t\t\t<div class=\"elementor-element elementor-element-4817f0c6 elementor-widget elementor-widget-kinsley-room-amenity\" data-id=\"4817f0c6\" data-element_type=\"widget\" data-e-type=\"widget\" data-widget_type=\"kinsley-room-amenity.default\">\n\t\t\t\t<div class=\"elementor-widget-container\">\n\t\t\t\t\t\n\t\t<!-- features -->\n\t\t<section class=\"knsl-mb-40\">\n\t\t\t<div class=\"row\">\n\t\t\t\t\t\t\t\t<div class=\"col-lg-12\">\n\t\t\t\t\t<h3 class=\"knsl-title--h knsl-mb-40\">\n\t\t\t\t\t\t<span >\n\t\t\t\t\t\t\tWhat this place offers\t\t\t\t\t\t<\/span>\n\t\t\t\t\t<\/h3>\n\t\t\t\t<\/div>\n\t\t\t\t\t\t\t\t\t\t\t\t\t\t\t\t<div class=\"col-6 col-md-3\">\n\n\t\t\t\t\t<!-- icon box -->\n\t\t\t\t\t<div class=\"knsl-icon-box knsl-icon-box-sm knsl-scroll-animation\">\n\t\t\t\t\t\t\t\t\t\t\t\t<a >\n\t\t\t\t\t\t\t\t\t\t\t\t\t\t<div class=\"mil-icon\">\n\t\t\t\t\t\t\t\t<img decoding=\"async\" src=\"https:\/\/yourmadeirarentals.com\/wp-content\/uploads\/2025\/08\/car-6.png\" alt=\"Free parking\" class=\" knsl-mb-10\" \/>\n\t\t\t\t\t\t\t<\/div>\n\t\t\t\t\t\t\t\t\t\t\t\t\t\t<h5>Free parking<\/h5>\n\t\t\t\t\t\t<\/a>\n\t\t\t\t\t<\/div>\n\t\t\t\t\t<!-- icon box end -->\n\n\t\t\t\t<\/div>\n\t\t\t\t\t\t\t\t<div class=\"col-6 col-md-3\">\n\n\t\t\t\t\t<!-- icon box -->\n\t\t\t\t\t<div class=\"knsl-icon-box knsl-icon-box-sm knsl-scroll-animation\">\n\t\t\t\t\t\t\t\t\t\t\t\t<a >\n\t\t\t\t\t\t\t\t\t\t\t\t\t\t<div class=\"mil-icon\">\n\t\t\t\t\t\t\t\t<img decoding=\"async\" src=\"https:\/\/yourmadeirarentals.com\/wp-content\/uploads\/2025\/08\/cutlery.png\" alt=\"Kitchen\" class=\" knsl-mb-10\" \/>\n\t\t\t\t\t\t\t<\/div>\n\t\t\t\t\t\t\t\t\t\t\t\t\t\t<h5>Kitchen<\/h5>\n\t\t\t\t\t\t<\/a>\n\t\t\t\t\t<\/div>\n\t\t\t\t\t<!-- icon box end -->\n\n\t\t\t\t<\/div>\n\t\t\t\t\t\t\t\t<div class=\"col-6 col-md-3\">\n\n\t\t\t\t\t<!-- icon box -->\n\t\t\t\t\t<div class=\"knsl-icon-box knsl-icon-box-sm knsl-scroll-animation\">\n\t\t\t\t\t\t\t\t\t\t\t\t<a >\n\t\t\t\t\t\t\t\t\t\t\t\t\t\t<div class=\"mil-icon\">\n\t\t\t\t\t\t\t\t<img decoding=\"async\" src=\"https:\/\/yourmadeirarentals.com\/wp-content\/uploads\/2025\/08\/mountain.png\" alt=\"Mountain view\" class=\" knsl-mb-10\" \/>\n\t\t\t\t\t\t\t<\/div>\n\t\t\t\t\t\t\t\t\t\t\t\t\t\t<h5>Mountain view<\/h5>\n\t\t\t\t\t\t<\/a>\n\t\t\t\t\t<\/div>\n\t\t\t\t\t<!-- icon box end -->\n\n\t\t\t\t<\/div>\n\t\t\t\t\t\t\t\t<div class=\"col-6 col-md-3\">\n\n\t\t\t\t\t<!-- icon box -->\n\t\t\t\t\t<div class=\"knsl-icon-box knsl-icon-box-sm knsl-scroll-animation\">\n\t\t\t\t\t\t\t\t\t\t\t\t<a >\n\t\t\t\t\t\t\t\t\t\t\t\t\t\t<div class=\"mil-icon\">\n\t\t\t\t\t\t\t\t<img decoding=\"async\" src=\"https:\/\/yourmadeirarentals.com\/wp-content\/uploads\/2025\/08\/beach.png\" alt=\"Ocean view\" class=\" knsl-mb-10\" \/>\n\t\t\t\t\t\t\t<\/div>\n\t\t\t\t\t\t\t\t\t\t\t\t\t\t<h5>Ocean view<\/h5>\n\t\t\t\t\t\t<\/a>\n\t\t\t\t\t<\/div>\n\t\t\t\t\t<!-- icon box end -->\n\n\t\t\t\t<\/div>\n\t\t\t\t\t\t\t\t<div class=\"col-6 col-md-3\">\n\n\t\t\t\t\t<!-- icon box -->\n\t\t\t\t\t<div class=\"knsl-icon-box knsl-icon-box-sm knsl-scroll-animation\">\n\t\t\t\t\t\t\t\t\t\t\t\t<a >\n\t\t\t\t\t\t\t\t\t\t\t\t\t\t<div class=\"mil-icon\">\n\t\t\t\t\t\t\t\t<img decoding=\"async\" src=\"https:\/\/yourmadeirarentals.com\/wp-content\/uploads\/2025\/08\/pool-2.png\" alt=\"Private pool\" class=\" knsl-mb-10\" \/>\n\t\t\t\t\t\t\t<\/div>\n\t\t\t\t\t\t\t\t\t\t\t\t\t\t<h5>Private pool<\/h5>\n\t\t\t\t\t\t<\/a>\n\t\t\t\t\t<\/div>\n\t\t\t\t\t<!-- icon box end -->\n\n\t\t\t\t<\/div>\n\t\t\t\t\t\t\t\t<div class=\"col-6 col-md-3\">\n\n\t\t\t\t\t<!-- icon box -->\n\t\t\t\t\t<div class=\"knsl-icon-box knsl-icon-box-sm knsl-scroll-animation\">\n\t\t\t\t\t\t\t\t\t\t\t\t<a >\n\t\t\t\t\t\t\t\t\t\t\t\t\t\t<div class=\"mil-icon\">\n\t\t\t\t\t\t\t\t<img decoding=\"async\" src=\"https:\/\/yourmadeirarentals.com\/wp-content\/uploads\/2025\/08\/television.png\" alt=\"TV\" class=\" knsl-mb-10\" \/>\n\t\t\t\t\t\t\t<\/div>\n\t\t\t\t\t\t\t\t\t\t\t\t\t\t<h5>TV<\/h5>\n\t\t\t\t\t\t<\/a>\n\t\t\t\t\t<\/div>\n\t\t\t\t\t<!-- icon box end -->\n\n\t\t\t\t<\/div>\n\t\t\t\t\t\t\t\t<div class=\"col-6 col-md-3\">\n\n\t\t\t\t\t<!-- icon box -->\n\t\t\t\t\t<div class=\"knsl-icon-box knsl-icon-box-sm knsl-scroll-animation\">\n\t\t\t\t\t\t\t\t\t\t\t\t<a >\n\t\t\t\t\t\t\t\t\t\t\t\t\t\t<div class=\"mil-icon\">\n\t\t\t\t\t\t\t\t<img decoding=\"async\" src=\"https:\/\/yourmadeirarentals.com\/wp-content\/uploads\/2025\/08\/drying.png\" alt=\"Washing machine\" class=\" knsl-mb-10\" \/>\n\t\t\t\t\t\t\t<\/div>\n\t\t\t\t\t\t\t\t\t\t\t\t\t\t<h5>Washing machine<\/h5>\n\t\t\t\t\t\t<\/a>\n\t\t\t\t\t<\/div>\n\t\t\t\t\t<!-- icon box end -->\n\n\t\t\t\t<\/div>\n\t\t\t\t\t\t\t\t<div class=\"col-6 col-md-3\">\n\n\t\t\t\t\t<!-- icon box -->\n\t\t\t\t\t<div class=\"knsl-icon-box knsl-icon-box-sm knsl-scroll-animation\">\n\t\t\t\t\t\t\t\t\t\t\t\t<a >\n\t\t\t\t\t\t\t\t\t\t\t\t\t\t<div class=\"mil-icon\">\n\t\t\t\t\t\t\t\t<img decoding=\"async\" src=\"https:\/\/yourmadeirarentals.com\/wp-content\/uploads\/2025\/08\/wifi-1.png\" alt=\"Wifi\" class=\" knsl-mb-10\" \/>\n\t\t\t\t\t\t\t<\/div>\n\t\t\t\t\t\t\t\t\t\t\t\t\t\t<h5>Wifi<\/h5>\n\t\t\t\t\t\t<\/a>\n\t\t\t\t\t<\/div>\n\t\t\t\t\t<!-- icon box end -->\n\n\t\t\t\t<\/div>\n\t\t\t\t\t\t\t\t\t\t\t<\/div>\n\t\t<\/section>\n\t\t<!-- features end -->\n\n\t\t\t\t\t\t<\/div>\n\t\t\t\t<\/div>\n\t\t\t\t\t<\/div>\n\t\t<\/div>\n\t\t\t\t\t<\/div>\n\t\t<\/section>\n\t\t\t\t<section class=\"elementor-section elementor-inner-section elementor-element elementor-element-4f0a993 elementor-section-full_width elementor-section-height-default elementor-section-height-default\" data-id=\"4f0a993\" data-element_type=\"section\" data-e-type=\"section\">\n\t\t\t\t\t\t<div class=\"elementor-container elementor-column-gap-no\">\n\t\t\t\t\t<div class=\"elementor-column elementor-col-100 elementor-inner-column elementor-element elementor-element-4901fb24\" data-id=\"4901fb24\" data-element_type=\"column\" data-e-type=\"column\">\n\t\t\t<div class=\"elementor-widget-wrap elementor-element-populated\">\n\t\t\t\t\t\t<div class=\"elementor-element elementor-element-6637f489 elementor-widget elementor-widget-kinsley-availability-calendar\" data-id=\"6637f489\" data-element_type=\"widget\" data-e-type=\"widget\" data-widget_type=\"kinsley-availability-calendar.default\">\n\t\t\t\t<div class=\"elementor-widget-container\">\n\t\t\t\t\t\n                <h3 class=\"knsl-mb-40\">\n          <span >\n              Select Reservation Date          <\/span>\n        <\/h3>\n\t\t\t\t\n        <div class=\"mphb_sc_availability_calendar-wrapper  knsl-scroll-animation\">\t<div class=\"mphb-calendar mphb-datepick inlinePicker mphb-calendar--direct-booking\" data-room-type-id=\"1192\" data-monthstoshow=\"2\" data-is_show_prices=\"0\" data-is_truncate_prices=\"1\" data-is_show_prices_currency=\"0\" data-first_available_check_in_date=\"2026-05-17\"><\/div>\n\t<\/div>\t\t\t\t<\/div>\n\t\t\t\t<\/div>\n\t\t\t\t\t<\/div>\n\t\t<\/div>\n\t\t\t\t\t<\/div>\n\t\t<\/section>\n\t\t\t\t<section class=\"elementor-section elementor-inner-section elementor-element elementor-element-6133d661 elementor-section-full_width elementor-section-height-default elementor-section-height-default\" data-id=\"6133d661\" data-element_type=\"section\" data-e-type=\"section\">\n\t\t\t\t\t\t<div class=\"elementor-container elementor-column-gap-no\">\n\t\t\t\t\t<div class=\"elementor-column elementor-col-100 elementor-inner-column elementor-element elementor-element-328a2db9\" data-id=\"328a2db9\" data-element_type=\"column\" data-e-type=\"column\">\n\t\t\t<div class=\"elementor-widget-wrap elementor-element-populated\">\n\t\t\t\t\t\t<div class=\"elementor-element elementor-element-30f2e403 elementor-widget elementor-widget-kinsley-map\" data-id=\"30f2e403\" data-element_type=\"widget\" data-e-type=\"widget\" data-widget_type=\"kinsley-map.default\">\n\t\t\t\t<div class=\"elementor-widget-container\">\n\t\t\t\t\t\n\t\t<!-- map -->\n\t\t<section>\n\t\t\t<div class=\"row\">\n\t\t\t\t\t\t\t\t<div class=\"col-lg-12\">\n\t\t\t\t\t<h3 class=\"knsl-title--h knsl-mb-40\">\n\t\t\t\t\t\t<span >\n\t\t\t\t\t\t\tWhere you\u2019ll be\t\t\t\t\t\t<\/span>\n\t\t\t\t\t<\/h3>\n\t\t\t\t<\/div>\n\t\t\t\t\t\t\t\t<div class=\"col-lg-12\">\n\t\t\t\t\t<div class=\"knsl-map-frame knsl-mb-60\">\n\t\t\t\t\t\t<div class=\"knsl-lock\"><i class=\"fas fa-lock\"><\/i><\/div>\n\t\t\t\t\t\t<div id=\"map\" class=\"knsl-map\" data-key=\"pk.eyJ1Ijoia2VmYTkwIiwiYSI6ImNsbGdrZHkwZTBnOWozZHBxbzdqaDlydGYifQ.aPqNmJI8f7NxTkYL5NzTDA\" data-style=\"default\" data-zoom=\"15\" data-lng=\" -17.101790\" data-lat=\"32.687137\"><\/div>\n\t\t\t\t\t<\/div>\n\t\t\t\t<\/div>\n\t\t\t<\/div>\n\t\t<\/section>\n\t\t<!-- map end -->\n\n\t\t\t\t\t\t<\/div>\n\t\t\t\t<\/div>\n\t\t\t\t\t<\/div>\n\t\t<\/div>\n\t\t\t\t\t<\/div>\n\t\t<\/section>\n\t\t\t\t<section class=\"elementor-section elementor-inner-section elementor-element elementor-element-f03a9ec elementor-section-full_width elementor-section-height-default elementor-section-height-default\" data-id=\"f03a9ec\" data-element_type=\"section\" data-e-type=\"section\">\n\t\t\t\t\t\t<div class=\"elementor-container elementor-column-gap-no\">\n\t\t\t\t\t<div class=\"elementor-column elementor-col-100 elementor-inner-column elementor-element elementor-element-649ca1e\" data-id=\"649ca1e\" data-element_type=\"column\" data-e-type=\"column\">\n\t\t\t<div class=\"elementor-widget-wrap elementor-element-populated\">\n\t\t\t\t\t\t<div class=\"elementor-element elementor-element-36b5c54 elementor-widget elementor-widget-kinsley-room-services\" data-id=\"36b5c54\" data-element_type=\"widget\" data-e-type=\"widget\" data-widget_type=\"kinsley-room-services.default\">\n\t\t\t\t<div class=\"elementor-widget-container\">\n\t\t\t\t\t\n\t\t<!-- services -->\n\t\t<section class=\"knsl-mb-40\">\n\t\t\t<div class=\"row\">\n\t\t\t\t\t\t\t\t<div class=\"col-lg-12\">\n\t\t\t\t\t<h3 class=\"knsl-title--h knsl-mb-40\">\n\t\t\t\t\t\t<span >\n\t\t\t\t\t\t\t\tAround The Hotel\t\t\t\t\t\t<\/span>\n\t\t\t\t\t<\/h3>\n\t\t\t\t<\/div>\n\t\t\t\t\t\t\t\t\t\t\t\t\t\t\t\t<div class=\"col-md-6 col-lg-4\">\n\n\t\t\t\t\t<!-- service card -->\n\t\t\t\t\t<div class=\"knsl-ath-card knsl-scroll-animation\">\n\t\t\t\t\t\t\t\t\t\t\t\t\t\t\t\t\t\t<div class=\"knsl-cover-frame\">\n\t\t\t\t\t\t\t<a >\n\t\t\t\t\t\t\t\t<img decoding=\"async\" src=\"https:\/\/yourmadeirarentals.com\/wp-content\/uploads\/2023\/10\/Rental-car-950x384.jpg\" alt=\"Car Hire Service\" \/>\n\t\t\t\t\t\t\t<\/a>\n\t\t\t\t\t\t<\/div>\n\t\t\t\t\t\t\t\t\t\t\t\t<div class=\"knsl-card-description\">\n\t\t\t\t\t\t\t<h5>\n\t\t\t\t\t\t\t\t<a>Car Hire Service<\/a>\n\t\t\t\t\t\t\t<\/h5>\n\t\t\t\t\t\t<\/div>\n\t\t\t\t\t<\/div>\n\t\t\t\t\t<!-- service card end -->\n\n\t\t\t\t<\/div>\n\t\t\t\t\t\t\t\t<div class=\"col-md-6 col-lg-4\">\n\n\t\t\t\t\t<!-- service card -->\n\t\t\t\t\t<div class=\"knsl-ath-card knsl-scroll-animation\">\n\t\t\t\t\t\t\t\t\t\t\t\t\t\t\t\t\t\t<div class=\"knsl-cover-frame\">\n\t\t\t\t\t\t\t<a >\n\t\t\t\t\t\t\t\t<img decoding=\"async\" src=\"https:\/\/yourmadeirarentals.com\/wp-content\/uploads\/2023\/10\/House-Keeping-950x397.jpg\" alt=\"Housekeeping\" \/>\n\t\t\t\t\t\t\t<\/a>\n\t\t\t\t\t\t<\/div>\n\t\t\t\t\t\t\t\t\t\t\t\t<div class=\"knsl-card-description\">\n\t\t\t\t\t\t\t<h5>\n\t\t\t\t\t\t\t\t<a>Housekeeping<\/a>\n\t\t\t\t\t\t\t<\/h5>\n\t\t\t\t\t\t<\/div>\n\t\t\t\t\t<\/div>\n\t\t\t\t\t<!-- service card end -->\n\n\t\t\t\t<\/div>\n\t\t\t\t\t\t\t\t<div class=\"col-md-6 col-lg-4\">\n\n\t\t\t\t\t<!-- service card -->\n\t\t\t\t\t<div class=\"knsl-ath-card knsl-scroll-animation\">\n\t\t\t\t\t\t\t\t\t\t\t\t\t\t\t\t\t\t<div class=\"knsl-cover-frame\">\n\t\t\t\t\t\t\t<a >\n\t\t\t\t\t\t\t\t<img decoding=\"async\" src=\"https:\/\/yourmadeirarentals.com\/wp-content\/uploads\/2023\/10\/Pool-maintenace-950x368.jpg\" alt=\"Pool Maintenance\" \/>\n\t\t\t\t\t\t\t<\/a>\n\t\t\t\t\t\t<\/div>\n\t\t\t\t\t\t\t\t\t\t\t\t<div class=\"knsl-card-description\">\n\t\t\t\t\t\t\t<h5>\n\t\t\t\t\t\t\t\t<a>Pool Maintenance<\/a>\n\t\t\t\t\t\t\t<\/h5>\n\t\t\t\t\t\t<\/div>\n\t\t\t\t\t<\/div>\n\t\t\t\t\t<!-- service card end -->\n\n\t\t\t\t<\/div>\n\t\t\t\t\t\t\t\t<div class=\"col-md-6 col-lg-4\">\n\n\t\t\t\t\t<!-- service card -->\n\t\t\t\t\t<div class=\"knsl-ath-card knsl-scroll-animation\">\n\t\t\t\t\t\t\t\t\t\t\t\t\t\t\t\t\t\t<div class=\"knsl-cover-frame\">\n\t\t\t\t\t\t\t<a >\n\t\t\t\t\t\t\t\t<img decoding=\"async\" src=\"https:\/\/yourmadeirarentals.com\/wp-content\/uploads\/2023\/10\/Real-Estate-Digital-950x391.jpg\" alt=\"Real Estate Consulting Service\" \/>\n\t\t\t\t\t\t\t<\/a>\n\t\t\t\t\t\t<\/div>\n\t\t\t\t\t\t\t\t\t\t\t\t<div class=\"knsl-card-description\">\n\t\t\t\t\t\t\t<h5>\n\t\t\t\t\t\t\t\t<a>Real Estate Consulting Service<\/a>\n\t\t\t\t\t\t\t<\/h5>\n\t\t\t\t\t\t<\/div>\n\t\t\t\t\t<\/div>\n\t\t\t\t\t<!-- service card end -->\n\n\t\t\t\t<\/div>\n\t\t\t\t\t\t\t\t<div class=\"col-md-6 col-lg-4\">\n\n\t\t\t\t\t<!-- service card -->\n\t\t\t\t\t<div class=\"knsl-ath-card knsl-scroll-animation\">\n\t\t\t\t\t\t\t\t\t\t\t\t\t\t\t\t\t\t<div class=\"knsl-cover-frame\">\n\t\t\t\t\t\t\t<a >\n\t\t\t\t\t\t\t\t<img decoding=\"async\" src=\"https:\/\/yourmadeirarentals.com\/wp-content\/uploads\/2023\/10\/Yacht-At-Seaside-950x535.jpg\" alt=\"Tour Operation Service\" \/>\n\t\t\t\t\t\t\t<\/a>\n\t\t\t\t\t\t<\/div>\n\t\t\t\t\t\t\t\t\t\t\t\t<div class=\"knsl-card-description\">\n\t\t\t\t\t\t\t<h5>\n\t\t\t\t\t\t\t\t<a>Tour Operation Service<\/a>\n\t\t\t\t\t\t\t<\/h5>\n\t\t\t\t\t\t<\/div>\n\t\t\t\t\t<\/div>\n\t\t\t\t\t<!-- service card end -->\n\n\t\t\t\t<\/div>\n\t\t\t\t\t\t\t\t<div class=\"col-md-6 col-lg-4\">\n\n\t\t\t\t\t<!-- service card -->\n\t\t\t\t\t<div class=\"knsl-ath-card knsl-scroll-animation\">\n\t\t\t\t\t\t\t\t\t\t\t\t\t\t\t\t\t\t<div class=\"knsl-cover-frame\">\n\t\t\t\t\t\t\t<a >\n\t\t\t\t\t\t\t\t<img decoding=\"async\" src=\"https:\/\/yourmadeirarentals.com\/wp-content\/uploads\/2023\/10\/Beautiful-sunset-950x634.jpg\" alt=\"Travel Recommendations\" \/>\n\t\t\t\t\t\t\t<\/a>\n\t\t\t\t\t\t<\/div>\n\t\t\t\t\t\t\t\t\t\t\t\t<div class=\"knsl-card-description\">\n\t\t\t\t\t\t\t<h5>\n\t\t\t\t\t\t\t\t<a>Travel Recommendations<\/a>\n\t\t\t\t\t\t\t<\/h5>\n\t\t\t\t\t\t<\/div>\n\t\t\t\t\t<\/div>\n\t\t\t\t\t<!-- service card end -->\n\n\t\t\t\t<\/div>\n\t\t\t\t\t\t\t\t\t\t\t<\/div>\n\t\t<\/section>\n\t\t<!-- services end -->\n\n\t\t\t\t\t\t<\/div>\n\t\t\t\t<\/div>\n\t\t\t\t\t<\/div>\n\t\t<\/div>\n\t\t\t\t\t<\/div>\n\t\t<\/section>\n\t\t\t\t\t<\/div>\n\t\t<\/div>\n\t\t\t\t<div class=\"elementor-column elementor-col-33 elementor-top-column elementor-element elementor-element-33e780d6\" data-id=\"33e780d6\" data-element_type=\"column\" data-e-type=\"column\">\n\t\t\t<div class=\"elementor-widget-wrap elementor-element-populated\">\n\t\t\t\t\t\t<section class=\"elementor-section elementor-inner-section elementor-element elementor-element-23c59a05 elementor-section-full_width elementor-section-height-default elementor-section-height-default\" data-id=\"23c59a05\" data-element_type=\"section\" data-e-type=\"section\">\n\t\t\t\t\t\t<div class=\"elementor-container elementor-column-gap-no\">\n\t\t\t\t\t<div class=\"elementor-column elementor-col-100 elementor-inner-column elementor-element elementor-element-60341d25\" data-id=\"60341d25\" data-element_type=\"column\" data-e-type=\"column\">\n\t\t\t<div class=\"elementor-widget-wrap elementor-element-populated\">\n\t\t\t\t\t\t<div class=\"elementor-element elementor-element-1eeb6b6f elementor-widget elementor-widget-kinsley-room-attributes\" data-id=\"1eeb6b6f\" data-element_type=\"widget\" data-e-type=\"widget\" data-widget_type=\"kinsley-room-attributes.default\">\n\t\t\t\t<div class=\"elementor-widget-container\">\n\t\t\t\t\t\n\t\t<!-- room info -->\n\t\t<div class=\"knsl-room-features-lg knsl-mb-20 show-capacity show-size\">\n\t\t\t\t\t<\/div>\n\t\t<!-- room info end -->\n\n\t\t\t\t\t\t<\/div>\n\t\t\t\t<\/div>\n\t\t\t\t\t<\/div>\n\t\t<\/div>\n\t\t\t\t\t<\/div>\n\t\t<\/section>\n\t\t\t\t<section class=\"elementor-section elementor-inner-section elementor-element elementor-element-700e8c64 elementor-section-full_width elementor-section-height-default elementor-section-height-default\" data-id=\"700e8c64\" data-element_type=\"section\" data-e-type=\"section\">\n\t\t\t\t\t\t<div class=\"elementor-container elementor-column-gap-no\">\n\t\t\t\t\t<div class=\"elementor-column elementor-col-100 elementor-inner-column elementor-element elementor-element-1895f76b\" data-id=\"1895f76b\" data-element_type=\"column\" data-e-type=\"column\">\n\t\t\t<div class=\"elementor-widget-wrap elementor-element-populated\">\n\t\t\t\t\t\t<div class=\"elementor-element elementor-element-5e51c443 elementor-widget elementor-widget-kinsley-room-price\" data-id=\"5e51c443\" data-element_type=\"widget\" data-e-type=\"widget\" data-widget_type=\"kinsley-room-price.default\">\n\t\t\t\t<div class=\"elementor-widget-container\">\n\t\t\t\t\t\n\t\t<div class=\"knsl-price-card knsl-mb-20\">\n            <div class=\"knsl-price-number\">\n            \t                \t\t\t<\/div>\n\t\t<\/div>\n\n\t\t\t\t\t\t<\/div>\n\t\t\t\t<\/div>\n\t\t\t\t\t<\/div>\n\t\t<\/div>\n\t\t\t\t\t<\/div>\n\t\t<\/section>\n\t\t\t\t<section class=\"elementor-section elementor-inner-section elementor-element elementor-element-5a45acb3 elementor-section-full_width elementor-section-height-default elementor-section-height-default\" data-id=\"5a45acb3\" data-element_type=\"section\" data-e-type=\"section\">\n\t\t\t\t\t\t<div class=\"elementor-container elementor-column-gap-no\">\n\t\t\t\t\t<div class=\"elementor-column elementor-col-100 elementor-inner-column elementor-element elementor-element-dd3d8f6\" data-id=\"dd3d8f6\" data-element_type=\"column\" data-e-type=\"column\">\n\t\t\t<div class=\"elementor-widget-wrap elementor-element-populated\">\n\t\t\t\t\t\t<div class=\"elementor-element elementor-element-123a3b42 elementor-widget elementor-widget-kinsley-availability-form\" data-id=\"123a3b42\" data-element_type=\"widget\" data-e-type=\"widget\" id=\"booking_form\" data-widget_type=\"kinsley-availability-form.default\">\n\t\t\t\t<div class=\"elementor-widget-container\">\n\t\t\t\t\t                <div class=\"knsl-sticky knsl-stycky-right\" data-margin-top=\"100\">\n                <div class=\"mphb_sc_booking_form-wrapper  knsl-book-form knsl-book-form-v\">\t<form method=\"POST\" action=\"https:\/\/yourmadeirarentals.com\/fr\/booking-confirmation\/\" class=\"mphb-booking-form mphb-booking-form--direct-booking\" id=\"booking-form-1192\" data-first_available_check_in_date=\"2026-05-17\">\n\n\t\t<p class=\"mphb-required-fields-tip\"><small>Les champs obligatoires sont suivis de <abbr title=\"required\">*<\/abbr><\/small><\/p>\n\t\t<input type=\"hidden\" id=\"mphb-checkout-nonce\" name=\"mphb-checkout-nonce\" value=\"fa4ea699af\" \/><input type=\"hidden\" name=\"_wp_http_referer\" value=\"\/fr\/wp-json\/wp\/v2\/mphb_room_type\/1192\" \/>\t\t\t\t<input type=\"hidden\" name=\"mphb_room_type_id\" value=\"1192\" \/>\n\t\t<p class=\"mphb-check-in-date-wrapper\">\n\t\t\t<label for=\"mphb_check_in_date-69edcf6e5b5d1\">\n\t\t\t\tDate d&#039;arriv\u00e9e\t\t\t\t<abbr title=\"Format\u00e9 comme dd\/mm\/yyyy\">*<\/abbr>\n\t\t\t<\/label>\n\t\t\t<br \/>\n\t\t\t<input id=\"mphb_check_in_date-69edcf6e5b5d1\" type=\"text\" class=\"mphb-datepick\" value=\"\" required=\"required\" autocomplete=\"off\" placeholder=\"Date d&#039;arriv\u00e9e\" inputmode=\"none\" \/>\n\t\t\t<input id=\"mphb_check_in_date-69edcf6e5b5d1-hidden\" type=\"hidden\" name=\"mphb_check_in_date\" value=\"\" \/>\n\t\t<\/p>\n\t\t<p class=\"mphb-check-out-date-wrapper\">\n\t\t\t<label for=\"mphb_check_out_date-69edcf6e5b5d1\">\n\t\t\t\tDate de d\u00e9part\t\t\t\t<abbr title=\"Format\u00e9 comme dd\/mm\/yyyy\">*<\/abbr>\n\t\t\t<\/label>\n\t\t\t<br \/>\n\t\t\t<input id=\"mphb_check_out_date-69edcf6e5b5d1\" type=\"text\" class=\"mphb-datepick\" value=\"\" required=\"required\" autocomplete=\"off\" placeholder=\"Date de d\u00e9part\" inputmode=\"none\" \/>\n\t\t\t<input id=\"mphb_check_out_date-69edcf6e5b5d1-hidden\" type=\"hidden\" name=\"mphb_check_out_date\" value=\"\" \/>\n\t\t<\/p>\n\t\t\n\t\t\t\n\t\t\t\t<p class=\"mphb-adults-wrapper mphb-capacity-wrapper\">\n\t\t\t\t\t<label for=\"mphb_adults-69edcf6e5b5d1\">\n\t\t\t\t\t\tInvit\u00e9s\t\t\t\t\t<\/label>\n\t\t\t\t\t<br \/>\n\t\t\t\t\t<select id=\"mphb_adults-69edcf6e5b5d1\" name=\"mphb_adults\">\n\n\t\t\t\t\t\t\n\t\t\t\t\t\t\t<option value=\"1\" >1<\/option>\n\t\t\t\t\t\t\n\t\t\t\t\t\t\n\t\t\t\t\t\t\t<option value=\"2\" >2<\/option>\n\t\t\t\t\t\t\n\t\t\t\t\t\t\n\t\t\t\t\t\t\t<option value=\"3\" >3<\/option>\n\t\t\t\t\t\t\n\t\t\t\t\t\t\n\t\t\t\t\t\t\t<option value=\"4\" >4<\/option>\n\t\t\t\t\t\t\n\t\t\t\t\t\t\n\t\t\t\t\t\t\t<option value=\"5\" >5<\/option>\n\t\t\t\t\t\t\n\t\t\t\t\t\t\n\t\t\t\t\t\t\t<option value=\"6\" >6<\/option>\n\t\t\t\t\t\t\n\t\t\t\t\t\t\t\t\t\t\t<\/select>\n\t\t\t\t<\/p>\n\t\t\t\n\t\t\t\n\t\t\t\t<input type=\"hidden\" id=\"mphb_children-69edcf6e5b5d1\" name=\"mphb_children\" value=\"0\" \/>\n\n\t\t\t\t\t\t\t\t\t\t<div class=\"mphb-reserve-room-section mphb-hide\">\n\t\t\t\t<p class=\"mphb-rooms-quantity-wrapper mphb-rooms-quantity-multiple mphb-hide\">\n\t\t\t\tR\u00e9serve <select class=\"mphb-rooms-quantity\" id=\"mphb-rooms-quantity-1192\" name=\"mphb_rooms_details[1192]\"><option value=\"1\" selected=\"selected\">1<\/option><\/select> de <span class=\"mphb-available-rooms-count\">1<\/span> de logements disponibles.\t\t\t\t<\/p>\n\t\t\t\t<p class=\"mphb-rooms-quantity-wrapper mphb-rooms-quantity-single mphb-hide\">\n\t\t\t\t\tCasa Bondi - Ponta do Sol est disponible pour les dates s\u00e9lectionn\u00e9es.\t\t\t\t<\/p>\n\t\t\t\t\t\t\t\t\t<p class=\"mphb-period-price mphb-regular-price mphb-hide\">\n\t\t\t\t\t\t<strong>Prix \u00e0 partir de:<\/strong>\n\t\t\t\t\t<\/p>\n\t\t\t\t\t\t\t\t<input type=\"hidden\" name=\"mphb_is_direct_booking\" value=\"1\" \/>\n\t\t\t\t<input class=\"button mphb-button mphb-confirm-reservation\" type=\"submit\" value=\"Confirmer la r\u00e9servation\" \/>\n\t\t\t<\/div>\n\t\t\n\t\t<div class=\"mphb-errors-wrapper mphb-hide\"><\/div>\n\t\t<p class=\"mphb-reserve-btn-wrapper\">\n\t\t\t<input class=\"mphb-reserve-btn button\" type=\"submit\" value=\"V\u00e9rifier la disponibilit\u00e9\" \/>\n\t\t<\/p>\n\t<\/form>\n\t<\/div>                <\/div>\n                \t\t\t\t<\/div>\n\t\t\t\t<\/div>\n\t\t\t\t\t<\/div>\n\t\t<\/div>\n\t\t\t\t\t<\/div>\n\t\t<\/section>\n\t\t\t\t\t<\/div>\n\t\t<\/div>\n\t\t\t\t\t<\/div>\n\t\t<\/section>\n\t\t\t\t<section class=\"elementor-section elementor-top-section elementor-element elementor-element-18631d4a elementor-section-full_width elementor-section-height-default elementor-section-height-default\" data-id=\"18631d4a\" data-element_type=\"section\" data-e-type=\"section\" data-settings=\"{&quot;background_background&quot;:&quot;classic&quot;}\">\n\t\t\t\t\t\t<div class=\"elementor-container elementor-column-gap-no\">\n\t\t\t\t\t<div class=\"elementor-column elementor-col-100 elementor-top-column elementor-element elementor-element-4c54c136\" data-id=\"4c54c136\" data-element_type=\"column\" data-e-type=\"column\">\n\t\t\t<div class=\"elementor-widget-wrap elementor-element-populated\">\n\t\t\t\t\t\t<div class=\"elementor-element elementor-element-57e08d1c elementor-widget elementor-widget-kinsley-rooms-carousel\" data-id=\"57e08d1c\" data-element_type=\"widget\" data-e-type=\"widget\" data-widget_type=\"kinsley-rooms-carousel.default\">\n\t\t\t\t<div class=\"elementor-widget-container\">\n\t\t\t\t\t\n\t\t<!-- rooms -->\n\t\t<section class=\"knsl-transition-top knsl-p-0-100\">\n\t\t\t\t\t\t\n\t\t\n\t\t<div class=\"container\">\t\t<div class=\"row align-items-center\">\n\t\t\t\t\t\t<div class=\"col-lg-12\">\n\t\t\t\t<div class=\"knsl-center knsl-title-frame knsl-mb-100\">\n\t\t\t\t\t\t\t\t\t\t<h2 class=\"knsl-title--h knsl-mb-20\">\n\t\t\t\t\t\t<span >\n\t\t\t\t\t\t\tSimilar Homes\t\t\t\t\t\t<\/span>\n\t\t\t\t\t<\/h2>\n\t\t\t\t\t\t\t\t\t\t\t\t\t\t\t\t\t\t\t\t<a  href=\"\/accommodations\/\" class=\"knsl-btn knsl-btn-md\">\n\t\t\t\t\t\t<span >\n\t\t\t\t\t\t\tAll Homes\t\t\t\t\t\t<\/span>\n\t\t\t\t\t<\/a>\n\t\t\t\t\t\t\t\t\t<\/div>\n\t\t\t<\/div>\n\t\t\t\n\t\t\t<div class=\"col-lg-12 attr-details-amenity-false attr-details-category-false attr-details-attributes-false attr-details-view-false attr-details-bed-type-false attr-details-children-false\">\n\t\t\t\t\t\t\t\t<div class=\"swiper-container knsl-uni-slider  attr-details-amenity-false attr-details-category-false attr-details-attributes-false attr-details-view-false attr-details-bed-type-false attr-details-children-false\">\n\t\t\t\t<div class=\"swiper-wrapper\">\n\t\t\t\t\t\t\t\t\t\t<div class=\"swiper-slide\">\n\t\t\t\t\t<div class=\"mphb_sc_room-wrapper knsl-scroll-animation\"><div class=\"mphb-room-type post-5412 mphb_room_type type-mphb_room_type status-publish has-post-thumbnail mphb_room_type_facility-beach-access mphb_room_type_facility-free-parking mphb_room_type_facility-garden-view mphb_room_type_facility-kitchen mphb_room_type_facility-mountain-view mphb_room_type_facility-tv mphb_room_type_facility-washing-machine mphb_room_type_facility-wifi mphb-room-type-adults-5 mphb-room-type-children-0 has-taxes-and-fees\">\n\n\t\n\t\n\n\t<p class=\"post-thumbnail mphb-loop-room-thumbnail\">\n\t<a href=\"https:\/\/yourmadeirarentals.com\/fr\/accommodation\/casa-calheta\/\">\n\t<img loading=\"lazy\" decoding=\"async\" width=\"1200\" height=\"900\" src=\"https:\/\/yourmadeirarentals.com\/wp-content\/uploads\/2023\/08\/casa-calheta-1-1.webp\" class=\"attachment-post-thumbnail size-post-thumbnail wp-post-image\" alt=\"\" srcset=\"https:\/\/yourmadeirarentals.com\/wp-content\/uploads\/2023\/08\/casa-calheta-1-1.webp 1200w, https:\/\/yourmadeirarentals.com\/wp-content\/uploads\/2023\/08\/casa-calheta-1-1-300x225.webp 300w, https:\/\/yourmadeirarentals.com\/wp-content\/uploads\/2023\/08\/casa-calheta-1-1-1024x768.webp 1024w, https:\/\/yourmadeirarentals.com\/wp-content\/uploads\/2023\/08\/casa-calheta-1-1-768x576.webp 768w, https:\/\/yourmadeirarentals.com\/wp-content\/uploads\/2023\/08\/casa-calheta-1-1-16x12.webp 16w, https:\/\/yourmadeirarentals.com\/wp-content\/uploads\/2023\/08\/casa-calheta-1-1-950x713.webp 950w, https:\/\/yourmadeirarentals.com\/wp-content\/uploads\/2023\/08\/casa-calheta-1-1-800x600.webp 800w\" sizes=\"(max-width: 1200px) 100vw, 1200px\">\t<\/a>\n\n\t<\/p>\n\n\n\n<h2 class=\"mphb-room-type-title entry-title\">\n\n\n\n<a class=\"mphb-room-type-title\" href=\"https:\/\/yourmadeirarentals.com\/fr\/accommodation\/casa-calheta\/\">Casa Calheta<\/a>\n\n\n<\/h2>\n\n\n<div class=\"knsl-text-light knsl-text-sm knsl-mb-20\">\n\t\n\t<p>Located in the southwest of Madeira Island, sea view and sunset. Large house for 5 people and space for 1 car. Wifi . Tv.<\/p>\n\n\t<\/div>\n\n<h3 class=\"mphb-room-type-details-title\">D\u00e9tails<\/h3><ul class=\"mphb-loop-room-type-attributes\">\n\t<li class=\"mphb-room-type-total-capacity\"><span class=\"mphb-attribute-title mphb-total-capacity-title\">Invit\u00e9s:<\/span><span class=\"mphb-attribute-value\">\n\t5\n\t<\/span><\/li>\t\n\n\n\t<li class=\"mphb-room-type-facilities\"><span class=\"mphb-attribute-title mphb-facilities-title\">\u00c9quipements :<\/span><span class=\"mphb-attribute-value\"> <span class=\"facility-beach-access\"><a href=\"https:\/\/yourmadeirarentals.com\/fr\/accommodation-facility\/beach-access\/\">Beach access<\/a><\/span>, <span class=\"facility-free-parking\"><a href=\"https:\/\/yourmadeirarentals.com\/fr\/accommodation-facility\/free-parking\/\">Free parking<\/a><\/span>, <span class=\"facility-garden-view\"><a href=\"https:\/\/yourmadeirarentals.com\/fr\/accommodation-facility\/garden-view\/\">Garden view<\/a><\/span>, <span class=\"facility-kitchen\"><a href=\"https:\/\/yourmadeirarentals.com\/fr\/accommodation-facility\/kitchen\/\">Kitchen<\/a><\/span>, <span class=\"facility-mountain-view\"><a href=\"https:\/\/yourmadeirarentals.com\/fr\/accommodation-facility\/mountain-view\/\">Mountain view<\/a><\/span>, <span class=\"facility-tv\"><a href=\"https:\/\/yourmadeirarentals.com\/fr\/accommodation-facility\/tv\/\">TV<\/a><\/span>, <span class=\"facility-washing-machine\"><a href=\"https:\/\/yourmadeirarentals.com\/fr\/accommodation-facility\/washing-machine\/\">Washing machine<\/a><\/span>, <span class=\"facility-wifi\"><a href=\"https:\/\/yourmadeirarentals.com\/fr\/accommodation-facility\/wifi\/\">Wifi<\/a><\/span><\/span><\/li>\n\t\n\n\n\t<li class=\"mphb-room-type-view\"><span class=\"mphb-attribute-title mphb-view-title\">Vue :<\/span><span class=\"mphb-attribute-value\">\n\tOcean view\n\t<\/span><\/li>\n\t\n\n\n\t<li class=\"mphb-room-type-size\"><span class=\"mphb-attribute-title mphb-size-title\">Taille :<\/span><span class=\"mphb-attribute-value\">\n\t200m\u00b2\n\t<\/span><\/li>\n\t\n\n\t<li class=\"mphb-room-type-bed-type\"><span  class=\"mphb-attribute-title mphb-bed-type-title\">Type de lit :<\/span><span class=\"mphb-attribute-value\">\n\t3 bedrooms, 4 beds\n\t<\/span><\/li>\n\t\n<li class=\"mphb-room-type-bath mphb-room-type-custom-attribute\"><span class=\"mphb-attribute-title mphb-bath-title\">Bath:<\/span><span class=\"mphb-attribute-value\"> <span class=\"bath-2\">2<\/span><\/span><\/li>\n<\/ul>\n\n\t<p class=\"mphb-regular-price\"><strong>Prix \u00e0 partir de:<\/strong>\n\t<span class=\"mphb-price\"><span class=\"mphb-currency\">&euro;<\/span>267<\/span> <span class=\"mphb-price-period\" title=\"Choisissez les dates pour voir les prix pertinents\">pour 3 nuits<\/span><span class=\"mphb-tax-information taxes-included\"> (+taxes et frais)<\/span>\n\t<\/p>\n\t\n<div class=\"mphb-to-book-btn-wrapper\">\n<form action=\"https:\/\/yourmadeirarentals.com\/fr\/accommodation\/casa-calheta\/#booking-form-5412\" method=\"get\" ><button type=\"submit\" class=\"button mphb-book-button\" >R\u00e9server<\/button><\/form>\n<br\/><\/div>\n\t\n<\/div>\n<\/div>\t\t\t\t\t<\/div>\n\t\t\t\t\t\t\t\t\t\t<div class=\"swiper-slide\">\n\t\t\t\t\t<div class=\"mphb_sc_room-wrapper knsl-scroll-animation\"><div class=\"mphb-room-type post-27059 mphb_room_type type-mphb_room_type status-publish has-post-thumbnail mphb_room_type_facility-air-conditioning mphb_room_type_facility-beach-access mphb_room_type_facility-free-parking mphb_room_type_facility-kitchen mphb_room_type_facility-patio-or-balcony mphb_room_type_facility-private-pool mphb_room_type_facility-tv mphb_room_type_facility-wifi mphb-room-type-adults-4 mphb-room-type-children-0 has-taxes-and-fees\">\n\n\t\n\t\n\n\t<p class=\"post-thumbnail mphb-loop-room-thumbnail\">\n\t<a href=\"https:\/\/yourmadeirarentals.com\/fr\/accommodation\/casa-teixeira\/\">\n\t<img loading=\"lazy\" decoding=\"async\" width=\"1440\" height=\"960\" src=\"https:\/\/yourmadeirarentals.com\/wp-content\/uploads\/2026\/01\/Casa-Teixeira-1.jpeg\" class=\"attachment-post-thumbnail size-post-thumbnail wp-post-image\" alt=\"\" srcset=\"https:\/\/yourmadeirarentals.com\/wp-content\/uploads\/2026\/01\/Casa-Teixeira-1.jpeg 1440w, https:\/\/yourmadeirarentals.com\/wp-content\/uploads\/2026\/01\/Casa-Teixeira-1-300x200.jpeg 300w, https:\/\/yourmadeirarentals.com\/wp-content\/uploads\/2026\/01\/Casa-Teixeira-1-1024x683.jpeg 1024w, https:\/\/yourmadeirarentals.com\/wp-content\/uploads\/2026\/01\/Casa-Teixeira-1-768x512.jpeg 768w, https:\/\/yourmadeirarentals.com\/wp-content\/uploads\/2026\/01\/Casa-Teixeira-1-18x12.jpeg 18w, https:\/\/yourmadeirarentals.com\/wp-content\/uploads\/2026\/01\/Casa-Teixeira-1-950x633.jpeg 950w, https:\/\/yourmadeirarentals.com\/wp-content\/uploads\/2026\/01\/Casa-Teixeira-1-800x533.jpeg 800w\" sizes=\"(max-width: 1440px) 100vw, 1440px\">\t<\/a>\n\n\t<\/p>\n\n\n\n<h2 class=\"mphb-room-type-title entry-title\">\n\n\n\n<a class=\"mphb-room-type-title\" href=\"https:\/\/yourmadeirarentals.com\/fr\/accommodation\/casa-teixeira\/\">Casa Teixeira &#8211; Sea View<\/a>\n\n\n<\/h2>\n\n\n<div class=\"knsl-text-light knsl-text-sm knsl-mb-20\">\n\t\n\t<p>Treat yourself to a relaxing holiday home, in Calheta, close ocean, mountain and hiking trails. Casa Teixeira is a comfortable apartment, within a newly built and modern house. Perfect for up to 4 guests, you can lounge by the salt water swimming pool, dine on the balcony and make the most of Madeira island. You will be 30 minutes away from Funchal, 45 minutes from the airport or from the volcanic pools, 5 minutes from the sand beach. Definitely the perfect hideaway for a holiday in paradise !<\/p>\n\n\t<\/div>\n\n<h3 class=\"mphb-room-type-details-title\">D\u00e9tails<\/h3><ul class=\"mphb-loop-room-type-attributes\">\n\t<li class=\"mphb-room-type-total-capacity\"><span class=\"mphb-attribute-title mphb-total-capacity-title\">Invit\u00e9s:<\/span><span class=\"mphb-attribute-value\">\n\t4\n\t<\/span><\/li>\t\n\n\n\t<li class=\"mphb-room-type-facilities\"><span class=\"mphb-attribute-title mphb-facilities-title\">\u00c9quipements :<\/span><span class=\"mphb-attribute-value\"> <span class=\"facility-air-conditioning\"><a href=\"https:\/\/yourmadeirarentals.com\/fr\/accommodation-facility\/air-conditioning\/\">Air conditioning<\/a><\/span>, <span class=\"facility-beach-access\"><a href=\"https:\/\/yourmadeirarentals.com\/fr\/accommodation-facility\/beach-access\/\">Beach access<\/a><\/span>, <span class=\"facility-free-parking\"><a href=\"https:\/\/yourmadeirarentals.com\/fr\/accommodation-facility\/free-parking\/\">Free parking<\/a><\/span>, <span class=\"facility-kitchen\"><a href=\"https:\/\/yourmadeirarentals.com\/fr\/accommodation-facility\/kitchen\/\">Kitchen<\/a><\/span>, <span class=\"facility-patio-or-balcony\"><a href=\"https:\/\/yourmadeirarentals.com\/fr\/accommodation-facility\/patio-or-balcony\/\">Patio or balcony<\/a><\/span>, <span class=\"facility-private-pool\"><a href=\"https:\/\/yourmadeirarentals.com\/fr\/accommodation-facility\/private-pool\/\">Private pool<\/a><\/span>, <span class=\"facility-tv\"><a href=\"https:\/\/yourmadeirarentals.com\/fr\/accommodation-facility\/tv\/\">TV<\/a><\/span>, <span class=\"facility-wifi\"><a href=\"https:\/\/yourmadeirarentals.com\/fr\/accommodation-facility\/wifi\/\">Wifi<\/a><\/span><\/span><\/li>\n\t\n\n\n\t<li class=\"mphb-room-type-view\"><span class=\"mphb-attribute-title mphb-view-title\">Vue :<\/span><span class=\"mphb-attribute-value\">\n\tSea View\n\t<\/span><\/li>\n\t\n\n\n\t<li class=\"mphb-room-type-size\"><span class=\"mphb-attribute-title mphb-size-title\">Taille :<\/span><span class=\"mphb-attribute-value\">\n\t95m\u00b2\n\t<\/span><\/li>\n\t\n\n\t<li class=\"mphb-room-type-bed-type\"><span  class=\"mphb-attribute-title mphb-bed-type-title\">Type de lit :<\/span><span class=\"mphb-attribute-value\">\n\t2 Bedrooms, 2 Beds\n\t<\/span><\/li>\n\t\n<li class=\"mphb-room-type-bath mphb-room-type-custom-attribute\"><span class=\"mphb-attribute-title mphb-bath-title\">Bath:<\/span><span class=\"mphb-attribute-value\"> <span class=\"bath-1\">1<\/span><\/span><\/li>\n<\/ul>\n\n\t<p class=\"mphb-regular-price\"><strong>Prix \u00e0 partir de:<\/strong>\n\t<span class=\"mphb-price\"><span class=\"mphb-currency\">&euro;<\/span>840<\/span> <span class=\"mphb-price-period\" title=\"Choisissez les dates pour voir les prix pertinents\">pour 4 nuits<\/span><span class=\"mphb-tax-information taxes-included\"> (+taxes et frais)<\/span>\n\t<\/p>\n\t\n<div class=\"mphb-to-book-btn-wrapper\">\n<form action=\"https:\/\/yourmadeirarentals.com\/fr\/accommodation\/casa-teixeira\/#booking-form-27059\" method=\"get\" ><button type=\"submit\" class=\"button mphb-book-button\" >R\u00e9server<\/button><\/form>\n<br\/><\/div>\n\t\n<\/div>\n<\/div>\t\t\t\t\t<\/div>\n\t\t\t\t\t\t\t\t\t\t<div class=\"swiper-slide\">\n\t\t\t\t\t<div class=\"mphb_sc_room-wrapper knsl-scroll-animation\"><div class=\"mphb-room-type post-20427 mphb_room_type type-mphb_room_type status-publish has-post-thumbnail mphb_room_type_facility-air-conditioning mphb_room_type_facility-workspace mphb_room_type_facility-free-parking mphb_room_type_facility-kitchen mphb_room_type_facility-patio-or-balcony mphb_room_type_facility-tv mphb_room_type_facility-washing-machine mphb_room_type_facility-wifi mphb-room-type-adults-6 mphb-room-type-children-0 has-taxes-and-fees\">\n\n\t\n\t\n\n\t<p class=\"post-thumbnail mphb-loop-room-thumbnail\">\n\t<a href=\"https:\/\/yourmadeirarentals.com\/fr\/accommodation\/portola-penthouse\/\">\n\t<img loading=\"lazy\" decoding=\"async\" width=\"1200\" height=\"800\" src=\"https:\/\/yourmadeirarentals.com\/wp-content\/uploads\/2025\/06\/Portola-Penthouse-1.jpg\" class=\"attachment-post-thumbnail size-post-thumbnail wp-post-image\" alt=\"\" srcset=\"https:\/\/yourmadeirarentals.com\/wp-content\/uploads\/2025\/06\/Portola-Penthouse-1.jpg 1200w, https:\/\/yourmadeirarentals.com\/wp-content\/uploads\/2025\/06\/Portola-Penthouse-1-300x200.jpg 300w, https:\/\/yourmadeirarentals.com\/wp-content\/uploads\/2025\/06\/Portola-Penthouse-1-1024x683.jpg 1024w, https:\/\/yourmadeirarentals.com\/wp-content\/uploads\/2025\/06\/Portola-Penthouse-1-768x512.jpg 768w, https:\/\/yourmadeirarentals.com\/wp-content\/uploads\/2025\/06\/Portola-Penthouse-1-18x12.jpg 18w, https:\/\/yourmadeirarentals.com\/wp-content\/uploads\/2025\/06\/Portola-Penthouse-1-950x633.jpg 950w, https:\/\/yourmadeirarentals.com\/wp-content\/uploads\/2025\/06\/Portola-Penthouse-1-800x533.jpg 800w\" sizes=\"(max-width: 1200px) 100vw, 1200px\">\t<\/a>\n\n\t<\/p>\n\n\n\n<h2 class=\"mphb-room-type-title entry-title\">\n\n\n\n<a class=\"mphb-room-type-title\" href=\"https:\/\/yourmadeirarentals.com\/fr\/accommodation\/portola-penthouse\/\">Portola Penthouse<\/a>\n\n\n<\/h2>\n\n\n<div class=\"knsl-text-light knsl-text-sm knsl-mb-20\">\n\t\n\t<p>Experience comfort and convenience at Portola Penthouse in Funchal. This spacious 3-bedroom, 2-bathroom apartment accommodates up to 6 guests and features a fully equipped kitchen, air conditioning, and free Wi-Fi. Enjoy stunning sea and city views from the large balcony, complete with outdoor dining and BBQ facilities. Located near Formosa Beach and Forum Madeira shopping center, it&#8217;s perfect for families or groups looking for a relaxing Madeira getaway.<\/p>\n\n\t<\/div>\n\n<h3 class=\"mphb-room-type-details-title\">D\u00e9tails<\/h3><ul class=\"mphb-loop-room-type-attributes\">\n\t<li class=\"mphb-room-type-total-capacity\"><span class=\"mphb-attribute-title mphb-total-capacity-title\">Invit\u00e9s:<\/span><span class=\"mphb-attribute-value\">\n\t6\n\t<\/span><\/li>\t\n\n\n\t<li class=\"mphb-room-type-facilities\"><span class=\"mphb-attribute-title mphb-facilities-title\">\u00c9quipements :<\/span><span class=\"mphb-attribute-value\"> <span class=\"facility-air-conditioning\"><a href=\"https:\/\/yourmadeirarentals.com\/fr\/accommodation-facility\/air-conditioning\/\">Air conditioning<\/a><\/span>, <span class=\"facility-workspace\"><a href=\"https:\/\/yourmadeirarentals.com\/fr\/accommodation-facility\/workspace\/\">Dedicated Workspace<\/a><\/span>, <span class=\"facility-free-parking\"><a href=\"https:\/\/yourmadeirarentals.com\/fr\/accommodation-facility\/free-parking\/\">Free parking<\/a><\/span>, <span class=\"facility-kitchen\"><a href=\"https:\/\/yourmadeirarentals.com\/fr\/accommodation-facility\/kitchen\/\">Kitchen<\/a><\/span>, <span class=\"facility-patio-or-balcony\"><a href=\"https:\/\/yourmadeirarentals.com\/fr\/accommodation-facility\/patio-or-balcony\/\">Patio or balcony<\/a><\/span>, <span class=\"facility-tv\"><a href=\"https:\/\/yourmadeirarentals.com\/fr\/accommodation-facility\/tv\/\">TV<\/a><\/span>, <span class=\"facility-washing-machine\"><a href=\"https:\/\/yourmadeirarentals.com\/fr\/accommodation-facility\/washing-machine\/\">Washing machine<\/a><\/span>, <span class=\"facility-wifi\"><a href=\"https:\/\/yourmadeirarentals.com\/fr\/accommodation-facility\/wifi\/\">Wifi<\/a><\/span><\/span><\/li>\n\t\n\n\n\t<li class=\"mphb-room-type-view\"><span class=\"mphb-attribute-title mphb-view-title\">Vue :<\/span><span class=\"mphb-attribute-value\">\n\tOcean View\n\t<\/span><\/li>\n\t\n\n\n\t<li class=\"mphb-room-type-size\"><span class=\"mphb-attribute-title mphb-size-title\">Taille :<\/span><span class=\"mphb-attribute-value\">\n\t200m\u00b2\n\t<\/span><\/li>\n\t\n\n\t<li class=\"mphb-room-type-bed-type\"><span  class=\"mphb-attribute-title mphb-bed-type-title\">Type de lit :<\/span><span class=\"mphb-attribute-value\">\n\t3 Bedroom, 4 Beds\n\t<\/span><\/li>\n\t\n<li class=\"mphb-room-type-bath mphb-room-type-custom-attribute\"><span class=\"mphb-attribute-title mphb-bath-title\">Bath:<\/span><span class=\"mphb-attribute-value\"> <span class=\"bath-2\">2<\/span><\/span><\/li>\n<\/ul>\n\n\t<p class=\"mphb-regular-price\"><strong>Prix \u00e0 partir de:<\/strong>\n\t<span class=\"mphb-price\"><span class=\"mphb-currency\">&euro;<\/span>615<\/span> <span class=\"mphb-price-period\" title=\"Choisissez les dates pour voir les prix pertinents\">pour 3 nuits<\/span><span class=\"mphb-tax-information taxes-included\"> (+taxes et frais)<\/span>\n\t<\/p>\n\t\n<div class=\"mphb-to-book-btn-wrapper\">\n<form action=\"https:\/\/yourmadeirarentals.com\/fr\/accommodation\/portola-penthouse\/#booking-form-20427\" method=\"get\" ><button type=\"submit\" class=\"button mphb-book-button\" >R\u00e9server<\/button><\/form>\n<br\/><\/div>\n\t\n<\/div>\n<\/div>\t\t\t\t\t<\/div>\n\t\t\t\t\t\t\t\t\t\t<div class=\"swiper-slide\">\n\t\t\t\t\t<div class=\"mphb_sc_room-wrapper knsl-scroll-animation\"><div class=\"mphb-room-type post-1015 mphb_room_type type-mphb_room_type status-publish has-post-thumbnail mphb_room_type_facility-workspace mphb_room_type_facility-free-parking mphb_room_type_facility-kitchen mphb_room_type_facility-patio-or-balcony mphb_room_type_facility-private-backyard mphb_room_type_facility-tv mphb_room_type_facility-washing-machine mphb_room_type_facility-wifi mphb-room-type-adults-2 mphb-room-type-children-0 has-taxes-and-fees\">\n\n\t\n\t\n\n\t<p class=\"post-thumbnail mphb-loop-room-thumbnail\">\n\t<a href=\"https:\/\/yourmadeirarentals.com\/fr\/accommodation\/mar-a-vista\/\">\n\t<img loading=\"lazy\" decoding=\"async\" width=\"1200\" height=\"900\" src=\"https:\/\/yourmadeirarentals.com\/wp-content\/uploads\/2021\/12\/Mar-a-Vista-1.webp\" class=\"attachment-post-thumbnail size-post-thumbnail wp-post-image\" alt=\"\" srcset=\"https:\/\/yourmadeirarentals.com\/wp-content\/uploads\/2021\/12\/Mar-a-Vista-1.webp 1200w, https:\/\/yourmadeirarentals.com\/wp-content\/uploads\/2021\/12\/Mar-a-Vista-1-300x225.webp 300w, https:\/\/yourmadeirarentals.com\/wp-content\/uploads\/2021\/12\/Mar-a-Vista-1-1024x768.webp 1024w, https:\/\/yourmadeirarentals.com\/wp-content\/uploads\/2021\/12\/Mar-a-Vista-1-768x576.webp 768w, https:\/\/yourmadeirarentals.com\/wp-content\/uploads\/2021\/12\/Mar-a-Vista-1-950x713.webp 950w, https:\/\/yourmadeirarentals.com\/wp-content\/uploads\/2021\/12\/Mar-a-Vista-1-800x600.webp 800w\" sizes=\"(max-width: 1200px) 100vw, 1200px\">\t<\/a>\n\n\t<\/p>\n\n\n\n<h2 class=\"mphb-room-type-title entry-title\">\n\n\n\n<a class=\"mphb-room-type-title\" href=\"https:\/\/yourmadeirarentals.com\/fr\/accommodation\/mar-a-vista\/\">Mar a Vista<\/a>\n\n\n<\/h2>\n\n\n<div class=\"knsl-text-light knsl-text-sm knsl-mb-20\">\n\t\n\t<p>Discover a remarkable rental retreat perched on a cliff, granting unparalleled sea and valley views. Ideal for two, this cozy haven offers a bedroom with high quality foam mattress, living room, and a fully equipped kitchen with a dining area. The bathroom invites relaxation, while the outdoor space captivates with an open-air shower, garden, and hammock. Embrace nature&#8217;s allure in this tranquil and unique location, where every moment promises to be extraordinary.<\/p>\n\n\t<\/div>\n\n<h3 class=\"mphb-room-type-details-title\">D\u00e9tails<\/h3><ul class=\"mphb-loop-room-type-attributes\">\n\t<li class=\"mphb-room-type-total-capacity\"><span class=\"mphb-attribute-title mphb-total-capacity-title\">Invit\u00e9s:<\/span><span class=\"mphb-attribute-value\">\n\t2\n\t<\/span><\/li>\t\n\n\n\t<li class=\"mphb-room-type-facilities\"><span class=\"mphb-attribute-title mphb-facilities-title\">\u00c9quipements :<\/span><span class=\"mphb-attribute-value\"> <span class=\"facility-workspace\"><a href=\"https:\/\/yourmadeirarentals.com\/fr\/accommodation-facility\/workspace\/\">Dedicated Workspace<\/a><\/span>, <span class=\"facility-free-parking\"><a href=\"https:\/\/yourmadeirarentals.com\/fr\/accommodation-facility\/free-parking\/\">Free parking<\/a><\/span>, <span class=\"facility-kitchen\"><a href=\"https:\/\/yourmadeirarentals.com\/fr\/accommodation-facility\/kitchen\/\">Kitchen<\/a><\/span>, <span class=\"facility-patio-or-balcony\"><a href=\"https:\/\/yourmadeirarentals.com\/fr\/accommodation-facility\/patio-or-balcony\/\">Patio or balcony<\/a><\/span>, <span class=\"facility-private-backyard\"><a href=\"https:\/\/yourmadeirarentals.com\/fr\/accommodation-facility\/private-backyard\/\">Private backyard<\/a><\/span>, <span class=\"facility-tv\"><a href=\"https:\/\/yourmadeirarentals.com\/fr\/accommodation-facility\/tv\/\">TV<\/a><\/span>, <span class=\"facility-washing-machine\"><a href=\"https:\/\/yourmadeirarentals.com\/fr\/accommodation-facility\/washing-machine\/\">Washing machine<\/a><\/span>, <span class=\"facility-wifi\"><a href=\"https:\/\/yourmadeirarentals.com\/fr\/accommodation-facility\/wifi\/\">Wifi<\/a><\/span><\/span><\/li>\n\t\n\n\n\t<li class=\"mphb-room-type-view\"><span class=\"mphb-attribute-title mphb-view-title\">Vue :<\/span><span class=\"mphb-attribute-value\">\n\tSea View\n\t<\/span><\/li>\n\t\n\n\n\t<li class=\"mphb-room-type-size\"><span class=\"mphb-attribute-title mphb-size-title\">Taille :<\/span><span class=\"mphb-attribute-value\">\n\t75m\u00b2\n\t<\/span><\/li>\n\t\n\n\t<li class=\"mphb-room-type-bed-type\"><span  class=\"mphb-attribute-title mphb-bed-type-title\">Type de lit :<\/span><span class=\"mphb-attribute-value\">\n\t1 bedroom, 1 bed\n\t<\/span><\/li>\n\t\n<li class=\"mphb-room-type-bath mphb-room-type-custom-attribute\"><span class=\"mphb-attribute-title mphb-bath-title\">Bath:<\/span><span class=\"mphb-attribute-value\"> <span class=\"bath-1\">1<\/span><\/span><\/li>\n<\/ul>\n\n\t<p class=\"mphb-regular-price\"><strong>Prix \u00e0 partir de:<\/strong>\n\t<span class=\"mphb-price\"><span class=\"mphb-currency\">&euro;<\/span>447<\/span> <span class=\"mphb-price-period\" title=\"Choisissez les dates pour voir les prix pertinents\">pour 3 nuits<\/span><span class=\"mphb-tax-information taxes-included\"> (+taxes et frais)<\/span>\n\t<\/p>\n\t\n<div class=\"mphb-to-book-btn-wrapper\">\n<form action=\"https:\/\/yourmadeirarentals.com\/fr\/accommodation\/mar-a-vista\/#booking-form-1015\" method=\"get\" ><button type=\"submit\" class=\"button mphb-book-button\" >R\u00e9server<\/button><\/form>\n<br\/><\/div>\n\t\n<\/div>\n<\/div>\t\t\t\t\t<\/div>\n\t\t\t\t\t\t\t\t\t\t<div class=\"swiper-slide\">\n\t\t\t\t\t<div class=\"mphb_sc_room-wrapper knsl-scroll-animation\"><div class=\"mphb-room-type post-24846 mphb_room_type type-mphb_room_type status-publish has-post-thumbnail mphb_room_type_facility-free-parking mphb_room_type_facility-kitchen mphb_room_type_facility-patio-or-balcony mphb_room_type_facility-private-pool mphb_room_type_facility-refrigerator mphb_room_type_facility-tv mphb_room_type_facility-washing-machine mphb_room_type_facility-wifi mphb-room-type-adults-6 mphb-room-type-children-0 has-taxes-and-fees\">\n\n\t\n\t\n\n\t<p class=\"post-thumbnail mphb-loop-room-thumbnail\">\n\t<a href=\"https:\/\/yourmadeirarentals.com\/fr\/accommodation\/villa-piece-of-heaven\/\">\n\t<img loading=\"lazy\" decoding=\"async\" width=\"1200\" height=\"900\" src=\"https:\/\/yourmadeirarentals.com\/wp-content\/uploads\/2025\/11\/Villa-Piece-of-Heaven-1.jpg\" class=\"attachment-post-thumbnail size-post-thumbnail wp-post-image\" alt=\"\" srcset=\"https:\/\/yourmadeirarentals.com\/wp-content\/uploads\/2025\/11\/Villa-Piece-of-Heaven-1.jpg 1200w, https:\/\/yourmadeirarentals.com\/wp-content\/uploads\/2025\/11\/Villa-Piece-of-Heaven-1-300x225.jpg 300w, https:\/\/yourmadeirarentals.com\/wp-content\/uploads\/2025\/11\/Villa-Piece-of-Heaven-1-1024x768.jpg 1024w, https:\/\/yourmadeirarentals.com\/wp-content\/uploads\/2025\/11\/Villa-Piece-of-Heaven-1-768x576.jpg 768w, https:\/\/yourmadeirarentals.com\/wp-content\/uploads\/2025\/11\/Villa-Piece-of-Heaven-1-16x12.jpg 16w, https:\/\/yourmadeirarentals.com\/wp-content\/uploads\/2025\/11\/Villa-Piece-of-Heaven-1-950x713.jpg 950w, https:\/\/yourmadeirarentals.com\/wp-content\/uploads\/2025\/11\/Villa-Piece-of-Heaven-1-800x600.jpg 800w\" sizes=\"(max-width: 1200px) 100vw, 1200px\">\t<\/a>\n\n\t<\/p>\n\n\n\n<h2 class=\"mphb-room-type-title entry-title\">\n\n\n\n<a class=\"mphb-room-type-title\" href=\"https:\/\/yourmadeirarentals.com\/fr\/accommodation\/villa-piece-of-heaven\/\">Villa Piece of Heaven<\/a>\n\n\n<\/h2>\n\n\n<div class=\"knsl-text-light knsl-text-sm knsl-mb-20\">\n\t\n\t<p>A spacious room that gives immense luminosity as you can see in the photos. In this space there is also the dining room, and the kitchen, which in the center has a central countertop to help you with breakfast or dinner.<\/p>\n\n\t<\/div>\n\n<h3 class=\"mphb-room-type-details-title\">D\u00e9tails<\/h3><ul class=\"mphb-loop-room-type-attributes\">\n\t<li class=\"mphb-room-type-total-capacity\"><span class=\"mphb-attribute-title mphb-total-capacity-title\">Invit\u00e9s:<\/span><span class=\"mphb-attribute-value\">\n\t6\n\t<\/span><\/li>\t\n\n\n\t<li class=\"mphb-room-type-facilities\"><span class=\"mphb-attribute-title mphb-facilities-title\">\u00c9quipements :<\/span><span class=\"mphb-attribute-value\"> <span class=\"facility-free-parking\"><a href=\"https:\/\/yourmadeirarentals.com\/fr\/accommodation-facility\/free-parking\/\">Free parking<\/a><\/span>, <span class=\"facility-kitchen\"><a href=\"https:\/\/yourmadeirarentals.com\/fr\/accommodation-facility\/kitchen\/\">Kitchen<\/a><\/span>, <span class=\"facility-patio-or-balcony\"><a href=\"https:\/\/yourmadeirarentals.com\/fr\/accommodation-facility\/patio-or-balcony\/\">Patio or balcony<\/a><\/span>, <span class=\"facility-private-pool\"><a href=\"https:\/\/yourmadeirarentals.com\/fr\/accommodation-facility\/private-pool\/\">Private pool<\/a><\/span>, <span class=\"facility-refrigerator\"><a href=\"https:\/\/yourmadeirarentals.com\/fr\/accommodation-facility\/refrigerator\/\">Refrigerator<\/a><\/span>, <span class=\"facility-tv\"><a href=\"https:\/\/yourmadeirarentals.com\/fr\/accommodation-facility\/tv\/\">TV<\/a><\/span>, <span class=\"facility-washing-machine\"><a href=\"https:\/\/yourmadeirarentals.com\/fr\/accommodation-facility\/washing-machine\/\">Washing machine<\/a><\/span>, <span class=\"facility-wifi\"><a href=\"https:\/\/yourmadeirarentals.com\/fr\/accommodation-facility\/wifi\/\">Wifi<\/a><\/span><\/span><\/li>\n\t\n\n\n\t<li class=\"mphb-room-type-view\"><span class=\"mphb-attribute-title mphb-view-title\">Vue :<\/span><span class=\"mphb-attribute-value\">\n\tOcean View\n\t<\/span><\/li>\n\t\n\n\n\t<li class=\"mphb-room-type-size\"><span class=\"mphb-attribute-title mphb-size-title\">Taille :<\/span><span class=\"mphb-attribute-value\">\n\t170m\u00b2\n\t<\/span><\/li>\n\t\n\n\t<li class=\"mphb-room-type-bed-type\"><span  class=\"mphb-attribute-title mphb-bed-type-title\">Type de lit :<\/span><span class=\"mphb-attribute-value\">\n\t3 Bedrooms, 3 Beds\n\t<\/span><\/li>\n\t\n<li class=\"mphb-room-type-bath mphb-room-type-custom-attribute\"><span class=\"mphb-attribute-title mphb-bath-title\">Bath:<\/span><span class=\"mphb-attribute-value\"> <span class=\"bath-2-5\">2.5<\/span><\/span><\/li>\n<\/ul>\n\n\t<p class=\"mphb-regular-price\"><strong>Prix \u00e0 partir de:<\/strong>\n\t<span class=\"mphb-price\"><span class=\"mphb-currency\">&euro;<\/span>1,250<\/span> <span class=\"mphb-price-period\" title=\"Choisissez les dates pour voir les prix pertinents\">pour 5 nuits<\/span><span class=\"mphb-tax-information taxes-included\"> (+taxes et frais)<\/span>\n\t<\/p>\n\t\n<div class=\"mphb-to-book-btn-wrapper\">\n<form action=\"https:\/\/yourmadeirarentals.com\/fr\/accommodation\/villa-piece-of-heaven\/#booking-form-24846\" method=\"get\" ><button type=\"submit\" class=\"button mphb-book-button\" >R\u00e9server<\/button><\/form>\n<br\/><\/div>\n\t\n<\/div>\n<\/div>\t\t\t\t\t<\/div>\n\t\t\t\t\t\t\t\t\t\t<div class=\"swiper-slide\">\n\t\t\t\t\t<div class=\"mphb_sc_room-wrapper knsl-scroll-animation\"><div class=\"mphb-room-type post-7666 mphb_room_type type-mphb_room_type status-publish has-post-thumbnail mphb_room_type_facility-workspace mphb_room_type_facility-free-parking mphb_room_type_facility-kitchen mphb_room_type_facility-mountain-view mphb_room_type_facility-ocean-view mphb_room_type_facility-tv mphb_room_type_facility-washing-machine mphb_room_type_facility-wifi mphb-room-type-adults-3 mphb-room-type-children-0 has-taxes-and-fees\">\n\n\t\n\t\n\n\t<p class=\"post-thumbnail mphb-loop-room-thumbnail\">\n\t<a href=\"https:\/\/yourmadeirarentals.com\/fr\/accommodation\/casa-valentina\/\">\n\t<img loading=\"lazy\" decoding=\"async\" width=\"1200\" height=\"900\" src=\"https:\/\/yourmadeirarentals.com\/wp-content\/uploads\/2023\/10\/casa-valentina-1.jpg\" class=\"attachment-post-thumbnail size-post-thumbnail wp-post-image\" alt=\"\" srcset=\"https:\/\/yourmadeirarentals.com\/wp-content\/uploads\/2023\/10\/casa-valentina-1.jpg 1200w, https:\/\/yourmadeirarentals.com\/wp-content\/uploads\/2023\/10\/casa-valentina-1-300x225.jpg 300w, https:\/\/yourmadeirarentals.com\/wp-content\/uploads\/2023\/10\/casa-valentina-1-1024x768.jpg 1024w, https:\/\/yourmadeirarentals.com\/wp-content\/uploads\/2023\/10\/casa-valentina-1-768x576.jpg 768w, https:\/\/yourmadeirarentals.com\/wp-content\/uploads\/2023\/10\/casa-valentina-1-16x12.jpg 16w, https:\/\/yourmadeirarentals.com\/wp-content\/uploads\/2023\/10\/casa-valentina-1-950x713.jpg 950w, https:\/\/yourmadeirarentals.com\/wp-content\/uploads\/2023\/10\/casa-valentina-1-800x600.jpg 800w\" sizes=\"(max-width: 1200px) 100vw, 1200px\">\t<\/a>\n\n\t<\/p>\n\n\n\n<h2 class=\"mphb-room-type-title entry-title\">\n\n\n\n<a class=\"mphb-room-type-title\" href=\"https:\/\/yourmadeirarentals.com\/fr\/accommodation\/casa-valentina\/\">Casa valentina<\/a>\n\n\n<\/h2>\n\n\n<div class=\"knsl-text-light knsl-text-sm knsl-mb-20\">\n\t\n\t<p>Fantastic studio with sleeping area, living area with sofa bed, TV, equipped kitchen, all with beautiful sea views. A private bathroom, toilet and sink, shower and washing machine.<\/p>\n\n\t<\/div>\n\n<h3 class=\"mphb-room-type-details-title\">D\u00e9tails<\/h3><ul class=\"mphb-loop-room-type-attributes\">\n\t<li class=\"mphb-room-type-total-capacity\"><span class=\"mphb-attribute-title mphb-total-capacity-title\">Invit\u00e9s:<\/span><span class=\"mphb-attribute-value\">\n\t3\n\t<\/span><\/li>\t\n\n\n\t<li class=\"mphb-room-type-facilities\"><span class=\"mphb-attribute-title mphb-facilities-title\">\u00c9quipements :<\/span><span class=\"mphb-attribute-value\"> <span class=\"facility-workspace\"><a href=\"https:\/\/yourmadeirarentals.com\/fr\/accommodation-facility\/workspace\/\">Dedicated Workspace<\/a><\/span>, <span class=\"facility-free-parking\"><a href=\"https:\/\/yourmadeirarentals.com\/fr\/accommodation-facility\/free-parking\/\">Free parking<\/a><\/span>, <span class=\"facility-kitchen\"><a href=\"https:\/\/yourmadeirarentals.com\/fr\/accommodation-facility\/kitchen\/\">Kitchen<\/a><\/span>, <span class=\"facility-mountain-view\"><a href=\"https:\/\/yourmadeirarentals.com\/fr\/accommodation-facility\/mountain-view\/\">Mountain view<\/a><\/span>, <span class=\"facility-ocean-view\"><a href=\"https:\/\/yourmadeirarentals.com\/fr\/accommodation-facility\/ocean-view\/\">Ocean view<\/a><\/span>, <span class=\"facility-tv\"><a href=\"https:\/\/yourmadeirarentals.com\/fr\/accommodation-facility\/tv\/\">TV<\/a><\/span>, <span class=\"facility-washing-machine\"><a href=\"https:\/\/yourmadeirarentals.com\/fr\/accommodation-facility\/washing-machine\/\">Washing machine<\/a><\/span>, <span class=\"facility-wifi\"><a href=\"https:\/\/yourmadeirarentals.com\/fr\/accommodation-facility\/wifi\/\">Wifi<\/a><\/span><\/span><\/li>\n\t\n\n\n\t<li class=\"mphb-room-type-view\"><span class=\"mphb-attribute-title mphb-view-title\">Vue :<\/span><span class=\"mphb-attribute-value\">\n\tOcean view\n\t<\/span><\/li>\n\t\n\n\n\t<li class=\"mphb-room-type-size\"><span class=\"mphb-attribute-title mphb-size-title\">Taille :<\/span><span class=\"mphb-attribute-value\">\n\t50m\u00b2\n\t<\/span><\/li>\n\t\n\n\t<li class=\"mphb-room-type-bed-type\"><span  class=\"mphb-attribute-title mphb-bed-type-title\">Type de lit :<\/span><span class=\"mphb-attribute-value\">\n\t1 bedroom, 2 beds\n\t<\/span><\/li>\n\t\n<li class=\"mphb-room-type-bath mphb-room-type-custom-attribute\"><span class=\"mphb-attribute-title mphb-bath-title\">Bath:<\/span><span class=\"mphb-attribute-value\"> <span class=\"bath-1\">1<\/span><\/span><\/li>\n<\/ul>\n\n\t<p class=\"mphb-regular-price\"><strong>Prix \u00e0 partir de:<\/strong>\n\t<span class=\"mphb-price\"><span class=\"mphb-currency\">&euro;<\/span>168<\/span> <span class=\"mphb-price-period\" title=\"Choisissez les dates pour voir les prix pertinents\">pour 2 nuits<\/span><span class=\"mphb-tax-information taxes-included\"> (+taxes et frais)<\/span>\n\t<\/p>\n\t\n<div class=\"mphb-to-book-btn-wrapper\">\n<form action=\"https:\/\/yourmadeirarentals.com\/fr\/accommodation\/casa-valentina\/#booking-form-7666\" method=\"get\" ><button type=\"submit\" class=\"button mphb-book-button\" >R\u00e9server<\/button><\/form>\n<br\/><\/div>\n\t\n<\/div>\n<\/div>\t\t\t\t\t<\/div>\n\t\t\t\t\t\t\t\t\t<\/div>\n\n\t\t\t\t<!-- slider navigation -->\n\t\t\t\t<div class=\"knsl-uni-slider-nav-panel\">\n\t\t\t\t\t<div class=\"knsl-uni-slider-pagination\"><\/div>\n\t\t\t\t\t<div class=\"knsl-uni-nav\">\n\t\t\t\t\t<div class=\"knsl-uni-slider-prev\"><i class=\"fas fa-arrow-left\"><\/i><\/div>\n\t\t\t\t\t<div class=\"knsl-uni-slider-next\"><i class=\"fas fa-arrow-right\"><\/i><\/div>\n\t\t\t\t\t<\/div>\n\t\t\t\t<\/div>\n\n\t\t\t\t<\/div>\n\t\t\t\t\t\t\t<\/div>\n\t\t<\/div>\n\t\t<\/div>\t\t<\/section>\n\t\t<!-- rooms end -->\n\n\t\t\t\t\t\t<\/div>\n\t\t\t\t<\/div>\n\t\t\t\t\t<\/div>\n\t\t<\/div>\n\t\t\t\t\t<\/div>\n\t\t<\/section>\n\t\t\t\t<\/div>\n\t\t","protected":false},"excerpt":{"rendered":"<p>La Casa Bondi est une superbe villa situ\u00e9e dans la vall\u00e9e des bananiers de Ponta do Sol, \u00e0 proximit\u00e9 des plages, des randonn\u00e9es et des sites locaux. La terrasse spacieuse avec barbecue offre une vue imprenable sur la mer et les montagnes et sur les plantations de bananes. D\u00e9tendez-vous dans la piscine priv\u00e9e chauff\u00e9e ou dans le grand espace de vie. La villa comprend 3 chambres (chacune avec balcon), 3 salles de bains (dont 1 en suite), un WC pour les invit\u00e9s, une cuisine enti\u00e8rement \u00e9quip\u00e9e et une cuisine ext\u00e9rieure unique.<\/p>","protected":false},"featured_media":5110,"menu_order":0,"comment_status":"closed","ping_status":"closed","template":"template-layout-builder.php","mphb_room_type_category":[],"mphb_room_type_tag":[],"mphb_room_type_facility":[79,41,106,37,104,75,59,54],"class_list":["post-1192","mphb_room_type","type-mphb_room_type","status-publish","has-post-thumbnail","hentry","mphb_room_type_facility-free-parking","mphb_room_type_facility-kitchen","mphb_room_type_facility-mountain-view","mphb_room_type_facility-ocean-view","mphb_room_type_facility-private-pool","mphb_room_type_facility-tv","mphb_room_type_facility-washing-machine","mphb_room_type_facility-wifi","mphb-room-type-adults-6","mphb-room-type-children-0","has-taxes-and-fees"],"acf":[],"_links":{"self":[{"href":"https:\/\/yourmadeirarentals.com\/fr\/wp-json\/wp\/v2\/mphb_room_type\/1192","targetHints":{"allow":["GET"]}}],"collection":[{"href":"https:\/\/yourmadeirarentals.com\/fr\/wp-json\/wp\/v2\/mphb_room_type"}],"about":[{"href":"https:\/\/yourmadeirarentals.com\/fr\/wp-json\/wp\/v2\/types\/mphb_room_type"}],"replies":[{"embeddable":true,"href":"https:\/\/yourmadeirarentals.com\/fr\/wp-json\/wp\/v2\/comments?post=1192"}],"version-history":[{"count":62,"href":"https:\/\/yourmadeirarentals.com\/fr\/wp-json\/wp\/v2\/mphb_room_type\/1192\/revisions"}],"predecessor-version":[{"id":28702,"href":"https:\/\/yourmadeirarentals.com\/fr\/wp-json\/wp\/v2\/mphb_room_type\/1192\/revisions\/28702"}],"wp:featuredmedia":[{"embeddable":true,"href":"https:\/\/yourmadeirarentals.com\/fr\/wp-json\/wp\/v2\/media\/5110"}],"wp:attachment":[{"href":"https:\/\/yourmadeirarentals.com\/fr\/wp-json\/wp\/v2\/media?parent=1192"}],"wp:term":[{"taxonomy":"mphb_room_type_category","embeddable":true,"href":"https:\/\/yourmadeirarentals.com\/fr\/wp-json\/wp\/v2\/mphb_room_type_category?post=1192"},{"taxonomy":"mphb_room_type_tag","embeddable":true,"href":"https:\/\/yourmadeirarentals.com\/fr\/wp-json\/wp\/v2\/mphb_room_type_tag?post=1192"},{"taxonomy":"mphb_room_type_facility","embeddable":true,"href":"https:\/\/yourmadeirarentals.com\/fr\/wp-json\/wp\/v2\/mphb_room_type_facility?post=1192"}],"curies":[{"name":"wp","href":"https:\/\/api.w.org\/{rel}","templated":true}]}}