{"id":20966,"date":"2025-06-25T17:48:44","date_gmt":"2025-06-25T16:48:44","guid":{"rendered":"https:\/\/yourmadeirarentals.com\/?post_type=mphb_room_type&#038;p=20966"},"modified":"2026-02-13T09:04:31","modified_gmt":"2026-02-13T09:04:31","slug":"cabana-nespera","status":"publish","type":"mphb_room_type","link":"https:\/\/yourmadeirarentals.com\/fr\/accommodation\/cabana-nespera\/","title":{"rendered":"Cabana N\u00easpera"},"content":{"rendered":"\t\t<div data-elementor-type=\"wp-post\" data-elementor-id=\"20966\" class=\"elementor elementor-20966\">\n\t\t\t\t\t\t<section class=\"elementor-section elementor-top-section elementor-element elementor-element-7fe5def2 set-sticky-container elementor-reverse-mobile elementor-reverse-tablet elementor-section-boxed elementor-section-height-default elementor-section-height-default\" data-id=\"7fe5def2\" data-element_type=\"section\" data-e-type=\"section\" data-settings=\"{&quot;background_background&quot;:&quot;classic&quot;}\">\n\t\t\t\t\t\t<div class=\"elementor-container elementor-column-gap-default\">\n\t\t\t\t\t<div class=\"elementor-column elementor-col-66 elementor-top-column elementor-element elementor-element-6864d063\" data-id=\"6864d063\" data-element_type=\"column\" data-e-type=\"column\">\n\t\t\t<div class=\"elementor-widget-wrap elementor-element-populated\">\n\t\t\t\t\t\t<section class=\"elementor-section elementor-inner-section elementor-element elementor-element-562ce683 elementor-section-full_width elementor-section-height-default elementor-section-height-default\" data-id=\"562ce683\" data-element_type=\"section\" data-e-type=\"section\">\n\t\t\t\t\t\t<div class=\"elementor-container elementor-column-gap-no\">\n\t\t\t\t\t<div class=\"elementor-column elementor-col-100 elementor-inner-column elementor-element elementor-element-4c9d5c0a\" data-id=\"4c9d5c0a\" data-element_type=\"column\" data-e-type=\"column\">\n\t\t\t<div class=\"elementor-widget-wrap elementor-element-populated\">\n\t\t\t\t\t\t<div class=\"elementor-element elementor-element-1a2a4f65 elementor-widget elementor-widget-kinsley-photo-gallery\" data-id=\"1a2a4f65\" data-element_type=\"widget\" data-e-type=\"widget\" data-widget_type=\"kinsley-photo-gallery.default\">\n\t\t\t\t<div class=\"elementor-widget-container\">\n\t\t\t\t\t\n\t\t<div class=\"knsl-room-detail-slider-frame knsl-mb-60\">\n\t\t\t\n\t\t\t\n\t\t\t\n\t\t\t\n\t\t<\/div>\n\n\t\t\t\t\t\t<\/div>\n\t\t\t\t<\/div>\n\t\t\t\t\t<\/div>\n\t\t<\/div>\n\t\t\t\t\t<\/div>\n\t\t<\/section>\n\t\t\t\t<section class=\"elementor-section elementor-inner-section elementor-element elementor-element-3351c544 elementor-section-full_width elementor-section-height-default elementor-section-height-default\" data-id=\"3351c544\" data-element_type=\"section\" data-e-type=\"section\" data-settings=\"{&quot;background_background&quot;:&quot;classic&quot;}\">\n\t\t\t\t\t\t<div class=\"elementor-container elementor-column-gap-no\">\n\t\t\t\t\t<div class=\"elementor-column elementor-col-100 elementor-inner-column elementor-element elementor-element-74f586ac\" data-id=\"74f586ac\" data-element_type=\"column\" data-e-type=\"column\">\n\t\t\t<div class=\"elementor-widget-wrap elementor-element-populated\">\n\t\t\t\t\t\t<div class=\"elementor-element elementor-element-127d5d4e elementor-widget elementor-widget-heading\" data-id=\"127d5d4e\" data-element_type=\"widget\" data-e-type=\"widget\" data-widget_type=\"heading.default\">\n\t\t\t\t<div class=\"elementor-widget-container\">\n\t\t\t\t\t<h2 class=\"elementor-heading-title elementor-size-default\">Cabana N\u00easpera<\/h2>\t\t\t\t<\/div>\n\t\t\t\t<\/div>\n\t\t\t\t<div class=\"elementor-element elementor-element-3ffd7538 elementor-position-left elementor-vertical-align-top elementor-widget elementor-widget-image-box\" data-id=\"3ffd7538\" data-element_type=\"widget\" data-e-type=\"widget\" data-widget_type=\"image-box.default\">\n\t\t\t\t<div class=\"elementor-widget-container\">\n\t\t\t\t\t<div class=\"elementor-image-box-wrapper\"><figure class=\"elementor-image-box-img\"><img decoding=\"async\" width=\"32\" height=\"32\" src=\"https:\/\/yourmadeirarentals.com\/wp-content\/uploads\/2021\/12\/location.png\" class=\"attachment-full size-full wp-image-3907\" alt=\"\"><\/figure><div class=\"elementor-image-box-content\"><h3 class=\"elementor-image-box-title\">Caminho Lombo da Velha. 73, 9370-657 Prazeres<\/h3><\/div><\/div>\t\t\t\t<\/div>\n\t\t\t\t<\/div>\n\t\t\t\t\t<\/div>\n\t\t<\/div>\n\t\t\t\t\t<\/div>\n\t\t<\/section>\n\t\t\t\t<section class=\"elementor-section elementor-inner-section elementor-element elementor-element-97952f9 elementor-section-full_width elementor-section-height-default elementor-section-height-default\" data-id=\"97952f9\" data-element_type=\"section\" data-e-type=\"section\" data-settings=\"{&quot;background_background&quot;:&quot;classic&quot;}\">\n\t\t\t\t\t\t<div class=\"elementor-container elementor-column-gap-no\">\n\t\t\t\t\t<div class=\"elementor-column elementor-col-100 elementor-inner-column elementor-element elementor-element-5d347cd1\" data-id=\"5d347cd1\" data-element_type=\"column\" data-e-type=\"column\">\n\t\t\t<div class=\"elementor-widget-wrap elementor-element-populated\">\n\t\t\t\t\t\t<div class=\"elementor-element elementor-element-340d997d elementor-position-left elementor-vertical-align-top elementor-widget elementor-widget-image-box\" data-id=\"340d997d\" data-element_type=\"widget\" data-e-type=\"widget\" data-widget_type=\"image-box.default\">\n\t\t\t\t<div class=\"elementor-widget-container\">\n\t\t\t\t\t<div class=\"elementor-image-box-wrapper\"><figure class=\"elementor-image-box-img\"><img decoding=\"async\" width=\"32\" height=\"32\" src=\"https:\/\/yourmadeirarentals.com\/wp-content\/uploads\/2025\/09\/key.png\" class=\"attachment-full size-full wp-image-22675\" alt=\"\" srcset=\"https:\/\/yourmadeirarentals.com\/wp-content\/uploads\/2025\/09\/key.png 32w, https:\/\/yourmadeirarentals.com\/wp-content\/uploads\/2025\/09\/key-12x12.png 12w\" sizes=\"(max-width: 32px) 100vw, 32px\" \/><\/figure><div class=\"elementor-image-box-content\"><h3 class=\"elementor-image-box-title\">Exceptional check-in experience<\/h3><p class=\"elementor-image-box-description\">Recent guests gave the check-in process a 5-star rating.<\/p><\/div><\/div>\t\t\t\t<\/div>\n\t\t\t\t<\/div>\n\t\t\t\t<div class=\"elementor-element elementor-element-53f0446a elementor-position-left elementor-vertical-align-top elementor-widget elementor-widget-image-box\" data-id=\"53f0446a\" data-element_type=\"widget\" data-e-type=\"widget\" data-widget_type=\"image-box.default\">\n\t\t\t\t<div class=\"elementor-widget-container\">\n\t\t\t\t\t<div class=\"elementor-image-box-wrapper\"><figure class=\"elementor-image-box-img\"><img decoding=\"async\" width=\"32\" height=\"32\" src=\"https:\/\/yourmadeirarentals.com\/wp-content\/uploads\/2021\/10\/car.png\" class=\"attachment-full size-full wp-image-21910\" alt=\"\" srcset=\"https:\/\/yourmadeirarentals.com\/wp-content\/uploads\/2021\/10\/car.png 32w, https:\/\/yourmadeirarentals.com\/wp-content\/uploads\/2021\/10\/car-12x12.png 12w\" sizes=\"(max-width: 32px) 100vw, 32px\" \/><\/figure><div class=\"elementor-image-box-content\"><h3 class=\"elementor-image-box-title\">Park for free<\/h3><p class=\"elementor-image-box-description\">This is one of the few places in the area with free parking.<\/p><\/div><\/div>\t\t\t\t<\/div>\n\t\t\t\t<\/div>\n\t\t\t\t<div class=\"elementor-element elementor-element-5101865 elementor-position-left elementor-vertical-align-top elementor-widget elementor-widget-image-box\" data-id=\"5101865\" data-element_type=\"widget\" data-e-type=\"widget\" data-widget_type=\"image-box.default\">\n\t\t\t\t<div class=\"elementor-widget-container\">\n\t\t\t\t\t<div class=\"elementor-image-box-wrapper\"><figure class=\"elementor-image-box-img\"><img decoding=\"async\" width=\"32\" height=\"32\" src=\"https:\/\/yourmadeirarentals.com\/wp-content\/uploads\/2021\/12\/location.png\" class=\"attachment-full size-full wp-image-3907\" alt=\"\"><\/figure><div class=\"elementor-image-box-content\"><h3 class=\"elementor-image-box-title\">Beautiful area<\/h3><p class=\"elementor-image-box-description\">This home is in a scenic location.<\/p><\/div><\/div>\t\t\t\t<\/div>\n\t\t\t\t<\/div>\n\t\t\t\t\t<\/div>\n\t\t<\/div>\n\t\t\t\t\t<\/div>\n\t\t<\/section>\n\t\t\t\t<section class=\"elementor-section elementor-inner-section elementor-element elementor-element-51673c4a elementor-section-full_width elementor-section-height-default elementor-section-height-default\" data-id=\"51673c4a\" data-element_type=\"section\" data-e-type=\"section\" data-settings=\"{&quot;background_background&quot;:&quot;classic&quot;}\">\n\t\t\t\t\t\t<div class=\"elementor-container elementor-column-gap-no\">\n\t\t\t\t\t<div class=\"elementor-column elementor-col-100 elementor-inner-column elementor-element elementor-element-3724132\" data-id=\"3724132\" data-element_type=\"column\" data-e-type=\"column\">\n\t\t\t<div class=\"elementor-widget-wrap elementor-element-populated\">\n\t\t\t\t\t\t<div class=\"elementor-element elementor-element-79cdaf13 elementor-widget elementor-widget-kinsley-room-description\" data-id=\"79cdaf13\" data-element_type=\"widget\" data-e-type=\"widget\" data-widget_type=\"kinsley-room-description.default\">\n\t\t\t\t<div class=\"elementor-widget-container\">\n\t\t\t\t\t\n\t\t<!-- description -->\n\t\t<section class=\"knsl-mb-60\">\n\t\t\t\t\t\t<h3 class=\"knsl-title--h knsl-mb-40\">\n\t\t\t\t<span >\n\t\t\t\t\tEntire home hosted by Kevin\t\t\t\t<\/span>\n\t\t\t<\/h3>\n\t\t\t\t\t\t\t\t\t<div class=\"knsl-text\">\n\t\t\t\t<div >\n\t\t\t\t\tEscape to our charming stone cabana in Prazeres, Madeira! Nestled in a quiet area near nature and hiking trails, it features 1 bedroom, a kitchen-dining area, cozy sofa corner, bathroom with shower, and a warm indoor fireplace. Enjoy the outdoor space with BBQ and easy parking. Perfect for a peaceful nature retreat!\t\t\t\t<\/div>\n\t\t\t<\/div>\n\t\t\t\t\t<\/section>\n\t\t<!-- description end -->\n\n\t\t\t\t\t\t<\/div>\n\t\t\t\t<\/div>\n\t\t\t\t\t<\/div>\n\t\t<\/div>\n\t\t\t\t\t<\/div>\n\t\t<\/section>\n\t\t\t\t<section class=\"elementor-section elementor-inner-section elementor-element elementor-element-13c46d24 elementor-section-full_width elementor-section-height-default elementor-section-height-default\" data-id=\"13c46d24\" data-element_type=\"section\" data-e-type=\"section\">\n\t\t\t\t\t\t<div class=\"elementor-container elementor-column-gap-no\">\n\t\t\t\t\t<div class=\"elementor-column elementor-col-100 elementor-inner-column elementor-element elementor-element-6c8c2aea\" data-id=\"6c8c2aea\" data-element_type=\"column\" data-e-type=\"column\">\n\t\t\t<div class=\"elementor-widget-wrap elementor-element-populated\">\n\t\t\t\t\t\t<div class=\"elementor-element elementor-element-6874df8d elementor-widget elementor-widget-kinsley-room-attributes\" data-id=\"6874df8d\" data-element_type=\"widget\" data-e-type=\"widget\" id=\"custom_attribute\" data-widget_type=\"kinsley-room-attributes.default\">\n\t\t\t\t<div class=\"elementor-widget-container\">\n\t\t\t\t\t\n\t\t<!-- room info -->\n\t\t<div class=\"knsl-room-features-lg knsl-mb-20 show-view show-bed-type show-custom-attribute\">\n\t\t\t\t\t<\/div>\n\t\t<!-- room info end -->\n\n\t\t\t\t\t\t<\/div>\n\t\t\t\t<\/div>\n\t\t\t\t\t<\/div>\n\t\t<\/div>\n\t\t\t\t\t<\/div>\n\t\t<\/section>\n\t\t\t\t<section class=\"elementor-section elementor-inner-section elementor-element elementor-element-5291c96f elementor-section-full_width elementor-section-height-default elementor-section-height-default\" data-id=\"5291c96f\" data-element_type=\"section\" data-e-type=\"section\">\n\t\t\t\t\t\t<div class=\"elementor-container elementor-column-gap-no\">\n\t\t\t\t\t<div class=\"elementor-column elementor-col-100 elementor-inner-column elementor-element elementor-element-4d56b7c8\" data-id=\"4d56b7c8\" data-element_type=\"column\" data-e-type=\"column\">\n\t\t\t<div class=\"elementor-widget-wrap elementor-element-populated\">\n\t\t\t\t\t\t<div class=\"elementor-element elementor-element-1cf3f97c elementor-widget elementor-widget-heading\" data-id=\"1cf3f97c\" data-element_type=\"widget\" data-e-type=\"widget\" data-widget_type=\"heading.default\">\n\t\t\t\t<div class=\"elementor-widget-container\">\n\t\t\t\t\t<h3 class=\"elementor-heading-title elementor-size-default\">Where you'll sleep<\/h3>\t\t\t\t<\/div>\n\t\t\t\t<\/div>\n\t\t\t\t\t<\/div>\n\t\t<\/div>\n\t\t\t\t\t<\/div>\n\t\t<\/section>\n\t\t\t\t<section class=\"elementor-section elementor-inner-section elementor-element elementor-element-7274f102 elementor-section-full_width elementor-section-height-default elementor-section-height-default\" data-id=\"7274f102\" data-element_type=\"section\" data-e-type=\"section\" id=\"bedroom_img\">\n\t\t\t\t\t\t<div class=\"elementor-container elementor-column-gap-no\">\n\t\t\t\t\t<div class=\"elementor-column elementor-col-33 elementor-inner-column elementor-element elementor-element-247a6b\" data-id=\"247a6b\" data-element_type=\"column\" data-e-type=\"column\">\n\t\t\t<div class=\"elementor-widget-wrap elementor-element-populated\">\n\t\t\t\t\t\t<div class=\"elementor-element elementor-element-5c398955 elementor-position-top elementor-widget elementor-widget-image-box\" data-id=\"5c398955\" data-element_type=\"widget\" data-e-type=\"widget\" data-widget_type=\"image-box.default\">\n\t\t\t\t<div class=\"elementor-widget-container\">\n\t\t\t\t\t<div class=\"elementor-image-box-wrapper\"><figure class=\"elementor-image-box-img\"><img loading=\"lazy\" decoding=\"async\" width=\"24\" height=\"24\" src=\"https:\/\/yourmadeirarentals.com\/wp-content\/uploads\/2024\/08\/double-bed.png\" class=\"attachment-full size-full wp-image-11938\" alt=\"\" srcset=\"https:\/\/yourmadeirarentals.com\/wp-content\/uploads\/2024\/08\/double-bed.png 24w, https:\/\/yourmadeirarentals.com\/wp-content\/uploads\/2024\/08\/double-bed-12x12.png 12w\" sizes=\"(max-width: 24px) 100vw, 24px\" \/><\/figure><div class=\"elementor-image-box-content\"><h3 class=\"elementor-image-box-title\">Bedroom 1<\/h3><p class=\"elementor-image-box-description\">1 king bed<\/p><\/div><\/div>\t\t\t\t<\/div>\n\t\t\t\t<\/div>\n\t\t\t\t\t<\/div>\n\t\t<\/div>\n\t\t\t\t<div class=\"elementor-column elementor-col-33 elementor-inner-column elementor-element elementor-element-18da2be\" data-id=\"18da2be\" data-element_type=\"column\" data-e-type=\"column\">\n\t\t\t<div class=\"elementor-widget-wrap elementor-element-populated\">\n\t\t\t\t\t\t<div class=\"elementor-element elementor-element-23bbf26 elementor-position-top elementor-widget elementor-widget-image-box\" data-id=\"23bbf26\" data-element_type=\"widget\" data-e-type=\"widget\" data-widget_type=\"image-box.default\">\n\t\t\t\t<div class=\"elementor-widget-container\">\n\t\t\t\t\t<div class=\"elementor-image-box-wrapper\"><figure class=\"elementor-image-box-img\"><img loading=\"lazy\" decoding=\"async\" width=\"24\" height=\"24\" src=\"https:\/\/yourmadeirarentals.com\/wp-content\/uploads\/2024\/08\/double-bed.png\" class=\"attachment-full size-full wp-image-11938\" alt=\"\" srcset=\"https:\/\/yourmadeirarentals.com\/wp-content\/uploads\/2024\/08\/double-bed.png 24w, https:\/\/yourmadeirarentals.com\/wp-content\/uploads\/2024\/08\/double-bed-12x12.png 12w\" sizes=\"(max-width: 24px) 100vw, 24px\" \/><\/figure><div class=\"elementor-image-box-content\"><h3 class=\"elementor-image-box-title\">Bedroom 2<\/h3><p class=\"elementor-image-box-description\">1 Queen bed<\/p><\/div><\/div>\t\t\t\t<\/div>\n\t\t\t\t<\/div>\n\t\t\t\t\t<\/div>\n\t\t<\/div>\n\t\t\t\t<div class=\"elementor-column elementor-col-33 elementor-inner-column elementor-element elementor-element-7f88b34\" data-id=\"7f88b34\" data-element_type=\"column\" data-e-type=\"column\">\n\t\t\t<div class=\"elementor-widget-wrap elementor-element-populated\">\n\t\t\t\t\t\t<div class=\"elementor-element elementor-element-1c388cf elementor-position-top elementor-widget elementor-widget-image-box\" data-id=\"1c388cf\" data-element_type=\"widget\" data-e-type=\"widget\" data-widget_type=\"image-box.default\">\n\t\t\t\t<div class=\"elementor-widget-container\">\n\t\t\t\t\t<div class=\"elementor-image-box-wrapper\"><figure class=\"elementor-image-box-img\"><img loading=\"lazy\" decoding=\"async\" width=\"24\" height=\"24\" src=\"https:\/\/yourmadeirarentals.com\/wp-content\/uploads\/2024\/08\/double-bed.png\" class=\"attachment-full size-full wp-image-11938\" alt=\"\" srcset=\"https:\/\/yourmadeirarentals.com\/wp-content\/uploads\/2024\/08\/double-bed.png 24w, https:\/\/yourmadeirarentals.com\/wp-content\/uploads\/2024\/08\/double-bed-12x12.png 12w\" sizes=\"(max-width: 24px) 100vw, 24px\" \/><\/figure><div class=\"elementor-image-box-content\"><h3 class=\"elementor-image-box-title\">Bedroom 3<\/h3><p class=\"elementor-image-box-description\">1 King bed<\/p><\/div><\/div>\t\t\t\t<\/div>\n\t\t\t\t<\/div>\n\t\t\t\t\t<\/div>\n\t\t<\/div>\n\t\t\t\t\t<\/div>\n\t\t<\/section>\n\t\t\t\t<section class=\"elementor-section elementor-inner-section elementor-element elementor-element-3386575d elementor-section-full_width elementor-section-height-default elementor-section-height-default\" data-id=\"3386575d\" data-element_type=\"section\" data-e-type=\"section\">\n\t\t\t\t\t\t<div class=\"elementor-container elementor-column-gap-no\">\n\t\t\t\t\t<div class=\"elementor-column elementor-col-100 elementor-inner-column elementor-element elementor-element-609a0f45\" data-id=\"609a0f45\" data-element_type=\"column\" data-e-type=\"column\">\n\t\t\t<div class=\"elementor-widget-wrap elementor-element-populated\">\n\t\t\t\t\t\t<div class=\"elementor-element elementor-element-56d329b4 elementor-widget elementor-widget-kinsley-room-amenity\" data-id=\"56d329b4\" data-element_type=\"widget\" data-e-type=\"widget\" data-widget_type=\"kinsley-room-amenity.default\">\n\t\t\t\t<div class=\"elementor-widget-container\">\n\t\t\t\t\t\n\t\t<!-- features -->\n\t\t<section class=\"knsl-mb-40\">\n\t\t\t<div class=\"row\">\n\t\t\t\t\t\t\t\t<div class=\"col-lg-12\">\n\t\t\t\t\t<h3 class=\"knsl-title--h knsl-mb-40\">\n\t\t\t\t\t\t<span >\n\t\t\t\t\t\t\tWhat this place offers\t\t\t\t\t\t<\/span>\n\t\t\t\t\t<\/h3>\n\t\t\t\t<\/div>\n\t\t\t\t\t\t\t\t\t\t\t\t\t\t\t\t<div class=\"col-6 col-md-3\">\n\n\t\t\t\t\t<!-- icon box -->\n\t\t\t\t\t<div class=\"knsl-icon-box knsl-icon-box-sm knsl-scroll-animation\">\n\t\t\t\t\t\t\t\t\t\t\t\t<a >\n\t\t\t\t\t\t\t\t\t\t\t\t\t\t<div class=\"mil-icon\">\n\t\t\t\t\t\t\t\t<img decoding=\"async\" src=\"https:\/\/yourmadeirarentals.com\/wp-content\/uploads\/2025\/08\/barbeque-1.png\" alt=\"BBQ grill\" class=\" knsl-mb-10\" \/>\n\t\t\t\t\t\t\t<\/div>\n\t\t\t\t\t\t\t\t\t\t\t\t\t\t<h5>BBQ grill<\/h5>\n\t\t\t\t\t\t<\/a>\n\t\t\t\t\t<\/div>\n\t\t\t\t\t<!-- icon box end -->\n\n\t\t\t\t<\/div>\n\t\t\t\t\t\t\t\t<div class=\"col-6 col-md-3\">\n\n\t\t\t\t\t<!-- icon box -->\n\t\t\t\t\t<div class=\"knsl-icon-box knsl-icon-box-sm knsl-scroll-animation\">\n\t\t\t\t\t\t\t\t\t\t\t\t<a >\n\t\t\t\t\t\t\t\t\t\t\t\t\t\t<div class=\"mil-icon\">\n\t\t\t\t\t\t\t\t<img decoding=\"async\" src=\"https:\/\/yourmadeirarentals.com\/wp-content\/uploads\/2025\/08\/bonfire-1.png\" alt=\"Fire pit\" class=\" knsl-mb-10\" \/>\n\t\t\t\t\t\t\t<\/div>\n\t\t\t\t\t\t\t\t\t\t\t\t\t\t<h5>Fire pit<\/h5>\n\t\t\t\t\t\t<\/a>\n\t\t\t\t\t<\/div>\n\t\t\t\t\t<!-- icon box end -->\n\n\t\t\t\t<\/div>\n\t\t\t\t\t\t\t\t<div class=\"col-6 col-md-3\">\n\n\t\t\t\t\t<!-- icon box -->\n\t\t\t\t\t<div class=\"knsl-icon-box knsl-icon-box-sm knsl-scroll-animation\">\n\t\t\t\t\t\t\t\t\t\t\t\t<a >\n\t\t\t\t\t\t\t\t\t\t\t\t\t\t<div class=\"mil-icon\">\n\t\t\t\t\t\t\t\t<img decoding=\"async\" src=\"https:\/\/yourmadeirarentals.com\/wp-content\/uploads\/2025\/08\/medicine-1.png\" alt=\"First aid kit\" class=\" knsl-mb-10\" \/>\n\t\t\t\t\t\t\t<\/div>\n\t\t\t\t\t\t\t\t\t\t\t\t\t\t<h5>First aid kit<\/h5>\n\t\t\t\t\t\t<\/a>\n\t\t\t\t\t<\/div>\n\t\t\t\t\t<!-- icon box end -->\n\n\t\t\t\t<\/div>\n\t\t\t\t\t\t\t\t<div class=\"col-6 col-md-3\">\n\n\t\t\t\t\t<!-- icon box -->\n\t\t\t\t\t<div class=\"knsl-icon-box knsl-icon-box-sm knsl-scroll-animation\">\n\t\t\t\t\t\t\t\t\t\t\t\t<a >\n\t\t\t\t\t\t\t\t\t\t\t\t\t\t<div class=\"mil-icon\">\n\t\t\t\t\t\t\t\t<img decoding=\"async\" src=\"https:\/\/yourmadeirarentals.com\/wp-content\/uploads\/2025\/08\/car-6.png\" alt=\"Free parking\" class=\" knsl-mb-10\" \/>\n\t\t\t\t\t\t\t<\/div>\n\t\t\t\t\t\t\t\t\t\t\t\t\t\t<h5>Free parking<\/h5>\n\t\t\t\t\t\t<\/a>\n\t\t\t\t\t<\/div>\n\t\t\t\t\t<!-- icon box end -->\n\n\t\t\t\t<\/div>\n\t\t\t\t\t\t\t\t<div class=\"col-6 col-md-3\">\n\n\t\t\t\t\t<!-- icon box -->\n\t\t\t\t\t<div class=\"knsl-icon-box knsl-icon-box-sm knsl-scroll-animation\">\n\t\t\t\t\t\t\t\t\t\t\t\t<a >\n\t\t\t\t\t\t\t\t\t\t\t\t\t\t<div class=\"mil-icon\">\n\t\t\t\t\t\t\t\t<img decoding=\"async\" src=\"https:\/\/yourmadeirarentals.com\/wp-content\/uploads\/2025\/08\/cutlery.png\" alt=\"Kitchen\" class=\" knsl-mb-10\" \/>\n\t\t\t\t\t\t\t<\/div>\n\t\t\t\t\t\t\t\t\t\t\t\t\t\t<h5>Kitchen<\/h5>\n\t\t\t\t\t\t<\/a>\n\t\t\t\t\t<\/div>\n\t\t\t\t\t<!-- icon box end -->\n\n\t\t\t\t<\/div>\n\t\t\t\t\t\t\t\t<div class=\"col-6 col-md-3\">\n\n\t\t\t\t\t<!-- icon box -->\n\t\t\t\t\t<div class=\"knsl-icon-box knsl-icon-box-sm knsl-scroll-animation\">\n\t\t\t\t\t\t\t\t\t\t\t\t<a >\n\t\t\t\t\t\t\t\t\t\t\t\t\t\t<div class=\"mil-icon\">\n\t\t\t\t\t\t\t\t<img decoding=\"async\" src=\"https:\/\/yourmadeirarentals.com\/wp-content\/uploads\/2025\/08\/summer.png\" alt=\"Outdoor dining area\" class=\" knsl-mb-10\" \/>\n\t\t\t\t\t\t\t<\/div>\n\t\t\t\t\t\t\t\t\t\t\t\t\t\t<h5>Outdoor dining area<\/h5>\n\t\t\t\t\t\t<\/a>\n\t\t\t\t\t<\/div>\n\t\t\t\t\t<!-- icon box end -->\n\n\t\t\t\t<\/div>\n\t\t\t\t\t\t\t\t<div class=\"col-6 col-md-3\">\n\n\t\t\t\t\t<!-- icon box -->\n\t\t\t\t\t<div class=\"knsl-icon-box knsl-icon-box-sm knsl-scroll-animation\">\n\t\t\t\t\t\t\t\t\t\t\t\t<a >\n\t\t\t\t\t\t\t\t\t\t\t\t\t\t<div class=\"mil-icon\">\n\t\t\t\t\t\t\t\t<img decoding=\"async\" src=\"https:\/\/yourmadeirarentals.com\/wp-content\/uploads\/2025\/08\/television.png\" alt=\"TV\" class=\" knsl-mb-10\" \/>\n\t\t\t\t\t\t\t<\/div>\n\t\t\t\t\t\t\t\t\t\t\t\t\t\t<h5>TV<\/h5>\n\t\t\t\t\t\t<\/a>\n\t\t\t\t\t<\/div>\n\t\t\t\t\t<!-- icon box end -->\n\n\t\t\t\t<\/div>\n\t\t\t\t\t\t\t\t<div class=\"col-6 col-md-3\">\n\n\t\t\t\t\t<!-- icon box -->\n\t\t\t\t\t<div class=\"knsl-icon-box knsl-icon-box-sm knsl-scroll-animation\">\n\t\t\t\t\t\t\t\t\t\t\t\t<a >\n\t\t\t\t\t\t\t\t\t\t\t\t\t\t<div class=\"mil-icon\">\n\t\t\t\t\t\t\t\t<img decoding=\"async\" src=\"https:\/\/yourmadeirarentals.com\/wp-content\/uploads\/2025\/08\/wifi-1.png\" alt=\"Wifi\" class=\" knsl-mb-10\" \/>\n\t\t\t\t\t\t\t<\/div>\n\t\t\t\t\t\t\t\t\t\t\t\t\t\t<h5>Wifi<\/h5>\n\t\t\t\t\t\t<\/a>\n\t\t\t\t\t<\/div>\n\t\t\t\t\t<!-- icon box end -->\n\n\t\t\t\t<\/div>\n\t\t\t\t\t\t\t\t\t\t\t<\/div>\n\t\t<\/section>\n\t\t<!-- features end -->\n\n\t\t\t\t\t\t<\/div>\n\t\t\t\t<\/div>\n\t\t\t\t\t<\/div>\n\t\t<\/div>\n\t\t\t\t\t<\/div>\n\t\t<\/section>\n\t\t\t\t<section class=\"elementor-section elementor-inner-section elementor-element elementor-element-68668287 elementor-section-full_width elementor-section-height-default elementor-section-height-default\" data-id=\"68668287\" data-element_type=\"section\" data-e-type=\"section\">\n\t\t\t\t\t\t<div class=\"elementor-container elementor-column-gap-no\">\n\t\t\t\t\t<div class=\"elementor-column elementor-col-100 elementor-inner-column elementor-element elementor-element-63535ee2\" data-id=\"63535ee2\" data-element_type=\"column\" data-e-type=\"column\">\n\t\t\t<div class=\"elementor-widget-wrap elementor-element-populated\">\n\t\t\t\t\t\t<div class=\"elementor-element elementor-element-16ed9efc elementor-widget elementor-widget-kinsley-availability-calendar\" data-id=\"16ed9efc\" data-element_type=\"widget\" data-e-type=\"widget\" data-widget_type=\"kinsley-availability-calendar.default\">\n\t\t\t\t<div class=\"elementor-widget-container\">\n\t\t\t\t\t\n                <h3 class=\"knsl-mb-40\">\n          <span >\n              Select Reservation Date          <\/span>\n        <\/h3>\n\t\t\t\t\n        <div class=\"mphb_sc_availability_calendar-wrapper  knsl-scroll-animation\">\t<div class=\"mphb-calendar mphb-datepick inlinePicker mphb-calendar--direct-booking\" data-room-type-id=\"20966\" data-monthstoshow=\"2\" data-is_show_prices=\"0\" data-is_truncate_prices=\"1\" data-is_show_prices_currency=\"0\" data-first_available_check_in_date=\"2026-05-05\"><\/div>\n\t<\/div>\t\t\t\t<\/div>\n\t\t\t\t<\/div>\n\t\t\t\t\t<\/div>\n\t\t<\/div>\n\t\t\t\t\t<\/div>\n\t\t<\/section>\n\t\t\t\t<section class=\"elementor-section elementor-inner-section elementor-element elementor-element-591d1981 elementor-section-full_width elementor-section-height-default elementor-section-height-default\" data-id=\"591d1981\" data-element_type=\"section\" data-e-type=\"section\">\n\t\t\t\t\t\t<div class=\"elementor-container elementor-column-gap-no\">\n\t\t\t\t\t<div class=\"elementor-column elementor-col-100 elementor-inner-column elementor-element elementor-element-2ab6a442\" data-id=\"2ab6a442\" data-element_type=\"column\" data-e-type=\"column\">\n\t\t\t<div class=\"elementor-widget-wrap elementor-element-populated\">\n\t\t\t\t\t\t<div class=\"elementor-element elementor-element-3ea1a830 elementor-widget elementor-widget-kinsley-map\" data-id=\"3ea1a830\" data-element_type=\"widget\" data-e-type=\"widget\" data-widget_type=\"kinsley-map.default\">\n\t\t\t\t<div class=\"elementor-widget-container\">\n\t\t\t\t\t\n\t\t<!-- map -->\n\t\t<section>\n\t\t\t<div class=\"row\">\n\t\t\t\t\t\t\t\t<div class=\"col-lg-12\">\n\t\t\t\t\t<h3 class=\"knsl-title--h knsl-mb-40\">\n\t\t\t\t\t\t<span >\n\t\t\t\t\t\t\tWhere you\u2019ll be\t\t\t\t\t\t<\/span>\n\t\t\t\t\t<\/h3>\n\t\t\t\t<\/div>\n\t\t\t\t\t\t\t\t<div class=\"col-lg-12\">\n\t\t\t\t\t<div class=\"knsl-map-frame knsl-mb-60\">\n\t\t\t\t\t\t<div class=\"knsl-lock\"><i class=\"fas fa-lock\"><\/i><\/div>\n\t\t\t\t\t\t<div id=\"map\" class=\"knsl-map\" data-key=\"pk.eyJ1Ijoia2VmYTkwIiwiYSI6ImNsbGdrZHkwZTBnOWozZHBxbzdqaDlydGYifQ.aPqNmJI8f7NxTkYL5NzTDA\" data-style=\"default\" data-zoom=\"15\" data-lng=\" -17.200562\" data-lat=\"32.760060\"><\/div>\n\t\t\t\t\t<\/div>\n\t\t\t\t<\/div>\n\t\t\t<\/div>\n\t\t<\/section>\n\t\t<!-- map end -->\n\n\t\t\t\t\t\t<\/div>\n\t\t\t\t<\/div>\n\t\t\t\t\t<\/div>\n\t\t<\/div>\n\t\t\t\t\t<\/div>\n\t\t<\/section>\n\t\t\t\t<section class=\"elementor-section elementor-inner-section elementor-element elementor-element-3cac4af4 elementor-section-full_width elementor-section-height-default elementor-section-height-default\" data-id=\"3cac4af4\" data-element_type=\"section\" data-e-type=\"section\">\n\t\t\t\t\t\t<div class=\"elementor-container elementor-column-gap-no\">\n\t\t\t\t\t<div class=\"elementor-column elementor-col-100 elementor-inner-column elementor-element elementor-element-2a1ed123\" data-id=\"2a1ed123\" data-element_type=\"column\" data-e-type=\"column\">\n\t\t\t<div class=\"elementor-widget-wrap elementor-element-populated\">\n\t\t\t\t\t\t<div class=\"elementor-element elementor-element-66c4c85d elementor-widget elementor-widget-kinsley-room-services\" data-id=\"66c4c85d\" data-element_type=\"widget\" data-e-type=\"widget\" data-widget_type=\"kinsley-room-services.default\">\n\t\t\t\t<div class=\"elementor-widget-container\">\n\t\t\t\t\t\n\t\t<!-- services -->\n\t\t<section class=\"knsl-mb-40\">\n\t\t\t<div class=\"row\">\n\t\t\t\t\t\t\t\t<div class=\"col-lg-12\">\n\t\t\t\t\t<h3 class=\"knsl-title--h knsl-mb-40\">\n\t\t\t\t\t\t<span >\n\t\t\t\t\t\t\t\tAround The Hotel\t\t\t\t\t\t<\/span>\n\t\t\t\t\t<\/h3>\n\t\t\t\t<\/div>\n\t\t\t\t\t\t\t\t\t\t\t\t\t\t\t\t<div class=\"col-md-6 col-lg-4\">\n\n\t\t\t\t\t<!-- service card -->\n\t\t\t\t\t<div class=\"knsl-ath-card knsl-scroll-animation\">\n\t\t\t\t\t\t\t\t\t\t\t\t\t\t\t\t\t\t<div class=\"knsl-cover-frame\">\n\t\t\t\t\t\t\t<a >\n\t\t\t\t\t\t\t\t<img decoding=\"async\" src=\"https:\/\/yourmadeirarentals.com\/wp-content\/uploads\/2023\/10\/Rental-car-950x384.jpg\" alt=\"Car Hire Service\" \/>\n\t\t\t\t\t\t\t<\/a>\n\t\t\t\t\t\t<\/div>\n\t\t\t\t\t\t\t\t\t\t\t\t<div class=\"knsl-card-description\">\n\t\t\t\t\t\t\t<h5>\n\t\t\t\t\t\t\t\t<a>Car Hire Service<\/a>\n\t\t\t\t\t\t\t<\/h5>\n\t\t\t\t\t\t<\/div>\n\t\t\t\t\t<\/div>\n\t\t\t\t\t<!-- service card end -->\n\n\t\t\t\t<\/div>\n\t\t\t\t\t\t\t\t<div class=\"col-md-6 col-lg-4\">\n\n\t\t\t\t\t<!-- service card -->\n\t\t\t\t\t<div class=\"knsl-ath-card knsl-scroll-animation\">\n\t\t\t\t\t\t\t\t\t\t\t\t\t\t\t\t\t\t<div class=\"knsl-cover-frame\">\n\t\t\t\t\t\t\t<a >\n\t\t\t\t\t\t\t\t<img decoding=\"async\" src=\"https:\/\/yourmadeirarentals.com\/wp-content\/uploads\/2023\/10\/House-Keeping-950x397.jpg\" alt=\"Housekeeping\" \/>\n\t\t\t\t\t\t\t<\/a>\n\t\t\t\t\t\t<\/div>\n\t\t\t\t\t\t\t\t\t\t\t\t<div class=\"knsl-card-description\">\n\t\t\t\t\t\t\t<h5>\n\t\t\t\t\t\t\t\t<a>Housekeeping<\/a>\n\t\t\t\t\t\t\t<\/h5>\n\t\t\t\t\t\t<\/div>\n\t\t\t\t\t<\/div>\n\t\t\t\t\t<!-- service card end -->\n\n\t\t\t\t<\/div>\n\t\t\t\t\t\t\t\t<div class=\"col-md-6 col-lg-4\">\n\n\t\t\t\t\t<!-- service card -->\n\t\t\t\t\t<div class=\"knsl-ath-card knsl-scroll-animation\">\n\t\t\t\t\t\t\t\t\t\t\t\t\t\t\t\t\t\t<div class=\"knsl-cover-frame\">\n\t\t\t\t\t\t\t<a >\n\t\t\t\t\t\t\t\t<img decoding=\"async\" src=\"https:\/\/yourmadeirarentals.com\/wp-content\/uploads\/2023\/10\/Real-Estate-Digital-950x391.jpg\" alt=\"Real Estate Consulting Service\" \/>\n\t\t\t\t\t\t\t<\/a>\n\t\t\t\t\t\t<\/div>\n\t\t\t\t\t\t\t\t\t\t\t\t<div class=\"knsl-card-description\">\n\t\t\t\t\t\t\t<h5>\n\t\t\t\t\t\t\t\t<a>Real Estate Consulting Service<\/a>\n\t\t\t\t\t\t\t<\/h5>\n\t\t\t\t\t\t<\/div>\n\t\t\t\t\t<\/div>\n\t\t\t\t\t<!-- service card end -->\n\n\t\t\t\t<\/div>\n\t\t\t\t\t\t\t\t<div class=\"col-md-6 col-lg-4\">\n\n\t\t\t\t\t<!-- service card -->\n\t\t\t\t\t<div class=\"knsl-ath-card knsl-scroll-animation\">\n\t\t\t\t\t\t\t\t\t\t\t\t\t\t\t\t\t\t<div class=\"knsl-cover-frame\">\n\t\t\t\t\t\t\t<a >\n\t\t\t\t\t\t\t\t<img decoding=\"async\" src=\"https:\/\/yourmadeirarentals.com\/wp-content\/uploads\/2023\/10\/Yacht-At-Seaside-950x535.jpg\" alt=\"Tour Operation Service\" \/>\n\t\t\t\t\t\t\t<\/a>\n\t\t\t\t\t\t<\/div>\n\t\t\t\t\t\t\t\t\t\t\t\t<div class=\"knsl-card-description\">\n\t\t\t\t\t\t\t<h5>\n\t\t\t\t\t\t\t\t<a>Tour Operation Service<\/a>\n\t\t\t\t\t\t\t<\/h5>\n\t\t\t\t\t\t<\/div>\n\t\t\t\t\t<\/div>\n\t\t\t\t\t<!-- service card end -->\n\n\t\t\t\t<\/div>\n\t\t\t\t\t\t\t\t<div class=\"col-md-6 col-lg-4\">\n\n\t\t\t\t\t<!-- service card -->\n\t\t\t\t\t<div class=\"knsl-ath-card knsl-scroll-animation\">\n\t\t\t\t\t\t\t\t\t\t\t\t\t\t\t\t\t\t<div class=\"knsl-cover-frame\">\n\t\t\t\t\t\t\t<a >\n\t\t\t\t\t\t\t\t<img decoding=\"async\" src=\"https:\/\/yourmadeirarentals.com\/wp-content\/uploads\/2023\/10\/Beautiful-sunset-950x634.jpg\" alt=\"Travel Recommendations\" \/>\n\t\t\t\t\t\t\t<\/a>\n\t\t\t\t\t\t<\/div>\n\t\t\t\t\t\t\t\t\t\t\t\t<div class=\"knsl-card-description\">\n\t\t\t\t\t\t\t<h5>\n\t\t\t\t\t\t\t\t<a>Travel Recommendations<\/a>\n\t\t\t\t\t\t\t<\/h5>\n\t\t\t\t\t\t<\/div>\n\t\t\t\t\t<\/div>\n\t\t\t\t\t<!-- service card end -->\n\n\t\t\t\t<\/div>\n\t\t\t\t\t\t\t\t\t\t\t<\/div>\n\t\t<\/section>\n\t\t<!-- services end -->\n\n\t\t\t\t\t\t<\/div>\n\t\t\t\t<\/div>\n\t\t\t\t\t<\/div>\n\t\t<\/div>\n\t\t\t\t\t<\/div>\n\t\t<\/section>\n\t\t\t\t\t<\/div>\n\t\t<\/div>\n\t\t\t\t<div class=\"elementor-column elementor-col-33 elementor-top-column elementor-element elementor-element-60b421b2\" data-id=\"60b421b2\" data-element_type=\"column\" data-e-type=\"column\">\n\t\t\t<div class=\"elementor-widget-wrap elementor-element-populated\">\n\t\t\t\t\t\t<section class=\"elementor-section elementor-inner-section elementor-element elementor-element-3ce739cd elementor-section-full_width elementor-section-height-default elementor-section-height-default\" data-id=\"3ce739cd\" data-element_type=\"section\" data-e-type=\"section\">\n\t\t\t\t\t\t<div class=\"elementor-container elementor-column-gap-no\">\n\t\t\t\t\t<div class=\"elementor-column elementor-col-100 elementor-inner-column elementor-element elementor-element-f8fd2cd\" data-id=\"f8fd2cd\" data-element_type=\"column\" data-e-type=\"column\">\n\t\t\t<div class=\"elementor-widget-wrap elementor-element-populated\">\n\t\t\t\t\t\t<div class=\"elementor-element elementor-element-72ba792f elementor-widget elementor-widget-kinsley-room-attributes\" data-id=\"72ba792f\" data-element_type=\"widget\" data-e-type=\"widget\" data-widget_type=\"kinsley-room-attributes.default\">\n\t\t\t\t<div class=\"elementor-widget-container\">\n\t\t\t\t\t\n\t\t<!-- room info -->\n\t\t<div class=\"knsl-room-features-lg knsl-mb-20 show-capacity show-size\">\n\t\t\t\t\t<\/div>\n\t\t<!-- room info end -->\n\n\t\t\t\t\t\t<\/div>\n\t\t\t\t<\/div>\n\t\t\t\t\t<\/div>\n\t\t<\/div>\n\t\t\t\t\t<\/div>\n\t\t<\/section>\n\t\t\t\t<section class=\"elementor-section elementor-inner-section elementor-element elementor-element-3a21d8d3 elementor-section-full_width elementor-section-height-default elementor-section-height-default\" data-id=\"3a21d8d3\" data-element_type=\"section\" data-e-type=\"section\">\n\t\t\t\t\t\t<div class=\"elementor-container elementor-column-gap-no\">\n\t\t\t\t\t<div class=\"elementor-column elementor-col-100 elementor-inner-column elementor-element elementor-element-7e618908\" data-id=\"7e618908\" data-element_type=\"column\" data-e-type=\"column\">\n\t\t\t<div class=\"elementor-widget-wrap elementor-element-populated\">\n\t\t\t\t\t\t<div class=\"elementor-element elementor-element-4deb5a26 elementor-widget elementor-widget-kinsley-room-price\" data-id=\"4deb5a26\" data-element_type=\"widget\" data-e-type=\"widget\" data-widget_type=\"kinsley-room-price.default\">\n\t\t\t\t<div class=\"elementor-widget-container\">\n\t\t\t\t\t\n\t\t<div class=\"knsl-price-card knsl-mb-20\">\n            <div class=\"knsl-price-number\">\n            \t                \t\t\t<\/div>\n\t\t<\/div>\n\n\t\t\t\t\t\t<\/div>\n\t\t\t\t<\/div>\n\t\t\t\t\t<\/div>\n\t\t<\/div>\n\t\t\t\t\t<\/div>\n\t\t<\/section>\n\t\t\t\t<section class=\"elementor-section elementor-inner-section elementor-element elementor-element-785e014c elementor-section-full_width elementor-section-height-default elementor-section-height-default\" data-id=\"785e014c\" data-element_type=\"section\" data-e-type=\"section\">\n\t\t\t\t\t\t<div class=\"elementor-container elementor-column-gap-no\">\n\t\t\t\t\t<div class=\"elementor-column elementor-col-100 elementor-inner-column elementor-element elementor-element-68c6dfb1\" data-id=\"68c6dfb1\" data-element_type=\"column\" data-e-type=\"column\">\n\t\t\t<div class=\"elementor-widget-wrap elementor-element-populated\">\n\t\t\t\t\t\t<div class=\"elementor-element elementor-element-4902c1c8 elementor-widget elementor-widget-kinsley-availability-form\" data-id=\"4902c1c8\" data-element_type=\"widget\" data-e-type=\"widget\" id=\"booking_form\" data-widget_type=\"kinsley-availability-form.default\">\n\t\t\t\t<div class=\"elementor-widget-container\">\n\t\t\t\t\t                <div class=\"knsl-sticky knsl-stycky-right\" data-margin-top=\"100\">\n                <div class=\"mphb_sc_booking_form-wrapper  knsl-book-form knsl-book-form-v\">\t<form method=\"POST\" action=\"https:\/\/yourmadeirarentals.com\/fr\/booking-confirmation\/\" class=\"mphb-booking-form mphb-booking-form--direct-booking\" id=\"booking-form-20966\" data-first_available_check_in_date=\"2026-05-05\">\n\n\t\t<p class=\"mphb-required-fields-tip\"><small>Les champs obligatoires sont suivis de <abbr title=\"required\">*<\/abbr><\/small><\/p>\n\t\t<input type=\"hidden\" id=\"mphb-checkout-nonce\" name=\"mphb-checkout-nonce\" value=\"fa4ea699af\" \/><input type=\"hidden\" name=\"_wp_http_referer\" value=\"\/fr\/wp-json\/wp\/v2\/mphb_room_type\/20966\" \/>\t\t\t\t<input type=\"hidden\" name=\"mphb_room_type_id\" value=\"20966\" \/>\n\t\t<p class=\"mphb-check-in-date-wrapper\">\n\t\t\t<label for=\"mphb_check_in_date-69edcc84abc42\">\n\t\t\t\tDate d&#039;arriv\u00e9e\t\t\t\t<abbr title=\"Format\u00e9 comme dd\/mm\/yyyy\">*<\/abbr>\n\t\t\t<\/label>\n\t\t\t<br \/>\n\t\t\t<input id=\"mphb_check_in_date-69edcc84abc42\" type=\"text\" class=\"mphb-datepick\" value=\"\" required=\"required\" autocomplete=\"off\" placeholder=\"Date d&#039;arriv\u00e9e\" inputmode=\"none\" \/>\n\t\t\t<input id=\"mphb_check_in_date-69edcc84abc42-hidden\" type=\"hidden\" name=\"mphb_check_in_date\" value=\"\" \/>\n\t\t<\/p>\n\t\t<p class=\"mphb-check-out-date-wrapper\">\n\t\t\t<label for=\"mphb_check_out_date-69edcc84abc42\">\n\t\t\t\tDate de d\u00e9part\t\t\t\t<abbr title=\"Format\u00e9 comme dd\/mm\/yyyy\">*<\/abbr>\n\t\t\t<\/label>\n\t\t\t<br \/>\n\t\t\t<input id=\"mphb_check_out_date-69edcc84abc42\" type=\"text\" class=\"mphb-datepick\" value=\"\" required=\"required\" autocomplete=\"off\" placeholder=\"Date de d\u00e9part\" inputmode=\"none\" \/>\n\t\t\t<input id=\"mphb_check_out_date-69edcc84abc42-hidden\" type=\"hidden\" name=\"mphb_check_out_date\" value=\"\" \/>\n\t\t<\/p>\n\t\t\n\t\t\t\n\t\t\t\t<p class=\"mphb-adults-wrapper mphb-capacity-wrapper\">\n\t\t\t\t\t<label for=\"mphb_adults-69edcc84abc42\">\n\t\t\t\t\t\tInvit\u00e9s\t\t\t\t\t<\/label>\n\t\t\t\t\t<br \/>\n\t\t\t\t\t<select id=\"mphb_adults-69edcc84abc42\" name=\"mphb_adults\">\n\n\t\t\t\t\t\t\n\t\t\t\t\t\t\t<option value=\"1\" >1<\/option>\n\t\t\t\t\t\t\n\t\t\t\t\t\t\n\t\t\t\t\t\t\t<option value=\"2\" >2<\/option>\n\t\t\t\t\t\t\n\t\t\t\t\t\t\t\t\t\t\t<\/select>\n\t\t\t\t<\/p>\n\t\t\t\n\t\t\t\n\t\t\t\t<input type=\"hidden\" id=\"mphb_children-69edcc84abc42\" name=\"mphb_children\" value=\"0\" \/>\n\n\t\t\t\t\t\t\t\t\t\t<div class=\"mphb-reserve-room-section mphb-hide\">\n\t\t\t\t<p class=\"mphb-rooms-quantity-wrapper mphb-rooms-quantity-multiple mphb-hide\">\n\t\t\t\tR\u00e9serve <select class=\"mphb-rooms-quantity\" id=\"mphb-rooms-quantity-20966\" name=\"mphb_rooms_details[20966]\"><option value=\"1\" selected=\"selected\">1<\/option><\/select> de <span class=\"mphb-available-rooms-count\">1<\/span> de logements disponibles.\t\t\t\t<\/p>\n\t\t\t\t<p class=\"mphb-rooms-quantity-wrapper mphb-rooms-quantity-single mphb-hide\">\n\t\t\t\t\tCabana N\u00easpera est disponible pour les dates s\u00e9lectionn\u00e9es.\t\t\t\t<\/p>\n\t\t\t\t\t\t\t\t\t<p class=\"mphb-period-price mphb-regular-price mphb-hide\">\n\t\t\t\t\t\t<strong>Prix \u00e0 partir de:<\/strong>\n\t\t\t\t\t<\/p>\n\t\t\t\t\t\t\t\t<input type=\"hidden\" name=\"mphb_is_direct_booking\" value=\"1\" \/>\n\t\t\t\t<input class=\"button mphb-button mphb-confirm-reservation\" type=\"submit\" value=\"Confirmer la r\u00e9servation\" \/>\n\t\t\t<\/div>\n\t\t\n\t\t<div class=\"mphb-errors-wrapper mphb-hide\"><\/div>\n\t\t<p class=\"mphb-reserve-btn-wrapper\">\n\t\t\t<input class=\"mphb-reserve-btn button\" type=\"submit\" value=\"V\u00e9rifier la disponibilit\u00e9\" \/>\n\t\t<\/p>\n\t<\/form>\n\t<\/div>                <\/div>\n                \t\t\t\t<\/div>\n\t\t\t\t<\/div>\n\t\t\t\t\t<\/div>\n\t\t<\/div>\n\t\t\t\t\t<\/div>\n\t\t<\/section>\n\t\t\t\t\t<\/div>\n\t\t<\/div>\n\t\t\t\t\t<\/div>\n\t\t<\/section>\n\t\t\t\t<section class=\"elementor-section elementor-top-section elementor-element elementor-element-5bdb4e9f elementor-section-full_width elementor-section-height-default elementor-section-height-default\" data-id=\"5bdb4e9f\" data-element_type=\"section\" data-e-type=\"section\" data-settings=\"{&quot;background_background&quot;:&quot;classic&quot;}\">\n\t\t\t\t\t\t<div class=\"elementor-container elementor-column-gap-no\">\n\t\t\t\t\t<div class=\"elementor-column elementor-col-100 elementor-top-column elementor-element elementor-element-37a01984\" data-id=\"37a01984\" data-element_type=\"column\" data-e-type=\"column\">\n\t\t\t<div class=\"elementor-widget-wrap elementor-element-populated\">\n\t\t\t\t\t\t<div class=\"elementor-element elementor-element-21ad8525 elementor-widget elementor-widget-kinsley-rooms-carousel\" data-id=\"21ad8525\" data-element_type=\"widget\" data-e-type=\"widget\" data-widget_type=\"kinsley-rooms-carousel.default\">\n\t\t\t\t<div class=\"elementor-widget-container\">\n\t\t\t\t\t\n\t\t<!-- rooms -->\n\t\t<section class=\"knsl-transition-top knsl-p-0-100\">\n\t\t\t\t\t\t\n\t\t\n\t\t<div class=\"container\">\t\t<div class=\"row align-items-center\">\n\t\t\t\t\t\t<div class=\"col-lg-12\">\n\t\t\t\t<div class=\"knsl-center knsl-title-frame knsl-mb-100\">\n\t\t\t\t\t\t\t\t\t\t<h2 class=\"knsl-title--h knsl-mb-20\">\n\t\t\t\t\t\t<span >\n\t\t\t\t\t\t\tSimilar Homes\t\t\t\t\t\t<\/span>\n\t\t\t\t\t<\/h2>\n\t\t\t\t\t\t\t\t\t\t\t\t\t\t\t\t\t\t\t\t<a  href=\"\/madeira-villas-with-private-pool\/\" class=\"knsl-btn knsl-btn-md\">\n\t\t\t\t\t\t<span >\n\t\t\t\t\t\t\tAll Homes\t\t\t\t\t\t<\/span>\n\t\t\t\t\t<\/a>\n\t\t\t\t\t\t\t\t\t<\/div>\n\t\t\t<\/div>\n\t\t\t\n\t\t\t<div class=\"col-lg-12 attr-details-amenity-false attr-details-category-false attr-details-attributes-false attr-details-view-false attr-details-bed-type-false attr-details-children-false\">\n\t\t\t\t\t\t\t\t<div class=\"swiper-container knsl-uni-slider  attr-details-amenity-false attr-details-category-false attr-details-attributes-false attr-details-view-false attr-details-bed-type-false attr-details-children-false\">\n\t\t\t\t<div class=\"swiper-wrapper\">\n\t\t\t\t\t\t\t\t\t\t<div class=\"swiper-slide\">\n\t\t\t\t\t<div class=\"mphb_sc_room-wrapper knsl-scroll-animation\"><div class=\"mphb-room-type post-10699 mphb_room_type type-mphb_room_type status-publish has-post-thumbnail mphb_room_type_facility-workspace mphb_room_type_facility-free-parking mphb_room_type_facility-kitchen mphb_room_type_facility-private-pool mphb_room_type_facility-private-sauna mphb_room_type_facility-tv mphb_room_type_facility-washing-machine mphb_room_type_facility-wifi mphb-room-type-adults-4 mphb-room-type-children-0 has-taxes-and-fees\">\n\n\t\n\t\n\n\t<p class=\"post-thumbnail mphb-loop-room-thumbnail\">\n\t<a href=\"https:\/\/yourmadeirarentals.com\/fr\/accommodation\/vila-rosa\/\">\n\t<img loading=\"lazy\" decoding=\"async\" width=\"1200\" height=\"801\" src=\"https:\/\/yourmadeirarentals.com\/wp-content\/uploads\/2024\/06\/Vila-Rosa-1.webp\" class=\"attachment-post-thumbnail size-post-thumbnail wp-post-image\" alt=\"\" srcset=\"https:\/\/yourmadeirarentals.com\/wp-content\/uploads\/2024\/06\/Vila-Rosa-1.webp 1200w, https:\/\/yourmadeirarentals.com\/wp-content\/uploads\/2024\/06\/Vila-Rosa-1-300x200.webp 300w, https:\/\/yourmadeirarentals.com\/wp-content\/uploads\/2024\/06\/Vila-Rosa-1-1024x684.webp 1024w, https:\/\/yourmadeirarentals.com\/wp-content\/uploads\/2024\/06\/Vila-Rosa-1-768x513.webp 768w, https:\/\/yourmadeirarentals.com\/wp-content\/uploads\/2024\/06\/Vila-Rosa-1-18x12.webp 18w, https:\/\/yourmadeirarentals.com\/wp-content\/uploads\/2024\/06\/Vila-Rosa-1-950x634.webp 950w, https:\/\/yourmadeirarentals.com\/wp-content\/uploads\/2024\/06\/Vila-Rosa-1-800x534.webp 800w\" sizes=\"(max-width: 1200px) 100vw, 1200px\">\t<\/a>\n\n\t<\/p>\n\n\n\n<h2 class=\"mphb-room-type-title entry-title\">\n\n\n\n<a class=\"mphb-room-type-title\" href=\"https:\/\/yourmadeirarentals.com\/fr\/accommodation\/vila-rosa\/\">Vila Rosa<\/a>\n\n\n<\/h2>\n\n\n<div class=\"knsl-text-light knsl-text-sm knsl-mb-20\">\n\t\n\t<p>Welcome to our spacious traditional-style home in Ponta do Sol! With 2 bedrooms and 4 bathrooms, it comfortably accommodates 4 guests. Enjoy stunning views, a large pool, and amazing outdoor areas for relaxation. Nestled in a serene environment, it&#8217;s perfect for a tranquil getaway. The lush garden adds to the charm of this retreat. Discover the beauty of Ponta do Sol from our inviting abode.<\/p>\n\n\t<\/div>\n\n<h3 class=\"mphb-room-type-details-title\">D\u00e9tails<\/h3><ul class=\"mphb-loop-room-type-attributes\">\n\t<li class=\"mphb-room-type-total-capacity\"><span class=\"mphb-attribute-title mphb-total-capacity-title\">Invit\u00e9s:<\/span><span class=\"mphb-attribute-value\">\n\t4\n\t<\/span><\/li>\t\n\n\n\t<li class=\"mphb-room-type-facilities\"><span class=\"mphb-attribute-title mphb-facilities-title\">\u00c9quipements :<\/span><span class=\"mphb-attribute-value\"> <span class=\"facility-workspace\"><a href=\"https:\/\/yourmadeirarentals.com\/fr\/accommodation-facility\/workspace\/\">Dedicated Workspace<\/a><\/span>, <span class=\"facility-free-parking\"><a href=\"https:\/\/yourmadeirarentals.com\/fr\/accommodation-facility\/free-parking\/\">Free parking<\/a><\/span>, <span class=\"facility-kitchen\"><a href=\"https:\/\/yourmadeirarentals.com\/fr\/accommodation-facility\/kitchen\/\">Kitchen<\/a><\/span>, <span class=\"facility-private-pool\"><a href=\"https:\/\/yourmadeirarentals.com\/fr\/accommodation-facility\/private-pool\/\">Private pool<\/a><\/span>, <span class=\"facility-private-sauna\"><a href=\"https:\/\/yourmadeirarentals.com\/fr\/accommodation-facility\/private-sauna\/\">Private sauna<\/a><\/span>, <span class=\"facility-tv\"><a href=\"https:\/\/yourmadeirarentals.com\/fr\/accommodation-facility\/tv\/\">TV<\/a><\/span>, <span class=\"facility-washing-machine\"><a href=\"https:\/\/yourmadeirarentals.com\/fr\/accommodation-facility\/washing-machine\/\">Washing machine<\/a><\/span>, <span class=\"facility-wifi\"><a href=\"https:\/\/yourmadeirarentals.com\/fr\/accommodation-facility\/wifi\/\">Wifi<\/a><\/span><\/span><\/li>\n\t\n\n\n\t<li class=\"mphb-room-type-view\"><span class=\"mphb-attribute-title mphb-view-title\">Vue :<\/span><span class=\"mphb-attribute-value\">\n\tOcean View\n\t<\/span><\/li>\n\t\n\n\n\t<li class=\"mphb-room-type-size\"><span class=\"mphb-attribute-title mphb-size-title\">Taille :<\/span><span class=\"mphb-attribute-value\">\n\t300m\u00b2\n\t<\/span><\/li>\n\t\n\n\t<li class=\"mphb-room-type-bed-type\"><span  class=\"mphb-attribute-title mphb-bed-type-title\">Type de lit :<\/span><span class=\"mphb-attribute-value\">\n\t2 bedrooms, 2 beds\n\t<\/span><\/li>\n\t\n<li class=\"mphb-room-type-bath mphb-room-type-custom-attribute\"><span class=\"mphb-attribute-title mphb-bath-title\">Bath:<\/span><span class=\"mphb-attribute-value\"> <span class=\"bath-3\">3<\/span><\/span><\/li>\n<\/ul>\n\n\t<p class=\"mphb-regular-price\"><strong>Prix \u00e0 partir de:<\/strong>\n\t<span class=\"mphb-price\"><span class=\"mphb-currency\">&euro;<\/span>995<\/span> <span class=\"mphb-price-period\" title=\"Choisissez les dates pour voir les prix pertinents\">pour 5 nuits<\/span><span class=\"mphb-tax-information taxes-included\"> (+taxes et frais)<\/span>\n\t<\/p>\n\t\n<div class=\"mphb-to-book-btn-wrapper\">\n<form action=\"https:\/\/yourmadeirarentals.com\/fr\/accommodation\/vila-rosa\/#booking-form-10699\" method=\"get\" ><button type=\"submit\" class=\"button mphb-book-button\" >R\u00e9server<\/button><\/form>\n<br\/><\/div>\n\t\n<\/div>\n<\/div>\t\t\t\t\t<\/div>\n\t\t\t\t\t\t\t\t\t\t<div class=\"swiper-slide\">\n\t\t\t\t\t<div class=\"mphb_sc_room-wrapper knsl-scroll-animation\"><div class=\"mphb-room-type post-22650 mphb_room_type type-mphb_room_type status-publish has-post-thumbnail mphb_room_type_facility-workspace mphb_room_type_facility-free-parking mphb_room_type_facility-garden-view mphb_room_type_facility-kitchen mphb_room_type_facility-patio-or-balcony mphb_room_type_facility-pets-allowed mphb_room_type_facility-tv mphb_room_type_facility-wifi mphb-room-type-adults-2 mphb-room-type-children-0 has-taxes-and-fees\">\n\n\t\n\t\n\n\t<p class=\"post-thumbnail mphb-loop-room-thumbnail\">\n\t<a href=\"https:\/\/yourmadeirarentals.com\/fr\/accommodation\/casa-levada-sea-view-house\/\">\n\t<img loading=\"lazy\" decoding=\"async\" width=\"1200\" height=\"900\" src=\"https:\/\/yourmadeirarentals.com\/wp-content\/uploads\/2025\/09\/Casa-Levada-Sea-View-House-1.jpg\" class=\"attachment-post-thumbnail size-post-thumbnail wp-post-image\" alt=\"\" srcset=\"https:\/\/yourmadeirarentals.com\/wp-content\/uploads\/2025\/09\/Casa-Levada-Sea-View-House-1.jpg 1200w, https:\/\/yourmadeirarentals.com\/wp-content\/uploads\/2025\/09\/Casa-Levada-Sea-View-House-1-300x225.jpg 300w, https:\/\/yourmadeirarentals.com\/wp-content\/uploads\/2025\/09\/Casa-Levada-Sea-View-House-1-1024x768.jpg 1024w, https:\/\/yourmadeirarentals.com\/wp-content\/uploads\/2025\/09\/Casa-Levada-Sea-View-House-1-768x576.jpg 768w, https:\/\/yourmadeirarentals.com\/wp-content\/uploads\/2025\/09\/Casa-Levada-Sea-View-House-1-16x12.jpg 16w, https:\/\/yourmadeirarentals.com\/wp-content\/uploads\/2025\/09\/Casa-Levada-Sea-View-House-1-950x713.jpg 950w, https:\/\/yourmadeirarentals.com\/wp-content\/uploads\/2025\/09\/Casa-Levada-Sea-View-House-1-800x600.jpg 800w\" sizes=\"(max-width: 1200px) 100vw, 1200px\">\t<\/a>\n\n\t<\/p>\n\n\n\n<h2 class=\"mphb-room-type-title entry-title\">\n\n\n\n<a class=\"mphb-room-type-title\" href=\"https:\/\/yourmadeirarentals.com\/fr\/accommodation\/casa-levada-sea-view-house\/\">Casa Levada &#8211; Sea View House<\/a>\n\n\n<\/h2>\n\n\n<div class=\"knsl-text-light knsl-text-sm knsl-mb-20\">\n\t\n\t<p>In old wine terraces you will find the Casa Levada, it is a lovely house with an open floor plan over two levels plus sleeping floor. <\/p>\n\n\t<\/div>\n\n<h3 class=\"mphb-room-type-details-title\">D\u00e9tails<\/h3><ul class=\"mphb-loop-room-type-attributes\">\n\t<li class=\"mphb-room-type-total-capacity\"><span class=\"mphb-attribute-title mphb-total-capacity-title\">Invit\u00e9s:<\/span><span class=\"mphb-attribute-value\">\n\t2\n\t<\/span><\/li>\t\n\n\n\t<li class=\"mphb-room-type-facilities\"><span class=\"mphb-attribute-title mphb-facilities-title\">\u00c9quipements :<\/span><span class=\"mphb-attribute-value\"> <span class=\"facility-workspace\"><a href=\"https:\/\/yourmadeirarentals.com\/fr\/accommodation-facility\/workspace\/\">Dedicated Workspace<\/a><\/span>, <span class=\"facility-free-parking\"><a href=\"https:\/\/yourmadeirarentals.com\/fr\/accommodation-facility\/free-parking\/\">Free parking<\/a><\/span>, <span class=\"facility-garden-view\"><a href=\"https:\/\/yourmadeirarentals.com\/fr\/accommodation-facility\/garden-view\/\">Garden view<\/a><\/span>, <span class=\"facility-kitchen\"><a href=\"https:\/\/yourmadeirarentals.com\/fr\/accommodation-facility\/kitchen\/\">Kitchen<\/a><\/span>, <span class=\"facility-patio-or-balcony\"><a href=\"https:\/\/yourmadeirarentals.com\/fr\/accommodation-facility\/patio-or-balcony\/\">Patio or balcony<\/a><\/span>, <span class=\"facility-pets-allowed\"><a href=\"https:\/\/yourmadeirarentals.com\/fr\/accommodation-facility\/pets-allowed\/\">Pets allowed<\/a><\/span>, <span class=\"facility-tv\"><a href=\"https:\/\/yourmadeirarentals.com\/fr\/accommodation-facility\/tv\/\">TV<\/a><\/span>, <span class=\"facility-wifi\"><a href=\"https:\/\/yourmadeirarentals.com\/fr\/accommodation-facility\/wifi\/\">Wifi<\/a><\/span><\/span><\/li>\n\t\n\n\n\t<li class=\"mphb-room-type-view\"><span class=\"mphb-attribute-title mphb-view-title\">Vue :<\/span><span class=\"mphb-attribute-value\">\n\tOcean View\n\t<\/span><\/li>\n\t\n\n\n\t<li class=\"mphb-room-type-size\"><span class=\"mphb-attribute-title mphb-size-title\">Taille :<\/span><span class=\"mphb-attribute-value\">\n\t50m\u00b2\n\t<\/span><\/li>\n\t\n\n\t<li class=\"mphb-room-type-bed-type\"><span  class=\"mphb-attribute-title mphb-bed-type-title\">Type de lit :<\/span><span class=\"mphb-attribute-value\">\n\t1 Bedroom, 1 Bed\n\t<\/span><\/li>\n\t\n<li class=\"mphb-room-type-bath mphb-room-type-custom-attribute\"><span class=\"mphb-attribute-title mphb-bath-title\">Bath:<\/span><span class=\"mphb-attribute-value\"> <span class=\"bath-1\">1<\/span><\/span><\/li>\n<\/ul>\n\n\t<p class=\"mphb-regular-price\"><strong>Prix \u00e0 partir de:<\/strong>\n\t<span class=\"mphb-price\"><span class=\"mphb-currency\">&euro;<\/span>184<\/span> <span class=\"mphb-price-period\" title=\"Choisissez les dates pour voir les prix pertinents\">pour 2 nuits<\/span><span class=\"mphb-tax-information taxes-included\"> (+taxes et frais)<\/span>\n\t<\/p>\n\t\n<div class=\"mphb-to-book-btn-wrapper\">\n<form action=\"https:\/\/yourmadeirarentals.com\/fr\/accommodation\/casa-levada-sea-view-house\/#booking-form-22650\" method=\"get\" ><button type=\"submit\" class=\"button mphb-book-button\" >R\u00e9server<\/button><\/form>\n<br\/><\/div>\n\t\n<\/div>\n<\/div>\t\t\t\t\t<\/div>\n\t\t\t\t\t\t\t\t\t\t<div class=\"swiper-slide\">\n\t\t\t\t\t<div class=\"mphb_sc_room-wrapper knsl-scroll-animation\"><div class=\"mphb-room-type post-20879 mphb_room_type type-mphb_room_type status-publish has-post-thumbnail mphb_room_type_facility-air-conditioning mphb_room_type_facility-workspace mphb_room_type_facility-free-parking mphb_room_type_facility-kitchen mphb_room_type_facility-security-cameras mphb_room_type_facility-tv mphb_room_type_facility-washing-machine mphb_room_type_facility-wifi mphb-room-type-adults-6 mphb-room-type-children-0 has-taxes-and-fees\">\n\n\t\n\t\n\n\t<p class=\"post-thumbnail mphb-loop-room-thumbnail\">\n\t<a href=\"https:\/\/yourmadeirarentals.com\/fr\/accommodation\/casa-nespera\/\">\n\t<img loading=\"lazy\" decoding=\"async\" width=\"1200\" height=\"900\" src=\"https:\/\/yourmadeirarentals.com\/wp-content\/uploads\/2025\/06\/Casa-Nespera-1.jpg\" class=\"attachment-post-thumbnail size-post-thumbnail wp-post-image\" alt=\"\" srcset=\"https:\/\/yourmadeirarentals.com\/wp-content\/uploads\/2025\/06\/Casa-Nespera-1.jpg 1200w, https:\/\/yourmadeirarentals.com\/wp-content\/uploads\/2025\/06\/Casa-Nespera-1-300x225.jpg 300w, https:\/\/yourmadeirarentals.com\/wp-content\/uploads\/2025\/06\/Casa-Nespera-1-1024x768.jpg 1024w, https:\/\/yourmadeirarentals.com\/wp-content\/uploads\/2025\/06\/Casa-Nespera-1-768x576.jpg 768w, https:\/\/yourmadeirarentals.com\/wp-content\/uploads\/2025\/06\/Casa-Nespera-1-16x12.jpg 16w, https:\/\/yourmadeirarentals.com\/wp-content\/uploads\/2025\/06\/Casa-Nespera-1-950x713.jpg 950w, https:\/\/yourmadeirarentals.com\/wp-content\/uploads\/2025\/06\/Casa-Nespera-1-800x600.jpg 800w\" sizes=\"(max-width: 1200px) 100vw, 1200px\">\t<\/a>\n\n\t<\/p>\n\n\n\n<h2 class=\"mphb-room-type-title entry-title\">\n\n\n\n<a class=\"mphb-room-type-title\" href=\"https:\/\/yourmadeirarentals.com\/fr\/accommodation\/casa-nespera\/\">Casa N\u00easpera<\/a>\n\n\n<\/h2>\n\n\n<div class=\"knsl-text-light knsl-text-sm knsl-mb-20\">\n\t\n\t<p>Relax at Casa N\u00easpera in peaceful Prazeres\u2014your perfect nature escape. Surrounded by hiking trails, this modern 3-bedroom home features a large garden, stylish kitchen, cozy dining area, 2 bathrooms (one ensuite with bath), and a spacious living room with high ceilings, fireplace, and AC. With a laundry room, garage, and plenty of parking, it\u2019s the ideal base to unwind and explore Madeira.<\/p>\n\n\t<\/div>\n\n<h3 class=\"mphb-room-type-details-title\">D\u00e9tails<\/h3><ul class=\"mphb-loop-room-type-attributes\">\n\t<li class=\"mphb-room-type-total-capacity\"><span class=\"mphb-attribute-title mphb-total-capacity-title\">Invit\u00e9s:<\/span><span class=\"mphb-attribute-value\">\n\t6\n\t<\/span><\/li>\t\n\n\n\t<li class=\"mphb-room-type-facilities\"><span class=\"mphb-attribute-title mphb-facilities-title\">\u00c9quipements :<\/span><span class=\"mphb-attribute-value\"> <span class=\"facility-air-conditioning\"><a href=\"https:\/\/yourmadeirarentals.com\/fr\/accommodation-facility\/air-conditioning\/\">Air conditioning<\/a><\/span>, <span class=\"facility-workspace\"><a href=\"https:\/\/yourmadeirarentals.com\/fr\/accommodation-facility\/workspace\/\">Dedicated Workspace<\/a><\/span>, <span class=\"facility-free-parking\"><a href=\"https:\/\/yourmadeirarentals.com\/fr\/accommodation-facility\/free-parking\/\">Free parking<\/a><\/span>, <span class=\"facility-kitchen\"><a href=\"https:\/\/yourmadeirarentals.com\/fr\/accommodation-facility\/kitchen\/\">Kitchen<\/a><\/span>, <span class=\"facility-security-cameras\"><a href=\"https:\/\/yourmadeirarentals.com\/fr\/accommodation-facility\/security-cameras\/\">Security cameras<\/a><\/span>, <span class=\"facility-tv\"><a href=\"https:\/\/yourmadeirarentals.com\/fr\/accommodation-facility\/tv\/\">TV<\/a><\/span>, <span class=\"facility-washing-machine\"><a href=\"https:\/\/yourmadeirarentals.com\/fr\/accommodation-facility\/washing-machine\/\">Washing machine<\/a><\/span>, <span class=\"facility-wifi\"><a href=\"https:\/\/yourmadeirarentals.com\/fr\/accommodation-facility\/wifi\/\">Wifi<\/a><\/span><\/span><\/li>\n\t\n\n\n\t<li class=\"mphb-room-type-view\"><span class=\"mphb-attribute-title mphb-view-title\">Vue :<\/span><span class=\"mphb-attribute-value\">\n\tOcean View\n\t<\/span><\/li>\n\t\n\n\n\t<li class=\"mphb-room-type-size\"><span class=\"mphb-attribute-title mphb-size-title\">Taille :<\/span><span class=\"mphb-attribute-value\">\n\t200m\u00b2\n\t<\/span><\/li>\n\t\n\n\t<li class=\"mphb-room-type-bed-type\"><span  class=\"mphb-attribute-title mphb-bed-type-title\">Type de lit :<\/span><span class=\"mphb-attribute-value\">\n\t3 Bedroom, 3 Beds\n\t<\/span><\/li>\n\t\n<li class=\"mphb-room-type-bath mphb-room-type-custom-attribute\"><span class=\"mphb-attribute-title mphb-bath-title\">Bath:<\/span><span class=\"mphb-attribute-value\"> <span class=\"bath-2\">2<\/span><\/span><\/li>\n<\/ul>\n\n\t<p class=\"mphb-regular-price\"><strong>Prix \u00e0 partir de:<\/strong>\n\t<span class=\"mphb-price\"><span class=\"mphb-currency\">&euro;<\/span>975<\/span> <span class=\"mphb-price-period\" title=\"Choisissez les dates pour voir les prix pertinents\">pour 5 nuits<\/span><span class=\"mphb-tax-information taxes-included\"> (+taxes et frais)<\/span>\n\t<\/p>\n\t\n<div class=\"mphb-to-book-btn-wrapper\">\n<form action=\"https:\/\/yourmadeirarentals.com\/fr\/accommodation\/casa-nespera\/#booking-form-20879\" method=\"get\" ><button type=\"submit\" class=\"button mphb-book-button\" >R\u00e9server<\/button><\/form>\n<br\/><\/div>\n\t\n<\/div>\n<\/div>\t\t\t\t\t<\/div>\n\t\t\t\t\t\t\t\t\t\t<div class=\"swiper-slide\">\n\t\t\t\t\t<div class=\"mphb_sc_room-wrapper knsl-scroll-animation\"><div class=\"mphb-room-type post-1191 mphb_room_type type-mphb_room_type status-publish has-post-thumbnail mphb_room_type_facility-workspace mphb_room_type_facility-free-parking mphb_room_type_facility-kitchen mphb_room_type_facility-ocean-view mphb_room_type_facility-private-pool mphb_room_type_facility-washing-machine mphb_room_type_facility-wifi mphb-room-type-adults-6 mphb-room-type-children-0 has-taxes-and-fees\">\n\n\t\n\t\n\n\t<p class=\"post-thumbnail mphb-loop-room-thumbnail\">\n\t<a href=\"https:\/\/yourmadeirarentals.com\/fr\/accommodation\/vila-juntos\/\">\n\t<img loading=\"lazy\" decoding=\"async\" width=\"1200\" height=\"900\" src=\"https:\/\/yourmadeirarentals.com\/wp-content\/uploads\/2021\/12\/Vila_Juntos-1.jpg\" class=\"attachment-post-thumbnail size-post-thumbnail wp-post-image\" alt=\"\" srcset=\"https:\/\/yourmadeirarentals.com\/wp-content\/uploads\/2021\/12\/Vila_Juntos-1.jpg 1200w, https:\/\/yourmadeirarentals.com\/wp-content\/uploads\/2021\/12\/Vila_Juntos-1-300x225.jpg 300w, https:\/\/yourmadeirarentals.com\/wp-content\/uploads\/2021\/12\/Vila_Juntos-1-1024x768.jpg 1024w, https:\/\/yourmadeirarentals.com\/wp-content\/uploads\/2021\/12\/Vila_Juntos-1-768x576.jpg 768w, https:\/\/yourmadeirarentals.com\/wp-content\/uploads\/2021\/12\/Vila_Juntos-1-16x12.jpg 16w, https:\/\/yourmadeirarentals.com\/wp-content\/uploads\/2021\/12\/Vila_Juntos-1-950x713.jpg 950w, https:\/\/yourmadeirarentals.com\/wp-content\/uploads\/2021\/12\/Vila_Juntos-1-800x600.jpg 800w\" sizes=\"(max-width: 1200px) 100vw, 1200px\">\t<\/a>\n\n\t<\/p>\n\n\n\n<h2 class=\"mphb-room-type-title entry-title\">\n\n\n\n<a class=\"mphb-room-type-title\" href=\"https:\/\/yourmadeirarentals.com\/fr\/accommodation\/vila-juntos\/\">Vila Juntos<\/a>\n\n\n<\/h2>\n\n\n<div class=\"knsl-text-light knsl-text-sm knsl-mb-20\">\n\t\n\t<p>Our Vila Juntos is a Luxury 3 Bedroom Holiday Rental Villa with a private pool, lovely sun terrace, romantic garden and covered barbecue. It is located in a quiet area just above Ponta do Sol. The villa has a fully fitted open kitchen with oven, dishwasher and fridge. there is also a guest toilet on the ground floor.  On the first floor two double bedrooms with shared bathroom, fitted wardrobes one with a balcony, a master bedroom with an en-suite bathroom, fitted wardrobes and a balcony.<\/p>\n\n\t<\/div>\n\n<h3 class=\"mphb-room-type-details-title\">D\u00e9tails<\/h3><ul class=\"mphb-loop-room-type-attributes\">\n\t<li class=\"mphb-room-type-total-capacity\"><span class=\"mphb-attribute-title mphb-total-capacity-title\">Invit\u00e9s:<\/span><span class=\"mphb-attribute-value\">\n\t6\n\t<\/span><\/li>\t\n\n\n\t<li class=\"mphb-room-type-facilities\"><span class=\"mphb-attribute-title mphb-facilities-title\">\u00c9quipements :<\/span><span class=\"mphb-attribute-value\"> <span class=\"facility-workspace\"><a href=\"https:\/\/yourmadeirarentals.com\/fr\/accommodation-facility\/workspace\/\">Dedicated Workspace<\/a><\/span>, <span class=\"facility-free-parking\"><a href=\"https:\/\/yourmadeirarentals.com\/fr\/accommodation-facility\/free-parking\/\">Free parking<\/a><\/span>, <span class=\"facility-kitchen\"><a href=\"https:\/\/yourmadeirarentals.com\/fr\/accommodation-facility\/kitchen\/\">Kitchen<\/a><\/span>, <span class=\"facility-ocean-view\"><a href=\"https:\/\/yourmadeirarentals.com\/fr\/accommodation-facility\/ocean-view\/\">Ocean view<\/a><\/span>, <span class=\"facility-private-pool\"><a href=\"https:\/\/yourmadeirarentals.com\/fr\/accommodation-facility\/private-pool\/\">Private pool<\/a><\/span>, <span class=\"facility-washing-machine\"><a href=\"https:\/\/yourmadeirarentals.com\/fr\/accommodation-facility\/washing-machine\/\">Washing machine<\/a><\/span>, <span class=\"facility-wifi\"><a href=\"https:\/\/yourmadeirarentals.com\/fr\/accommodation-facility\/wifi\/\">Wifi<\/a><\/span><\/span><\/li>\n\t\n\n\n\t<li class=\"mphb-room-type-view\"><span class=\"mphb-attribute-title mphb-view-title\">Vue :<\/span><span class=\"mphb-attribute-value\">\n\tSea View\n\t<\/span><\/li>\n\t\n\n\n\t<li class=\"mphb-room-type-size\"><span class=\"mphb-attribute-title mphb-size-title\">Taille :<\/span><span class=\"mphb-attribute-value\">\n\t220m\u00b2\n\t<\/span><\/li>\n\t\n\n\t<li class=\"mphb-room-type-bed-type\"><span  class=\"mphb-attribute-title mphb-bed-type-title\">Type de lit :<\/span><span class=\"mphb-attribute-value\">\n\t3 bedrooms, 4 beds\n\t<\/span><\/li>\n\t\n<li class=\"mphb-room-type-bath mphb-room-type-custom-attribute\"><span class=\"mphb-attribute-title mphb-bath-title\">Bath:<\/span><span class=\"mphb-attribute-value\"> <span class=\"bath-2-5\">2.5<\/span><\/span><\/li>\n<\/ul>\n\n\t<p class=\"mphb-regular-price\"><strong>Prix \u00e0 partir de:<\/strong>\n\t<span class=\"mphb-price\"><span class=\"mphb-currency\">&euro;<\/span>1,975<\/span> <span class=\"mphb-price-period\" title=\"Choisissez les dates pour voir les prix pertinents\">pour 5 nuits<\/span><span class=\"mphb-tax-information taxes-included\"> (+taxes et frais)<\/span>\n\t<\/p>\n\t\n<div class=\"mphb-to-book-btn-wrapper\">\n<form action=\"https:\/\/yourmadeirarentals.com\/fr\/accommodation\/vila-juntos\/#booking-form-1191\" method=\"get\" ><button type=\"submit\" class=\"button mphb-book-button\" >R\u00e9server<\/button><\/form>\n<br\/><\/div>\n\t\n<\/div>\n<\/div>\t\t\t\t\t<\/div>\n\t\t\t\t\t\t\t\t\t\t<div class=\"swiper-slide\">\n\t\t\t\t\t<div class=\"mphb_sc_room-wrapper knsl-scroll-animation\"><div class=\"mphb-room-type post-6510 mphb_room_type type-mphb_room_type status-publish has-post-thumbnail mphb_room_type_facility-beach-access mphb_room_type_facility-workspace mphb_room_type_facility-free-parking mphb_room_type_facility-kitchen mphb_room_type_facility-ocean-view mphb_room_type_facility-tv mphb_room_type_facility-washing-machine mphb_room_type_facility-wifi mphb-room-type-adults-4 mphb-room-type-children-0 has-taxes-and-fees\">\n\n\t\n\t\n\n\t<p class=\"post-thumbnail mphb-loop-room-thumbnail\">\n\t<a href=\"https:\/\/yourmadeirarentals.com\/fr\/accommodation\/apartment-paulo\/\">\n\t<img loading=\"lazy\" decoding=\"async\" width=\"1200\" height=\"926\" src=\"https:\/\/yourmadeirarentals.com\/wp-content\/uploads\/2023\/09\/Apartment-Paulo-Madalena-1.jpeg\" class=\"attachment-post-thumbnail size-post-thumbnail wp-post-image\" alt=\"\" srcset=\"https:\/\/yourmadeirarentals.com\/wp-content\/uploads\/2023\/09\/Apartment-Paulo-Madalena-1.jpeg 1200w, https:\/\/yourmadeirarentals.com\/wp-content\/uploads\/2023\/09\/Apartment-Paulo-Madalena-1-300x232.jpeg 300w, https:\/\/yourmadeirarentals.com\/wp-content\/uploads\/2023\/09\/Apartment-Paulo-Madalena-1-1024x790.jpeg 1024w, https:\/\/yourmadeirarentals.com\/wp-content\/uploads\/2023\/09\/Apartment-Paulo-Madalena-1-768x593.jpeg 768w, https:\/\/yourmadeirarentals.com\/wp-content\/uploads\/2023\/09\/Apartment-Paulo-Madalena-1-16x12.jpeg 16w, https:\/\/yourmadeirarentals.com\/wp-content\/uploads\/2023\/09\/Apartment-Paulo-Madalena-1-950x733.jpeg 950w, https:\/\/yourmadeirarentals.com\/wp-content\/uploads\/2023\/09\/Apartment-Paulo-Madalena-1-800x617.jpeg 800w\" sizes=\"(max-width: 1200px) 100vw, 1200px\">\t<\/a>\n\n\t<\/p>\n\n\n\n<h2 class=\"mphb-room-type-title entry-title\">\n\n\n\n<a class=\"mphb-room-type-title\" href=\"https:\/\/yourmadeirarentals.com\/fr\/accommodation\/apartment-paulo\/\">Apartament Paulo<\/a>\n\n\n<\/h2>\n\n\n<div class=\"knsl-text-light knsl-text-sm knsl-mb-20\">\n\t\n\t<p>Welcome to our exquisite waterfront apartment in Madalena do Mar, Madeira, Portugal. This charming oasis offers an expansive sun terrace, perfect for soaking up the sun and relishing breathtaking ocean views. With a prime location on the waterfront, you&#8217;ll wake up to the soothing sound of waves and savor unparalleled sunsets. Experience the ultimate coastal retreat in this idyllic haven, where serenity and natural beauty converge for an unforgettable escape.<\/p>\n\n\t<\/div>\n\n<h3 class=\"mphb-room-type-details-title\">D\u00e9tails<\/h3><ul class=\"mphb-loop-room-type-attributes\">\n\t<li class=\"mphb-room-type-total-capacity\"><span class=\"mphb-attribute-title mphb-total-capacity-title\">Invit\u00e9s:<\/span><span class=\"mphb-attribute-value\">\n\t4\n\t<\/span><\/li>\t\n\n\n\t<li class=\"mphb-room-type-facilities\"><span class=\"mphb-attribute-title mphb-facilities-title\">\u00c9quipements :<\/span><span class=\"mphb-attribute-value\"> <span class=\"facility-beach-access\"><a href=\"https:\/\/yourmadeirarentals.com\/fr\/accommodation-facility\/beach-access\/\">Beach access<\/a><\/span>, <span class=\"facility-workspace\"><a href=\"https:\/\/yourmadeirarentals.com\/fr\/accommodation-facility\/workspace\/\">Dedicated Workspace<\/a><\/span>, <span class=\"facility-free-parking\"><a href=\"https:\/\/yourmadeirarentals.com\/fr\/accommodation-facility\/free-parking\/\">Free parking<\/a><\/span>, <span class=\"facility-kitchen\"><a href=\"https:\/\/yourmadeirarentals.com\/fr\/accommodation-facility\/kitchen\/\">Kitchen<\/a><\/span>, <span class=\"facility-ocean-view\"><a href=\"https:\/\/yourmadeirarentals.com\/fr\/accommodation-facility\/ocean-view\/\">Ocean view<\/a><\/span>, <span class=\"facility-tv\"><a href=\"https:\/\/yourmadeirarentals.com\/fr\/accommodation-facility\/tv\/\">TV<\/a><\/span>, <span class=\"facility-washing-machine\"><a href=\"https:\/\/yourmadeirarentals.com\/fr\/accommodation-facility\/washing-machine\/\">Washing machine<\/a><\/span>, <span class=\"facility-wifi\"><a href=\"https:\/\/yourmadeirarentals.com\/fr\/accommodation-facility\/wifi\/\">Wifi<\/a><\/span><\/span><\/li>\n\t\n\n\n\t<li class=\"mphb-room-type-view\"><span class=\"mphb-attribute-title mphb-view-title\">Vue :<\/span><span class=\"mphb-attribute-value\">\n\tOcean view\n\t<\/span><\/li>\n\t\n\n\n\t<li class=\"mphb-room-type-size\"><span class=\"mphb-attribute-title mphb-size-title\">Taille :<\/span><span class=\"mphb-attribute-value\">\n\t66m\u00b2\n\t<\/span><\/li>\n\t\n\n\t<li class=\"mphb-room-type-bed-type\"><span  class=\"mphb-attribute-title mphb-bed-type-title\">Type de lit :<\/span><span class=\"mphb-attribute-value\">\n\t2 bedrooms, 3 beds\n\t<\/span><\/li>\n\t\n<li class=\"mphb-room-type-bath mphb-room-type-custom-attribute\"><span class=\"mphb-attribute-title mphb-bath-title\">Bath:<\/span><span class=\"mphb-attribute-value\"> <span class=\"bath-1\">1<\/span><\/span><\/li>\n<\/ul>\n\n\t<p class=\"mphb-regular-price\"><strong>Prix \u00e0 partir de:<\/strong>\n\t<span class=\"mphb-price\"><span class=\"mphb-currency\">&euro;<\/span>447<\/span> <span class=\"mphb-price-period\" title=\"Choisissez les dates pour voir les prix pertinents\">pour 3 nuits<\/span><span class=\"mphb-tax-information taxes-included\"> (+taxes et frais)<\/span>\n\t<\/p>\n\t\n<div class=\"mphb-to-book-btn-wrapper\">\n<form action=\"https:\/\/yourmadeirarentals.com\/fr\/accommodation\/apartment-paulo\/#booking-form-6510\" method=\"get\" ><button type=\"submit\" class=\"button mphb-book-button\" >R\u00e9server<\/button><\/form>\n<br\/><\/div>\n\t\n<\/div>\n<\/div>\t\t\t\t\t<\/div>\n\t\t\t\t\t\t\t\t\t\t<div class=\"swiper-slide\">\n\t\t\t\t\t<div class=\"mphb_sc_room-wrapper knsl-scroll-animation\"><div class=\"mphb-room-type post-27059 mphb_room_type type-mphb_room_type status-publish has-post-thumbnail mphb_room_type_facility-air-conditioning mphb_room_type_facility-beach-access mphb_room_type_facility-free-parking mphb_room_type_facility-kitchen mphb_room_type_facility-patio-or-balcony mphb_room_type_facility-private-pool mphb_room_type_facility-tv mphb_room_type_facility-wifi mphb-room-type-adults-4 mphb-room-type-children-0 has-taxes-and-fees\">\n\n\t\n\t\n\n\t<p class=\"post-thumbnail mphb-loop-room-thumbnail\">\n\t<a href=\"https:\/\/yourmadeirarentals.com\/fr\/accommodation\/casa-teixeira\/\">\n\t<img loading=\"lazy\" decoding=\"async\" width=\"1440\" height=\"960\" src=\"https:\/\/yourmadeirarentals.com\/wp-content\/uploads\/2026\/01\/Casa-Teixeira-1.jpeg\" class=\"attachment-post-thumbnail size-post-thumbnail wp-post-image\" alt=\"\" srcset=\"https:\/\/yourmadeirarentals.com\/wp-content\/uploads\/2026\/01\/Casa-Teixeira-1.jpeg 1440w, https:\/\/yourmadeirarentals.com\/wp-content\/uploads\/2026\/01\/Casa-Teixeira-1-300x200.jpeg 300w, https:\/\/yourmadeirarentals.com\/wp-content\/uploads\/2026\/01\/Casa-Teixeira-1-1024x683.jpeg 1024w, https:\/\/yourmadeirarentals.com\/wp-content\/uploads\/2026\/01\/Casa-Teixeira-1-768x512.jpeg 768w, https:\/\/yourmadeirarentals.com\/wp-content\/uploads\/2026\/01\/Casa-Teixeira-1-18x12.jpeg 18w, https:\/\/yourmadeirarentals.com\/wp-content\/uploads\/2026\/01\/Casa-Teixeira-1-950x633.jpeg 950w, https:\/\/yourmadeirarentals.com\/wp-content\/uploads\/2026\/01\/Casa-Teixeira-1-800x533.jpeg 800w\" sizes=\"(max-width: 1440px) 100vw, 1440px\">\t<\/a>\n\n\t<\/p>\n\n\n\n<h2 class=\"mphb-room-type-title entry-title\">\n\n\n\n<a class=\"mphb-room-type-title\" href=\"https:\/\/yourmadeirarentals.com\/fr\/accommodation\/casa-teixeira\/\">Casa Teixeira &#8211; Sea View<\/a>\n\n\n<\/h2>\n\n\n<div class=\"knsl-text-light knsl-text-sm knsl-mb-20\">\n\t\n\t<p>Treat yourself to a relaxing holiday home, in Calheta, close ocean, mountain and hiking trails. Casa Teixeira is a comfortable apartment, within a newly built and modern house. Perfect for up to 4 guests, you can lounge by the salt water swimming pool, dine on the balcony and make the most of Madeira island. You will be 30 minutes away from Funchal, 45 minutes from the airport or from the volcanic pools, 5 minutes from the sand beach. Definitely the perfect hideaway for a holiday in paradise !<\/p>\n\n\t<\/div>\n\n<h3 class=\"mphb-room-type-details-title\">D\u00e9tails<\/h3><ul class=\"mphb-loop-room-type-attributes\">\n\t<li class=\"mphb-room-type-total-capacity\"><span class=\"mphb-attribute-title mphb-total-capacity-title\">Invit\u00e9s:<\/span><span class=\"mphb-attribute-value\">\n\t4\n\t<\/span><\/li>\t\n\n\n\t<li class=\"mphb-room-type-facilities\"><span class=\"mphb-attribute-title mphb-facilities-title\">\u00c9quipements :<\/span><span class=\"mphb-attribute-value\"> <span class=\"facility-air-conditioning\"><a href=\"https:\/\/yourmadeirarentals.com\/fr\/accommodation-facility\/air-conditioning\/\">Air conditioning<\/a><\/span>, <span class=\"facility-beach-access\"><a href=\"https:\/\/yourmadeirarentals.com\/fr\/accommodation-facility\/beach-access\/\">Beach access<\/a><\/span>, <span class=\"facility-free-parking\"><a href=\"https:\/\/yourmadeirarentals.com\/fr\/accommodation-facility\/free-parking\/\">Free parking<\/a><\/span>, <span class=\"facility-kitchen\"><a href=\"https:\/\/yourmadeirarentals.com\/fr\/accommodation-facility\/kitchen\/\">Kitchen<\/a><\/span>, <span class=\"facility-patio-or-balcony\"><a href=\"https:\/\/yourmadeirarentals.com\/fr\/accommodation-facility\/patio-or-balcony\/\">Patio or balcony<\/a><\/span>, <span class=\"facility-private-pool\"><a href=\"https:\/\/yourmadeirarentals.com\/fr\/accommodation-facility\/private-pool\/\">Private pool<\/a><\/span>, <span class=\"facility-tv\"><a href=\"https:\/\/yourmadeirarentals.com\/fr\/accommodation-facility\/tv\/\">TV<\/a><\/span>, <span class=\"facility-wifi\"><a href=\"https:\/\/yourmadeirarentals.com\/fr\/accommodation-facility\/wifi\/\">Wifi<\/a><\/span><\/span><\/li>\n\t\n\n\n\t<li class=\"mphb-room-type-view\"><span class=\"mphb-attribute-title mphb-view-title\">Vue :<\/span><span class=\"mphb-attribute-value\">\n\tSea View\n\t<\/span><\/li>\n\t\n\n\n\t<li class=\"mphb-room-type-size\"><span class=\"mphb-attribute-title mphb-size-title\">Taille :<\/span><span class=\"mphb-attribute-value\">\n\t95m\u00b2\n\t<\/span><\/li>\n\t\n\n\t<li class=\"mphb-room-type-bed-type\"><span  class=\"mphb-attribute-title mphb-bed-type-title\">Type de lit :<\/span><span class=\"mphb-attribute-value\">\n\t2 Bedrooms, 2 Beds\n\t<\/span><\/li>\n\t\n<li class=\"mphb-room-type-bath mphb-room-type-custom-attribute\"><span class=\"mphb-attribute-title mphb-bath-title\">Bath:<\/span><span class=\"mphb-attribute-value\"> <span class=\"bath-1\">1<\/span><\/span><\/li>\n<\/ul>\n\n\t<p class=\"mphb-regular-price\"><strong>Prix \u00e0 partir de:<\/strong>\n\t<span class=\"mphb-price\"><span class=\"mphb-currency\">&euro;<\/span>840<\/span> <span class=\"mphb-price-period\" title=\"Choisissez les dates pour voir les prix pertinents\">pour 4 nuits<\/span><span class=\"mphb-tax-information taxes-included\"> (+taxes et frais)<\/span>\n\t<\/p>\n\t\n<div class=\"mphb-to-book-btn-wrapper\">\n<form action=\"https:\/\/yourmadeirarentals.com\/fr\/accommodation\/casa-teixeira\/#booking-form-27059\" method=\"get\" ><button type=\"submit\" class=\"button mphb-book-button\" >R\u00e9server<\/button><\/form>\n<br\/><\/div>\n\t\n<\/div>\n<\/div>\t\t\t\t\t<\/div>\n\t\t\t\t\t\t\t\t\t<\/div>\n\n\t\t\t\t<!-- slider navigation -->\n\t\t\t\t<div class=\"knsl-uni-slider-nav-panel\">\n\t\t\t\t\t<div class=\"knsl-uni-slider-pagination\"><\/div>\n\t\t\t\t\t<div class=\"knsl-uni-nav\">\n\t\t\t\t\t<div class=\"knsl-uni-slider-prev\"><i class=\"fas fa-arrow-left\"><\/i><\/div>\n\t\t\t\t\t<div class=\"knsl-uni-slider-next\"><i class=\"fas fa-arrow-right\"><\/i><\/div>\n\t\t\t\t\t<\/div>\n\t\t\t\t<\/div>\n\n\t\t\t\t<\/div>\n\t\t\t\t\t\t\t<\/div>\n\t\t<\/div>\n\t\t<\/div>\t\t<\/section>\n\t\t<!-- rooms end -->\n\n\t\t\t\t\t\t<\/div>\n\t\t\t\t<\/div>\n\t\t\t\t\t<\/div>\n\t\t<\/div>\n\t\t\t\t\t<\/div>\n\t\t<\/section>\n\t\t\t\t<\/div>\n\t\t","protected":false},"excerpt":{"rendered":"<p>\u00c9vadez-vous dans notre charmante cabane en pierre \u00e0 Prazeres, Mad\u00e8re ! Nich\u00e9e dans un quartier calme, pr\u00e8s de la nature et des sentiers de randonn\u00e9e, elle comprend une chambre \u00e0 coucher, un coin cuisine-salle \u00e0 manger, un coin canap\u00e9 confortable, une salle de bains avec douche et une chaleureuse chemin\u00e9e int\u00e9rieure. Profitez de l'espace ext\u00e9rieur avec barbecue et d'un parking facile. Parfait pour une retraite paisible dans la nature !<\/p>","protected":false},"featured_media":20985,"menu_order":0,"comment_status":"closed","ping_status":"closed","template":"","mphb_room_type_category":[],"mphb_room_type_tag":[],"mphb_room_type_facility":[101,99,102,79,41,100,75,54],"class_list":["post-20966","mphb_room_type","type-mphb_room_type","status-publish","has-post-thumbnail","hentry","mphb_room_type_facility-bbq-grill","mphb_room_type_facility-fire-pit","mphb_room_type_facility-first-aid-kit","mphb_room_type_facility-free-parking","mphb_room_type_facility-kitchen","mphb_room_type_facility-outdoor-dining-area","mphb_room_type_facility-tv","mphb_room_type_facility-wifi","mphb-room-type-adults-2","mphb-room-type-children-0","has-taxes-and-fees"],"acf":[],"_links":{"self":[{"href":"https:\/\/yourmadeirarentals.com\/fr\/wp-json\/wp\/v2\/mphb_room_type\/20966","targetHints":{"allow":["GET"]}}],"collection":[{"href":"https:\/\/yourmadeirarentals.com\/fr\/wp-json\/wp\/v2\/mphb_room_type"}],"about":[{"href":"https:\/\/yourmadeirarentals.com\/fr\/wp-json\/wp\/v2\/types\/mphb_room_type"}],"replies":[{"embeddable":true,"href":"https:\/\/yourmadeirarentals.com\/fr\/wp-json\/wp\/v2\/comments?post=20966"}],"version-history":[{"count":23,"href":"https:\/\/yourmadeirarentals.com\/fr\/wp-json\/wp\/v2\/mphb_room_type\/20966\/revisions"}],"predecessor-version":[{"id":28686,"href":"https:\/\/yourmadeirarentals.com\/fr\/wp-json\/wp\/v2\/mphb_room_type\/20966\/revisions\/28686"}],"wp:featuredmedia":[{"embeddable":true,"href":"https:\/\/yourmadeirarentals.com\/fr\/wp-json\/wp\/v2\/media\/20985"}],"wp:attachment":[{"href":"https:\/\/yourmadeirarentals.com\/fr\/wp-json\/wp\/v2\/media?parent=20966"}],"wp:term":[{"taxonomy":"mphb_room_type_category","embeddable":true,"href":"https:\/\/yourmadeirarentals.com\/fr\/wp-json\/wp\/v2\/mphb_room_type_category?post=20966"},{"taxonomy":"mphb_room_type_tag","embeddable":true,"href":"https:\/\/yourmadeirarentals.com\/fr\/wp-json\/wp\/v2\/mphb_room_type_tag?post=20966"},{"taxonomy":"mphb_room_type_facility","embeddable":true,"href":"https:\/\/yourmadeirarentals.com\/fr\/wp-json\/wp\/v2\/mphb_room_type_facility?post=20966"}],"curies":[{"name":"wp","href":"https:\/\/api.w.org\/{rel}","templated":true}]}}