{"id":27059,"date":"2026-01-28T17:44:15","date_gmt":"2026-01-28T17:44:15","guid":{"rendered":"https:\/\/yourmadeirarentals.com\/?post_type=mphb_room_type&#038;p=27059"},"modified":"2026-02-12T18:49:06","modified_gmt":"2026-02-12T18:49:06","slug":"casa-teixeira","status":"publish","type":"mphb_room_type","link":"https:\/\/yourmadeirarentals.com\/fr\/accommodation\/casa-teixeira\/","title":{"rendered":"Casa Teixeira - Vue sur la mer"},"content":{"rendered":"\t\t<div data-elementor-type=\"wp-post\" data-elementor-id=\"27059\" class=\"elementor elementor-27059\">\n\t\t\t\t\t\t<section class=\"elementor-section elementor-top-section elementor-element elementor-element-7fe5def2 set-sticky-container elementor-reverse-mobile elementor-reverse-tablet elementor-section-boxed elementor-section-height-default elementor-section-height-default\" data-id=\"7fe5def2\" data-element_type=\"section\" data-e-type=\"section\" data-settings=\"{&quot;background_background&quot;:&quot;classic&quot;}\">\n\t\t\t\t\t\t<div class=\"elementor-container elementor-column-gap-default\">\n\t\t\t\t\t<div class=\"elementor-column elementor-col-66 elementor-top-column elementor-element elementor-element-6864d063\" data-id=\"6864d063\" data-element_type=\"column\" data-e-type=\"column\">\n\t\t\t<div class=\"elementor-widget-wrap elementor-element-populated\">\n\t\t\t\t\t\t<section class=\"elementor-section elementor-inner-section elementor-element elementor-element-562ce683 elementor-section-full_width elementor-section-height-default elementor-section-height-default\" data-id=\"562ce683\" data-element_type=\"section\" data-e-type=\"section\">\n\t\t\t\t\t\t<div class=\"elementor-container elementor-column-gap-no\">\n\t\t\t\t\t<div class=\"elementor-column elementor-col-100 elementor-inner-column elementor-element elementor-element-4c9d5c0a\" data-id=\"4c9d5c0a\" data-element_type=\"column\" data-e-type=\"column\">\n\t\t\t<div class=\"elementor-widget-wrap elementor-element-populated\">\n\t\t\t\t\t\t<div class=\"elementor-element elementor-element-1a2a4f65 elementor-widget elementor-widget-kinsley-photo-gallery\" data-id=\"1a2a4f65\" data-element_type=\"widget\" data-e-type=\"widget\" data-widget_type=\"kinsley-photo-gallery.default\">\n\t\t\t\t<div class=\"elementor-widget-container\">\n\t\t\t\t\t\n\t\t<div class=\"knsl-room-detail-slider-frame knsl-mb-60\">\n\t\t\t\n\t\t\t\n\t\t\t\n\t\t\t\n\t\t<\/div>\n\n\t\t\t\t\t\t<\/div>\n\t\t\t\t<\/div>\n\t\t\t\t\t<\/div>\n\t\t<\/div>\n\t\t\t\t\t<\/div>\n\t\t<\/section>\n\t\t\t\t<section class=\"elementor-section elementor-inner-section elementor-element elementor-element-3351c544 elementor-section-full_width elementor-section-height-default elementor-section-height-default\" data-id=\"3351c544\" data-element_type=\"section\" data-e-type=\"section\" data-settings=\"{&quot;background_background&quot;:&quot;classic&quot;}\">\n\t\t\t\t\t\t<div class=\"elementor-container elementor-column-gap-no\">\n\t\t\t\t\t<div class=\"elementor-column elementor-col-100 elementor-inner-column elementor-element elementor-element-74f586ac\" data-id=\"74f586ac\" data-element_type=\"column\" data-e-type=\"column\">\n\t\t\t<div class=\"elementor-widget-wrap elementor-element-populated\">\n\t\t\t\t\t\t<div class=\"elementor-element elementor-element-127d5d4e elementor-widget elementor-widget-heading\" data-id=\"127d5d4e\" data-element_type=\"widget\" data-e-type=\"widget\" data-widget_type=\"heading.default\">\n\t\t\t\t<div class=\"elementor-widget-container\">\n\t\t\t\t\t<h2 class=\"elementor-heading-title elementor-size-default\">Casa Teixeira - Sea View<\/h2>\t\t\t\t<\/div>\n\t\t\t\t<\/div>\n\t\t\t\t<div class=\"elementor-element elementor-element-3ffd7538 elementor-position-left elementor-vertical-align-top elementor-widget elementor-widget-image-box\" data-id=\"3ffd7538\" data-element_type=\"widget\" data-e-type=\"widget\" data-widget_type=\"image-box.default\">\n\t\t\t\t<div class=\"elementor-widget-container\">\n\t\t\t\t\t<div class=\"elementor-image-box-wrapper\"><figure class=\"elementor-image-box-img\"><img decoding=\"async\" width=\"32\" height=\"32\" src=\"https:\/\/yourmadeirarentals.com\/wp-content\/uploads\/2021\/12\/location.png\" class=\"attachment-full size-full wp-image-3907\" alt=\"\"><\/figure><div class=\"elementor-image-box-content\"><h3 class=\"elementor-image-box-title\">R. do Hotel 3, Estreito da Calheta, Portugal<\/h3><\/div><\/div>\t\t\t\t<\/div>\n\t\t\t\t<\/div>\n\t\t\t\t\t<\/div>\n\t\t<\/div>\n\t\t\t\t\t<\/div>\n\t\t<\/section>\n\t\t\t\t<section class=\"elementor-section elementor-inner-section elementor-element elementor-element-97952f9 elementor-section-full_width elementor-section-height-default elementor-section-height-default\" data-id=\"97952f9\" data-element_type=\"section\" data-e-type=\"section\" data-settings=\"{&quot;background_background&quot;:&quot;classic&quot;}\">\n\t\t\t\t\t\t<div class=\"elementor-container elementor-column-gap-no\">\n\t\t\t\t\t<div class=\"elementor-column elementor-col-100 elementor-inner-column elementor-element elementor-element-5d347cd1\" data-id=\"5d347cd1\" data-element_type=\"column\" data-e-type=\"column\">\n\t\t\t<div class=\"elementor-widget-wrap elementor-element-populated\">\n\t\t\t\t\t\t<div class=\"elementor-element elementor-element-53f0446a elementor-position-left elementor-vertical-align-top elementor-widget elementor-widget-image-box\" data-id=\"53f0446a\" data-element_type=\"widget\" data-e-type=\"widget\" data-widget_type=\"image-box.default\">\n\t\t\t\t<div class=\"elementor-widget-container\">\n\t\t\t\t\t<div class=\"elementor-image-box-wrapper\"><figure class=\"elementor-image-box-img\"><img decoding=\"async\" width=\"32\" height=\"32\" src=\"https:\/\/yourmadeirarentals.com\/wp-content\/uploads\/2021\/09\/pool-1.png\" class=\"attachment-full size-full wp-image-21892\" alt=\"\" srcset=\"https:\/\/yourmadeirarentals.com\/wp-content\/uploads\/2021\/09\/pool-1.png 32w, https:\/\/yourmadeirarentals.com\/wp-content\/uploads\/2021\/09\/pool-1-12x12.png 12w\" sizes=\"(max-width: 32px) 100vw, 32px\" \/><\/figure><div class=\"elementor-image-box-content\"><h3 class=\"elementor-image-box-title\">Dive right in<\/h3><p class=\"elementor-image-box-description\">This is one of the few places in the area with a pool.<\/p><\/div><\/div>\t\t\t\t<\/div>\n\t\t\t\t<\/div>\n\t\t\t\t<div class=\"elementor-element elementor-element-520d4b0 elementor-position-left elementor-vertical-align-top elementor-widget elementor-widget-image-box\" data-id=\"520d4b0\" data-element_type=\"widget\" data-e-type=\"widget\" data-widget_type=\"image-box.default\">\n\t\t\t\t<div class=\"elementor-widget-container\">\n\t\t\t\t\t<div class=\"elementor-image-box-wrapper\"><figure class=\"elementor-image-box-img\"><img decoding=\"async\" width=\"32\" height=\"32\" src=\"https:\/\/yourmadeirarentals.com\/wp-content\/uploads\/2021\/10\/location.png\" class=\"attachment-full size-full wp-image-21911\" alt=\"\" srcset=\"https:\/\/yourmadeirarentals.com\/wp-content\/uploads\/2021\/10\/location.png 32w, https:\/\/yourmadeirarentals.com\/wp-content\/uploads\/2021\/10\/location-12x12.png 12w\" sizes=\"(max-width: 32px) 100vw, 32px\" \/><\/figure><div class=\"elementor-image-box-content\"><h3 class=\"elementor-image-box-title\">Peace and quiet<\/h3><p class=\"elementor-image-box-description\">This home is in a quiet area.<\/p><\/div><\/div>\t\t\t\t<\/div>\n\t\t\t\t<\/div>\n\t\t\t\t<div class=\"elementor-element elementor-element-340d997d elementor-position-left elementor-vertical-align-top elementor-widget elementor-widget-image-box\" data-id=\"340d997d\" data-element_type=\"widget\" data-e-type=\"widget\" data-widget_type=\"image-box.default\">\n\t\t\t\t<div class=\"elementor-widget-container\">\n\t\t\t\t\t<div class=\"elementor-image-box-wrapper\"><figure class=\"elementor-image-box-img\"><img loading=\"lazy\" decoding=\"async\" width=\"32\" height=\"32\" src=\"https:\/\/yourmadeirarentals.com\/wp-content\/uploads\/2023\/08\/coffee-machine.png\" class=\"attachment-full size-full wp-image-22001\" alt=\"\" srcset=\"https:\/\/yourmadeirarentals.com\/wp-content\/uploads\/2023\/08\/coffee-machine.png 32w, https:\/\/yourmadeirarentals.com\/wp-content\/uploads\/2023\/08\/coffee-machine-12x12.png 12w\" sizes=\"(max-width: 32px) 100vw, 32px\" \/><\/figure><div class=\"elementor-image-box-content\"><h3 class=\"elementor-image-box-title\">At-home coffee<\/h3><p class=\"elementor-image-box-description\">Start your morning right with the drip coffee maker.<\/p><\/div><\/div>\t\t\t\t<\/div>\n\t\t\t\t<\/div>\n\t\t\t\t\t<\/div>\n\t\t<\/div>\n\t\t\t\t\t<\/div>\n\t\t<\/section>\n\t\t\t\t<section class=\"elementor-section elementor-inner-section elementor-element elementor-element-51673c4a elementor-section-full_width elementor-section-height-default elementor-section-height-default\" data-id=\"51673c4a\" data-element_type=\"section\" data-e-type=\"section\" data-settings=\"{&quot;background_background&quot;:&quot;classic&quot;}\">\n\t\t\t\t\t\t<div class=\"elementor-container elementor-column-gap-no\">\n\t\t\t\t\t<div class=\"elementor-column elementor-col-100 elementor-inner-column elementor-element elementor-element-3724132\" data-id=\"3724132\" data-element_type=\"column\" data-e-type=\"column\">\n\t\t\t<div class=\"elementor-widget-wrap elementor-element-populated\">\n\t\t\t\t\t\t<div class=\"elementor-element elementor-element-79cdaf13 elementor-widget elementor-widget-kinsley-room-description\" data-id=\"79cdaf13\" data-element_type=\"widget\" data-e-type=\"widget\" data-widget_type=\"kinsley-room-description.default\">\n\t\t\t\t<div class=\"elementor-widget-container\">\n\t\t\t\t\t\n\t\t<!-- description -->\n\t\t<section class=\"knsl-mb-60\">\n\t\t\t\t\t\t<h3 class=\"knsl-title--h knsl-mb-40\">\n\t\t\t\t<span >\n\t\t\t\t\tEntire home hosted by Kevin\t\t\t\t<\/span>\n\t\t\t<\/h3>\n\t\t\t\t\t\t\t\t\t<div class=\"knsl-text\">\n\t\t\t\t<div >\n\t\t\t\t\t<p>Treat yourself to a relaxing holiday home, in Calheta, close ocean, mountain and hiking trails. Casa Teixeira is a comfortable apartment, within a newly built and modern house. Perfect for up to 4 guests, you can lounge by the salt water swimming pool, dine on the balcony and make the most of Madeira island. You will be 30 minutes away from Funchal, 45 minutes from the airport or from the volcanic pools, 5 minutes from the sand beach. Definitely the perfect hideaway for a holiday in paradise !<\/p><p><strong>The space<\/strong><br \/>Casa Teixeira is a 2 bedroom apartment with queen size beds and large cupboards. Additional comfort with reversible air conditioning in each room. Cosy living room opening on a full length balcony with a view on the ocean and on the pool. Fully equipped kitchen with dishwasher, as well as a laundry room.<br \/>First floor flat. Free, safe and easy parking on the road.<\/p><p><strong>Guest access<\/strong><br \/>You will have full access to the salt water swimming pool and the solar heated outdoor shower.<\/p><p><strong>Other things to note<\/strong><br \/>Local restaurants, bars, a grocery shop, Calheta's sandy beach and marina are just a few minutes away. Hiking trails cover the entire island and are easily identifiable and accessible to all. The magical forest of Fanal, or Laurisilva, and the volcanic saltwater pools of Porto Moniz and the Seixal black sand beach are just 20-30 minutes away by car.<\/p>\t\t\t\t<\/div>\n\t\t\t<\/div>\n\t\t\t\t\t<\/section>\n\t\t<!-- description end -->\n\n\t\t\t\t\t\t<\/div>\n\t\t\t\t<\/div>\n\t\t\t\t\t<\/div>\n\t\t<\/div>\n\t\t\t\t\t<\/div>\n\t\t<\/section>\n\t\t\t\t<section class=\"elementor-section elementor-inner-section elementor-element elementor-element-13c46d24 elementor-section-full_width elementor-section-height-default elementor-section-height-default\" data-id=\"13c46d24\" data-element_type=\"section\" data-e-type=\"section\">\n\t\t\t\t\t\t<div class=\"elementor-container elementor-column-gap-no\">\n\t\t\t\t\t<div class=\"elementor-column elementor-col-100 elementor-inner-column elementor-element elementor-element-6c8c2aea\" data-id=\"6c8c2aea\" data-element_type=\"column\" data-e-type=\"column\">\n\t\t\t<div class=\"elementor-widget-wrap elementor-element-populated\">\n\t\t\t\t\t\t<div class=\"elementor-element elementor-element-6874df8d elementor-widget elementor-widget-kinsley-room-attributes\" data-id=\"6874df8d\" data-element_type=\"widget\" data-e-type=\"widget\" id=\"custom_attribute\" data-widget_type=\"kinsley-room-attributes.default\">\n\t\t\t\t<div class=\"elementor-widget-container\">\n\t\t\t\t\t\n\t\t<!-- room info -->\n\t\t<div class=\"knsl-room-features-lg knsl-mb-20 show-view show-bed-type show-custom-attribute\">\n\t\t\t\t\t<\/div>\n\t\t<!-- room info end -->\n\n\t\t\t\t\t\t<\/div>\n\t\t\t\t<\/div>\n\t\t\t\t\t<\/div>\n\t\t<\/div>\n\t\t\t\t\t<\/div>\n\t\t<\/section>\n\t\t\t\t<section class=\"elementor-section elementor-inner-section elementor-element elementor-element-5291c96f elementor-section-full_width elementor-section-height-default elementor-section-height-default\" data-id=\"5291c96f\" data-element_type=\"section\" data-e-type=\"section\">\n\t\t\t\t\t\t<div class=\"elementor-container elementor-column-gap-no\">\n\t\t\t\t\t<div class=\"elementor-column elementor-col-100 elementor-inner-column elementor-element elementor-element-4d56b7c8\" data-id=\"4d56b7c8\" data-element_type=\"column\" data-e-type=\"column\">\n\t\t\t<div class=\"elementor-widget-wrap elementor-element-populated\">\n\t\t\t\t\t\t<div class=\"elementor-element elementor-element-1cf3f97c elementor-widget elementor-widget-heading\" data-id=\"1cf3f97c\" data-element_type=\"widget\" data-e-type=\"widget\" data-widget_type=\"heading.default\">\n\t\t\t\t<div class=\"elementor-widget-container\">\n\t\t\t\t\t<h3 class=\"elementor-heading-title elementor-size-default\">Where you'll sleep<\/h3>\t\t\t\t<\/div>\n\t\t\t\t<\/div>\n\t\t\t\t\t<\/div>\n\t\t<\/div>\n\t\t\t\t\t<\/div>\n\t\t<\/section>\n\t\t\t\t<section class=\"elementor-section elementor-inner-section elementor-element elementor-element-7274f102 elementor-section-full_width elementor-section-height-default elementor-section-height-default\" data-id=\"7274f102\" data-element_type=\"section\" data-e-type=\"section\" id=\"bedroom_img\">\n\t\t\t\t\t\t<div class=\"elementor-container elementor-column-gap-no\">\n\t\t\t\t\t<div class=\"elementor-column elementor-col-33 elementor-inner-column elementor-element elementor-element-247a6b\" data-id=\"247a6b\" data-element_type=\"column\" data-e-type=\"column\">\n\t\t\t<div class=\"elementor-widget-wrap elementor-element-populated\">\n\t\t\t\t\t\t<div class=\"elementor-element elementor-element-5c398955 elementor-position-top elementor-widget elementor-widget-image-box\" data-id=\"5c398955\" data-element_type=\"widget\" data-e-type=\"widget\" data-widget_type=\"image-box.default\">\n\t\t\t\t<div class=\"elementor-widget-container\">\n\t\t\t\t\t<div class=\"elementor-image-box-wrapper\"><figure class=\"elementor-image-box-img\"><img loading=\"lazy\" decoding=\"async\" width=\"24\" height=\"24\" src=\"https:\/\/yourmadeirarentals.com\/wp-content\/uploads\/2024\/08\/double-bed.png\" class=\"attachment-full size-full wp-image-11938\" alt=\"\" srcset=\"https:\/\/yourmadeirarentals.com\/wp-content\/uploads\/2024\/08\/double-bed.png 24w, https:\/\/yourmadeirarentals.com\/wp-content\/uploads\/2024\/08\/double-bed-12x12.png 12w\" sizes=\"(max-width: 24px) 100vw, 24px\" \/><\/figure><div class=\"elementor-image-box-content\"><h3 class=\"elementor-image-box-title\">Bedroom 1<\/h3><p class=\"elementor-image-box-description\">1 Queen bed<\/p><\/div><\/div>\t\t\t\t<\/div>\n\t\t\t\t<\/div>\n\t\t\t\t\t<\/div>\n\t\t<\/div>\n\t\t\t\t<div class=\"elementor-column elementor-col-33 elementor-inner-column elementor-element elementor-element-18da2be\" data-id=\"18da2be\" data-element_type=\"column\" data-e-type=\"column\">\n\t\t\t<div class=\"elementor-widget-wrap elementor-element-populated\">\n\t\t\t\t\t\t<div class=\"elementor-element elementor-element-23bbf26 elementor-position-top elementor-widget elementor-widget-image-box\" data-id=\"23bbf26\" data-element_type=\"widget\" data-e-type=\"widget\" data-widget_type=\"image-box.default\">\n\t\t\t\t<div class=\"elementor-widget-container\">\n\t\t\t\t\t<div class=\"elementor-image-box-wrapper\"><figure class=\"elementor-image-box-img\"><img loading=\"lazy\" decoding=\"async\" width=\"24\" height=\"24\" src=\"https:\/\/yourmadeirarentals.com\/wp-content\/uploads\/2024\/08\/double-bed.png\" class=\"attachment-full size-full wp-image-11938\" alt=\"\" srcset=\"https:\/\/yourmadeirarentals.com\/wp-content\/uploads\/2024\/08\/double-bed.png 24w, https:\/\/yourmadeirarentals.com\/wp-content\/uploads\/2024\/08\/double-bed-12x12.png 12w\" sizes=\"(max-width: 24px) 100vw, 24px\" \/><\/figure><div class=\"elementor-image-box-content\"><h3 class=\"elementor-image-box-title\">Bedroom 2<\/h3><p class=\"elementor-image-box-description\">1 Queen bed<\/p><\/div><\/div>\t\t\t\t<\/div>\n\t\t\t\t<\/div>\n\t\t\t\t\t<\/div>\n\t\t<\/div>\n\t\t\t\t<div class=\"elementor-column elementor-col-33 elementor-inner-column elementor-element elementor-element-7f88b34\" data-id=\"7f88b34\" data-element_type=\"column\" data-e-type=\"column\">\n\t\t\t<div class=\"elementor-widget-wrap\">\n\t\t\t\t\t\t\t<\/div>\n\t\t<\/div>\n\t\t\t\t\t<\/div>\n\t\t<\/section>\n\t\t\t\t<section class=\"elementor-section elementor-inner-section elementor-element elementor-element-3386575d elementor-section-full_width elementor-section-height-default elementor-section-height-default\" data-id=\"3386575d\" data-element_type=\"section\" data-e-type=\"section\">\n\t\t\t\t\t\t<div class=\"elementor-container elementor-column-gap-no\">\n\t\t\t\t\t<div class=\"elementor-column elementor-col-100 elementor-inner-column elementor-element elementor-element-609a0f45\" data-id=\"609a0f45\" data-element_type=\"column\" data-e-type=\"column\">\n\t\t\t<div class=\"elementor-widget-wrap elementor-element-populated\">\n\t\t\t\t\t\t<div class=\"elementor-element elementor-element-56d329b4 elementor-widget elementor-widget-kinsley-room-amenity\" data-id=\"56d329b4\" data-element_type=\"widget\" data-e-type=\"widget\" data-widget_type=\"kinsley-room-amenity.default\">\n\t\t\t\t<div class=\"elementor-widget-container\">\n\t\t\t\t\t\n\t\t<!-- features -->\n\t\t<section class=\"knsl-mb-40\">\n\t\t\t<div class=\"row\">\n\t\t\t\t\t\t\t\t<div class=\"col-lg-12\">\n\t\t\t\t\t<h3 class=\"knsl-title--h knsl-mb-40\">\n\t\t\t\t\t\t<span >\n\t\t\t\t\t\t\tWhat this place offers\t\t\t\t\t\t<\/span>\n\t\t\t\t\t<\/h3>\n\t\t\t\t<\/div>\n\t\t\t\t\t\t\t\t\t\t\t\t\t\t\t\t<div class=\"col-6 col-md-3\">\n\n\t\t\t\t\t<!-- icon box -->\n\t\t\t\t\t<div class=\"knsl-icon-box knsl-icon-box-sm knsl-scroll-animation\">\n\t\t\t\t\t\t\t\t\t\t\t\t<a >\n\t\t\t\t\t\t\t\t\t\t\t\t\t\t<div class=\"mil-icon\">\n\t\t\t\t\t\t\t\t<img decoding=\"async\" src=\"https:\/\/yourmadeirarentals.com\/wp-content\/uploads\/2025\/08\/air-conditioner-1.png\" alt=\"Air conditioning\" class=\" knsl-mb-10\" \/>\n\t\t\t\t\t\t\t<\/div>\n\t\t\t\t\t\t\t\t\t\t\t\t\t\t<h5>Air conditioning<\/h5>\n\t\t\t\t\t\t<\/a>\n\t\t\t\t\t<\/div>\n\t\t\t\t\t<!-- icon box end -->\n\n\t\t\t\t<\/div>\n\t\t\t\t\t\t\t\t<div class=\"col-6 col-md-3\">\n\n\t\t\t\t\t<!-- icon box -->\n\t\t\t\t\t<div class=\"knsl-icon-box knsl-icon-box-sm knsl-scroll-animation\">\n\t\t\t\t\t\t\t\t\t\t\t\t<a >\n\t\t\t\t\t\t\t\t\t\t\t\t\t\t<div class=\"mil-icon\">\n\t\t\t\t\t\t\t\t<img decoding=\"async\" src=\"https:\/\/yourmadeirarentals.com\/wp-content\/uploads\/2025\/08\/beach-chair.png\" alt=\"Beach access\" class=\" knsl-mb-10\" \/>\n\t\t\t\t\t\t\t<\/div>\n\t\t\t\t\t\t\t\t\t\t\t\t\t\t<h5>Beach access<\/h5>\n\t\t\t\t\t\t<\/a>\n\t\t\t\t\t<\/div>\n\t\t\t\t\t<!-- icon box end -->\n\n\t\t\t\t<\/div>\n\t\t\t\t\t\t\t\t<div class=\"col-6 col-md-3\">\n\n\t\t\t\t\t<!-- icon box -->\n\t\t\t\t\t<div class=\"knsl-icon-box knsl-icon-box-sm knsl-scroll-animation\">\n\t\t\t\t\t\t\t\t\t\t\t\t<a >\n\t\t\t\t\t\t\t\t\t\t\t\t\t\t<div class=\"mil-icon\">\n\t\t\t\t\t\t\t\t<img decoding=\"async\" src=\"https:\/\/yourmadeirarentals.com\/wp-content\/uploads\/2025\/08\/car-6.png\" alt=\"Free parking\" class=\" knsl-mb-10\" \/>\n\t\t\t\t\t\t\t<\/div>\n\t\t\t\t\t\t\t\t\t\t\t\t\t\t<h5>Free parking<\/h5>\n\t\t\t\t\t\t<\/a>\n\t\t\t\t\t<\/div>\n\t\t\t\t\t<!-- icon box end -->\n\n\t\t\t\t<\/div>\n\t\t\t\t\t\t\t\t<div class=\"col-6 col-md-3\">\n\n\t\t\t\t\t<!-- icon box -->\n\t\t\t\t\t<div class=\"knsl-icon-box knsl-icon-box-sm knsl-scroll-animation\">\n\t\t\t\t\t\t\t\t\t\t\t\t<a >\n\t\t\t\t\t\t\t\t\t\t\t\t\t\t<div class=\"mil-icon\">\n\t\t\t\t\t\t\t\t<img decoding=\"async\" src=\"https:\/\/yourmadeirarentals.com\/wp-content\/uploads\/2025\/08\/cutlery.png\" alt=\"Kitchen\" class=\" knsl-mb-10\" \/>\n\t\t\t\t\t\t\t<\/div>\n\t\t\t\t\t\t\t\t\t\t\t\t\t\t<h5>Kitchen<\/h5>\n\t\t\t\t\t\t<\/a>\n\t\t\t\t\t<\/div>\n\t\t\t\t\t<!-- icon box end -->\n\n\t\t\t\t<\/div>\n\t\t\t\t\t\t\t\t<div class=\"col-6 col-md-3\">\n\n\t\t\t\t\t<!-- icon box -->\n\t\t\t\t\t<div class=\"knsl-icon-box knsl-icon-box-sm knsl-scroll-animation\">\n\t\t\t\t\t\t\t\t\t\t\t\t<a >\n\t\t\t\t\t\t\t\t\t\t\t\t\t\t<div class=\"mil-icon\">\n\t\t\t\t\t\t\t\t<img decoding=\"async\" src=\"https:\/\/yourmadeirarentals.com\/wp-content\/uploads\/2025\/08\/balcony-1.png\" alt=\"Patio or balcony\" class=\" knsl-mb-10\" \/>\n\t\t\t\t\t\t\t<\/div>\n\t\t\t\t\t\t\t\t\t\t\t\t\t\t<h5>Patio or balcony<\/h5>\n\t\t\t\t\t\t<\/a>\n\t\t\t\t\t<\/div>\n\t\t\t\t\t<!-- icon box end -->\n\n\t\t\t\t<\/div>\n\t\t\t\t\t\t\t\t<div class=\"col-6 col-md-3\">\n\n\t\t\t\t\t<!-- icon box -->\n\t\t\t\t\t<div class=\"knsl-icon-box knsl-icon-box-sm knsl-scroll-animation\">\n\t\t\t\t\t\t\t\t\t\t\t\t<a >\n\t\t\t\t\t\t\t\t\t\t\t\t\t\t<div class=\"mil-icon\">\n\t\t\t\t\t\t\t\t<img decoding=\"async\" src=\"https:\/\/yourmadeirarentals.com\/wp-content\/uploads\/2025\/08\/pool-2.png\" alt=\"Private pool\" class=\" knsl-mb-10\" \/>\n\t\t\t\t\t\t\t<\/div>\n\t\t\t\t\t\t\t\t\t\t\t\t\t\t<h5>Private pool<\/h5>\n\t\t\t\t\t\t<\/a>\n\t\t\t\t\t<\/div>\n\t\t\t\t\t<!-- icon box end -->\n\n\t\t\t\t<\/div>\n\t\t\t\t\t\t\t\t<div class=\"col-6 col-md-3\">\n\n\t\t\t\t\t<!-- icon box -->\n\t\t\t\t\t<div class=\"knsl-icon-box knsl-icon-box-sm knsl-scroll-animation\">\n\t\t\t\t\t\t\t\t\t\t\t\t<a >\n\t\t\t\t\t\t\t\t\t\t\t\t\t\t<div class=\"mil-icon\">\n\t\t\t\t\t\t\t\t<img decoding=\"async\" src=\"https:\/\/yourmadeirarentals.com\/wp-content\/uploads\/2025\/08\/television.png\" alt=\"TV\" class=\" knsl-mb-10\" \/>\n\t\t\t\t\t\t\t<\/div>\n\t\t\t\t\t\t\t\t\t\t\t\t\t\t<h5>TV<\/h5>\n\t\t\t\t\t\t<\/a>\n\t\t\t\t\t<\/div>\n\t\t\t\t\t<!-- icon box end -->\n\n\t\t\t\t<\/div>\n\t\t\t\t\t\t\t\t<div class=\"col-6 col-md-3\">\n\n\t\t\t\t\t<!-- icon box -->\n\t\t\t\t\t<div class=\"knsl-icon-box knsl-icon-box-sm knsl-scroll-animation\">\n\t\t\t\t\t\t\t\t\t\t\t\t<a >\n\t\t\t\t\t\t\t\t\t\t\t\t\t\t<div class=\"mil-icon\">\n\t\t\t\t\t\t\t\t<img decoding=\"async\" src=\"https:\/\/yourmadeirarentals.com\/wp-content\/uploads\/2025\/08\/wifi-1.png\" alt=\"Wifi\" class=\" knsl-mb-10\" \/>\n\t\t\t\t\t\t\t<\/div>\n\t\t\t\t\t\t\t\t\t\t\t\t\t\t<h5>Wifi<\/h5>\n\t\t\t\t\t\t<\/a>\n\t\t\t\t\t<\/div>\n\t\t\t\t\t<!-- icon box end -->\n\n\t\t\t\t<\/div>\n\t\t\t\t\t\t\t\t\t\t\t<\/div>\n\t\t<\/section>\n\t\t<!-- features end -->\n\n\t\t\t\t\t\t<\/div>\n\t\t\t\t<\/div>\n\t\t\t\t\t<\/div>\n\t\t<\/div>\n\t\t\t\t\t<\/div>\n\t\t<\/section>\n\t\t\t\t<section class=\"elementor-section elementor-inner-section elementor-element elementor-element-68668287 elementor-section-full_width elementor-section-height-default elementor-section-height-default\" data-id=\"68668287\" data-element_type=\"section\" data-e-type=\"section\">\n\t\t\t\t\t\t<div class=\"elementor-container elementor-column-gap-no\">\n\t\t\t\t\t<div class=\"elementor-column elementor-col-100 elementor-inner-column elementor-element elementor-element-63535ee2\" data-id=\"63535ee2\" data-element_type=\"column\" data-e-type=\"column\">\n\t\t\t<div class=\"elementor-widget-wrap elementor-element-populated\">\n\t\t\t\t\t\t<div class=\"elementor-element elementor-element-16ed9efc elementor-widget elementor-widget-kinsley-availability-calendar\" data-id=\"16ed9efc\" data-element_type=\"widget\" data-e-type=\"widget\" data-widget_type=\"kinsley-availability-calendar.default\">\n\t\t\t\t<div class=\"elementor-widget-container\">\n\t\t\t\t\t\n                <h3 class=\"knsl-mb-40\">\n          <span >\n              Select Reservation Date          <\/span>\n        <\/h3>\n\t\t\t\t\n        <div class=\"mphb_sc_availability_calendar-wrapper  knsl-scroll-animation\">\t<div class=\"mphb-calendar mphb-datepick inlinePicker mphb-calendar--direct-booking\" data-room-type-id=\"27059\" data-monthstoshow=\"2\" data-is_show_prices=\"0\" data-is_truncate_prices=\"1\" data-is_show_prices_currency=\"0\" data-first_available_check_in_date=\"2026-04-30\"><\/div>\n\t<\/div>\t\t\t\t<\/div>\n\t\t\t\t<\/div>\n\t\t\t\t\t<\/div>\n\t\t<\/div>\n\t\t\t\t\t<\/div>\n\t\t<\/section>\n\t\t\t\t<section class=\"elementor-section elementor-inner-section elementor-element elementor-element-591d1981 elementor-section-full_width elementor-section-height-default elementor-section-height-default\" data-id=\"591d1981\" data-element_type=\"section\" data-e-type=\"section\">\n\t\t\t\t\t\t<div class=\"elementor-container elementor-column-gap-no\">\n\t\t\t\t\t<div class=\"elementor-column elementor-col-100 elementor-inner-column elementor-element elementor-element-2ab6a442\" data-id=\"2ab6a442\" data-element_type=\"column\" data-e-type=\"column\">\n\t\t\t<div class=\"elementor-widget-wrap elementor-element-populated\">\n\t\t\t\t\t\t<div class=\"elementor-element elementor-element-3ea1a830 elementor-widget elementor-widget-kinsley-map\" data-id=\"3ea1a830\" data-element_type=\"widget\" data-e-type=\"widget\" data-widget_type=\"kinsley-map.default\">\n\t\t\t\t<div class=\"elementor-widget-container\">\n\t\t\t\t\t\n\t\t<!-- map -->\n\t\t<section>\n\t\t\t<div class=\"row\">\n\t\t\t\t\t\t\t\t<div class=\"col-lg-12\">\n\t\t\t\t\t<h3 class=\"knsl-title--h knsl-mb-40\">\n\t\t\t\t\t\t<span >\n\t\t\t\t\t\t\tWhere you\u2019ll be\n\n\n\n\t\t\t\t\t\t<\/span>\n\t\t\t\t\t<\/h3>\n\t\t\t\t<\/div>\n\t\t\t\t\t\t\t\t<div class=\"col-lg-12\">\n\t\t\t\t\t<div class=\"knsl-map-frame knsl-mb-60\">\n\t\t\t\t\t\t<div class=\"knsl-lock\"><i class=\"fas fa-lock\"><\/i><\/div>\n\t\t\t\t\t\t<div id=\"map\" class=\"knsl-map\" data-key=\"pk.eyJ1Ijoia2VmYTkwIiwiYSI6ImNsbGdrZHkwZTBnOWozZHBxbzdqaDlydGYifQ.aPqNmJI8f7NxTkYL5NzTDA\" data-style=\"default\" data-zoom=\"15\" data-lng=\"-17.182878\" data-lat=\"32.732192\"><\/div>\n\t\t\t\t\t<\/div>\n\t\t\t\t<\/div>\n\t\t\t<\/div>\n\t\t<\/section>\n\t\t<!-- map end -->\n\n\t\t\t\t\t\t<\/div>\n\t\t\t\t<\/div>\n\t\t\t\t\t<\/div>\n\t\t<\/div>\n\t\t\t\t\t<\/div>\n\t\t<\/section>\n\t\t\t\t<section class=\"elementor-section elementor-inner-section elementor-element elementor-element-3cac4af4 elementor-section-full_width elementor-section-height-default elementor-section-height-default\" data-id=\"3cac4af4\" data-element_type=\"section\" data-e-type=\"section\">\n\t\t\t\t\t\t<div class=\"elementor-container elementor-column-gap-no\">\n\t\t\t\t\t<div class=\"elementor-column elementor-col-100 elementor-inner-column elementor-element elementor-element-2a1ed123\" data-id=\"2a1ed123\" data-element_type=\"column\" data-e-type=\"column\">\n\t\t\t<div class=\"elementor-widget-wrap elementor-element-populated\">\n\t\t\t\t\t\t<div class=\"elementor-element elementor-element-66c4c85d elementor-widget elementor-widget-kinsley-room-services\" data-id=\"66c4c85d\" data-element_type=\"widget\" data-e-type=\"widget\" data-widget_type=\"kinsley-room-services.default\">\n\t\t\t\t<div class=\"elementor-widget-container\">\n\t\t\t\t\t\n\t\t<!-- services -->\n\t\t<section class=\"knsl-mb-40\">\n\t\t\t<div class=\"row\">\n\t\t\t\t\t\t\t\t<div class=\"col-lg-12\">\n\t\t\t\t\t<h3 class=\"knsl-title--h knsl-mb-40\">\n\t\t\t\t\t\t<span >\n\t\t\t\t\t\t\t\tAround The Hotel\t\t\t\t\t\t<\/span>\n\t\t\t\t\t<\/h3>\n\t\t\t\t<\/div>\n\t\t\t\t\t\t\t\t\t\t\t\t\t\t\t\t<div class=\"col-md-6 col-lg-4\">\n\n\t\t\t\t\t<!-- service card -->\n\t\t\t\t\t<div class=\"knsl-ath-card knsl-scroll-animation\">\n\t\t\t\t\t\t\t\t\t\t\t\t\t\t\t\t\t\t<div class=\"knsl-cover-frame\">\n\t\t\t\t\t\t\t<a >\n\t\t\t\t\t\t\t\t<img decoding=\"async\" src=\"https:\/\/yourmadeirarentals.com\/wp-content\/uploads\/2023\/10\/Rental-car-950x384.jpg\" alt=\"Car Hire Service\" \/>\n\t\t\t\t\t\t\t<\/a>\n\t\t\t\t\t\t<\/div>\n\t\t\t\t\t\t\t\t\t\t\t\t<div class=\"knsl-card-description\">\n\t\t\t\t\t\t\t<h5>\n\t\t\t\t\t\t\t\t<a>Car Hire Service<\/a>\n\t\t\t\t\t\t\t<\/h5>\n\t\t\t\t\t\t<\/div>\n\t\t\t\t\t<\/div>\n\t\t\t\t\t<!-- service card end -->\n\n\t\t\t\t<\/div>\n\t\t\t\t\t\t\t\t<div class=\"col-md-6 col-lg-4\">\n\n\t\t\t\t\t<!-- service card -->\n\t\t\t\t\t<div class=\"knsl-ath-card knsl-scroll-animation\">\n\t\t\t\t\t\t\t\t\t\t\t\t\t\t\t\t\t\t<div class=\"knsl-cover-frame\">\n\t\t\t\t\t\t\t<a >\n\t\t\t\t\t\t\t\t<img decoding=\"async\" src=\"https:\/\/yourmadeirarentals.com\/wp-content\/uploads\/2023\/10\/House-Keeping-950x397.jpg\" alt=\"Housekeeping\" \/>\n\t\t\t\t\t\t\t<\/a>\n\t\t\t\t\t\t<\/div>\n\t\t\t\t\t\t\t\t\t\t\t\t<div class=\"knsl-card-description\">\n\t\t\t\t\t\t\t<h5>\n\t\t\t\t\t\t\t\t<a>Housekeeping<\/a>\n\t\t\t\t\t\t\t<\/h5>\n\t\t\t\t\t\t<\/div>\n\t\t\t\t\t<\/div>\n\t\t\t\t\t<!-- service card end -->\n\n\t\t\t\t<\/div>\n\t\t\t\t\t\t\t\t<div class=\"col-md-6 col-lg-4\">\n\n\t\t\t\t\t<!-- service card -->\n\t\t\t\t\t<div class=\"knsl-ath-card knsl-scroll-animation\">\n\t\t\t\t\t\t\t\t\t\t\t\t\t\t\t\t\t\t<div class=\"knsl-cover-frame\">\n\t\t\t\t\t\t\t<a >\n\t\t\t\t\t\t\t\t<img decoding=\"async\" src=\"https:\/\/yourmadeirarentals.com\/wp-content\/uploads\/2023\/10\/Pool-maintenace-950x368.jpg\" alt=\"Pool Maintenance\" \/>\n\t\t\t\t\t\t\t<\/a>\n\t\t\t\t\t\t<\/div>\n\t\t\t\t\t\t\t\t\t\t\t\t<div class=\"knsl-card-description\">\n\t\t\t\t\t\t\t<h5>\n\t\t\t\t\t\t\t\t<a>Pool Maintenance<\/a>\n\t\t\t\t\t\t\t<\/h5>\n\t\t\t\t\t\t<\/div>\n\t\t\t\t\t<\/div>\n\t\t\t\t\t<!-- service card end -->\n\n\t\t\t\t<\/div>\n\t\t\t\t\t\t\t\t<div class=\"col-md-6 col-lg-4\">\n\n\t\t\t\t\t<!-- service card -->\n\t\t\t\t\t<div class=\"knsl-ath-card knsl-scroll-animation\">\n\t\t\t\t\t\t\t\t\t\t\t\t\t\t\t\t\t\t<div class=\"knsl-cover-frame\">\n\t\t\t\t\t\t\t<a >\n\t\t\t\t\t\t\t\t<img decoding=\"async\" src=\"https:\/\/yourmadeirarentals.com\/wp-content\/uploads\/2023\/10\/Real-Estate-Digital-950x391.jpg\" alt=\"Real Estate Consulting Service\" \/>\n\t\t\t\t\t\t\t<\/a>\n\t\t\t\t\t\t<\/div>\n\t\t\t\t\t\t\t\t\t\t\t\t<div class=\"knsl-card-description\">\n\t\t\t\t\t\t\t<h5>\n\t\t\t\t\t\t\t\t<a>Real Estate Consulting Service<\/a>\n\t\t\t\t\t\t\t<\/h5>\n\t\t\t\t\t\t<\/div>\n\t\t\t\t\t<\/div>\n\t\t\t\t\t<!-- service card end -->\n\n\t\t\t\t<\/div>\n\t\t\t\t\t\t\t\t<div class=\"col-md-6 col-lg-4\">\n\n\t\t\t\t\t<!-- service card -->\n\t\t\t\t\t<div class=\"knsl-ath-card knsl-scroll-animation\">\n\t\t\t\t\t\t\t\t\t\t\t\t\t\t\t\t\t\t<div class=\"knsl-cover-frame\">\n\t\t\t\t\t\t\t<a >\n\t\t\t\t\t\t\t\t<img decoding=\"async\" src=\"https:\/\/yourmadeirarentals.com\/wp-content\/uploads\/2023\/10\/Yacht-At-Seaside-950x535.jpg\" alt=\"Tour Operation Service\" \/>\n\t\t\t\t\t\t\t<\/a>\n\t\t\t\t\t\t<\/div>\n\t\t\t\t\t\t\t\t\t\t\t\t<div class=\"knsl-card-description\">\n\t\t\t\t\t\t\t<h5>\n\t\t\t\t\t\t\t\t<a>Tour Operation Service<\/a>\n\t\t\t\t\t\t\t<\/h5>\n\t\t\t\t\t\t<\/div>\n\t\t\t\t\t<\/div>\n\t\t\t\t\t<!-- service card end -->\n\n\t\t\t\t<\/div>\n\t\t\t\t\t\t\t\t<div class=\"col-md-6 col-lg-4\">\n\n\t\t\t\t\t<!-- service card -->\n\t\t\t\t\t<div class=\"knsl-ath-card knsl-scroll-animation\">\n\t\t\t\t\t\t\t\t\t\t\t\t\t\t\t\t\t\t<div class=\"knsl-cover-frame\">\n\t\t\t\t\t\t\t<a >\n\t\t\t\t\t\t\t\t<img decoding=\"async\" src=\"https:\/\/yourmadeirarentals.com\/wp-content\/uploads\/2023\/10\/Beautiful-sunset-950x634.jpg\" alt=\"Travel Recommendations\" \/>\n\t\t\t\t\t\t\t<\/a>\n\t\t\t\t\t\t<\/div>\n\t\t\t\t\t\t\t\t\t\t\t\t<div class=\"knsl-card-description\">\n\t\t\t\t\t\t\t<h5>\n\t\t\t\t\t\t\t\t<a>Travel Recommendations<\/a>\n\t\t\t\t\t\t\t<\/h5>\n\t\t\t\t\t\t<\/div>\n\t\t\t\t\t<\/div>\n\t\t\t\t\t<!-- service card end -->\n\n\t\t\t\t<\/div>\n\t\t\t\t\t\t\t\t\t\t\t<\/div>\n\t\t<\/section>\n\t\t<!-- services end -->\n\n\t\t\t\t\t\t<\/div>\n\t\t\t\t<\/div>\n\t\t\t\t\t<\/div>\n\t\t<\/div>\n\t\t\t\t\t<\/div>\n\t\t<\/section>\n\t\t\t\t\t<\/div>\n\t\t<\/div>\n\t\t\t\t<div class=\"elementor-column elementor-col-33 elementor-top-column elementor-element elementor-element-60b421b2\" data-id=\"60b421b2\" data-element_type=\"column\" data-e-type=\"column\">\n\t\t\t<div class=\"elementor-widget-wrap elementor-element-populated\">\n\t\t\t\t\t\t<section class=\"elementor-section elementor-inner-section elementor-element elementor-element-3ce739cd elementor-section-full_width elementor-section-height-default elementor-section-height-default\" data-id=\"3ce739cd\" data-element_type=\"section\" data-e-type=\"section\">\n\t\t\t\t\t\t<div class=\"elementor-container elementor-column-gap-no\">\n\t\t\t\t\t<div class=\"elementor-column elementor-col-100 elementor-inner-column elementor-element elementor-element-f8fd2cd\" data-id=\"f8fd2cd\" data-element_type=\"column\" data-e-type=\"column\">\n\t\t\t<div class=\"elementor-widget-wrap elementor-element-populated\">\n\t\t\t\t\t\t<div class=\"elementor-element elementor-element-72ba792f elementor-widget elementor-widget-kinsley-room-attributes\" data-id=\"72ba792f\" data-element_type=\"widget\" data-e-type=\"widget\" data-widget_type=\"kinsley-room-attributes.default\">\n\t\t\t\t<div class=\"elementor-widget-container\">\n\t\t\t\t\t\n\t\t<!-- room info -->\n\t\t<div class=\"knsl-room-features-lg knsl-mb-20 show-capacity show-size\">\n\t\t\t\t\t<\/div>\n\t\t<!-- room info end -->\n\n\t\t\t\t\t\t<\/div>\n\t\t\t\t<\/div>\n\t\t\t\t\t<\/div>\n\t\t<\/div>\n\t\t\t\t\t<\/div>\n\t\t<\/section>\n\t\t\t\t<section class=\"elementor-section elementor-inner-section elementor-element elementor-element-3a21d8d3 elementor-section-full_width elementor-section-height-default elementor-section-height-default\" data-id=\"3a21d8d3\" data-element_type=\"section\" data-e-type=\"section\">\n\t\t\t\t\t\t<div class=\"elementor-container elementor-column-gap-no\">\n\t\t\t\t\t<div class=\"elementor-column elementor-col-100 elementor-inner-column elementor-element elementor-element-7e618908\" data-id=\"7e618908\" data-element_type=\"column\" data-e-type=\"column\">\n\t\t\t<div class=\"elementor-widget-wrap elementor-element-populated\">\n\t\t\t\t\t\t<div class=\"elementor-element elementor-element-4deb5a26 elementor-widget elementor-widget-kinsley-room-price\" data-id=\"4deb5a26\" data-element_type=\"widget\" data-e-type=\"widget\" data-widget_type=\"kinsley-room-price.default\">\n\t\t\t\t<div class=\"elementor-widget-container\">\n\t\t\t\t\t\n\t\t<div class=\"knsl-price-card knsl-mb-20\">\n            <div class=\"knsl-price-number\">\n            \t                \t\t\t<\/div>\n\t\t<\/div>\n\n\t\t\t\t\t\t<\/div>\n\t\t\t\t<\/div>\n\t\t\t\t\t<\/div>\n\t\t<\/div>\n\t\t\t\t\t<\/div>\n\t\t<\/section>\n\t\t\t\t<section class=\"elementor-section elementor-inner-section elementor-element elementor-element-785e014c elementor-section-full_width elementor-section-height-default elementor-section-height-default\" data-id=\"785e014c\" data-element_type=\"section\" data-e-type=\"section\">\n\t\t\t\t\t\t<div class=\"elementor-container elementor-column-gap-no\">\n\t\t\t\t\t<div class=\"elementor-column elementor-col-100 elementor-inner-column elementor-element elementor-element-68c6dfb1\" data-id=\"68c6dfb1\" data-element_type=\"column\" data-e-type=\"column\">\n\t\t\t<div class=\"elementor-widget-wrap elementor-element-populated\">\n\t\t\t\t\t\t<div class=\"elementor-element elementor-element-4902c1c8 elementor-widget elementor-widget-kinsley-availability-form\" data-id=\"4902c1c8\" data-element_type=\"widget\" data-e-type=\"widget\" id=\"booking_form\" data-widget_type=\"kinsley-availability-form.default\">\n\t\t\t\t<div class=\"elementor-widget-container\">\n\t\t\t\t\t                <div class=\"knsl-sticky knsl-stycky-right\" data-margin-top=\"100\">\n                <div class=\"mphb_sc_booking_form-wrapper  knsl-book-form knsl-book-form-v\">\t<form method=\"POST\" action=\"https:\/\/yourmadeirarentals.com\/fr\/booking-confirmation\/\" class=\"mphb-booking-form mphb-booking-form--direct-booking\" id=\"booking-form-27059\" data-first_available_check_in_date=\"2026-04-30\">\n\n\t\t<p class=\"mphb-required-fields-tip\"><small>Les champs obligatoires sont suivis de <abbr title=\"required\">*<\/abbr><\/small><\/p>\n\t\t<input type=\"hidden\" id=\"mphb-checkout-nonce\" name=\"mphb-checkout-nonce\" value=\"222e937830\" \/><input type=\"hidden\" name=\"_wp_http_referer\" value=\"\/fr\/wp-json\/wp\/v2\/mphb_room_type\/27059\" \/>\t\t\t\t<input type=\"hidden\" name=\"mphb_room_type_id\" value=\"27059\" \/>\n\t\t<p class=\"mphb-check-in-date-wrapper\">\n\t\t\t<label for=\"mphb_check_in_date-69f31b8816fa1\">\n\t\t\t\tDate d&#039;arriv\u00e9e\t\t\t\t<abbr title=\"Format\u00e9 comme dd\/mm\/yyyy\">*<\/abbr>\n\t\t\t<\/label>\n\t\t\t<br \/>\n\t\t\t<input id=\"mphb_check_in_date-69f31b8816fa1\" type=\"text\" class=\"mphb-datepick\" value=\"\" required=\"required\" autocomplete=\"off\" placeholder=\"Date d&#039;arriv\u00e9e\" inputmode=\"none\" \/>\n\t\t\t<input id=\"mphb_check_in_date-69f31b8816fa1-hidden\" type=\"hidden\" name=\"mphb_check_in_date\" value=\"\" \/>\n\t\t<\/p>\n\t\t<p class=\"mphb-check-out-date-wrapper\">\n\t\t\t<label for=\"mphb_check_out_date-69f31b8816fa1\">\n\t\t\t\tDate de d\u00e9part\t\t\t\t<abbr title=\"Format\u00e9 comme dd\/mm\/yyyy\">*<\/abbr>\n\t\t\t<\/label>\n\t\t\t<br \/>\n\t\t\t<input id=\"mphb_check_out_date-69f31b8816fa1\" type=\"text\" class=\"mphb-datepick\" value=\"\" required=\"required\" autocomplete=\"off\" placeholder=\"Date de d\u00e9part\" inputmode=\"none\" \/>\n\t\t\t<input id=\"mphb_check_out_date-69f31b8816fa1-hidden\" type=\"hidden\" name=\"mphb_check_out_date\" value=\"\" \/>\n\t\t<\/p>\n\t\t\n\t\t\t\n\t\t\t\t<p class=\"mphb-adults-wrapper mphb-capacity-wrapper\">\n\t\t\t\t\t<label for=\"mphb_adults-69f31b8816fa1\">\n\t\t\t\t\t\tInvit\u00e9s\t\t\t\t\t<\/label>\n\t\t\t\t\t<br \/>\n\t\t\t\t\t<select id=\"mphb_adults-69f31b8816fa1\" name=\"mphb_adults\">\n\n\t\t\t\t\t\t\n\t\t\t\t\t\t\t<option value=\"1\" >1<\/option>\n\t\t\t\t\t\t\n\t\t\t\t\t\t\n\t\t\t\t\t\t\t<option value=\"2\" >2<\/option>\n\t\t\t\t\t\t\n\t\t\t\t\t\t\n\t\t\t\t\t\t\t<option value=\"3\" >3<\/option>\n\t\t\t\t\t\t\n\t\t\t\t\t\t\n\t\t\t\t\t\t\t<option value=\"4\" >4<\/option>\n\t\t\t\t\t\t\n\t\t\t\t\t\t\t\t\t\t\t<\/select>\n\t\t\t\t<\/p>\n\t\t\t\n\t\t\t\n\t\t\t\t<input type=\"hidden\" id=\"mphb_children-69f31b8816fa1\" name=\"mphb_children\" value=\"0\" \/>\n\n\t\t\t\t\t\t\t\t\t\t<div class=\"mphb-reserve-room-section mphb-hide\">\n\t\t\t\t<p class=\"mphb-rooms-quantity-wrapper mphb-rooms-quantity-multiple mphb-hide\">\n\t\t\t\tR\u00e9serve <select class=\"mphb-rooms-quantity\" id=\"mphb-rooms-quantity-27059\" name=\"mphb_rooms_details[27059]\"><option value=\"1\" selected=\"selected\">1<\/option><\/select> de <span class=\"mphb-available-rooms-count\">1<\/span> de logements disponibles.\t\t\t\t<\/p>\n\t\t\t\t<p class=\"mphb-rooms-quantity-wrapper mphb-rooms-quantity-single mphb-hide\">\n\t\t\t\t\tCasa Teixeira - Sea View est disponible pour les dates s\u00e9lectionn\u00e9es.\t\t\t\t<\/p>\n\t\t\t\t\t\t\t\t\t<p class=\"mphb-period-price mphb-regular-price mphb-hide\">\n\t\t\t\t\t\t<strong>Prix \u00e0 partir de:<\/strong>\n\t\t\t\t\t<\/p>\n\t\t\t\t\t\t\t\t<input type=\"hidden\" name=\"mphb_is_direct_booking\" value=\"1\" \/>\n\t\t\t\t<input class=\"button mphb-button mphb-confirm-reservation\" type=\"submit\" value=\"Confirmer la r\u00e9servation\" \/>\n\t\t\t<\/div>\n\t\t\n\t\t<div class=\"mphb-errors-wrapper mphb-hide\"><\/div>\n\t\t<p class=\"mphb-reserve-btn-wrapper\">\n\t\t\t<input class=\"mphb-reserve-btn button\" type=\"submit\" value=\"V\u00e9rifier la disponibilit\u00e9\" \/>\n\t\t<\/p>\n\t<\/form>\n\t<\/div>                <\/div>\n                \t\t\t\t<\/div>\n\t\t\t\t<\/div>\n\t\t\t\t\t<\/div>\n\t\t<\/div>\n\t\t\t\t\t<\/div>\n\t\t<\/section>\n\t\t\t\t\t<\/div>\n\t\t<\/div>\n\t\t\t\t\t<\/div>\n\t\t<\/section>\n\t\t\t\t<section class=\"elementor-section elementor-top-section elementor-element elementor-element-5bdb4e9f elementor-section-full_width elementor-section-height-default elementor-section-height-default\" data-id=\"5bdb4e9f\" data-element_type=\"section\" data-e-type=\"section\" data-settings=\"{&quot;background_background&quot;:&quot;classic&quot;}\">\n\t\t\t\t\t\t<div class=\"elementor-container elementor-column-gap-no\">\n\t\t\t\t\t<div class=\"elementor-column elementor-col-100 elementor-top-column elementor-element elementor-element-37a01984\" data-id=\"37a01984\" data-element_type=\"column\" data-e-type=\"column\">\n\t\t\t<div class=\"elementor-widget-wrap elementor-element-populated\">\n\t\t\t\t\t\t<div class=\"elementor-element elementor-element-21ad8525 elementor-widget elementor-widget-kinsley-rooms-carousel\" data-id=\"21ad8525\" data-element_type=\"widget\" data-e-type=\"widget\" data-widget_type=\"kinsley-rooms-carousel.default\">\n\t\t\t\t<div class=\"elementor-widget-container\">\n\t\t\t\t\t\n\t\t<!-- rooms -->\n\t\t<section class=\"knsl-transition-top knsl-p-0-100\">\n\t\t\t\t\t\t\n\t\t\n\t\t<div class=\"container\">\t\t<div class=\"row align-items-center\">\n\t\t\t\t\t\t<div class=\"col-lg-12\">\n\t\t\t\t<div class=\"knsl-center knsl-title-frame knsl-mb-100\">\n\t\t\t\t\t\t\t\t\t\t<h2 class=\"knsl-title--h knsl-mb-20\">\n\t\t\t\t\t\t<span >\n\t\t\t\t\t\t\tSimilar Homes\t\t\t\t\t\t<\/span>\n\t\t\t\t\t<\/h2>\n\t\t\t\t\t\t\t\t\t\t\t\t\t\t\t\t\t\t\t\t<a  href=\"\/madeira-villas-with-private-pool\/\" class=\"knsl-btn knsl-btn-md\">\n\t\t\t\t\t\t<span >\n\t\t\t\t\t\t\tAll Homes\t\t\t\t\t\t<\/span>\n\t\t\t\t\t<\/a>\n\t\t\t\t\t\t\t\t\t<\/div>\n\t\t\t<\/div>\n\t\t\t\n\t\t\t<div class=\"col-lg-12 attr-details-amenity-false attr-details-category-false attr-details-attributes-false attr-details-view-false attr-details-bed-type-false attr-details-children-false\">\n\t\t\t\t\t\t\t\t<div class=\"swiper-container knsl-uni-slider  attr-details-amenity-false attr-details-category-false attr-details-attributes-false attr-details-view-false attr-details-bed-type-false attr-details-children-false\">\n\t\t\t\t<div class=\"swiper-wrapper\">\n\t\t\t\t\t\t\t\t\t\t<div class=\"swiper-slide\">\n\t\t\t\t\t<div class=\"mphb_sc_room-wrapper knsl-scroll-animation\"><div class=\"mphb-room-type post-1191 mphb_room_type type-mphb_room_type status-publish has-post-thumbnail mphb_room_type_facility-workspace mphb_room_type_facility-free-parking mphb_room_type_facility-kitchen mphb_room_type_facility-ocean-view mphb_room_type_facility-private-pool mphb_room_type_facility-washing-machine mphb_room_type_facility-wifi mphb-room-type-adults-6 mphb-room-type-children-0 has-taxes-and-fees\">\n\n\t\n\t\n\n\t<p class=\"post-thumbnail mphb-loop-room-thumbnail\">\n\t<a href=\"https:\/\/yourmadeirarentals.com\/fr\/accommodation\/vila-juntos\/\">\n\t<img loading=\"lazy\" decoding=\"async\" width=\"1200\" height=\"900\" src=\"https:\/\/yourmadeirarentals.com\/wp-content\/uploads\/2021\/12\/Vila_Juntos-1.jpg\" class=\"attachment-post-thumbnail size-post-thumbnail wp-post-image\" alt=\"\" srcset=\"https:\/\/yourmadeirarentals.com\/wp-content\/uploads\/2021\/12\/Vila_Juntos-1.jpg 1200w, https:\/\/yourmadeirarentals.com\/wp-content\/uploads\/2021\/12\/Vila_Juntos-1-300x225.jpg 300w, https:\/\/yourmadeirarentals.com\/wp-content\/uploads\/2021\/12\/Vila_Juntos-1-1024x768.jpg 1024w, https:\/\/yourmadeirarentals.com\/wp-content\/uploads\/2021\/12\/Vila_Juntos-1-768x576.jpg 768w, https:\/\/yourmadeirarentals.com\/wp-content\/uploads\/2021\/12\/Vila_Juntos-1-16x12.jpg 16w, https:\/\/yourmadeirarentals.com\/wp-content\/uploads\/2021\/12\/Vila_Juntos-1-950x713.jpg 950w, https:\/\/yourmadeirarentals.com\/wp-content\/uploads\/2021\/12\/Vila_Juntos-1-800x600.jpg 800w\" sizes=\"(max-width: 1200px) 100vw, 1200px\">\t<\/a>\n\n\t<\/p>\n\n\n\n<h2 class=\"mphb-room-type-title entry-title\">\n\n\n\n<a class=\"mphb-room-type-title\" href=\"https:\/\/yourmadeirarentals.com\/fr\/accommodation\/vila-juntos\/\">Vila Juntos<\/a>\n\n\n<\/h2>\n\n\n<div class=\"knsl-text-light knsl-text-sm knsl-mb-20\">\n\t\n\t<p>Our Vila Juntos is a Luxury 3 Bedroom Holiday Rental Villa with a private pool, lovely sun terrace, romantic garden and covered barbecue. It is located in a quiet area just above Ponta do Sol. The villa has a fully fitted open kitchen with oven, dishwasher and fridge. there is also a guest toilet on the ground floor.  On the first floor two double bedrooms with shared bathroom, fitted wardrobes one with a balcony, a master bedroom with an en-suite bathroom, fitted wardrobes and a balcony.<\/p>\n\n\t<\/div>\n\n<h3 class=\"mphb-room-type-details-title\">D\u00e9tails<\/h3><ul class=\"mphb-loop-room-type-attributes\">\n\t<li class=\"mphb-room-type-total-capacity\"><span class=\"mphb-attribute-title mphb-total-capacity-title\">Invit\u00e9s:<\/span><span class=\"mphb-attribute-value\">\n\t6\n\t<\/span><\/li>\t\n\n\n\t<li class=\"mphb-room-type-facilities\"><span class=\"mphb-attribute-title mphb-facilities-title\">\u00c9quipements :<\/span><span class=\"mphb-attribute-value\"> <span class=\"facility-workspace\"><a href=\"https:\/\/yourmadeirarentals.com\/fr\/accommodation-facility\/workspace\/\">Dedicated Workspace<\/a><\/span>, <span class=\"facility-free-parking\"><a href=\"https:\/\/yourmadeirarentals.com\/fr\/accommodation-facility\/free-parking\/\">Free parking<\/a><\/span>, <span class=\"facility-kitchen\"><a href=\"https:\/\/yourmadeirarentals.com\/fr\/accommodation-facility\/kitchen\/\">Kitchen<\/a><\/span>, <span class=\"facility-ocean-view\"><a href=\"https:\/\/yourmadeirarentals.com\/fr\/accommodation-facility\/ocean-view\/\">Ocean view<\/a><\/span>, <span class=\"facility-private-pool\"><a href=\"https:\/\/yourmadeirarentals.com\/fr\/accommodation-facility\/private-pool\/\">Private pool<\/a><\/span>, <span class=\"facility-washing-machine\"><a href=\"https:\/\/yourmadeirarentals.com\/fr\/accommodation-facility\/washing-machine\/\">Washing machine<\/a><\/span>, <span class=\"facility-wifi\"><a href=\"https:\/\/yourmadeirarentals.com\/fr\/accommodation-facility\/wifi\/\">Wifi<\/a><\/span><\/span><\/li>\n\t\n\n\n\t<li class=\"mphb-room-type-view\"><span class=\"mphb-attribute-title mphb-view-title\">Vue :<\/span><span class=\"mphb-attribute-value\">\n\tSea View\n\t<\/span><\/li>\n\t\n\n\n\t<li class=\"mphb-room-type-size\"><span class=\"mphb-attribute-title mphb-size-title\">Taille :<\/span><span class=\"mphb-attribute-value\">\n\t220m\u00b2\n\t<\/span><\/li>\n\t\n\n\t<li class=\"mphb-room-type-bed-type\"><span  class=\"mphb-attribute-title mphb-bed-type-title\">Type de lit :<\/span><span class=\"mphb-attribute-value\">\n\t3 bedrooms, 4 beds\n\t<\/span><\/li>\n\t\n<li class=\"mphb-room-type-bath mphb-room-type-custom-attribute\"><span class=\"mphb-attribute-title mphb-bath-title\">Bath:<\/span><span class=\"mphb-attribute-value\"> <span class=\"bath-2-5\">2.5<\/span><\/span><\/li>\n<\/ul>\n\n\t<p class=\"mphb-regular-price\"><strong>Prix \u00e0 partir de:<\/strong>\n\t<span class=\"mphb-price\"><span class=\"mphb-currency\">&euro;<\/span>1,975<\/span> <span class=\"mphb-price-period\" title=\"Choisissez les dates pour voir les prix pertinents\">pour 5 nuits<\/span><span class=\"mphb-tax-information taxes-included\"> (+taxes et frais)<\/span>\n\t<\/p>\n\t\n<div class=\"mphb-to-book-btn-wrapper\">\n<form action=\"https:\/\/yourmadeirarentals.com\/fr\/accommodation\/vila-juntos\/#booking-form-1191\" method=\"get\" ><button type=\"submit\" class=\"button mphb-book-button\" >R\u00e9server<\/button><\/form>\n<br\/><\/div>\n\t\n<\/div>\n<\/div>\t\t\t\t\t<\/div>\n\t\t\t\t\t\t\t\t\t\t<div class=\"swiper-slide\">\n\t\t\t\t\t<div class=\"mphb_sc_room-wrapper knsl-scroll-animation\"><div class=\"mphb-room-type post-20966 mphb_room_type type-mphb_room_type status-publish has-post-thumbnail mphb_room_type_facility-bbq-grill mphb_room_type_facility-fire-pit mphb_room_type_facility-first-aid-kit mphb_room_type_facility-free-parking mphb_room_type_facility-kitchen mphb_room_type_facility-outdoor-dining-area mphb_room_type_facility-tv mphb_room_type_facility-wifi mphb-room-type-adults-2 mphb-room-type-children-0 has-taxes-and-fees\">\n\n\t\n\t\n\n\t<p class=\"post-thumbnail mphb-loop-room-thumbnail\">\n\t<a href=\"https:\/\/yourmadeirarentals.com\/fr\/accommodation\/cabana-nespera\/\">\n\t<img loading=\"lazy\" decoding=\"async\" width=\"1200\" height=\"900\" src=\"https:\/\/yourmadeirarentals.com\/wp-content\/uploads\/2025\/06\/Cabana-Nespera-1.webp\" class=\"attachment-post-thumbnail size-post-thumbnail wp-post-image\" alt=\"\" srcset=\"https:\/\/yourmadeirarentals.com\/wp-content\/uploads\/2025\/06\/Cabana-Nespera-1.webp 1200w, https:\/\/yourmadeirarentals.com\/wp-content\/uploads\/2025\/06\/Cabana-Nespera-1-300x225.webp 300w, https:\/\/yourmadeirarentals.com\/wp-content\/uploads\/2025\/06\/Cabana-Nespera-1-1024x768.webp 1024w, https:\/\/yourmadeirarentals.com\/wp-content\/uploads\/2025\/06\/Cabana-Nespera-1-768x576.webp 768w, https:\/\/yourmadeirarentals.com\/wp-content\/uploads\/2025\/06\/Cabana-Nespera-1-16x12.webp 16w, https:\/\/yourmadeirarentals.com\/wp-content\/uploads\/2025\/06\/Cabana-Nespera-1-950x713.webp 950w, https:\/\/yourmadeirarentals.com\/wp-content\/uploads\/2025\/06\/Cabana-Nespera-1-800x600.webp 800w\" sizes=\"(max-width: 1200px) 100vw, 1200px\">\t<\/a>\n\n\t<\/p>\n\n\n\n<h2 class=\"mphb-room-type-title entry-title\">\n\n\n\n<a class=\"mphb-room-type-title\" href=\"https:\/\/yourmadeirarentals.com\/fr\/accommodation\/cabana-nespera\/\">Cabana N\u00easpera<\/a>\n\n\n<\/h2>\n\n\n<div class=\"knsl-text-light knsl-text-sm knsl-mb-20\">\n\t\n\t<p>Escape to our charming stone cabana in Prazeres, Madeira! Nestled in a quiet area near nature and hiking trails, it features 1 bedroom, a kitchen-dining area, cozy sofa corner, bathroom with shower, and a warm indoor fireplace. Enjoy the outdoor space with BBQ and easy parking. Perfect for a peaceful nature retreat!<\/p>\n\n\t<\/div>\n\n<h3 class=\"mphb-room-type-details-title\">D\u00e9tails<\/h3><ul class=\"mphb-loop-room-type-attributes\">\n\t<li class=\"mphb-room-type-total-capacity\"><span class=\"mphb-attribute-title mphb-total-capacity-title\">Invit\u00e9s:<\/span><span class=\"mphb-attribute-value\">\n\t2\n\t<\/span><\/li>\t\n\n\n\t<li class=\"mphb-room-type-facilities\"><span class=\"mphb-attribute-title mphb-facilities-title\">\u00c9quipements :<\/span><span class=\"mphb-attribute-value\"> <span class=\"facility-bbq-grill\"><a href=\"https:\/\/yourmadeirarentals.com\/fr\/accommodation-facility\/bbq-grill\/\">BBQ grill<\/a><\/span>, <span class=\"facility-fire-pit\"><a href=\"https:\/\/yourmadeirarentals.com\/fr\/accommodation-facility\/fire-pit\/\">Fire pit<\/a><\/span>, <span class=\"facility-first-aid-kit\"><a href=\"https:\/\/yourmadeirarentals.com\/fr\/accommodation-facility\/first-aid-kit\/\">First aid kit<\/a><\/span>, <span class=\"facility-free-parking\"><a href=\"https:\/\/yourmadeirarentals.com\/fr\/accommodation-facility\/free-parking\/\">Free parking<\/a><\/span>, <span class=\"facility-kitchen\"><a href=\"https:\/\/yourmadeirarentals.com\/fr\/accommodation-facility\/kitchen\/\">Kitchen<\/a><\/span>, <span class=\"facility-outdoor-dining-area\"><a href=\"https:\/\/yourmadeirarentals.com\/fr\/accommodation-facility\/outdoor-dining-area\/\">Outdoor dining area<\/a><\/span>, <span class=\"facility-tv\"><a href=\"https:\/\/yourmadeirarentals.com\/fr\/accommodation-facility\/tv\/\">TV<\/a><\/span>, <span class=\"facility-wifi\"><a href=\"https:\/\/yourmadeirarentals.com\/fr\/accommodation-facility\/wifi\/\">Wifi<\/a><\/span><\/span><\/li>\n\t\n\n\n\t<li class=\"mphb-room-type-view\"><span class=\"mphb-attribute-title mphb-view-title\">Vue :<\/span><span class=\"mphb-attribute-value\">\n\tOcean View\n\t<\/span><\/li>\n\t\n\n\n\t<li class=\"mphb-room-type-size\"><span class=\"mphb-attribute-title mphb-size-title\">Taille :<\/span><span class=\"mphb-attribute-value\">\n\t100m\u00b2\n\t<\/span><\/li>\n\t\n\n\t<li class=\"mphb-room-type-bed-type\"><span  class=\"mphb-attribute-title mphb-bed-type-title\">Type de lit :<\/span><span class=\"mphb-attribute-value\">\n\t1 Bedroom, 1 Bed\n\t<\/span><\/li>\n\t\n<li class=\"mphb-room-type-bath mphb-room-type-custom-attribute\"><span class=\"mphb-attribute-title mphb-bath-title\">Bath:<\/span><span class=\"mphb-attribute-value\"> <span class=\"bath-1\">1<\/span><\/span><\/li>\n<\/ul>\n\n\t<p class=\"mphb-regular-price\"><strong>Prix \u00e0 partir de:<\/strong>\n\t<span class=\"mphb-price\"><span class=\"mphb-currency\">&euro;<\/span>200<\/span> <span class=\"mphb-price-period\" title=\"Choisissez les dates pour voir les prix pertinents\">pour 2 nuits<\/span><span class=\"mphb-tax-information taxes-included\"> (+taxes et frais)<\/span>\n\t<\/p>\n\t\n<div class=\"mphb-to-book-btn-wrapper\">\n<form action=\"https:\/\/yourmadeirarentals.com\/fr\/accommodation\/cabana-nespera\/#booking-form-20966\" method=\"get\" ><button type=\"submit\" class=\"button mphb-book-button\" >R\u00e9server<\/button><\/form>\n<br\/><\/div>\n\t\n<\/div>\n<\/div>\t\t\t\t\t<\/div>\n\t\t\t\t\t\t\t\t\t\t<div class=\"swiper-slide\">\n\t\t\t\t\t<div class=\"mphb_sc_room-wrapper knsl-scroll-animation\"><div class=\"mphb-room-type post-1192 mphb_room_type type-mphb_room_type status-publish has-post-thumbnail mphb_room_type_facility-free-parking mphb_room_type_facility-kitchen mphb_room_type_facility-mountain-view mphb_room_type_facility-ocean-view mphb_room_type_facility-private-pool mphb_room_type_facility-tv mphb_room_type_facility-washing-machine mphb_room_type_facility-wifi mphb-room-type-adults-6 mphb-room-type-children-0 has-taxes-and-fees\">\n\n\t\n\t\n\n\t<p class=\"post-thumbnail mphb-loop-room-thumbnail\">\n\t<a href=\"https:\/\/yourmadeirarentals.com\/fr\/accommodation\/myvilla-do-sol\/\">\n\t<img loading=\"lazy\" decoding=\"async\" width=\"720\" height=\"540\" src=\"https:\/\/yourmadeirarentals.com\/wp-content\/uploads\/2021\/12\/MyVilla-do-Sol-2.webp\" class=\"attachment-post-thumbnail size-post-thumbnail wp-post-image\" alt=\"\" srcset=\"https:\/\/yourmadeirarentals.com\/wp-content\/uploads\/2021\/12\/MyVilla-do-Sol-2.webp 720w, https:\/\/yourmadeirarentals.com\/wp-content\/uploads\/2021\/12\/MyVilla-do-Sol-2-300x225.webp 300w\" sizes=\"(max-width: 720px) 100vw, 720px\">\t<\/a>\n\n\t<\/p>\n\n\n\n<h2 class=\"mphb-room-type-title entry-title\">\n\n\n\n<a class=\"mphb-room-type-title\" href=\"https:\/\/yourmadeirarentals.com\/fr\/accommodation\/myvilla-do-sol\/\">Casa Bondi &#8211; Ponta do Sol<\/a>\n\n\n<\/h2>\n\n\n<div class=\"knsl-text-light knsl-text-sm knsl-mb-20\">\n\t\n\t<p>Casa Bondi is a stunning villa in the Banana Valley of Ponta do Sol, close to beaches, hikes, and local spots. Enjoy breathtaking sea and mountain views from the spacious terrace with BBQ overlooking banana plantations. Relax in the heated private pool or the large living space. The villa has 3 bedrooms (each with balcony), 3 bathrooms (1 en suite), a guest WC, a fully equipped kitchen, and a unique outdoor kitchen.<\/p>\n\n\t<\/div>\n\n<h3 class=\"mphb-room-type-details-title\">D\u00e9tails<\/h3><ul class=\"mphb-loop-room-type-attributes\">\n\t<li class=\"mphb-room-type-total-capacity\"><span class=\"mphb-attribute-title mphb-total-capacity-title\">Invit\u00e9s:<\/span><span class=\"mphb-attribute-value\">\n\t6\n\t<\/span><\/li>\t\n\n\n\t<li class=\"mphb-room-type-facilities\"><span class=\"mphb-attribute-title mphb-facilities-title\">\u00c9quipements :<\/span><span class=\"mphb-attribute-value\"> <span class=\"facility-free-parking\"><a href=\"https:\/\/yourmadeirarentals.com\/fr\/accommodation-facility\/free-parking\/\">Free parking<\/a><\/span>, <span class=\"facility-kitchen\"><a href=\"https:\/\/yourmadeirarentals.com\/fr\/accommodation-facility\/kitchen\/\">Kitchen<\/a><\/span>, <span class=\"facility-mountain-view\"><a href=\"https:\/\/yourmadeirarentals.com\/fr\/accommodation-facility\/mountain-view\/\">Mountain view<\/a><\/span>, <span class=\"facility-ocean-view\"><a href=\"https:\/\/yourmadeirarentals.com\/fr\/accommodation-facility\/ocean-view\/\">Ocean view<\/a><\/span>, <span class=\"facility-private-pool\"><a href=\"https:\/\/yourmadeirarentals.com\/fr\/accommodation-facility\/private-pool\/\">Private pool<\/a><\/span>, <span class=\"facility-tv\"><a href=\"https:\/\/yourmadeirarentals.com\/fr\/accommodation-facility\/tv\/\">TV<\/a><\/span>, <span class=\"facility-washing-machine\"><a href=\"https:\/\/yourmadeirarentals.com\/fr\/accommodation-facility\/washing-machine\/\">Washing machine<\/a><\/span>, <span class=\"facility-wifi\"><a href=\"https:\/\/yourmadeirarentals.com\/fr\/accommodation-facility\/wifi\/\">Wifi<\/a><\/span><\/span><\/li>\n\t\n\n\n\t<li class=\"mphb-room-type-view\"><span class=\"mphb-attribute-title mphb-view-title\">Vue :<\/span><span class=\"mphb-attribute-value\">\n\tOcean view\n\t<\/span><\/li>\n\t\n\n\n\t<li class=\"mphb-room-type-size\"><span class=\"mphb-attribute-title mphb-size-title\">Taille :<\/span><span class=\"mphb-attribute-value\">\n\t285m\u00b2\n\t<\/span><\/li>\n\t\n\n\t<li class=\"mphb-room-type-bed-type\"><span  class=\"mphb-attribute-title mphb-bed-type-title\">Type de lit :<\/span><span class=\"mphb-attribute-value\">\n\t3 bedrooms, 4 beds\n\t<\/span><\/li>\n\t\n<li class=\"mphb-room-type-bath mphb-room-type-custom-attribute\"><span class=\"mphb-attribute-title mphb-bath-title\">Bath:<\/span><span class=\"mphb-attribute-value\"> <span class=\"bath-3-5\">3.5<\/span><\/span><\/li>\n<\/ul>\n\n\t<p class=\"mphb-regular-price\"><strong>Prix \u00e0 partir de:<\/strong>\n\t<span class=\"mphb-price\"><span class=\"mphb-currency\">&euro;<\/span>845<\/span> <span class=\"mphb-price-period\" title=\"Choisissez les dates pour voir les prix pertinents\">pour 5 nuits<\/span><span class=\"mphb-tax-information taxes-included\"> (+taxes et frais)<\/span>\n\t<\/p>\n\t\n<div class=\"mphb-to-book-btn-wrapper\">\n<form action=\"https:\/\/yourmadeirarentals.com\/fr\/accommodation\/myvilla-do-sol\/#booking-form-1192\" method=\"get\" ><button type=\"submit\" class=\"button mphb-book-button\" >R\u00e9server<\/button><\/form>\n<br\/><\/div>\n\t\n<\/div>\n<\/div>\t\t\t\t\t<\/div>\n\t\t\t\t\t\t\t\t\t\t<div class=\"swiper-slide\">\n\t\t\t\t\t<div class=\"mphb_sc_room-wrapper knsl-scroll-animation\"><div class=\"mphb-room-type post-22410 mphb_room_type type-mphb_room_type status-publish has-post-thumbnail mphb_room_type_facility-air-conditioning mphb_room_type_facility-bathtub mphb_room_type_facility-free-parking mphb_room_type_facility-kitchen mphb_room_type_facility-patio-or-balcony mphb_room_type_facility-tv mphb_room_type_facility-washing-machine mphb_room_type_facility-wifi mphb-room-type-adults-6 mphb-room-type-children-0 has-taxes-and-fees\">\n\n\t\n\t\n\n\t<p class=\"post-thumbnail mphb-loop-room-thumbnail\">\n\t<a href=\"https:\/\/yourmadeirarentals.com\/fr\/accommodation\/palheiro-village\/\">\n\t<img loading=\"lazy\" decoding=\"async\" width=\"1200\" height=\"900\" src=\"https:\/\/yourmadeirarentals.com\/wp-content\/uploads\/2025\/09\/Palheiro-Village-1.jpg\" class=\"attachment-post-thumbnail size-post-thumbnail wp-post-image\" alt=\"\" srcset=\"https:\/\/yourmadeirarentals.com\/wp-content\/uploads\/2025\/09\/Palheiro-Village-1.jpg 1200w, https:\/\/yourmadeirarentals.com\/wp-content\/uploads\/2025\/09\/Palheiro-Village-1-300x225.jpg 300w, https:\/\/yourmadeirarentals.com\/wp-content\/uploads\/2025\/09\/Palheiro-Village-1-1024x768.jpg 1024w, https:\/\/yourmadeirarentals.com\/wp-content\/uploads\/2025\/09\/Palheiro-Village-1-768x576.jpg 768w, https:\/\/yourmadeirarentals.com\/wp-content\/uploads\/2025\/09\/Palheiro-Village-1-16x12.jpg 16w, https:\/\/yourmadeirarentals.com\/wp-content\/uploads\/2025\/09\/Palheiro-Village-1-950x713.jpg 950w, https:\/\/yourmadeirarentals.com\/wp-content\/uploads\/2025\/09\/Palheiro-Village-1-800x600.jpg 800w\" sizes=\"(max-width: 1200px) 100vw, 1200px\">\t<\/a>\n\n\t<\/p>\n\n\n\n<h2 class=\"mphb-room-type-title entry-title\">\n\n\n\n<a class=\"mphb-room-type-title\" href=\"https:\/\/yourmadeirarentals.com\/fr\/accommodation\/palheiro-village\/\">Villa 66 &#8211; Palheiro Village<\/a>\n\n\n<\/h2>\n\n\n<div class=\"knsl-text-light knsl-text-sm knsl-mb-20\">\n\t\n\t<p>Discover this elegant 3-bedroom villa in Palheiro Village, Funchal, with stunning views over the sea and city. The villa offers 3 terraces, including a spacious one with outdoor dining, lounge furniture and a large BBQ. All bedrooms have ensuite bathrooms (2 doubles, 1 twin). Guests enjoy access to the central pool, Palheiro Golf, Spa and estate facilities. Stylish interiors, fully equipped amenities and private parking for 2 cars make this the perfect Madeira getaway.<\/p>\n\n\t<\/div>\n\n<h3 class=\"mphb-room-type-details-title\">D\u00e9tails<\/h3><ul class=\"mphb-loop-room-type-attributes\">\n\t<li class=\"mphb-room-type-total-capacity\"><span class=\"mphb-attribute-title mphb-total-capacity-title\">Invit\u00e9s:<\/span><span class=\"mphb-attribute-value\">\n\t6\n\t<\/span><\/li>\t\n\n\n\t<li class=\"mphb-room-type-facilities\"><span class=\"mphb-attribute-title mphb-facilities-title\">\u00c9quipements :<\/span><span class=\"mphb-attribute-value\"> <span class=\"facility-air-conditioning\"><a href=\"https:\/\/yourmadeirarentals.com\/fr\/accommodation-facility\/air-conditioning\/\">Air conditioning<\/a><\/span>, <span class=\"facility-bathtub\"><a href=\"https:\/\/yourmadeirarentals.com\/fr\/accommodation-facility\/bathtub\/\">Bathtub<\/a><\/span>, <span class=\"facility-free-parking\"><a href=\"https:\/\/yourmadeirarentals.com\/fr\/accommodation-facility\/free-parking\/\">Free parking<\/a><\/span>, <span class=\"facility-kitchen\"><a href=\"https:\/\/yourmadeirarentals.com\/fr\/accommodation-facility\/kitchen\/\">Kitchen<\/a><\/span>, <span class=\"facility-patio-or-balcony\"><a href=\"https:\/\/yourmadeirarentals.com\/fr\/accommodation-facility\/patio-or-balcony\/\">Patio or balcony<\/a><\/span>, <span class=\"facility-tv\"><a href=\"https:\/\/yourmadeirarentals.com\/fr\/accommodation-facility\/tv\/\">TV<\/a><\/span>, <span class=\"facility-washing-machine\"><a href=\"https:\/\/yourmadeirarentals.com\/fr\/accommodation-facility\/washing-machine\/\">Washing machine<\/a><\/span>, <span class=\"facility-wifi\"><a href=\"https:\/\/yourmadeirarentals.com\/fr\/accommodation-facility\/wifi\/\">Wifi<\/a><\/span><\/span><\/li>\n\t\n\n\n\t<li class=\"mphb-room-type-view\"><span class=\"mphb-attribute-title mphb-view-title\">Vue :<\/span><span class=\"mphb-attribute-value\">\n\tOcean View\n\t<\/span><\/li>\n\t\n\n\n\t<li class=\"mphb-room-type-size\"><span class=\"mphb-attribute-title mphb-size-title\">Taille :<\/span><span class=\"mphb-attribute-value\">\n\t250m\u00b2\n\t<\/span><\/li>\n\t\n\n\t<li class=\"mphb-room-type-bed-type\"><span  class=\"mphb-attribute-title mphb-bed-type-title\">Type de lit :<\/span><span class=\"mphb-attribute-value\">\n\t3 Bedrooms, 4 Beds\n\t<\/span><\/li>\n\t\n<li class=\"mphb-room-type-bath mphb-room-type-custom-attribute\"><span class=\"mphb-attribute-title mphb-bath-title\">Bath:<\/span><span class=\"mphb-attribute-value\"> <span class=\"bath-3-5\">3.5<\/span><\/span><\/li>\n<\/ul>\n\n\t<p class=\"mphb-regular-price\"><strong>Prix \u00e0 partir de:<\/strong>\n\t<span class=\"mphb-price\"><span class=\"mphb-currency\">&euro;<\/span>1,500<\/span> <span class=\"mphb-price-period\" title=\"Choisissez les dates pour voir les prix pertinents\">pour 5 nuits<\/span><span class=\"mphb-tax-information taxes-included\"> (+taxes et frais)<\/span>\n\t<\/p>\n\t\n<div class=\"mphb-to-book-btn-wrapper\">\n<form action=\"https:\/\/yourmadeirarentals.com\/fr\/accommodation\/palheiro-village\/#booking-form-22410\" method=\"get\" ><button type=\"submit\" class=\"button mphb-book-button\" >R\u00e9server<\/button><\/form>\n<br\/><\/div>\n\t\n<\/div>\n<\/div>\t\t\t\t\t<\/div>\n\t\t\t\t\t\t\t\t\t\t<div class=\"swiper-slide\">\n\t\t\t\t\t<div class=\"mphb_sc_room-wrapper knsl-scroll-animation\"><div class=\"mphb-room-type post-16876 mphb_room_type type-mphb_room_type status-publish has-post-thumbnail mphb_room_type_facility-workspace mphb_room_type_facility-free-parking mphb_room_type_facility-kitchen mphb_room_type_facility-pets-allowed mphb_room_type_facility-security-cameras mphb_room_type_facility-tv mphb_room_type_facility-washing-machine mphb_room_type_facility-wifi mphb-room-type-adults-4 mphb-room-type-children-0 has-taxes-and-fees\">\n\n\t\n\t\n\n\t<p class=\"post-thumbnail mphb-loop-room-thumbnail\">\n\t<a href=\"https:\/\/yourmadeirarentals.com\/fr\/accommodation\/on-the-rocks-1\/\">\n\t<img loading=\"lazy\" decoding=\"async\" width=\"1200\" height=\"815\" src=\"https:\/\/yourmadeirarentals.com\/wp-content\/uploads\/2025\/03\/On-the-Rocks-1.jpg\" class=\"attachment-post-thumbnail size-post-thumbnail wp-post-image\" alt=\"\" srcset=\"https:\/\/yourmadeirarentals.com\/wp-content\/uploads\/2025\/03\/On-the-Rocks-1.jpg 1200w, https:\/\/yourmadeirarentals.com\/wp-content\/uploads\/2025\/03\/On-the-Rocks-1-300x204.jpg 300w, https:\/\/yourmadeirarentals.com\/wp-content\/uploads\/2025\/03\/On-the-Rocks-1-1024x695.jpg 1024w, https:\/\/yourmadeirarentals.com\/wp-content\/uploads\/2025\/03\/On-the-Rocks-1-768x522.jpg 768w, https:\/\/yourmadeirarentals.com\/wp-content\/uploads\/2025\/03\/On-the-Rocks-1-18x12.jpg 18w, https:\/\/yourmadeirarentals.com\/wp-content\/uploads\/2025\/03\/On-the-Rocks-1-950x645.jpg 950w, https:\/\/yourmadeirarentals.com\/wp-content\/uploads\/2025\/03\/On-the-Rocks-1-800x543.jpg 800w\" sizes=\"(max-width: 1200px) 100vw, 1200px\">\t<\/a>\n\n\t<\/p>\n\n\n\n<h2 class=\"mphb-room-type-title entry-title\">\n\n\n\n<a class=\"mphb-room-type-title\" href=\"https:\/\/yourmadeirarentals.com\/fr\/accommodation\/on-the-rocks-1\/\">On the Rocks 1<\/a>\n\n\n<\/h2>\n\n\n<div class=\"knsl-text-light knsl-text-sm knsl-mb-20\">\n\t\n\t<p>Welcome to On the Rocks, your off-grid retreat where serenity meets full seclusion. Surrounded by the soothing sounds of cascading waterfalls, unwind with panoramic views that stretch across the horizon. Nestled in the heart of the island (15 min to both coasts), with hiking trails at your doorstep, you\u2019re perfectly positioned to explore or relax. Whether seeking adventure or sun-soaked relaxation, this peaceful sanctuary offers the perfect balance\u2014a home base to discover or a haven to recharge.<\/p>\n\n\t<\/div>\n\n<h3 class=\"mphb-room-type-details-title\">D\u00e9tails<\/h3><ul class=\"mphb-loop-room-type-attributes\">\n\t<li class=\"mphb-room-type-total-capacity\"><span class=\"mphb-attribute-title mphb-total-capacity-title\">Invit\u00e9s:<\/span><span class=\"mphb-attribute-value\">\n\t4\n\t<\/span><\/li>\t\n\n\n\t<li class=\"mphb-room-type-facilities\"><span class=\"mphb-attribute-title mphb-facilities-title\">\u00c9quipements :<\/span><span class=\"mphb-attribute-value\"> <span class=\"facility-workspace\"><a href=\"https:\/\/yourmadeirarentals.com\/fr\/accommodation-facility\/workspace\/\">Dedicated Workspace<\/a><\/span>, <span class=\"facility-free-parking\"><a href=\"https:\/\/yourmadeirarentals.com\/fr\/accommodation-facility\/free-parking\/\">Free parking<\/a><\/span>, <span class=\"facility-kitchen\"><a href=\"https:\/\/yourmadeirarentals.com\/fr\/accommodation-facility\/kitchen\/\">Kitchen<\/a><\/span>, <span class=\"facility-pets-allowed\"><a href=\"https:\/\/yourmadeirarentals.com\/fr\/accommodation-facility\/pets-allowed\/\">Pets allowed<\/a><\/span>, <span class=\"facility-security-cameras\"><a href=\"https:\/\/yourmadeirarentals.com\/fr\/accommodation-facility\/security-cameras\/\">Security cameras<\/a><\/span>, <span class=\"facility-tv\"><a href=\"https:\/\/yourmadeirarentals.com\/fr\/accommodation-facility\/tv\/\">TV<\/a><\/span>, <span class=\"facility-washing-machine\"><a href=\"https:\/\/yourmadeirarentals.com\/fr\/accommodation-facility\/washing-machine\/\">Washing machine<\/a><\/span>, <span class=\"facility-wifi\"><a href=\"https:\/\/yourmadeirarentals.com\/fr\/accommodation-facility\/wifi\/\">Wifi<\/a><\/span><\/span><\/li>\n\t\n\n\n\t<li class=\"mphb-room-type-view\"><span class=\"mphb-attribute-title mphb-view-title\">Vue :<\/span><span class=\"mphb-attribute-value\">\n\tHill View\n\t<\/span><\/li>\n\t\n\n\n\t<li class=\"mphb-room-type-size\"><span class=\"mphb-attribute-title mphb-size-title\">Taille :<\/span><span class=\"mphb-attribute-value\">\n\t100m\u00b2\n\t<\/span><\/li>\n\t\n\n\t<li class=\"mphb-room-type-bed-type\"><span  class=\"mphb-attribute-title mphb-bed-type-title\">Type de lit :<\/span><span class=\"mphb-attribute-value\">\n\t1 Bedroom, 2 Beds\n\t<\/span><\/li>\n\t\n<li class=\"mphb-room-type-bath mphb-room-type-custom-attribute\"><span class=\"mphb-attribute-title mphb-bath-title\">Bath:<\/span><span class=\"mphb-attribute-value\"> <span class=\"bath-1\">1<\/span><\/span><\/li>\n<\/ul>\n\n\t<p class=\"mphb-regular-price\"><strong>Prix \u00e0 partir de:<\/strong>\n\t<span class=\"mphb-price\"><span class=\"mphb-currency\">&euro;<\/span>750<\/span> <span class=\"mphb-price-period\" title=\"Choisissez les dates pour voir les prix pertinents\">pour 3 nuits<\/span><span class=\"mphb-tax-information taxes-included\"> (+taxes et frais)<\/span>\n\t<\/p>\n\t\n<div class=\"mphb-to-book-btn-wrapper\">\n<form action=\"https:\/\/yourmadeirarentals.com\/fr\/accommodation\/on-the-rocks-1\/#booking-form-16876\" method=\"get\" ><button type=\"submit\" class=\"button mphb-book-button\" >R\u00e9server<\/button><\/form>\n<br\/><\/div>\n\t\n<\/div>\n<\/div>\t\t\t\t\t<\/div>\n\t\t\t\t\t\t\t\t\t\t<div class=\"swiper-slide\">\n\t\t\t\t\t<div class=\"mphb_sc_room-wrapper knsl-scroll-animation\"><div class=\"mphb-room-type post-20427 mphb_room_type type-mphb_room_type status-publish has-post-thumbnail mphb_room_type_facility-air-conditioning mphb_room_type_facility-workspace mphb_room_type_facility-free-parking mphb_room_type_facility-kitchen mphb_room_type_facility-patio-or-balcony mphb_room_type_facility-tv mphb_room_type_facility-washing-machine mphb_room_type_facility-wifi mphb-room-type-adults-6 mphb-room-type-children-0 has-taxes-and-fees\">\n\n\t\n\t\n\n\t<p class=\"post-thumbnail mphb-loop-room-thumbnail\">\n\t<a href=\"https:\/\/yourmadeirarentals.com\/fr\/accommodation\/portola-penthouse\/\">\n\t<img loading=\"lazy\" decoding=\"async\" width=\"1200\" height=\"800\" src=\"https:\/\/yourmadeirarentals.com\/wp-content\/uploads\/2025\/06\/Portola-Penthouse-1.jpg\" class=\"attachment-post-thumbnail size-post-thumbnail wp-post-image\" alt=\"\" srcset=\"https:\/\/yourmadeirarentals.com\/wp-content\/uploads\/2025\/06\/Portola-Penthouse-1.jpg 1200w, https:\/\/yourmadeirarentals.com\/wp-content\/uploads\/2025\/06\/Portola-Penthouse-1-300x200.jpg 300w, https:\/\/yourmadeirarentals.com\/wp-content\/uploads\/2025\/06\/Portola-Penthouse-1-1024x683.jpg 1024w, https:\/\/yourmadeirarentals.com\/wp-content\/uploads\/2025\/06\/Portola-Penthouse-1-768x512.jpg 768w, https:\/\/yourmadeirarentals.com\/wp-content\/uploads\/2025\/06\/Portola-Penthouse-1-18x12.jpg 18w, https:\/\/yourmadeirarentals.com\/wp-content\/uploads\/2025\/06\/Portola-Penthouse-1-950x633.jpg 950w, https:\/\/yourmadeirarentals.com\/wp-content\/uploads\/2025\/06\/Portola-Penthouse-1-800x533.jpg 800w\" sizes=\"(max-width: 1200px) 100vw, 1200px\">\t<\/a>\n\n\t<\/p>\n\n\n\n<h2 class=\"mphb-room-type-title entry-title\">\n\n\n\n<a class=\"mphb-room-type-title\" href=\"https:\/\/yourmadeirarentals.com\/fr\/accommodation\/portola-penthouse\/\">Portola Penthouse<\/a>\n\n\n<\/h2>\n\n\n<div class=\"knsl-text-light knsl-text-sm knsl-mb-20\">\n\t\n\t<p>Experience comfort and convenience at Portola Penthouse in Funchal. This spacious 3-bedroom, 2-bathroom apartment accommodates up to 6 guests and features a fully equipped kitchen, air conditioning, and free Wi-Fi. Enjoy stunning sea and city views from the large balcony, complete with outdoor dining and BBQ facilities. Located near Formosa Beach and Forum Madeira shopping center, it&#8217;s perfect for families or groups looking for a relaxing Madeira getaway.<\/p>\n\n\t<\/div>\n\n<h3 class=\"mphb-room-type-details-title\">D\u00e9tails<\/h3><ul class=\"mphb-loop-room-type-attributes\">\n\t<li class=\"mphb-room-type-total-capacity\"><span class=\"mphb-attribute-title mphb-total-capacity-title\">Invit\u00e9s:<\/span><span class=\"mphb-attribute-value\">\n\t6\n\t<\/span><\/li>\t\n\n\n\t<li class=\"mphb-room-type-facilities\"><span class=\"mphb-attribute-title mphb-facilities-title\">\u00c9quipements :<\/span><span class=\"mphb-attribute-value\"> <span class=\"facility-air-conditioning\"><a href=\"https:\/\/yourmadeirarentals.com\/fr\/accommodation-facility\/air-conditioning\/\">Air conditioning<\/a><\/span>, <span class=\"facility-workspace\"><a href=\"https:\/\/yourmadeirarentals.com\/fr\/accommodation-facility\/workspace\/\">Dedicated Workspace<\/a><\/span>, <span class=\"facility-free-parking\"><a href=\"https:\/\/yourmadeirarentals.com\/fr\/accommodation-facility\/free-parking\/\">Free parking<\/a><\/span>, <span class=\"facility-kitchen\"><a href=\"https:\/\/yourmadeirarentals.com\/fr\/accommodation-facility\/kitchen\/\">Kitchen<\/a><\/span>, <span class=\"facility-patio-or-balcony\"><a href=\"https:\/\/yourmadeirarentals.com\/fr\/accommodation-facility\/patio-or-balcony\/\">Patio or balcony<\/a><\/span>, <span class=\"facility-tv\"><a href=\"https:\/\/yourmadeirarentals.com\/fr\/accommodation-facility\/tv\/\">TV<\/a><\/span>, <span class=\"facility-washing-machine\"><a href=\"https:\/\/yourmadeirarentals.com\/fr\/accommodation-facility\/washing-machine\/\">Washing machine<\/a><\/span>, <span class=\"facility-wifi\"><a href=\"https:\/\/yourmadeirarentals.com\/fr\/accommodation-facility\/wifi\/\">Wifi<\/a><\/span><\/span><\/li>\n\t\n\n\n\t<li class=\"mphb-room-type-view\"><span class=\"mphb-attribute-title mphb-view-title\">Vue :<\/span><span class=\"mphb-attribute-value\">\n\tOcean View\n\t<\/span><\/li>\n\t\n\n\n\t<li class=\"mphb-room-type-size\"><span class=\"mphb-attribute-title mphb-size-title\">Taille :<\/span><span class=\"mphb-attribute-value\">\n\t200m\u00b2\n\t<\/span><\/li>\n\t\n\n\t<li class=\"mphb-room-type-bed-type\"><span  class=\"mphb-attribute-title mphb-bed-type-title\">Type de lit :<\/span><span class=\"mphb-attribute-value\">\n\t3 Bedroom, 4 Beds\n\t<\/span><\/li>\n\t\n<li class=\"mphb-room-type-bath mphb-room-type-custom-attribute\"><span class=\"mphb-attribute-title mphb-bath-title\">Bath:<\/span><span class=\"mphb-attribute-value\"> <span class=\"bath-2\">2<\/span><\/span><\/li>\n<\/ul>\n\n\t<p class=\"mphb-regular-price\"><strong>Prix \u00e0 partir de:<\/strong>\n\t<span class=\"mphb-price\"><span class=\"mphb-currency\">&euro;<\/span>615<\/span> <span class=\"mphb-price-period\" title=\"Choisissez les dates pour voir les prix pertinents\">pour 3 nuits<\/span><span class=\"mphb-tax-information taxes-included\"> (+taxes et frais)<\/span>\n\t<\/p>\n\t\n<div class=\"mphb-to-book-btn-wrapper\">\n<form action=\"https:\/\/yourmadeirarentals.com\/fr\/accommodation\/portola-penthouse\/#booking-form-20427\" method=\"get\" ><button type=\"submit\" class=\"button mphb-book-button\" >R\u00e9server<\/button><\/form>\n<br\/><\/div>\n\t\n<\/div>\n<\/div>\t\t\t\t\t<\/div>\n\t\t\t\t\t\t\t\t\t<\/div>\n\n\t\t\t\t<!-- slider navigation -->\n\t\t\t\t<div class=\"knsl-uni-slider-nav-panel\">\n\t\t\t\t\t<div class=\"knsl-uni-slider-pagination\"><\/div>\n\t\t\t\t\t<div class=\"knsl-uni-nav\">\n\t\t\t\t\t<div class=\"knsl-uni-slider-prev\"><i class=\"fas fa-arrow-left\"><\/i><\/div>\n\t\t\t\t\t<div class=\"knsl-uni-slider-next\"><i class=\"fas fa-arrow-right\"><\/i><\/div>\n\t\t\t\t\t<\/div>\n\t\t\t\t<\/div>\n\n\t\t\t\t<\/div>\n\t\t\t\t\t\t\t<\/div>\n\t\t<\/div>\n\t\t<\/div>\t\t<\/section>\n\t\t<!-- rooms end -->\n\n\t\t\t\t\t\t<\/div>\n\t\t\t\t<\/div>\n\t\t\t\t\t<\/div>\n\t\t<\/div>\n\t\t\t\t\t<\/div>\n\t\t<\/section>\n\t\t\t\t<\/div>\n\t\t","protected":false},"excerpt":{"rendered":"<p>Offrez-vous une maison de vacances relaxante \u00e0 Calheta, \u00e0 proximit\u00e9 de l'oc\u00e9an, de la montagne et des sentiers de randonn\u00e9e. La Casa Teixeira est un appartement confortable, situ\u00e9 dans une maison moderne r\u00e9cemment construite. Parfait pour 4 personnes, vous pourrez vous d\u00e9tendre au bord de la piscine d'eau sal\u00e9e, d\u00eener sur le balcon et profiter au maximum de l'\u00eele de Mad\u00e8re. Vous serez \u00e0 30 minutes de Funchal, 45 minutes de l'a\u00e9roport ou des piscines volcaniques, 5 minutes de la plage de sable. C'est assur\u00e9ment le refuge id\u00e9al pour des vacances au paradis !<\/p>","protected":false},"featured_media":27069,"menu_order":0,"comment_status":"closed","ping_status":"closed","template":"","mphb_room_type_category":[],"mphb_room_type_tag":[],"mphb_room_type_facility":[96,40,79,41,97,104,75,54],"class_list":["post-27059","mphb_room_type","type-mphb_room_type","status-publish","has-post-thumbnail","hentry","mphb_room_type_facility-air-conditioning","mphb_room_type_facility-beach-access","mphb_room_type_facility-free-parking","mphb_room_type_facility-kitchen","mphb_room_type_facility-patio-or-balcony","mphb_room_type_facility-private-pool","mphb_room_type_facility-tv","mphb_room_type_facility-wifi","mphb-room-type-adults-4","mphb-room-type-children-0","has-taxes-and-fees"],"acf":[],"_links":{"self":[{"href":"https:\/\/yourmadeirarentals.com\/fr\/wp-json\/wp\/v2\/mphb_room_type\/27059","targetHints":{"allow":["GET"]}}],"collection":[{"href":"https:\/\/yourmadeirarentals.com\/fr\/wp-json\/wp\/v2\/mphb_room_type"}],"about":[{"href":"https:\/\/yourmadeirarentals.com\/fr\/wp-json\/wp\/v2\/types\/mphb_room_type"}],"replies":[{"embeddable":true,"href":"https:\/\/yourmadeirarentals.com\/fr\/wp-json\/wp\/v2\/comments?post=27059"}],"version-history":[{"count":19,"href":"https:\/\/yourmadeirarentals.com\/fr\/wp-json\/wp\/v2\/mphb_room_type\/27059\/revisions"}],"predecessor-version":[{"id":28602,"href":"https:\/\/yourmadeirarentals.com\/fr\/wp-json\/wp\/v2\/mphb_room_type\/27059\/revisions\/28602"}],"wp:featuredmedia":[{"embeddable":true,"href":"https:\/\/yourmadeirarentals.com\/fr\/wp-json\/wp\/v2\/media\/27069"}],"wp:attachment":[{"href":"https:\/\/yourmadeirarentals.com\/fr\/wp-json\/wp\/v2\/media?parent=27059"}],"wp:term":[{"taxonomy":"mphb_room_type_category","embeddable":true,"href":"https:\/\/yourmadeirarentals.com\/fr\/wp-json\/wp\/v2\/mphb_room_type_category?post=27059"},{"taxonomy":"mphb_room_type_tag","embeddable":true,"href":"https:\/\/yourmadeirarentals.com\/fr\/wp-json\/wp\/v2\/mphb_room_type_tag?post=27059"},{"taxonomy":"mphb_room_type_facility","embeddable":true,"href":"https:\/\/yourmadeirarentals.com\/fr\/wp-json\/wp\/v2\/mphb_room_type_facility?post=27059"}],"curies":[{"name":"wp","href":"https:\/\/api.w.org\/{rel}","templated":true}]}}