{"id":22960,"date":"2025-09-20T09:21:03","date_gmt":"2025-09-20T09:21:03","guid":{"rendered":"https:\/\/yourmadeirarentals.com\/?post_type=mphb_room_type&#038;p=22960"},"modified":"2026-02-13T08:59:00","modified_gmt":"2026-02-13T08:59:00","slug":"villa-toccata","status":"publish","type":"mphb_room_type","link":"https:\/\/yourmadeirarentals.com\/pl\/accommodation\/villa-toccata\/","title":{"rendered":"Villa Toccata"},"content":{"rendered":"\t\t<div data-elementor-type=\"wp-post\" data-elementor-id=\"22960\" class=\"elementor elementor-22960\">\n\t\t\t\t\t\t<section class=\"elementor-section elementor-top-section elementor-element elementor-element-7fe5def2 set-sticky-container elementor-reverse-mobile elementor-reverse-tablet elementor-section-boxed elementor-section-height-default elementor-section-height-default\" data-id=\"7fe5def2\" data-element_type=\"section\" data-e-type=\"section\" data-settings=\"{&quot;background_background&quot;:&quot;classic&quot;}\">\n\t\t\t\t\t\t<div class=\"elementor-container elementor-column-gap-default\">\n\t\t\t\t\t<div class=\"elementor-column elementor-col-66 elementor-top-column elementor-element elementor-element-6864d063\" data-id=\"6864d063\" data-element_type=\"column\" data-e-type=\"column\">\n\t\t\t<div class=\"elementor-widget-wrap elementor-element-populated\">\n\t\t\t\t\t\t<section class=\"elementor-section elementor-inner-section elementor-element elementor-element-562ce683 elementor-section-full_width elementor-section-height-default elementor-section-height-default\" data-id=\"562ce683\" data-element_type=\"section\" data-e-type=\"section\">\n\t\t\t\t\t\t<div class=\"elementor-container elementor-column-gap-no\">\n\t\t\t\t\t<div class=\"elementor-column elementor-col-100 elementor-inner-column elementor-element elementor-element-4c9d5c0a\" data-id=\"4c9d5c0a\" data-element_type=\"column\" data-e-type=\"column\">\n\t\t\t<div class=\"elementor-widget-wrap elementor-element-populated\">\n\t\t\t\t\t\t<div class=\"elementor-element elementor-element-1a2a4f65 elementor-widget elementor-widget-kinsley-photo-gallery\" data-id=\"1a2a4f65\" data-element_type=\"widget\" data-e-type=\"widget\" data-widget_type=\"kinsley-photo-gallery.default\">\n\t\t\t\t<div class=\"elementor-widget-container\">\n\t\t\t\t\t\n\t\t<div class=\"knsl-room-detail-slider-frame knsl-mb-60\">\n\t\t\t\n\t\t\t\n\t\t\t\n\t\t\t\n\t\t<\/div>\n\n\t\t\t\t\t\t<\/div>\n\t\t\t\t<\/div>\n\t\t\t\t\t<\/div>\n\t\t<\/div>\n\t\t\t\t\t<\/div>\n\t\t<\/section>\n\t\t\t\t<section class=\"elementor-section elementor-inner-section elementor-element elementor-element-3351c544 elementor-section-full_width elementor-section-height-default elementor-section-height-default\" data-id=\"3351c544\" data-element_type=\"section\" data-e-type=\"section\" data-settings=\"{&quot;background_background&quot;:&quot;classic&quot;}\">\n\t\t\t\t\t\t<div class=\"elementor-container elementor-column-gap-no\">\n\t\t\t\t\t<div class=\"elementor-column elementor-col-100 elementor-inner-column elementor-element elementor-element-74f586ac\" data-id=\"74f586ac\" data-element_type=\"column\" data-e-type=\"column\">\n\t\t\t<div class=\"elementor-widget-wrap elementor-element-populated\">\n\t\t\t\t\t\t<div class=\"elementor-element elementor-element-127d5d4e elementor-widget elementor-widget-heading\" data-id=\"127d5d4e\" data-element_type=\"widget\" data-e-type=\"widget\" data-widget_type=\"heading.default\">\n\t\t\t\t<div class=\"elementor-widget-container\">\n\t\t\t\t\t<h2 class=\"elementor-heading-title elementor-size-default\">NEW Villa Toccata<\/h2>\t\t\t\t<\/div>\n\t\t\t\t<\/div>\n\t\t\t\t<div class=\"elementor-element elementor-element-3ffd7538 elementor-position-left elementor-vertical-align-top elementor-widget elementor-widget-image-box\" data-id=\"3ffd7538\" data-element_type=\"widget\" data-e-type=\"widget\" data-widget_type=\"image-box.default\">\n\t\t\t\t<div class=\"elementor-widget-container\">\n\t\t\t\t\t<div class=\"elementor-image-box-wrapper\"><figure class=\"elementor-image-box-img\"><img decoding=\"async\" width=\"32\" height=\"32\" src=\"https:\/\/yourmadeirarentals.com\/wp-content\/uploads\/2021\/12\/location.png\" class=\"attachment-full size-full wp-image-3907\" alt=\"\"><\/figure><div class=\"elementor-image-box-content\"><h3 class=\"elementor-image-box-title\">Caminho Gir\u00e3o de L\u00e1 16, 9370-255 Estreito da Calheta<\/h3><\/div><\/div>\t\t\t\t<\/div>\n\t\t\t\t<\/div>\n\t\t\t\t\t<\/div>\n\t\t<\/div>\n\t\t\t\t\t<\/div>\n\t\t<\/section>\n\t\t\t\t<section class=\"elementor-section elementor-inner-section elementor-element elementor-element-97952f9 elementor-section-full_width elementor-section-height-default elementor-section-height-default\" data-id=\"97952f9\" data-element_type=\"section\" data-e-type=\"section\" data-settings=\"{&quot;background_background&quot;:&quot;classic&quot;}\">\n\t\t\t\t\t\t<div class=\"elementor-container elementor-column-gap-no\">\n\t\t\t\t\t<div class=\"elementor-column elementor-col-100 elementor-inner-column elementor-element elementor-element-5d347cd1\" data-id=\"5d347cd1\" data-element_type=\"column\" data-e-type=\"column\">\n\t\t\t<div class=\"elementor-widget-wrap elementor-element-populated\">\n\t\t\t\t\t\t<div class=\"elementor-element elementor-element-340d997d elementor-position-left elementor-vertical-align-top elementor-widget elementor-widget-image-box\" data-id=\"340d997d\" data-element_type=\"widget\" data-e-type=\"widget\" data-widget_type=\"image-box.default\">\n\t\t\t\t<div class=\"elementor-widget-container\">\n\t\t\t\t\t<div class=\"elementor-image-box-wrapper\"><figure class=\"elementor-image-box-img\"><img decoding=\"async\" width=\"32\" height=\"32\" src=\"https:\/\/yourmadeirarentals.com\/wp-content\/uploads\/2021\/12\/desk.png\" class=\"attachment-full size-full wp-image-3880\" alt=\"\"><\/figure><div class=\"elementor-image-box-content\"><h3 class=\"elementor-image-box-title\">Dedicated workspace<\/h3><p class=\"elementor-image-box-description\">A common area with wifi that\u2019s well-suited for working.<\/p><\/div><\/div>\t\t\t\t<\/div>\n\t\t\t\t<\/div>\n\t\t\t\t<div class=\"elementor-element elementor-element-53f0446a elementor-position-left elementor-vertical-align-top elementor-widget elementor-widget-image-box\" data-id=\"53f0446a\" data-element_type=\"widget\" data-e-type=\"widget\" data-widget_type=\"image-box.default\">\n\t\t\t\t<div class=\"elementor-widget-container\">\n\t\t\t\t\t<div class=\"elementor-image-box-wrapper\"><figure class=\"elementor-image-box-img\"><img decoding=\"async\" width=\"32\" height=\"32\" src=\"https:\/\/yourmadeirarentals.com\/wp-content\/uploads\/2021\/10\/car.png\" class=\"attachment-full size-full wp-image-21910\" alt=\"\" srcset=\"https:\/\/yourmadeirarentals.com\/wp-content\/uploads\/2021\/10\/car.png 32w, https:\/\/yourmadeirarentals.com\/wp-content\/uploads\/2021\/10\/car-12x12.png 12w\" sizes=\"(max-width: 32px) 100vw, 32px\" \/><\/figure><div class=\"elementor-image-box-content\"><h3 class=\"elementor-image-box-title\">Park for free<\/h3><p class=\"elementor-image-box-description\">This is one of the few places in the area with free parking.<\/p><\/div><\/div>\t\t\t\t<\/div>\n\t\t\t\t<\/div>\n\t\t\t\t<div class=\"elementor-element elementor-element-5101865 elementor-position-left elementor-vertical-align-top elementor-widget elementor-widget-image-box\" data-id=\"5101865\" data-element_type=\"widget\" data-e-type=\"widget\" data-widget_type=\"image-box.default\">\n\t\t\t\t<div class=\"elementor-widget-container\">\n\t\t\t\t\t<div class=\"elementor-image-box-wrapper\"><figure class=\"elementor-image-box-img\"><img loading=\"lazy\" decoding=\"async\" width=\"32\" height=\"32\" src=\"https:\/\/yourmadeirarentals.com\/wp-content\/uploads\/2021\/09\/pool-1.png\" class=\"attachment-full size-full wp-image-21892\" alt=\"\" srcset=\"https:\/\/yourmadeirarentals.com\/wp-content\/uploads\/2021\/09\/pool-1.png 32w, https:\/\/yourmadeirarentals.com\/wp-content\/uploads\/2021\/09\/pool-1-12x12.png 12w\" sizes=\"(max-width: 32px) 100vw, 32px\" \/><\/figure><div class=\"elementor-image-box-content\"><h3 class=\"elementor-image-box-title\">Dive right in<\/h3><p class=\"elementor-image-box-description\">This is one of the few places in the area with a pool.<\/p><\/div><\/div>\t\t\t\t<\/div>\n\t\t\t\t<\/div>\n\t\t\t\t\t<\/div>\n\t\t<\/div>\n\t\t\t\t\t<\/div>\n\t\t<\/section>\n\t\t\t\t<section class=\"elementor-section elementor-inner-section elementor-element elementor-element-51673c4a elementor-section-full_width elementor-section-height-default elementor-section-height-default\" data-id=\"51673c4a\" data-element_type=\"section\" data-e-type=\"section\" data-settings=\"{&quot;background_background&quot;:&quot;classic&quot;}\">\n\t\t\t\t\t\t<div class=\"elementor-container elementor-column-gap-no\">\n\t\t\t\t\t<div class=\"elementor-column elementor-col-100 elementor-inner-column elementor-element elementor-element-3724132\" data-id=\"3724132\" data-element_type=\"column\" data-e-type=\"column\">\n\t\t\t<div class=\"elementor-widget-wrap elementor-element-populated\">\n\t\t\t\t\t\t<div class=\"elementor-element elementor-element-79cdaf13 elementor-widget elementor-widget-kinsley-room-description\" data-id=\"79cdaf13\" data-element_type=\"widget\" data-e-type=\"widget\" data-widget_type=\"kinsley-room-description.default\">\n\t\t\t\t<div class=\"elementor-widget-container\">\n\t\t\t\t\t\n\t\t<!-- description -->\n\t\t<section class=\"knsl-mb-60\">\n\t\t\t\t\t\t<h3 class=\"knsl-title--h knsl-mb-40\">\n\t\t\t\t<span >\n\t\t\t\t\tEntire home hosted by Kevin\t\t\t\t<\/span>\n\t\t\t<\/h3>\n\t\t\t\t\t\t\t\t\t<div class=\"knsl-text\">\n\t\t\t\t<div >\n\t\t\t\t\t<p>Villa Toccata in Estreito da Calheta is a stylish retreat with breathtaking sea views and a spacious, protected outdoor area. Enjoy the heated pool with counter-current system, relax in 3 large bedrooms with double beds and workspaces, and benefit from 2 bathrooms plus guest WC. The master has an en suite and walk-in wardrobe. A modern open-plan living\/dining area, fully equipped kitchen, private parking, and quiet dead-end location ensure comfort, privacy, and elegance.<\/p>\t\t\t\t<\/div>\n\t\t\t<\/div>\n\t\t\t\t\t<\/section>\n\t\t<!-- description end -->\n\n\t\t\t\t\t\t<\/div>\n\t\t\t\t<\/div>\n\t\t\t\t\t<\/div>\n\t\t<\/div>\n\t\t\t\t\t<\/div>\n\t\t<\/section>\n\t\t\t\t<section class=\"elementor-section elementor-inner-section elementor-element elementor-element-13c46d24 elementor-section-full_width elementor-section-height-default elementor-section-height-default\" data-id=\"13c46d24\" data-element_type=\"section\" data-e-type=\"section\">\n\t\t\t\t\t\t<div class=\"elementor-container elementor-column-gap-no\">\n\t\t\t\t\t<div class=\"elementor-column elementor-col-100 elementor-inner-column elementor-element elementor-element-6c8c2aea\" data-id=\"6c8c2aea\" data-element_type=\"column\" data-e-type=\"column\">\n\t\t\t<div class=\"elementor-widget-wrap elementor-element-populated\">\n\t\t\t\t\t\t<div class=\"elementor-element elementor-element-6874df8d elementor-widget elementor-widget-kinsley-room-attributes\" data-id=\"6874df8d\" data-element_type=\"widget\" data-e-type=\"widget\" id=\"custom_attribute\" data-widget_type=\"kinsley-room-attributes.default\">\n\t\t\t\t<div class=\"elementor-widget-container\">\n\t\t\t\t\t\n\t\t<!-- room info -->\n\t\t<div class=\"knsl-room-features-lg knsl-mb-20 show-view show-bed-type show-custom-attribute\">\n\t\t\t\t\t<\/div>\n\t\t<!-- room info end -->\n\n\t\t\t\t\t\t<\/div>\n\t\t\t\t<\/div>\n\t\t\t\t\t<\/div>\n\t\t<\/div>\n\t\t\t\t\t<\/div>\n\t\t<\/section>\n\t\t\t\t<section class=\"elementor-section elementor-inner-section elementor-element elementor-element-5291c96f elementor-section-full_width elementor-section-height-default elementor-section-height-default\" data-id=\"5291c96f\" data-element_type=\"section\" data-e-type=\"section\">\n\t\t\t\t\t\t<div class=\"elementor-container elementor-column-gap-no\">\n\t\t\t\t\t<div class=\"elementor-column elementor-col-100 elementor-inner-column elementor-element elementor-element-4d56b7c8\" data-id=\"4d56b7c8\" data-element_type=\"column\" data-e-type=\"column\">\n\t\t\t<div class=\"elementor-widget-wrap elementor-element-populated\">\n\t\t\t\t\t\t<div class=\"elementor-element elementor-element-1cf3f97c elementor-widget elementor-widget-heading\" data-id=\"1cf3f97c\" data-element_type=\"widget\" data-e-type=\"widget\" data-widget_type=\"heading.default\">\n\t\t\t\t<div class=\"elementor-widget-container\">\n\t\t\t\t\t<h3 class=\"elementor-heading-title elementor-size-default\">Where you'll sleep<\/h3>\t\t\t\t<\/div>\n\t\t\t\t<\/div>\n\t\t\t\t\t<\/div>\n\t\t<\/div>\n\t\t\t\t\t<\/div>\n\t\t<\/section>\n\t\t\t\t<section class=\"elementor-section elementor-inner-section elementor-element elementor-element-7274f102 elementor-section-full_width elementor-section-height-default elementor-section-height-default\" data-id=\"7274f102\" data-element_type=\"section\" data-e-type=\"section\" id=\"bedroom_img\">\n\t\t\t\t\t\t<div class=\"elementor-container elementor-column-gap-no\">\n\t\t\t\t\t<div class=\"elementor-column elementor-col-33 elementor-inner-column elementor-element elementor-element-247a6b\" data-id=\"247a6b\" data-element_type=\"column\" data-e-type=\"column\">\n\t\t\t<div class=\"elementor-widget-wrap elementor-element-populated\">\n\t\t\t\t\t\t<div class=\"elementor-element elementor-element-5c398955 elementor-position-top elementor-widget elementor-widget-image-box\" data-id=\"5c398955\" data-element_type=\"widget\" data-e-type=\"widget\" data-widget_type=\"image-box.default\">\n\t\t\t\t<div class=\"elementor-widget-container\">\n\t\t\t\t\t<div class=\"elementor-image-box-wrapper\"><figure class=\"elementor-image-box-img\"><img loading=\"lazy\" decoding=\"async\" width=\"24\" height=\"24\" src=\"https:\/\/yourmadeirarentals.com\/wp-content\/uploads\/2024\/08\/double-bed.png\" class=\"attachment-full size-full wp-image-11938\" alt=\"\" srcset=\"https:\/\/yourmadeirarentals.com\/wp-content\/uploads\/2024\/08\/double-bed.png 24w, https:\/\/yourmadeirarentals.com\/wp-content\/uploads\/2024\/08\/double-bed-12x12.png 12w\" sizes=\"(max-width: 24px) 100vw, 24px\" \/><\/figure><div class=\"elementor-image-box-content\"><h3 class=\"elementor-image-box-title\">Bedroom 1<\/h3><p class=\"elementor-image-box-description\">1 Double bed<\/p><\/div><\/div>\t\t\t\t<\/div>\n\t\t\t\t<\/div>\n\t\t\t\t\t<\/div>\n\t\t<\/div>\n\t\t\t\t<div class=\"elementor-column elementor-col-33 elementor-inner-column elementor-element elementor-element-18da2be\" data-id=\"18da2be\" data-element_type=\"column\" data-e-type=\"column\">\n\t\t\t<div class=\"elementor-widget-wrap elementor-element-populated\">\n\t\t\t\t\t\t<div class=\"elementor-element elementor-element-23bbf26 elementor-position-top elementor-widget elementor-widget-image-box\" data-id=\"23bbf26\" data-element_type=\"widget\" data-e-type=\"widget\" data-widget_type=\"image-box.default\">\n\t\t\t\t<div class=\"elementor-widget-container\">\n\t\t\t\t\t<div class=\"elementor-image-box-wrapper\"><figure class=\"elementor-image-box-img\"><img loading=\"lazy\" decoding=\"async\" width=\"24\" height=\"24\" src=\"https:\/\/yourmadeirarentals.com\/wp-content\/uploads\/2024\/08\/double-bed.png\" class=\"attachment-full size-full wp-image-11938\" alt=\"\" srcset=\"https:\/\/yourmadeirarentals.com\/wp-content\/uploads\/2024\/08\/double-bed.png 24w, https:\/\/yourmadeirarentals.com\/wp-content\/uploads\/2024\/08\/double-bed-12x12.png 12w\" sizes=\"(max-width: 24px) 100vw, 24px\" \/><\/figure><div class=\"elementor-image-box-content\"><h3 class=\"elementor-image-box-title\">Bedroom 2<\/h3><p class=\"elementor-image-box-description\">1 Double bed<\/p><\/div><\/div>\t\t\t\t<\/div>\n\t\t\t\t<\/div>\n\t\t\t\t\t<\/div>\n\t\t<\/div>\n\t\t\t\t<div class=\"elementor-column elementor-col-33 elementor-inner-column elementor-element elementor-element-7f88b34\" data-id=\"7f88b34\" data-element_type=\"column\" data-e-type=\"column\">\n\t\t\t<div class=\"elementor-widget-wrap elementor-element-populated\">\n\t\t\t\t\t\t<div class=\"elementor-element elementor-element-1c388cf elementor-position-top elementor-widget elementor-widget-image-box\" data-id=\"1c388cf\" data-element_type=\"widget\" data-e-type=\"widget\" data-widget_type=\"image-box.default\">\n\t\t\t\t<div class=\"elementor-widget-container\">\n\t\t\t\t\t<div class=\"elementor-image-box-wrapper\"><figure class=\"elementor-image-box-img\"><img loading=\"lazy\" decoding=\"async\" width=\"24\" height=\"24\" src=\"https:\/\/yourmadeirarentals.com\/wp-content\/uploads\/2024\/08\/double-bed.png\" class=\"attachment-full size-full wp-image-11938\" alt=\"\" srcset=\"https:\/\/yourmadeirarentals.com\/wp-content\/uploads\/2024\/08\/double-bed.png 24w, https:\/\/yourmadeirarentals.com\/wp-content\/uploads\/2024\/08\/double-bed-12x12.png 12w\" sizes=\"(max-width: 24px) 100vw, 24px\" \/><\/figure><div class=\"elementor-image-box-content\"><h3 class=\"elementor-image-box-title\">Bedroom 3<\/h3><p class=\"elementor-image-box-description\">1 Double bed<\/p><\/div><\/div>\t\t\t\t<\/div>\n\t\t\t\t<\/div>\n\t\t\t\t\t<\/div>\n\t\t<\/div>\n\t\t\t\t\t<\/div>\n\t\t<\/section>\n\t\t\t\t<section class=\"elementor-section elementor-inner-section elementor-element elementor-element-3386575d elementor-section-full_width elementor-section-height-default elementor-section-height-default\" data-id=\"3386575d\" data-element_type=\"section\" data-e-type=\"section\">\n\t\t\t\t\t\t<div class=\"elementor-container elementor-column-gap-no\">\n\t\t\t\t\t<div class=\"elementor-column elementor-col-100 elementor-inner-column elementor-element elementor-element-609a0f45\" data-id=\"609a0f45\" data-element_type=\"column\" data-e-type=\"column\">\n\t\t\t<div class=\"elementor-widget-wrap elementor-element-populated\">\n\t\t\t\t\t\t<div class=\"elementor-element elementor-element-56d329b4 elementor-widget elementor-widget-kinsley-room-amenity\" data-id=\"56d329b4\" data-element_type=\"widget\" data-e-type=\"widget\" data-widget_type=\"kinsley-room-amenity.default\">\n\t\t\t\t<div class=\"elementor-widget-container\">\n\t\t\t\t\t\n\t\t<!-- features -->\n\t\t<section class=\"knsl-mb-40\">\n\t\t\t<div class=\"row\">\n\t\t\t\t\t\t\t\t<div class=\"col-lg-12\">\n\t\t\t\t\t<h3 class=\"knsl-title--h knsl-mb-40\">\n\t\t\t\t\t\t<span >\n\t\t\t\t\t\t\tWhat this place offers\t\t\t\t\t\t<\/span>\n\t\t\t\t\t<\/h3>\n\t\t\t\t<\/div>\n\t\t\t\t\t\t\t\t\t\t\t\t\t\t\t\t<div class=\"col-6 col-md-3\">\n\n\t\t\t\t\t<!-- icon box -->\n\t\t\t\t\t<div class=\"knsl-icon-box knsl-icon-box-sm knsl-scroll-animation\">\n\t\t\t\t\t\t\t\t\t\t\t\t<a >\n\t\t\t\t\t\t\t\t\t\t\t\t\t\t<div class=\"mil-icon\">\n\t\t\t\t\t\t\t\t<img decoding=\"async\" src=\"https:\/\/yourmadeirarentals.com\/wp-content\/uploads\/2025\/08\/air-conditioner-1.png\" alt=\"Air conditioning\" class=\" knsl-mb-10\" \/>\n\t\t\t\t\t\t\t<\/div>\n\t\t\t\t\t\t\t\t\t\t\t\t\t\t<h5>Air conditioning<\/h5>\n\t\t\t\t\t\t<\/a>\n\t\t\t\t\t<\/div>\n\t\t\t\t\t<!-- icon box end -->\n\n\t\t\t\t<\/div>\n\t\t\t\t\t\t\t\t<div class=\"col-6 col-md-3\">\n\n\t\t\t\t\t<!-- icon box -->\n\t\t\t\t\t<div class=\"knsl-icon-box knsl-icon-box-sm knsl-scroll-animation\">\n\t\t\t\t\t\t\t\t\t\t\t\t<a >\n\t\t\t\t\t\t\t\t\t\t\t\t\t\t<div class=\"mil-icon\">\n\t\t\t\t\t\t\t\t<img decoding=\"async\" src=\"https:\/\/yourmadeirarentals.com\/wp-content\/uploads\/2025\/08\/workspace.png\" alt=\"Dedicated Workspace\" class=\" knsl-mb-10\" \/>\n\t\t\t\t\t\t\t<\/div>\n\t\t\t\t\t\t\t\t\t\t\t\t\t\t<h5>Dedicated Workspace<\/h5>\n\t\t\t\t\t\t<\/a>\n\t\t\t\t\t<\/div>\n\t\t\t\t\t<!-- icon box end -->\n\n\t\t\t\t<\/div>\n\t\t\t\t\t\t\t\t<div class=\"col-6 col-md-3\">\n\n\t\t\t\t\t<!-- icon box -->\n\t\t\t\t\t<div class=\"knsl-icon-box knsl-icon-box-sm knsl-scroll-animation\">\n\t\t\t\t\t\t\t\t\t\t\t\t<a >\n\t\t\t\t\t\t\t\t\t\t\t\t\t\t<div class=\"mil-icon\">\n\t\t\t\t\t\t\t\t<img decoding=\"async\" src=\"https:\/\/yourmadeirarentals.com\/wp-content\/uploads\/2025\/08\/car-6.png\" alt=\"Free parking\" class=\" knsl-mb-10\" \/>\n\t\t\t\t\t\t\t<\/div>\n\t\t\t\t\t\t\t\t\t\t\t\t\t\t<h5>Free parking<\/h5>\n\t\t\t\t\t\t<\/a>\n\t\t\t\t\t<\/div>\n\t\t\t\t\t<!-- icon box end -->\n\n\t\t\t\t<\/div>\n\t\t\t\t\t\t\t\t<div class=\"col-6 col-md-3\">\n\n\t\t\t\t\t<!-- icon box -->\n\t\t\t\t\t<div class=\"knsl-icon-box knsl-icon-box-sm knsl-scroll-animation\">\n\t\t\t\t\t\t\t\t\t\t\t\t<a >\n\t\t\t\t\t\t\t\t\t\t\t\t\t\t<div class=\"mil-icon\">\n\t\t\t\t\t\t\t\t<img decoding=\"async\" src=\"https:\/\/yourmadeirarentals.com\/wp-content\/uploads\/2025\/08\/cutlery.png\" alt=\"Kitchen\" class=\" knsl-mb-10\" \/>\n\t\t\t\t\t\t\t<\/div>\n\t\t\t\t\t\t\t\t\t\t\t\t\t\t<h5>Kitchen<\/h5>\n\t\t\t\t\t\t<\/a>\n\t\t\t\t\t<\/div>\n\t\t\t\t\t<!-- icon box end -->\n\n\t\t\t\t<\/div>\n\t\t\t\t\t\t\t\t<div class=\"col-6 col-md-3\">\n\n\t\t\t\t\t<!-- icon box -->\n\t\t\t\t\t<div class=\"knsl-icon-box knsl-icon-box-sm knsl-scroll-animation\">\n\t\t\t\t\t\t\t\t\t\t\t\t<a >\n\t\t\t\t\t\t\t\t\t\t\t\t\t\t<div class=\"mil-icon\">\n\t\t\t\t\t\t\t\t<img decoding=\"async\" src=\"https:\/\/yourmadeirarentals.com\/wp-content\/uploads\/2025\/08\/cctv-camera-1.png\" alt=\"Security cameras\" class=\" knsl-mb-10\" \/>\n\t\t\t\t\t\t\t<\/div>\n\t\t\t\t\t\t\t\t\t\t\t\t\t\t<h5>Security cameras<\/h5>\n\t\t\t\t\t\t<\/a>\n\t\t\t\t\t<\/div>\n\t\t\t\t\t<!-- icon box end -->\n\n\t\t\t\t<\/div>\n\t\t\t\t\t\t\t\t<div class=\"col-6 col-md-3\">\n\n\t\t\t\t\t<!-- icon box -->\n\t\t\t\t\t<div class=\"knsl-icon-box knsl-icon-box-sm knsl-scroll-animation\">\n\t\t\t\t\t\t\t\t\t\t\t\t<a >\n\t\t\t\t\t\t\t\t\t\t\t\t\t\t<div class=\"mil-icon\">\n\t\t\t\t\t\t\t\t<img decoding=\"async\" src=\"https:\/\/yourmadeirarentals.com\/wp-content\/uploads\/2025\/08\/television.png\" alt=\"TV\" class=\" knsl-mb-10\" \/>\n\t\t\t\t\t\t\t<\/div>\n\t\t\t\t\t\t\t\t\t\t\t\t\t\t<h5>TV<\/h5>\n\t\t\t\t\t\t<\/a>\n\t\t\t\t\t<\/div>\n\t\t\t\t\t<!-- icon box end -->\n\n\t\t\t\t<\/div>\n\t\t\t\t\t\t\t\t<div class=\"col-6 col-md-3\">\n\n\t\t\t\t\t<!-- icon box -->\n\t\t\t\t\t<div class=\"knsl-icon-box knsl-icon-box-sm knsl-scroll-animation\">\n\t\t\t\t\t\t\t\t\t\t\t\t<a >\n\t\t\t\t\t\t\t\t\t\t\t\t\t\t<div class=\"mil-icon\">\n\t\t\t\t\t\t\t\t<img decoding=\"async\" src=\"https:\/\/yourmadeirarentals.com\/wp-content\/uploads\/2025\/08\/drying.png\" alt=\"Washing machine\" class=\" knsl-mb-10\" \/>\n\t\t\t\t\t\t\t<\/div>\n\t\t\t\t\t\t\t\t\t\t\t\t\t\t<h5>Washing machine<\/h5>\n\t\t\t\t\t\t<\/a>\n\t\t\t\t\t<\/div>\n\t\t\t\t\t<!-- icon box end -->\n\n\t\t\t\t<\/div>\n\t\t\t\t\t\t\t\t<div class=\"col-6 col-md-3\">\n\n\t\t\t\t\t<!-- icon box -->\n\t\t\t\t\t<div class=\"knsl-icon-box knsl-icon-box-sm knsl-scroll-animation\">\n\t\t\t\t\t\t\t\t\t\t\t\t<a >\n\t\t\t\t\t\t\t\t\t\t\t\t\t\t<div class=\"mil-icon\">\n\t\t\t\t\t\t\t\t<img decoding=\"async\" src=\"https:\/\/yourmadeirarentals.com\/wp-content\/uploads\/2025\/08\/wifi-1.png\" alt=\"Wifi\" class=\" knsl-mb-10\" \/>\n\t\t\t\t\t\t\t<\/div>\n\t\t\t\t\t\t\t\t\t\t\t\t\t\t<h5>Wifi<\/h5>\n\t\t\t\t\t\t<\/a>\n\t\t\t\t\t<\/div>\n\t\t\t\t\t<!-- icon box end -->\n\n\t\t\t\t<\/div>\n\t\t\t\t\t\t\t\t\t\t\t<\/div>\n\t\t<\/section>\n\t\t<!-- features end -->\n\n\t\t\t\t\t\t<\/div>\n\t\t\t\t<\/div>\n\t\t\t\t\t<\/div>\n\t\t<\/div>\n\t\t\t\t\t<\/div>\n\t\t<\/section>\n\t\t\t\t<section class=\"elementor-section elementor-inner-section elementor-element elementor-element-68668287 elementor-section-full_width elementor-section-height-default elementor-section-height-default\" data-id=\"68668287\" data-element_type=\"section\" data-e-type=\"section\">\n\t\t\t\t\t\t<div class=\"elementor-container elementor-column-gap-no\">\n\t\t\t\t\t<div class=\"elementor-column elementor-col-100 elementor-inner-column elementor-element elementor-element-63535ee2\" data-id=\"63535ee2\" data-element_type=\"column\" data-e-type=\"column\">\n\t\t\t<div class=\"elementor-widget-wrap elementor-element-populated\">\n\t\t\t\t\t\t<div class=\"elementor-element elementor-element-16ed9efc elementor-widget elementor-widget-kinsley-availability-calendar\" data-id=\"16ed9efc\" data-element_type=\"widget\" data-e-type=\"widget\" data-widget_type=\"kinsley-availability-calendar.default\">\n\t\t\t\t<div class=\"elementor-widget-container\">\n\t\t\t\t\t\n                <h3 class=\"knsl-mb-40\">\n          <span >\n              Select Reservation Date          <\/span>\n        <\/h3>\n\t\t\t\t\n        <div class=\"mphb_sc_availability_calendar-wrapper  knsl-scroll-animation\">\t<div class=\"mphb-calendar mphb-datepick inlinePicker mphb-calendar--direct-booking\" data-room-type-id=\"22960\" data-monthstoshow=\"2\" data-is_show_prices=\"0\" data-is_truncate_prices=\"1\" data-is_show_prices_currency=\"0\" data-first_available_check_in_date=\"2026-04-28\"><\/div>\n\t<\/div>\t\t\t\t<\/div>\n\t\t\t\t<\/div>\n\t\t\t\t\t<\/div>\n\t\t<\/div>\n\t\t\t\t\t<\/div>\n\t\t<\/section>\n\t\t\t\t<section class=\"elementor-section elementor-inner-section elementor-element elementor-element-591d1981 elementor-section-full_width elementor-section-height-default elementor-section-height-default\" data-id=\"591d1981\" data-element_type=\"section\" data-e-type=\"section\">\n\t\t\t\t\t\t<div class=\"elementor-container elementor-column-gap-no\">\n\t\t\t\t\t<div class=\"elementor-column elementor-col-100 elementor-inner-column elementor-element elementor-element-2ab6a442\" data-id=\"2ab6a442\" data-element_type=\"column\" data-e-type=\"column\">\n\t\t\t<div class=\"elementor-widget-wrap elementor-element-populated\">\n\t\t\t\t\t\t<div class=\"elementor-element elementor-element-3ea1a830 elementor-widget elementor-widget-kinsley-map\" data-id=\"3ea1a830\" data-element_type=\"widget\" data-e-type=\"widget\" data-widget_type=\"kinsley-map.default\">\n\t\t\t\t<div class=\"elementor-widget-container\">\n\t\t\t\t\t\n\t\t<!-- map -->\n\t\t<section>\n\t\t\t<div class=\"row\">\n\t\t\t\t\t\t\t\t<div class=\"col-lg-12\">\n\t\t\t\t\t<h3 class=\"knsl-title--h knsl-mb-40\">\n\t\t\t\t\t\t<span >\n\t\t\t\t\t\t\tWhere you\u2019ll be\n\n\n\n\t\t\t\t\t\t<\/span>\n\t\t\t\t\t<\/h3>\n\t\t\t\t<\/div>\n\t\t\t\t\t\t\t\t<div class=\"col-lg-12\">\n\t\t\t\t\t<div class=\"knsl-map-frame knsl-mb-60\">\n\t\t\t\t\t\t<div class=\"knsl-lock\"><i class=\"fas fa-lock\"><\/i><\/div>\n\t\t\t\t\t\t<div id=\"map\" class=\"knsl-map\" data-key=\"pk.eyJ1Ijoia2VmYTkwIiwiYSI6ImNsbGdrZHkwZTBnOWozZHBxbzdqaDlydGYifQ.aPqNmJI8f7NxTkYL5NzTDA\" data-style=\"default\" data-zoom=\"15\" data-lng=\"-17.195947\" data-lat=\"32.735506\"><\/div>\n\t\t\t\t\t<\/div>\n\t\t\t\t<\/div>\n\t\t\t<\/div>\n\t\t<\/section>\n\t\t<!-- map end -->\n\n\t\t\t\t\t\t<\/div>\n\t\t\t\t<\/div>\n\t\t\t\t\t<\/div>\n\t\t<\/div>\n\t\t\t\t\t<\/div>\n\t\t<\/section>\n\t\t\t\t<section class=\"elementor-section elementor-inner-section elementor-element elementor-element-3cac4af4 elementor-section-full_width elementor-section-height-default elementor-section-height-default\" data-id=\"3cac4af4\" data-element_type=\"section\" data-e-type=\"section\">\n\t\t\t\t\t\t<div class=\"elementor-container elementor-column-gap-no\">\n\t\t\t\t\t<div class=\"elementor-column elementor-col-100 elementor-inner-column elementor-element elementor-element-2a1ed123\" data-id=\"2a1ed123\" data-element_type=\"column\" data-e-type=\"column\">\n\t\t\t<div class=\"elementor-widget-wrap elementor-element-populated\">\n\t\t\t\t\t\t<div class=\"elementor-element elementor-element-66c4c85d elementor-widget elementor-widget-kinsley-room-services\" data-id=\"66c4c85d\" data-element_type=\"widget\" data-e-type=\"widget\" data-widget_type=\"kinsley-room-services.default\">\n\t\t\t\t<div class=\"elementor-widget-container\">\n\t\t\t\t\t\n\t\t<!-- services -->\n\t\t<section class=\"knsl-mb-40\">\n\t\t\t<div class=\"row\">\n\t\t\t\t\t\t\t\t<div class=\"col-lg-12\">\n\t\t\t\t\t<h3 class=\"knsl-title--h knsl-mb-40\">\n\t\t\t\t\t\t<span >\n\t\t\t\t\t\t\t\tAround The Hotel\t\t\t\t\t\t<\/span>\n\t\t\t\t\t<\/h3>\n\t\t\t\t<\/div>\n\t\t\t\t\t\t\t\t\t\t\t\t\t\t\t\t<div class=\"col-md-6 col-lg-4\">\n\n\t\t\t\t\t<!-- service card -->\n\t\t\t\t\t<div class=\"knsl-ath-card knsl-scroll-animation\">\n\t\t\t\t\t\t\t\t\t\t\t\t\t\t\t\t\t\t<div class=\"knsl-cover-frame\">\n\t\t\t\t\t\t\t<a >\n\t\t\t\t\t\t\t\t<img decoding=\"async\" src=\"https:\/\/yourmadeirarentals.com\/wp-content\/uploads\/2023\/10\/Rental-car-950x384.jpg\" alt=\"Car Hire Service\" \/>\n\t\t\t\t\t\t\t<\/a>\n\t\t\t\t\t\t<\/div>\n\t\t\t\t\t\t\t\t\t\t\t\t<div class=\"knsl-card-description\">\n\t\t\t\t\t\t\t<h5>\n\t\t\t\t\t\t\t\t<a>Car Hire Service<\/a>\n\t\t\t\t\t\t\t<\/h5>\n\t\t\t\t\t\t<\/div>\n\t\t\t\t\t<\/div>\n\t\t\t\t\t<!-- service card end -->\n\n\t\t\t\t<\/div>\n\t\t\t\t\t\t\t\t<div class=\"col-md-6 col-lg-4\">\n\n\t\t\t\t\t<!-- service card -->\n\t\t\t\t\t<div class=\"knsl-ath-card knsl-scroll-animation\">\n\t\t\t\t\t\t\t\t\t\t\t\t\t\t\t\t\t\t<div class=\"knsl-cover-frame\">\n\t\t\t\t\t\t\t<a >\n\t\t\t\t\t\t\t\t<img decoding=\"async\" src=\"https:\/\/yourmadeirarentals.com\/wp-content\/uploads\/2023\/10\/House-Keeping-950x397.jpg\" alt=\"Housekeeping\" \/>\n\t\t\t\t\t\t\t<\/a>\n\t\t\t\t\t\t<\/div>\n\t\t\t\t\t\t\t\t\t\t\t\t<div class=\"knsl-card-description\">\n\t\t\t\t\t\t\t<h5>\n\t\t\t\t\t\t\t\t<a>Housekeeping<\/a>\n\t\t\t\t\t\t\t<\/h5>\n\t\t\t\t\t\t<\/div>\n\t\t\t\t\t<\/div>\n\t\t\t\t\t<!-- service card end -->\n\n\t\t\t\t<\/div>\n\t\t\t\t\t\t\t\t<div class=\"col-md-6 col-lg-4\">\n\n\t\t\t\t\t<!-- service card -->\n\t\t\t\t\t<div class=\"knsl-ath-card knsl-scroll-animation\">\n\t\t\t\t\t\t\t\t\t\t\t\t\t\t\t\t\t\t<div class=\"knsl-cover-frame\">\n\t\t\t\t\t\t\t<a >\n\t\t\t\t\t\t\t\t<img decoding=\"async\" src=\"https:\/\/yourmadeirarentals.com\/wp-content\/uploads\/2023\/10\/Pool-maintenace-950x368.jpg\" alt=\"Pool Maintenance\" \/>\n\t\t\t\t\t\t\t<\/a>\n\t\t\t\t\t\t<\/div>\n\t\t\t\t\t\t\t\t\t\t\t\t<div class=\"knsl-card-description\">\n\t\t\t\t\t\t\t<h5>\n\t\t\t\t\t\t\t\t<a>Pool Maintenance<\/a>\n\t\t\t\t\t\t\t<\/h5>\n\t\t\t\t\t\t<\/div>\n\t\t\t\t\t<\/div>\n\t\t\t\t\t<!-- service card end -->\n\n\t\t\t\t<\/div>\n\t\t\t\t\t\t\t\t<div class=\"col-md-6 col-lg-4\">\n\n\t\t\t\t\t<!-- service card -->\n\t\t\t\t\t<div class=\"knsl-ath-card knsl-scroll-animation\">\n\t\t\t\t\t\t\t\t\t\t\t\t\t\t\t\t\t\t<div class=\"knsl-cover-frame\">\n\t\t\t\t\t\t\t<a >\n\t\t\t\t\t\t\t\t<img decoding=\"async\" src=\"https:\/\/yourmadeirarentals.com\/wp-content\/uploads\/2023\/10\/Real-Estate-Digital-950x391.jpg\" alt=\"Real Estate Consulting Service\" \/>\n\t\t\t\t\t\t\t<\/a>\n\t\t\t\t\t\t<\/div>\n\t\t\t\t\t\t\t\t\t\t\t\t<div class=\"knsl-card-description\">\n\t\t\t\t\t\t\t<h5>\n\t\t\t\t\t\t\t\t<a>Real Estate Consulting Service<\/a>\n\t\t\t\t\t\t\t<\/h5>\n\t\t\t\t\t\t<\/div>\n\t\t\t\t\t<\/div>\n\t\t\t\t\t<!-- service card end -->\n\n\t\t\t\t<\/div>\n\t\t\t\t\t\t\t\t<div class=\"col-md-6 col-lg-4\">\n\n\t\t\t\t\t<!-- service card -->\n\t\t\t\t\t<div class=\"knsl-ath-card knsl-scroll-animation\">\n\t\t\t\t\t\t\t\t\t\t\t\t\t\t\t\t\t\t<div class=\"knsl-cover-frame\">\n\t\t\t\t\t\t\t<a >\n\t\t\t\t\t\t\t\t<img decoding=\"async\" src=\"https:\/\/yourmadeirarentals.com\/wp-content\/uploads\/2023\/10\/Yacht-At-Seaside-950x535.jpg\" alt=\"Tour Operation Service\" \/>\n\t\t\t\t\t\t\t<\/a>\n\t\t\t\t\t\t<\/div>\n\t\t\t\t\t\t\t\t\t\t\t\t<div class=\"knsl-card-description\">\n\t\t\t\t\t\t\t<h5>\n\t\t\t\t\t\t\t\t<a>Tour Operation Service<\/a>\n\t\t\t\t\t\t\t<\/h5>\n\t\t\t\t\t\t<\/div>\n\t\t\t\t\t<\/div>\n\t\t\t\t\t<!-- service card end -->\n\n\t\t\t\t<\/div>\n\t\t\t\t\t\t\t\t<div class=\"col-md-6 col-lg-4\">\n\n\t\t\t\t\t<!-- service card -->\n\t\t\t\t\t<div class=\"knsl-ath-card knsl-scroll-animation\">\n\t\t\t\t\t\t\t\t\t\t\t\t\t\t\t\t\t\t<div class=\"knsl-cover-frame\">\n\t\t\t\t\t\t\t<a >\n\t\t\t\t\t\t\t\t<img decoding=\"async\" src=\"https:\/\/yourmadeirarentals.com\/wp-content\/uploads\/2023\/10\/Beautiful-sunset-950x634.jpg\" alt=\"Travel Recommendations\" \/>\n\t\t\t\t\t\t\t<\/a>\n\t\t\t\t\t\t<\/div>\n\t\t\t\t\t\t\t\t\t\t\t\t<div class=\"knsl-card-description\">\n\t\t\t\t\t\t\t<h5>\n\t\t\t\t\t\t\t\t<a>Travel Recommendations<\/a>\n\t\t\t\t\t\t\t<\/h5>\n\t\t\t\t\t\t<\/div>\n\t\t\t\t\t<\/div>\n\t\t\t\t\t<!-- service card end -->\n\n\t\t\t\t<\/div>\n\t\t\t\t\t\t\t\t\t\t\t<\/div>\n\t\t<\/section>\n\t\t<!-- services end -->\n\n\t\t\t\t\t\t<\/div>\n\t\t\t\t<\/div>\n\t\t\t\t\t<\/div>\n\t\t<\/div>\n\t\t\t\t\t<\/div>\n\t\t<\/section>\n\t\t\t\t\t<\/div>\n\t\t<\/div>\n\t\t\t\t<div class=\"elementor-column elementor-col-33 elementor-top-column elementor-element elementor-element-60b421b2\" data-id=\"60b421b2\" data-element_type=\"column\" data-e-type=\"column\">\n\t\t\t<div class=\"elementor-widget-wrap elementor-element-populated\">\n\t\t\t\t\t\t<section class=\"elementor-section elementor-inner-section elementor-element elementor-element-3ce739cd elementor-section-full_width elementor-section-height-default elementor-section-height-default\" data-id=\"3ce739cd\" data-element_type=\"section\" data-e-type=\"section\">\n\t\t\t\t\t\t<div class=\"elementor-container elementor-column-gap-no\">\n\t\t\t\t\t<div class=\"elementor-column elementor-col-100 elementor-inner-column elementor-element elementor-element-f8fd2cd\" data-id=\"f8fd2cd\" data-element_type=\"column\" data-e-type=\"column\">\n\t\t\t<div class=\"elementor-widget-wrap elementor-element-populated\">\n\t\t\t\t\t\t<div class=\"elementor-element elementor-element-72ba792f elementor-widget elementor-widget-kinsley-room-attributes\" data-id=\"72ba792f\" data-element_type=\"widget\" data-e-type=\"widget\" data-widget_type=\"kinsley-room-attributes.default\">\n\t\t\t\t<div class=\"elementor-widget-container\">\n\t\t\t\t\t\n\t\t<!-- room info -->\n\t\t<div class=\"knsl-room-features-lg knsl-mb-20 show-capacity show-size\">\n\t\t\t\t\t<\/div>\n\t\t<!-- room info end -->\n\n\t\t\t\t\t\t<\/div>\n\t\t\t\t<\/div>\n\t\t\t\t\t<\/div>\n\t\t<\/div>\n\t\t\t\t\t<\/div>\n\t\t<\/section>\n\t\t\t\t<section class=\"elementor-section elementor-inner-section elementor-element elementor-element-3a21d8d3 elementor-section-full_width elementor-section-height-default elementor-section-height-default\" data-id=\"3a21d8d3\" data-element_type=\"section\" data-e-type=\"section\">\n\t\t\t\t\t\t<div class=\"elementor-container elementor-column-gap-no\">\n\t\t\t\t\t<div class=\"elementor-column elementor-col-100 elementor-inner-column elementor-element elementor-element-7e618908\" data-id=\"7e618908\" data-element_type=\"column\" data-e-type=\"column\">\n\t\t\t<div class=\"elementor-widget-wrap elementor-element-populated\">\n\t\t\t\t\t\t<div class=\"elementor-element elementor-element-4deb5a26 elementor-widget elementor-widget-kinsley-room-price\" data-id=\"4deb5a26\" data-element_type=\"widget\" data-e-type=\"widget\" data-widget_type=\"kinsley-room-price.default\">\n\t\t\t\t<div class=\"elementor-widget-container\">\n\t\t\t\t\t\n\t\t<div class=\"knsl-price-card knsl-mb-20\">\n            <div class=\"knsl-price-number\">\n            \t                \t\t\t<\/div>\n\t\t<\/div>\n\n\t\t\t\t\t\t<\/div>\n\t\t\t\t<\/div>\n\t\t\t\t\t<\/div>\n\t\t<\/div>\n\t\t\t\t\t<\/div>\n\t\t<\/section>\n\t\t\t\t<section class=\"elementor-section elementor-inner-section elementor-element elementor-element-785e014c elementor-section-full_width elementor-section-height-default elementor-section-height-default\" data-id=\"785e014c\" data-element_type=\"section\" data-e-type=\"section\">\n\t\t\t\t\t\t<div class=\"elementor-container elementor-column-gap-no\">\n\t\t\t\t\t<div class=\"elementor-column elementor-col-100 elementor-inner-column elementor-element elementor-element-68c6dfb1\" data-id=\"68c6dfb1\" data-element_type=\"column\" data-e-type=\"column\">\n\t\t\t<div class=\"elementor-widget-wrap elementor-element-populated\">\n\t\t\t\t\t\t<div class=\"elementor-element elementor-element-4902c1c8 elementor-widget elementor-widget-kinsley-availability-form\" data-id=\"4902c1c8\" data-element_type=\"widget\" data-e-type=\"widget\" id=\"booking_form\" data-widget_type=\"kinsley-availability-form.default\">\n\t\t\t\t<div class=\"elementor-widget-container\">\n\t\t\t\t\t                <div class=\"knsl-sticky knsl-stycky-right\" data-margin-top=\"100\">\n                <div class=\"mphb_sc_booking_form-wrapper  knsl-book-form knsl-book-form-v\">\t<form method=\"POST\" action=\"https:\/\/yourmadeirarentals.com\/pl\/booking-confirmation\/\" class=\"mphb-booking-form mphb-booking-form--direct-booking\" id=\"booking-form-22960\" data-first_available_check_in_date=\"2026-04-28\">\n\n\t\t<p class=\"mphb-required-fields-tip\"><small>Wymagane pola <abbr title=\"required\">*<\/abbr><\/small><\/p>\n\t\t<input type=\"hidden\" id=\"mphb-checkout-nonce\" name=\"mphb-checkout-nonce\" value=\"fa4ea699af\" \/><input type=\"hidden\" name=\"_wp_http_referer\" value=\"\/pl\/wp-json\/wp\/v2\/mphb_room_type\/22960\" \/>\t\t\t\t<input type=\"hidden\" name=\"mphb_room_type_id\" value=\"22960\" \/>\n\t\t<p class=\"mphb-check-in-date-wrapper\">\n\t\t\t<label for=\"mphb_check_in_date-69edcf6ef001b\">\n\t\t\t\tData zameldowania\t\t\t\t<abbr title=\"Sformatowane jako dd\/mm\/yyyy\">*<\/abbr>\n\t\t\t<\/label>\n\t\t\t<br \/>\n\t\t\t<input id=\"mphb_check_in_date-69edcf6ef001b\" type=\"text\" class=\"mphb-datepick\" value=\"\" required=\"required\" autocomplete=\"off\" placeholder=\"Data zameldowania\" inputmode=\"none\" \/>\n\t\t\t<input id=\"mphb_check_in_date-69edcf6ef001b-hidden\" type=\"hidden\" name=\"mphb_check_in_date\" value=\"\" \/>\n\t\t<\/p>\n\t\t<p class=\"mphb-check-out-date-wrapper\">\n\t\t\t<label for=\"mphb_check_out_date-69edcf6ef001b\">\n\t\t\t\tData wymeldowania\t\t\t\t<abbr title=\"Sformatowane jako dd\/mm\/yyyy\">*<\/abbr>\n\t\t\t<\/label>\n\t\t\t<br \/>\n\t\t\t<input id=\"mphb_check_out_date-69edcf6ef001b\" type=\"text\" class=\"mphb-datepick\" value=\"\" required=\"required\" autocomplete=\"off\" placeholder=\"Data wymeldowania\" inputmode=\"none\" \/>\n\t\t\t<input id=\"mphb_check_out_date-69edcf6ef001b-hidden\" type=\"hidden\" name=\"mphb_check_out_date\" value=\"\" \/>\n\t\t<\/p>\n\t\t\n\t\t\t\n\t\t\t\t<p class=\"mphb-adults-wrapper mphb-capacity-wrapper\">\n\t\t\t\t\t<label for=\"mphb_adults-69edcf6ef001b\">\n\t\t\t\t\t\tGo\u015bcie\t\t\t\t\t<\/label>\n\t\t\t\t\t<br \/>\n\t\t\t\t\t<select id=\"mphb_adults-69edcf6ef001b\" name=\"mphb_adults\">\n\n\t\t\t\t\t\t\n\t\t\t\t\t\t\t<option value=\"1\" >1<\/option>\n\t\t\t\t\t\t\n\t\t\t\t\t\t\n\t\t\t\t\t\t\t<option value=\"2\" >2<\/option>\n\t\t\t\t\t\t\n\t\t\t\t\t\t\n\t\t\t\t\t\t\t<option value=\"3\" >3<\/option>\n\t\t\t\t\t\t\n\t\t\t\t\t\t\n\t\t\t\t\t\t\t<option value=\"4\" >4<\/option>\n\t\t\t\t\t\t\n\t\t\t\t\t\t\n\t\t\t\t\t\t\t<option value=\"5\" >5<\/option>\n\t\t\t\t\t\t\n\t\t\t\t\t\t\n\t\t\t\t\t\t\t<option value=\"6\" >6<\/option>\n\t\t\t\t\t\t\n\t\t\t\t\t\t\t\t\t\t\t<\/select>\n\t\t\t\t<\/p>\n\t\t\t\n\t\t\t\n\t\t\t\t<input type=\"hidden\" id=\"mphb_children-69edcf6ef001b\" name=\"mphb_children\" value=\"0\" \/>\n\n\t\t\t\t\t\t\t\t\t\t<div class=\"mphb-reserve-room-section mphb-hide\">\n\t\t\t\t<p class=\"mphb-rooms-quantity-wrapper mphb-rooms-quantity-multiple mphb-hide\">\n\t\t\t\tZarezerwuj <select class=\"mphb-rooms-quantity\" id=\"mphb-rooms-quantity-22960\" name=\"mphb_rooms_details[22960]\"><option value=\"1\" selected=\"selected\">1<\/option><\/select> z <span class=\"mphb-available-rooms-count\">1<\/span> dost\u0119pnych kwater.\t\t\t\t<\/p>\n\t\t\t\t<p class=\"mphb-rooms-quantity-wrapper mphb-rooms-quantity-single mphb-hide\">\n\t\t\t\t\tVilla Toccata jest dost\u0119pny dla wybranych dat.\t\t\t\t<\/p>\n\t\t\t\t\t\t\t\t\t<p class=\"mphb-period-price mphb-regular-price mphb-hide\">\n\t\t\t\t\t\t<strong>Cena od:<\/strong>\n\t\t\t\t\t<\/p>\n\t\t\t\t\t\t\t\t<input type=\"hidden\" name=\"mphb_is_direct_booking\" value=\"1\" \/>\n\t\t\t\t<input class=\"button mphb-button mphb-confirm-reservation\" type=\"submit\" value=\"Potwierd\u017a rezerwacj\u0119\" \/>\n\t\t\t<\/div>\n\t\t\n\t\t<div class=\"mphb-errors-wrapper mphb-hide\"><\/div>\n\t\t<p class=\"mphb-reserve-btn-wrapper\">\n\t\t\t<input class=\"mphb-reserve-btn button\" type=\"submit\" value=\"Sprawd\u017a dost\u0119pno\u015b\u0107\" \/>\n\t\t<\/p>\n\t<\/form>\n\t<\/div>                <\/div>\n                \t\t\t\t<\/div>\n\t\t\t\t<\/div>\n\t\t\t\t\t<\/div>\n\t\t<\/div>\n\t\t\t\t\t<\/div>\n\t\t<\/section>\n\t\t\t\t\t<\/div>\n\t\t<\/div>\n\t\t\t\t\t<\/div>\n\t\t<\/section>\n\t\t\t\t<section class=\"elementor-section elementor-top-section elementor-element elementor-element-5bdb4e9f elementor-section-full_width elementor-section-height-default elementor-section-height-default\" data-id=\"5bdb4e9f\" data-element_type=\"section\" data-e-type=\"section\" data-settings=\"{&quot;background_background&quot;:&quot;classic&quot;}\">\n\t\t\t\t\t\t<div class=\"elementor-container elementor-column-gap-no\">\n\t\t\t\t\t<div class=\"elementor-column elementor-col-100 elementor-top-column elementor-element elementor-element-37a01984\" data-id=\"37a01984\" data-element_type=\"column\" data-e-type=\"column\">\n\t\t\t<div class=\"elementor-widget-wrap elementor-element-populated\">\n\t\t\t\t\t\t<div class=\"elementor-element elementor-element-21ad8525 elementor-widget elementor-widget-kinsley-rooms-carousel\" data-id=\"21ad8525\" data-element_type=\"widget\" data-e-type=\"widget\" data-widget_type=\"kinsley-rooms-carousel.default\">\n\t\t\t\t<div class=\"elementor-widget-container\">\n\t\t\t\t\t\n\t\t<!-- rooms -->\n\t\t<section class=\"knsl-transition-top knsl-p-0-100\">\n\t\t\t\t\t\t\n\t\t\n\t\t<div class=\"container\">\t\t<div class=\"row align-items-center\">\n\t\t\t\t\t\t<div class=\"col-lg-12\">\n\t\t\t\t<div class=\"knsl-center knsl-title-frame knsl-mb-100\">\n\t\t\t\t\t\t\t\t\t\t<h2 class=\"knsl-title--h knsl-mb-20\">\n\t\t\t\t\t\t<span >\n\t\t\t\t\t\t\tSimilar Homes\t\t\t\t\t\t<\/span>\n\t\t\t\t\t<\/h2>\n\t\t\t\t\t\t\t\t\t\t\t\t\t\t\t\t\t\t\t\t<a  href=\"\/madeira-villas-with-private-pool\/\" class=\"knsl-btn knsl-btn-md\">\n\t\t\t\t\t\t<span >\n\t\t\t\t\t\t\tAll Homes\t\t\t\t\t\t<\/span>\n\t\t\t\t\t<\/a>\n\t\t\t\t\t\t\t\t\t<\/div>\n\t\t\t<\/div>\n\t\t\t\n\t\t\t<div class=\"col-lg-12 attr-details-amenity-false attr-details-category-false attr-details-attributes-false attr-details-view-false attr-details-bed-type-false attr-details-children-false\">\n\t\t\t\t\t\t\t\t<div class=\"swiper-container knsl-uni-slider  attr-details-amenity-false attr-details-category-false attr-details-attributes-false attr-details-view-false attr-details-bed-type-false attr-details-children-false\">\n\t\t\t\t<div class=\"swiper-wrapper\">\n\t\t\t\t\t\t\t\t\t\t<div class=\"swiper-slide\">\n\t\t\t\t\t<div class=\"mphb_sc_room-wrapper knsl-scroll-animation\"><div class=\"mphb-room-type post-20966 mphb_room_type type-mphb_room_type status-publish has-post-thumbnail mphb_room_type_facility-bbq-grill mphb_room_type_facility-fire-pit mphb_room_type_facility-first-aid-kit mphb_room_type_facility-free-parking mphb_room_type_facility-kitchen mphb_room_type_facility-outdoor-dining-area mphb_room_type_facility-tv mphb_room_type_facility-wifi mphb-room-type-adults-2 mphb-room-type-children-0 has-taxes-and-fees\">\n\n\t\n\t\n\n\t<p class=\"post-thumbnail mphb-loop-room-thumbnail\">\n\t<a href=\"https:\/\/yourmadeirarentals.com\/pl\/accommodation\/cabana-nespera\/\">\n\t<img loading=\"lazy\" decoding=\"async\" width=\"1200\" height=\"900\" src=\"https:\/\/yourmadeirarentals.com\/wp-content\/uploads\/2025\/06\/Cabana-Nespera-1.webp\" class=\"attachment-post-thumbnail size-post-thumbnail wp-post-image\" alt=\"\" srcset=\"https:\/\/yourmadeirarentals.com\/wp-content\/uploads\/2025\/06\/Cabana-Nespera-1.webp 1200w, https:\/\/yourmadeirarentals.com\/wp-content\/uploads\/2025\/06\/Cabana-Nespera-1-300x225.webp 300w, https:\/\/yourmadeirarentals.com\/wp-content\/uploads\/2025\/06\/Cabana-Nespera-1-1024x768.webp 1024w, https:\/\/yourmadeirarentals.com\/wp-content\/uploads\/2025\/06\/Cabana-Nespera-1-768x576.webp 768w, https:\/\/yourmadeirarentals.com\/wp-content\/uploads\/2025\/06\/Cabana-Nespera-1-16x12.webp 16w, https:\/\/yourmadeirarentals.com\/wp-content\/uploads\/2025\/06\/Cabana-Nespera-1-950x713.webp 950w, https:\/\/yourmadeirarentals.com\/wp-content\/uploads\/2025\/06\/Cabana-Nespera-1-800x600.webp 800w\" sizes=\"(max-width: 1200px) 100vw, 1200px\">\t<\/a>\n\n\t<\/p>\n\n\n\n<h2 class=\"mphb-room-type-title entry-title\">\n\n\n\n<a class=\"mphb-room-type-title\" href=\"https:\/\/yourmadeirarentals.com\/pl\/accommodation\/cabana-nespera\/\">Cabana N\u00easpera<\/a>\n\n\n<\/h2>\n\n\n<div class=\"knsl-text-light knsl-text-sm knsl-mb-20\">\n\t\n\t<p>Escape to our charming stone cabana in Prazeres, Madeira! Nestled in a quiet area near nature and hiking trails, it features 1 bedroom, a kitchen-dining area, cozy sofa corner, bathroom with shower, and a warm indoor fireplace. Enjoy the outdoor space with BBQ and easy parking. Perfect for a peaceful nature retreat!<\/p>\n\n\t<\/div>\n\n<h3 class=\"mphb-room-type-details-title\">Szczeg\u00f3\u0142y<\/h3><ul class=\"mphb-loop-room-type-attributes\">\n\t<li class=\"mphb-room-type-total-capacity\"><span class=\"mphb-attribute-title mphb-total-capacity-title\">Go\u015bcie:<\/span><span class=\"mphb-attribute-value\">\n\t2\n\t<\/span><\/li>\t\n\n\n\t<li class=\"mphb-room-type-facilities\"><span class=\"mphb-attribute-title mphb-facilities-title\">Udogodnienia:<\/span><span class=\"mphb-attribute-value\"> <span class=\"facility-bbq-grill\"><a href=\"https:\/\/yourmadeirarentals.com\/pl\/accommodation-facility\/bbq-grill\/\">BBQ grill<\/a><\/span>, <span class=\"facility-fire-pit\"><a href=\"https:\/\/yourmadeirarentals.com\/pl\/accommodation-facility\/fire-pit\/\">Fire pit<\/a><\/span>, <span class=\"facility-first-aid-kit\"><a href=\"https:\/\/yourmadeirarentals.com\/pl\/accommodation-facility\/first-aid-kit\/\">First aid kit<\/a><\/span>, <span class=\"facility-free-parking\"><a href=\"https:\/\/yourmadeirarentals.com\/pl\/accommodation-facility\/free-parking\/\">Free parking<\/a><\/span>, <span class=\"facility-kitchen\"><a href=\"https:\/\/yourmadeirarentals.com\/pl\/accommodation-facility\/kitchen\/\">Kitchen<\/a><\/span>, <span class=\"facility-outdoor-dining-area\"><a href=\"https:\/\/yourmadeirarentals.com\/pl\/accommodation-facility\/outdoor-dining-area\/\">Outdoor dining area<\/a><\/span>, <span class=\"facility-tv\"><a href=\"https:\/\/yourmadeirarentals.com\/pl\/accommodation-facility\/tv\/\">TV<\/a><\/span>, <span class=\"facility-wifi\"><a href=\"https:\/\/yourmadeirarentals.com\/pl\/accommodation-facility\/wifi\/\">Wifi<\/a><\/span><\/span><\/li>\n\t\n\n\n\t<li class=\"mphb-room-type-view\"><span class=\"mphb-attribute-title mphb-view-title\">Widok:<\/span><span class=\"mphb-attribute-value\">\n\tOcean View\n\t<\/span><\/li>\n\t\n\n\n\t<li class=\"mphb-room-type-size\"><span class=\"mphb-attribute-title mphb-size-title\">Rozmiar:<\/span><span class=\"mphb-attribute-value\">\n\t100m\u00b2\n\t<\/span><\/li>\n\t\n\n\t<li class=\"mphb-room-type-bed-type\"><span  class=\"mphb-attribute-title mphb-bed-type-title\">Typ \u0142\u00f3\u017cka:<\/span><span class=\"mphb-attribute-value\">\n\t1 Bedroom, 1 Bed\n\t<\/span><\/li>\n\t\n<li class=\"mphb-room-type-bath mphb-room-type-custom-attribute\"><span class=\"mphb-attribute-title mphb-bath-title\">Bath:<\/span><span class=\"mphb-attribute-value\"> <span class=\"bath-1\">1<\/span><\/span><\/li>\n<\/ul>\n\n\t<p class=\"mphb-regular-price\"><strong>Cena od:<\/strong>\n\t<span class=\"mphb-price\"><span class=\"mphb-currency\">&euro;<\/span>200<\/span> <span class=\"mphb-price-period\" title=\"Wybierz daty, aby zobaczy\u0107 odpowiednie ceny\">za 2 nocy<\/span><span class=\"mphb-tax-information taxes-included\"> (+taxes and fees)<\/span>\n\t<\/p>\n\t\n<div class=\"mphb-to-book-btn-wrapper\">\n<form action=\"https:\/\/yourmadeirarentals.com\/pl\/accommodation\/cabana-nespera\/#booking-form-20966\" method=\"get\" ><button type=\"submit\" class=\"button mphb-book-button\" >Zarezerwuj<\/button><\/form>\n<br\/><\/div>\n\t\n<\/div>\n<\/div>\t\t\t\t\t<\/div>\n\t\t\t\t\t\t\t\t\t\t<div class=\"swiper-slide\">\n\t\t\t\t\t<div class=\"mphb_sc_room-wrapper knsl-scroll-animation\"><div class=\"mphb-room-type post-13465 mphb_room_type type-mphb_room_type status-publish has-post-thumbnail mphb_room_type_facility-workspace mphb_room_type_facility-first-aid-kit mphb_room_type_facility-free-parking mphb_room_type_facility-kitchen mphb_room_type_facility-private-pool mphb_room_type_facility-tv mphb_room_type_facility-washing-machine mphb_room_type_facility-wifi mphb-room-type-adults-8 mphb-room-type-children-0 has-taxes-and-fees\">\n\n\t\n\t\n\n\t<p class=\"post-thumbnail mphb-loop-room-thumbnail\">\n\t<a href=\"https:\/\/yourmadeirarentals.com\/pl\/accommodation\/terracos-da-calheta\/\">\n\t<img loading=\"lazy\" decoding=\"async\" width=\"1200\" height=\"799\" src=\"https:\/\/yourmadeirarentals.com\/wp-content\/uploads\/2024\/11\/Terracos-da-Calheta-1.webp\" class=\"attachment-post-thumbnail size-post-thumbnail wp-post-image\" alt=\"\" srcset=\"https:\/\/yourmadeirarentals.com\/wp-content\/uploads\/2024\/11\/Terracos-da-Calheta-1.webp 1200w, https:\/\/yourmadeirarentals.com\/wp-content\/uploads\/2024\/11\/Terracos-da-Calheta-1-300x200.webp 300w, https:\/\/yourmadeirarentals.com\/wp-content\/uploads\/2024\/11\/Terracos-da-Calheta-1-1024x682.webp 1024w, https:\/\/yourmadeirarentals.com\/wp-content\/uploads\/2024\/11\/Terracos-da-Calheta-1-768x511.webp 768w, https:\/\/yourmadeirarentals.com\/wp-content\/uploads\/2024\/11\/Terracos-da-Calheta-1-18x12.webp 18w, https:\/\/yourmadeirarentals.com\/wp-content\/uploads\/2024\/11\/Terracos-da-Calheta-1-950x633.webp 950w, https:\/\/yourmadeirarentals.com\/wp-content\/uploads\/2024\/11\/Terracos-da-Calheta-1-800x533.webp 800w\" sizes=\"(max-width: 1200px) 100vw, 1200px\">\t<\/a>\n\n\t<\/p>\n\n\n\n<h2 class=\"mphb-room-type-title entry-title\">\n\n\n\n<a class=\"mphb-room-type-title\" href=\"https:\/\/yourmadeirarentals.com\/pl\/accommodation\/terracos-da-calheta\/\">Terra\u00e7os da Calheta<\/a>\n\n\n<\/h2>\n\n\n<div class=\"knsl-text-light knsl-text-sm knsl-mb-20\">\n\t\n\t<p>Relax in this special and peaceful accommodation. Experience luxury in this modern-style home in Estreito da Calheta, Madeira! Perfect for 8 guests, it features 3 spacious bedrooms, 3 bathrooms, and an open-concept design. Relax on the terrace with a pool, enjoy stunning views, and unwind in the peaceful garden with an outdoor shower. Located in a serene environment, this unique retreat offers the perfect blend of modern comfort and natural beauty for an unforgettable getaway.<\/p>\n\n\t<\/div>\n\n<h3 class=\"mphb-room-type-details-title\">Szczeg\u00f3\u0142y<\/h3><ul class=\"mphb-loop-room-type-attributes\">\n\t<li class=\"mphb-room-type-total-capacity\"><span class=\"mphb-attribute-title mphb-total-capacity-title\">Go\u015bcie:<\/span><span class=\"mphb-attribute-value\">\n\t8\n\t<\/span><\/li>\t\n\n\n\t<li class=\"mphb-room-type-facilities\"><span class=\"mphb-attribute-title mphb-facilities-title\">Udogodnienia:<\/span><span class=\"mphb-attribute-value\"> <span class=\"facility-workspace\"><a href=\"https:\/\/yourmadeirarentals.com\/pl\/accommodation-facility\/workspace\/\">Dedicated Workspace<\/a><\/span>, <span class=\"facility-first-aid-kit\"><a href=\"https:\/\/yourmadeirarentals.com\/pl\/accommodation-facility\/first-aid-kit\/\">First aid kit<\/a><\/span>, <span class=\"facility-free-parking\"><a href=\"https:\/\/yourmadeirarentals.com\/pl\/accommodation-facility\/free-parking\/\">Free parking<\/a><\/span>, <span class=\"facility-kitchen\"><a href=\"https:\/\/yourmadeirarentals.com\/pl\/accommodation-facility\/kitchen\/\">Kitchen<\/a><\/span>, <span class=\"facility-private-pool\"><a href=\"https:\/\/yourmadeirarentals.com\/pl\/accommodation-facility\/private-pool\/\">Private pool<\/a><\/span>, <span class=\"facility-tv\"><a href=\"https:\/\/yourmadeirarentals.com\/pl\/accommodation-facility\/tv\/\">TV<\/a><\/span>, <span class=\"facility-washing-machine\"><a href=\"https:\/\/yourmadeirarentals.com\/pl\/accommodation-facility\/washing-machine\/\">Washing machine<\/a><\/span>, <span class=\"facility-wifi\"><a href=\"https:\/\/yourmadeirarentals.com\/pl\/accommodation-facility\/wifi\/\">Wifi<\/a><\/span><\/span><\/li>\n\t\n\n\n\t<li class=\"mphb-room-type-view\"><span class=\"mphb-attribute-title mphb-view-title\">Widok:<\/span><span class=\"mphb-attribute-value\">\n\tOcean View\n\t<\/span><\/li>\n\t\n\n\n\t<li class=\"mphb-room-type-size\"><span class=\"mphb-attribute-title mphb-size-title\">Rozmiar:<\/span><span class=\"mphb-attribute-value\">\n\t350m\u00b2\n\t<\/span><\/li>\n\t\n\n\t<li class=\"mphb-room-type-bed-type\"><span  class=\"mphb-attribute-title mphb-bed-type-title\">Typ \u0142\u00f3\u017cka:<\/span><span class=\"mphb-attribute-value\">\n\t3 Bedrooms, 4 Beds\n\t<\/span><\/li>\n\t\n<li class=\"mphb-room-type-bath mphb-room-type-custom-attribute\"><span class=\"mphb-attribute-title mphb-bath-title\">Bath:<\/span><span class=\"mphb-attribute-value\"> <span class=\"bath-3\">3<\/span><\/span><\/li>\n<\/ul>\n\n\t<p class=\"mphb-regular-price\"><strong>Cena od:<\/strong>\n\t<span class=\"mphb-price\"><span class=\"mphb-currency\">&euro;<\/span>1,475<\/span> <span class=\"mphb-price-period\" title=\"Wybierz daty, aby zobaczy\u0107 odpowiednie ceny\">za 5 nocy<\/span><span class=\"mphb-tax-information taxes-included\"> (+taxes and fees)<\/span>\n\t<\/p>\n\t\n<div class=\"mphb-to-book-btn-wrapper\">\n<form action=\"https:\/\/yourmadeirarentals.com\/pl\/accommodation\/terracos-da-calheta\/#booking-form-13465\" method=\"get\" ><button type=\"submit\" class=\"button mphb-book-button\" >Zarezerwuj<\/button><\/form>\n<br\/><\/div>\n\t\n<\/div>\n<\/div>\t\t\t\t\t<\/div>\n\t\t\t\t\t\t\t\t\t\t<div class=\"swiper-slide\">\n\t\t\t\t\t<div class=\"mphb_sc_room-wrapper knsl-scroll-animation\"><div class=\"mphb-room-type post-20199 mphb_room_type type-mphb_room_type status-publish has-post-thumbnail mphb_room_type_facility-workspace mphb_room_type_facility-free-parking mphb_room_type_facility-kitchen mphb_room_type_facility-private-backyard mphb_room_type_facility-private-sauna mphb_room_type_facility-tv mphb_room_type_facility-washing-machine mphb_room_type_facility-wifi mphb-room-type-adults-4 mphb-room-type-children-0 has-taxes-and-fees\">\n\n\t\n\t\n\n\t<p class=\"post-thumbnail mphb-loop-room-thumbnail\">\n\t<a href=\"https:\/\/yourmadeirarentals.com\/pl\/accommodation\/portola-house\/\">\n\t<img loading=\"lazy\" decoding=\"async\" width=\"1200\" height=\"798\" src=\"https:\/\/yourmadeirarentals.com\/wp-content\/uploads\/2025\/06\/Portola-House-1.jpeg\" class=\"attachment-post-thumbnail size-post-thumbnail wp-post-image\" alt=\"\" srcset=\"https:\/\/yourmadeirarentals.com\/wp-content\/uploads\/2025\/06\/Portola-House-1.jpeg 1200w, https:\/\/yourmadeirarentals.com\/wp-content\/uploads\/2025\/06\/Portola-House-1-300x200.jpeg 300w, https:\/\/yourmadeirarentals.com\/wp-content\/uploads\/2025\/06\/Portola-House-1-1024x681.jpeg 1024w, https:\/\/yourmadeirarentals.com\/wp-content\/uploads\/2025\/06\/Portola-House-1-768x511.jpeg 768w, https:\/\/yourmadeirarentals.com\/wp-content\/uploads\/2025\/06\/Portola-House-1-18x12.jpeg 18w, https:\/\/yourmadeirarentals.com\/wp-content\/uploads\/2025\/06\/Portola-House-1-950x632.jpeg 950w, https:\/\/yourmadeirarentals.com\/wp-content\/uploads\/2025\/06\/Portola-House-1-800x532.jpeg 800w\" sizes=\"(max-width: 1200px) 100vw, 1200px\">\t<\/a>\n\n\t<\/p>\n\n\n\n<h2 class=\"mphb-room-type-title entry-title\">\n\n\n\n<a class=\"mphb-room-type-title\" href=\"https:\/\/yourmadeirarentals.com\/pl\/accommodation\/portola-house\/\">Portola House<\/a>\n\n\n<\/h2>\n\n\n<div class=\"knsl-text-light knsl-text-sm knsl-mb-20\">\n\t\n\t<p>Discover your perfect getaway in T\u00e1bua, Ribeira Brava! This stylish villa offers stunning sea views, a large private garden with BBQ, and a relaxing indoor sauna. With 2 cozy bedrooms (one with extra sofa bed), 2 bathrooms, and a fully equipped kitchen, it&#8217;s ideal for families or friends. Nestled on a quiet dead-end road next to banana fields and levada river \u2014 peaceful, private, and unforgettable!<\/p>\n\n\t<\/div>\n\n<h3 class=\"mphb-room-type-details-title\">Szczeg\u00f3\u0142y<\/h3><ul class=\"mphb-loop-room-type-attributes\">\n\t<li class=\"mphb-room-type-total-capacity\"><span class=\"mphb-attribute-title mphb-total-capacity-title\">Go\u015bcie:<\/span><span class=\"mphb-attribute-value\">\n\t4\n\t<\/span><\/li>\t\n\n\n\t<li class=\"mphb-room-type-facilities\"><span class=\"mphb-attribute-title mphb-facilities-title\">Udogodnienia:<\/span><span class=\"mphb-attribute-value\"> <span class=\"facility-workspace\"><a href=\"https:\/\/yourmadeirarentals.com\/pl\/accommodation-facility\/workspace\/\">Dedicated Workspace<\/a><\/span>, <span class=\"facility-free-parking\"><a href=\"https:\/\/yourmadeirarentals.com\/pl\/accommodation-facility\/free-parking\/\">Free parking<\/a><\/span>, <span class=\"facility-kitchen\"><a href=\"https:\/\/yourmadeirarentals.com\/pl\/accommodation-facility\/kitchen\/\">Kitchen<\/a><\/span>, <span class=\"facility-private-backyard\"><a href=\"https:\/\/yourmadeirarentals.com\/pl\/accommodation-facility\/private-backyard\/\">Private backyard<\/a><\/span>, <span class=\"facility-private-sauna\"><a href=\"https:\/\/yourmadeirarentals.com\/pl\/accommodation-facility\/private-sauna\/\">Private sauna<\/a><\/span>, <span class=\"facility-tv\"><a href=\"https:\/\/yourmadeirarentals.com\/pl\/accommodation-facility\/tv\/\">TV<\/a><\/span>, <span class=\"facility-washing-machine\"><a href=\"https:\/\/yourmadeirarentals.com\/pl\/accommodation-facility\/washing-machine\/\">Washing machine<\/a><\/span>, <span class=\"facility-wifi\"><a href=\"https:\/\/yourmadeirarentals.com\/pl\/accommodation-facility\/wifi\/\">Wifi<\/a><\/span><\/span><\/li>\n\t\n\n\n\t<li class=\"mphb-room-type-view\"><span class=\"mphb-attribute-title mphb-view-title\">Widok:<\/span><span class=\"mphb-attribute-value\">\n\tOcean View\n\t<\/span><\/li>\n\t\n\n\n\t<li class=\"mphb-room-type-size\"><span class=\"mphb-attribute-title mphb-size-title\">Rozmiar:<\/span><span class=\"mphb-attribute-value\">\n\t100m\u00b2\n\t<\/span><\/li>\n\t\n\n\t<li class=\"mphb-room-type-bed-type\"><span  class=\"mphb-attribute-title mphb-bed-type-title\">Typ \u0142\u00f3\u017cka:<\/span><span class=\"mphb-attribute-value\">\n\t2 Bedroom, 2 Beds\n\t<\/span><\/li>\n\t\n<li class=\"mphb-room-type-bath mphb-room-type-custom-attribute\"><span class=\"mphb-attribute-title mphb-bath-title\">Bath:<\/span><span class=\"mphb-attribute-value\"> <span class=\"bath-2-5\">2.5<\/span><\/span><\/li>\n<\/ul>\n\n\t<p class=\"mphb-regular-price\"><strong>Cena od:<\/strong>\n\t<span class=\"mphb-price\"><span class=\"mphb-currency\">&euro;<\/span>1,150<\/span> <span class=\"mphb-price-period\" title=\"Wybierz daty, aby zobaczy\u0107 odpowiednie ceny\">za 5 nocy<\/span><span class=\"mphb-tax-information taxes-included\"> (+taxes and fees)<\/span>\n\t<\/p>\n\t\n<div class=\"mphb-to-book-btn-wrapper\">\n<form action=\"https:\/\/yourmadeirarentals.com\/pl\/accommodation\/portola-house\/#booking-form-20199\" method=\"get\" ><button type=\"submit\" class=\"button mphb-book-button\" >Zarezerwuj<\/button><\/form>\n<br\/><\/div>\n\t\n<\/div>\n<\/div>\t\t\t\t\t<\/div>\n\t\t\t\t\t\t\t\t\t\t<div class=\"swiper-slide\">\n\t\t\t\t\t<div class=\"mphb_sc_room-wrapper knsl-scroll-animation\"><div class=\"mphb-room-type post-22650 mphb_room_type type-mphb_room_type status-publish has-post-thumbnail mphb_room_type_facility-workspace mphb_room_type_facility-free-parking mphb_room_type_facility-garden-view mphb_room_type_facility-kitchen mphb_room_type_facility-patio-or-balcony mphb_room_type_facility-pets-allowed mphb_room_type_facility-tv mphb_room_type_facility-wifi mphb-room-type-adults-2 mphb-room-type-children-0 has-taxes-and-fees\">\n\n\t\n\t\n\n\t<p class=\"post-thumbnail mphb-loop-room-thumbnail\">\n\t<a href=\"https:\/\/yourmadeirarentals.com\/pl\/accommodation\/casa-levada-sea-view-house\/\">\n\t<img loading=\"lazy\" decoding=\"async\" width=\"1200\" height=\"900\" src=\"https:\/\/yourmadeirarentals.com\/wp-content\/uploads\/2025\/09\/Casa-Levada-Sea-View-House-1.jpg\" class=\"attachment-post-thumbnail size-post-thumbnail wp-post-image\" alt=\"\" srcset=\"https:\/\/yourmadeirarentals.com\/wp-content\/uploads\/2025\/09\/Casa-Levada-Sea-View-House-1.jpg 1200w, https:\/\/yourmadeirarentals.com\/wp-content\/uploads\/2025\/09\/Casa-Levada-Sea-View-House-1-300x225.jpg 300w, https:\/\/yourmadeirarentals.com\/wp-content\/uploads\/2025\/09\/Casa-Levada-Sea-View-House-1-1024x768.jpg 1024w, https:\/\/yourmadeirarentals.com\/wp-content\/uploads\/2025\/09\/Casa-Levada-Sea-View-House-1-768x576.jpg 768w, https:\/\/yourmadeirarentals.com\/wp-content\/uploads\/2025\/09\/Casa-Levada-Sea-View-House-1-16x12.jpg 16w, https:\/\/yourmadeirarentals.com\/wp-content\/uploads\/2025\/09\/Casa-Levada-Sea-View-House-1-950x713.jpg 950w, https:\/\/yourmadeirarentals.com\/wp-content\/uploads\/2025\/09\/Casa-Levada-Sea-View-House-1-800x600.jpg 800w\" sizes=\"(max-width: 1200px) 100vw, 1200px\">\t<\/a>\n\n\t<\/p>\n\n\n\n<h2 class=\"mphb-room-type-title entry-title\">\n\n\n\n<a class=\"mphb-room-type-title\" href=\"https:\/\/yourmadeirarentals.com\/pl\/accommodation\/casa-levada-sea-view-house\/\">Casa Levada &#8211; Sea View House<\/a>\n\n\n<\/h2>\n\n\n<div class=\"knsl-text-light knsl-text-sm knsl-mb-20\">\n\t\n\t<p>In old wine terraces you will find the Casa Levada, it is a lovely house with an open floor plan over two levels plus sleeping floor. <\/p>\n\n\t<\/div>\n\n<h3 class=\"mphb-room-type-details-title\">Szczeg\u00f3\u0142y<\/h3><ul class=\"mphb-loop-room-type-attributes\">\n\t<li class=\"mphb-room-type-total-capacity\"><span class=\"mphb-attribute-title mphb-total-capacity-title\">Go\u015bcie:<\/span><span class=\"mphb-attribute-value\">\n\t2\n\t<\/span><\/li>\t\n\n\n\t<li class=\"mphb-room-type-facilities\"><span class=\"mphb-attribute-title mphb-facilities-title\">Udogodnienia:<\/span><span class=\"mphb-attribute-value\"> <span class=\"facility-workspace\"><a href=\"https:\/\/yourmadeirarentals.com\/pl\/accommodation-facility\/workspace\/\">Dedicated Workspace<\/a><\/span>, <span class=\"facility-free-parking\"><a href=\"https:\/\/yourmadeirarentals.com\/pl\/accommodation-facility\/free-parking\/\">Free parking<\/a><\/span>, <span class=\"facility-garden-view\"><a href=\"https:\/\/yourmadeirarentals.com\/pl\/accommodation-facility\/garden-view\/\">Garden view<\/a><\/span>, <span class=\"facility-kitchen\"><a href=\"https:\/\/yourmadeirarentals.com\/pl\/accommodation-facility\/kitchen\/\">Kitchen<\/a><\/span>, <span class=\"facility-patio-or-balcony\"><a href=\"https:\/\/yourmadeirarentals.com\/pl\/accommodation-facility\/patio-or-balcony\/\">Patio or balcony<\/a><\/span>, <span class=\"facility-pets-allowed\"><a href=\"https:\/\/yourmadeirarentals.com\/pl\/accommodation-facility\/pets-allowed\/\">Pets allowed<\/a><\/span>, <span class=\"facility-tv\"><a href=\"https:\/\/yourmadeirarentals.com\/pl\/accommodation-facility\/tv\/\">TV<\/a><\/span>, <span class=\"facility-wifi\"><a href=\"https:\/\/yourmadeirarentals.com\/pl\/accommodation-facility\/wifi\/\">Wifi<\/a><\/span><\/span><\/li>\n\t\n\n\n\t<li class=\"mphb-room-type-view\"><span class=\"mphb-attribute-title mphb-view-title\">Widok:<\/span><span class=\"mphb-attribute-value\">\n\tOcean View\n\t<\/span><\/li>\n\t\n\n\n\t<li class=\"mphb-room-type-size\"><span class=\"mphb-attribute-title mphb-size-title\">Rozmiar:<\/span><span class=\"mphb-attribute-value\">\n\t50m\u00b2\n\t<\/span><\/li>\n\t\n\n\t<li class=\"mphb-room-type-bed-type\"><span  class=\"mphb-attribute-title mphb-bed-type-title\">Typ \u0142\u00f3\u017cka:<\/span><span class=\"mphb-attribute-value\">\n\t1 Bedroom, 1 Bed\n\t<\/span><\/li>\n\t\n<li class=\"mphb-room-type-bath mphb-room-type-custom-attribute\"><span class=\"mphb-attribute-title mphb-bath-title\">Bath:<\/span><span class=\"mphb-attribute-value\"> <span class=\"bath-1\">1<\/span><\/span><\/li>\n<\/ul>\n\n\t<p class=\"mphb-regular-price\"><strong>Cena od:<\/strong>\n\t<span class=\"mphb-price\"><span class=\"mphb-currency\">&euro;<\/span>184<\/span> <span class=\"mphb-price-period\" title=\"Wybierz daty, aby zobaczy\u0107 odpowiednie ceny\">za 2 nocy<\/span><span class=\"mphb-tax-information taxes-included\"> (+taxes and fees)<\/span>\n\t<\/p>\n\t\n<div class=\"mphb-to-book-btn-wrapper\">\n<form action=\"https:\/\/yourmadeirarentals.com\/pl\/accommodation\/casa-levada-sea-view-house\/#booking-form-22650\" method=\"get\" ><button type=\"submit\" class=\"button mphb-book-button\" >Zarezerwuj<\/button><\/form>\n<br\/><\/div>\n\t\n<\/div>\n<\/div>\t\t\t\t\t<\/div>\n\t\t\t\t\t\t\t\t\t\t<div class=\"swiper-slide\">\n\t\t\t\t\t<div class=\"mphb_sc_room-wrapper knsl-scroll-animation\"><div class=\"mphb-room-type post-13210 mphb_room_type type-mphb_room_type status-publish has-post-thumbnail mphb_room_type_facility-beach-access mphb_room_type_facility-workspace mphb_room_type_facility-free-parking mphb_room_type_facility-kitchen mphb_room_type_facility-private-pool mphb_room_type_facility-tv mphb_room_type_facility-washing-machine mphb_room_type_facility-wifi mphb-room-type-adults-8 mphb-room-type-children-0 has-taxes-and-fees\">\n\n\t\n\t\n\n\t<p class=\"post-thumbnail mphb-loop-room-thumbnail\">\n\t<a href=\"https:\/\/yourmadeirarentals.com\/pl\/accommodation\/villa-althea\/\">\n\t<img loading=\"lazy\" decoding=\"async\" width=\"1200\" height=\"674\" src=\"https:\/\/yourmadeirarentals.com\/wp-content\/uploads\/2024\/10\/Villa-Althea-1.webp\" class=\"attachment-post-thumbnail size-post-thumbnail wp-post-image\" alt=\"\" srcset=\"https:\/\/yourmadeirarentals.com\/wp-content\/uploads\/2024\/10\/Villa-Althea-1.webp 1200w, https:\/\/yourmadeirarentals.com\/wp-content\/uploads\/2024\/10\/Villa-Althea-1-300x169.webp 300w, https:\/\/yourmadeirarentals.com\/wp-content\/uploads\/2024\/10\/Villa-Althea-1-1024x575.webp 1024w, https:\/\/yourmadeirarentals.com\/wp-content\/uploads\/2024\/10\/Villa-Althea-1-768x431.webp 768w, https:\/\/yourmadeirarentals.com\/wp-content\/uploads\/2024\/10\/Villa-Althea-1-18x10.webp 18w, https:\/\/yourmadeirarentals.com\/wp-content\/uploads\/2024\/10\/Villa-Althea-1-950x534.webp 950w, https:\/\/yourmadeirarentals.com\/wp-content\/uploads\/2024\/10\/Villa-Althea-1-800x449.webp 800w\" sizes=\"(max-width: 1200px) 100vw, 1200px\">\t<\/a>\n\n\t<\/p>\n\n\n\n<h2 class=\"mphb-room-type-title entry-title\">\n\n\n\n<a class=\"mphb-room-type-title\" href=\"https:\/\/yourmadeirarentals.com\/pl\/accommodation\/villa-althea\/\">Villa Althea<\/a>\n\n\n<\/h2>\n\n\n<div class=\"knsl-text-light knsl-text-sm knsl-mb-20\">\n\t\n\t<p>Welcome to Villa Althea, a luxurious 4-bedroom villa in Calheta, Madeira, with breathtaking sea views and a private infinity pool. Each bedroom has an en-suite bathroom, and the open-plan living areas are filled with natural light. Enjoy the terrace, perfect for outdoor dining. Close to Calheta Beach, the marina and local attractions, it&#8217;s the ideal base for exploring. Concierge service, Wi-Fi, air conditioning, and airport shuttle are provided. No pets or smoking Book your luxury retreat today!<\/p>\n\n\t<\/div>\n\n<h3 class=\"mphb-room-type-details-title\">Szczeg\u00f3\u0142y<\/h3><ul class=\"mphb-loop-room-type-attributes\">\n\t<li class=\"mphb-room-type-total-capacity\"><span class=\"mphb-attribute-title mphb-total-capacity-title\">Go\u015bcie:<\/span><span class=\"mphb-attribute-value\">\n\t8\n\t<\/span><\/li>\t\n\n\n\t<li class=\"mphb-room-type-facilities\"><span class=\"mphb-attribute-title mphb-facilities-title\">Udogodnienia:<\/span><span class=\"mphb-attribute-value\"> <span class=\"facility-beach-access\"><a href=\"https:\/\/yourmadeirarentals.com\/pl\/accommodation-facility\/beach-access\/\">Beach access<\/a><\/span>, <span class=\"facility-workspace\"><a href=\"https:\/\/yourmadeirarentals.com\/pl\/accommodation-facility\/workspace\/\">Dedicated Workspace<\/a><\/span>, <span class=\"facility-free-parking\"><a href=\"https:\/\/yourmadeirarentals.com\/pl\/accommodation-facility\/free-parking\/\">Free parking<\/a><\/span>, <span class=\"facility-kitchen\"><a href=\"https:\/\/yourmadeirarentals.com\/pl\/accommodation-facility\/kitchen\/\">Kitchen<\/a><\/span>, <span class=\"facility-private-pool\"><a href=\"https:\/\/yourmadeirarentals.com\/pl\/accommodation-facility\/private-pool\/\">Private pool<\/a><\/span>, <span class=\"facility-tv\"><a href=\"https:\/\/yourmadeirarentals.com\/pl\/accommodation-facility\/tv\/\">TV<\/a><\/span>, <span class=\"facility-washing-machine\"><a href=\"https:\/\/yourmadeirarentals.com\/pl\/accommodation-facility\/washing-machine\/\">Washing machine<\/a><\/span>, <span class=\"facility-wifi\"><a href=\"https:\/\/yourmadeirarentals.com\/pl\/accommodation-facility\/wifi\/\">Wifi<\/a><\/span><\/span><\/li>\n\t\n\n\n\t<li class=\"mphb-room-type-view\"><span class=\"mphb-attribute-title mphb-view-title\">Widok:<\/span><span class=\"mphb-attribute-value\">\n\tOcean View\n\t<\/span><\/li>\n\t\n\n\n\t<li class=\"mphb-room-type-size\"><span class=\"mphb-attribute-title mphb-size-title\">Rozmiar:<\/span><span class=\"mphb-attribute-value\">\n\t400m\u00b2\n\t<\/span><\/li>\n\t\n\n\t<li class=\"mphb-room-type-bed-type\"><span  class=\"mphb-attribute-title mphb-bed-type-title\">Typ \u0142\u00f3\u017cka:<\/span><span class=\"mphb-attribute-value\">\n\t4 Bedrooms, 6 Beds\n\t<\/span><\/li>\n\t\n<li class=\"mphb-room-type-bath mphb-room-type-custom-attribute\"><span class=\"mphb-attribute-title mphb-bath-title\">Bath:<\/span><span class=\"mphb-attribute-value\"> <span class=\"bath-5\">5<\/span><\/span><\/li>\n<\/ul>\n\n\t<p class=\"mphb-regular-price\"><strong>Cena od:<\/strong>\n\t<span class=\"mphb-price\"><span class=\"mphb-currency\">&euro;<\/span>2,475<\/span> <span class=\"mphb-price-period\" title=\"Wybierz daty, aby zobaczy\u0107 odpowiednie ceny\">za 5 nocy<\/span><span class=\"mphb-tax-information taxes-included\"> (+taxes and fees)<\/span>\n\t<\/p>\n\t\n<div class=\"mphb-to-book-btn-wrapper\">\n<form action=\"https:\/\/yourmadeirarentals.com\/pl\/accommodation\/villa-althea\/#booking-form-13210\" method=\"get\" ><button type=\"submit\" class=\"button mphb-book-button\" >Zarezerwuj<\/button><\/form>\n<br\/><\/div>\n\t\n<\/div>\n<\/div>\t\t\t\t\t<\/div>\n\t\t\t\t\t\t\t\t\t\t<div class=\"swiper-slide\">\n\t\t\t\t\t<div class=\"mphb_sc_room-wrapper knsl-scroll-animation\"><div class=\"mphb-room-type post-8098 mphb_room_type type-mphb_room_type status-publish has-post-thumbnail mphb_room_type_facility-beach-access mphb_room_type_facility-workspace mphb_room_type_facility-free-parking mphb_room_type_facility-kitchen mphb_room_type_facility-private-pool mphb_room_type_facility-tv mphb_room_type_facility-washing-machine mphb_room_type_facility-wifi mphb-room-type-adults-4 mphb-room-type-children-0 has-taxes-and-fees\">\n\n\t\n\t\n\n\t<p class=\"post-thumbnail mphb-loop-room-thumbnail\">\n\t<a href=\"https:\/\/yourmadeirarentals.com\/pl\/accommodation\/haus-am-meer\/\">\n\t<img loading=\"lazy\" decoding=\"async\" width=\"1200\" height=\"1107\" src=\"https:\/\/yourmadeirarentals.com\/wp-content\/uploads\/2023\/11\/Haus-am-Meer-1.jpeg\" class=\"attachment-post-thumbnail size-post-thumbnail wp-post-image\" alt=\"\" srcset=\"https:\/\/yourmadeirarentals.com\/wp-content\/uploads\/2023\/11\/Haus-am-Meer-1.jpeg 1200w, https:\/\/yourmadeirarentals.com\/wp-content\/uploads\/2023\/11\/Haus-am-Meer-1-300x277.jpeg 300w, https:\/\/yourmadeirarentals.com\/wp-content\/uploads\/2023\/11\/Haus-am-Meer-1-1024x945.jpeg 1024w, https:\/\/yourmadeirarentals.com\/wp-content\/uploads\/2023\/11\/Haus-am-Meer-1-768x708.jpeg 768w, https:\/\/yourmadeirarentals.com\/wp-content\/uploads\/2023\/11\/Haus-am-Meer-1-13x12.jpeg 13w, https:\/\/yourmadeirarentals.com\/wp-content\/uploads\/2023\/11\/Haus-am-Meer-1-950x876.jpeg 950w, https:\/\/yourmadeirarentals.com\/wp-content\/uploads\/2023\/11\/Haus-am-Meer-1-800x738.jpeg 800w\" sizes=\"(max-width: 1200px) 100vw, 1200px\">\t<\/a>\n\n\t<\/p>\n\n\n\n<h2 class=\"mphb-room-type-title entry-title\">\n\n\n\n<a class=\"mphb-room-type-title\" href=\"https:\/\/yourmadeirarentals.com\/pl\/accommodation\/haus-am-meer\/\">Haus am Meer<\/a>\n\n\n<\/h2>\n\n\n<div class=\"knsl-text-light knsl-text-sm knsl-mb-20\">\n\t\n\t<p>Welcome to our luxurious house by the sea in Madeira. The house has 2 stylish bedrooms, 2 modern bathrooms, a great living and dining area, as well as a fully equipped kitchen and offers space for 4 people. Both the indoor and outdoor areas with heated pool, outdoor shower and barbecue offer breathtaking views of the sea and mountains. The house and the sea are only a few minutes&#8217; walk apart. Pure comfort and style at sea level!<\/p>\n\n\t<\/div>\n\n<h3 class=\"mphb-room-type-details-title\">Szczeg\u00f3\u0142y<\/h3><ul class=\"mphb-loop-room-type-attributes\">\n\t<li class=\"mphb-room-type-total-capacity\"><span class=\"mphb-attribute-title mphb-total-capacity-title\">Go\u015bcie:<\/span><span class=\"mphb-attribute-value\">\n\t4\n\t<\/span><\/li>\t\n\n\n\t<li class=\"mphb-room-type-facilities\"><span class=\"mphb-attribute-title mphb-facilities-title\">Udogodnienia:<\/span><span class=\"mphb-attribute-value\"> <span class=\"facility-beach-access\"><a href=\"https:\/\/yourmadeirarentals.com\/pl\/accommodation-facility\/beach-access\/\">Beach access<\/a><\/span>, <span class=\"facility-workspace\"><a href=\"https:\/\/yourmadeirarentals.com\/pl\/accommodation-facility\/workspace\/\">Dedicated Workspace<\/a><\/span>, <span class=\"facility-free-parking\"><a href=\"https:\/\/yourmadeirarentals.com\/pl\/accommodation-facility\/free-parking\/\">Free parking<\/a><\/span>, <span class=\"facility-kitchen\"><a href=\"https:\/\/yourmadeirarentals.com\/pl\/accommodation-facility\/kitchen\/\">Kitchen<\/a><\/span>, <span class=\"facility-private-pool\"><a href=\"https:\/\/yourmadeirarentals.com\/pl\/accommodation-facility\/private-pool\/\">Private pool<\/a><\/span>, <span class=\"facility-tv\"><a href=\"https:\/\/yourmadeirarentals.com\/pl\/accommodation-facility\/tv\/\">TV<\/a><\/span>, <span class=\"facility-washing-machine\"><a href=\"https:\/\/yourmadeirarentals.com\/pl\/accommodation-facility\/washing-machine\/\">Washing machine<\/a><\/span>, <span class=\"facility-wifi\"><a href=\"https:\/\/yourmadeirarentals.com\/pl\/accommodation-facility\/wifi\/\">Wifi<\/a><\/span><\/span><\/li>\n\t\n\n\n\t<li class=\"mphb-room-type-view\"><span class=\"mphb-attribute-title mphb-view-title\">Widok:<\/span><span class=\"mphb-attribute-value\">\n\tOcean view\n\t<\/span><\/li>\n\t\n\n\n\t<li class=\"mphb-room-type-size\"><span class=\"mphb-attribute-title mphb-size-title\">Rozmiar:<\/span><span class=\"mphb-attribute-value\">\n\t270m\u00b2\n\t<\/span><\/li>\n\t\n\n\t<li class=\"mphb-room-type-bed-type\"><span  class=\"mphb-attribute-title mphb-bed-type-title\">Typ \u0142\u00f3\u017cka:<\/span><span class=\"mphb-attribute-value\">\n\t2 bedrooms, 2 beds\n\t<\/span><\/li>\n\t\n<li class=\"mphb-room-type-bath mphb-room-type-custom-attribute\"><span class=\"mphb-attribute-title mphb-bath-title\">Bath:<\/span><span class=\"mphb-attribute-value\"> <span class=\"bath-2\">2<\/span><\/span><\/li>\n<\/ul>\n\n\t<p class=\"mphb-regular-price\"><strong>Cena od:<\/strong>\n\t<span class=\"mphb-price\"><span class=\"mphb-currency\">&euro;<\/span>567<\/span> <span class=\"mphb-price-period\" title=\"Wybierz daty, aby zobaczy\u0107 odpowiednie ceny\">za 3 nocy<\/span><span class=\"mphb-tax-information taxes-included\"> (+taxes and fees)<\/span>\n\t<\/p>\n\t\n<div class=\"mphb-to-book-btn-wrapper\">\n<form action=\"https:\/\/yourmadeirarentals.com\/pl\/accommodation\/haus-am-meer\/#booking-form-8098\" method=\"get\" ><button type=\"submit\" class=\"button mphb-book-button\" >Zarezerwuj<\/button><\/form>\n<br\/><\/div>\n\t\n<\/div>\n<\/div>\t\t\t\t\t<\/div>\n\t\t\t\t\t\t\t\t\t<\/div>\n\n\t\t\t\t<!-- slider navigation -->\n\t\t\t\t<div class=\"knsl-uni-slider-nav-panel\">\n\t\t\t\t\t<div class=\"knsl-uni-slider-pagination\"><\/div>\n\t\t\t\t\t<div class=\"knsl-uni-nav\">\n\t\t\t\t\t<div class=\"knsl-uni-slider-prev\"><i class=\"fas fa-arrow-left\"><\/i><\/div>\n\t\t\t\t\t<div class=\"knsl-uni-slider-next\"><i class=\"fas fa-arrow-right\"><\/i><\/div>\n\t\t\t\t\t<\/div>\n\t\t\t\t<\/div>\n\n\t\t\t\t<\/div>\n\t\t\t\t\t\t\t<\/div>\n\t\t<\/div>\n\t\t<\/div>\t\t<\/section>\n\t\t<!-- rooms end -->\n\n\t\t\t\t\t\t<\/div>\n\t\t\t\t<\/div>\n\t\t\t\t\t<\/div>\n\t\t<\/div>\n\t\t\t\t\t<\/div>\n\t\t<\/section>\n\t\t\t\t<\/div>\n\t\t","protected":false},"excerpt":{"rendered":"<p>Villa Toccata w Estreito da Calheta to stylowa rezydencja z zapieraj\u0105cymi dech w piersiach widokami na morze i przestronnym, chronionym terenem zewn\u0119trznym. Ciesz si\u0119 podgrzewanym basenem z systemem przeciwpr\u0105dowym, zrelaksuj si\u0119 w 3 du\u017cych sypialniach z podw\u00f3jnymi \u0142\u00f3\u017ckami i miejscami do pracy, a tak\u017ce skorzystaj z 2 \u0142azienek i toalety dla go\u015bci. G\u0142\u00f3wna ma \u0142azienk\u0119 i garderob\u0119. Nowoczesny salon\/jadalnia na otwartym planie, w pe\u0142ni wyposa\u017cona kuchnia, prywatny parking i cicha \u015blepa uliczka zapewniaj\u0105 komfort, prywatno\u015b\u0107 i elegancj\u0119.<\/p>","protected":false},"featured_media":22976,"menu_order":0,"comment_status":"closed","ping_status":"closed","template":"","mphb_room_type_category":[],"mphb_room_type_tag":[],"mphb_room_type_facility":[96,42,79,41,94,75,59,54],"class_list":["post-22960","mphb_room_type","type-mphb_room_type","status-publish","has-post-thumbnail","hentry","mphb_room_type_facility-air-conditioning","mphb_room_type_facility-workspace","mphb_room_type_facility-free-parking","mphb_room_type_facility-kitchen","mphb_room_type_facility-security-cameras","mphb_room_type_facility-tv","mphb_room_type_facility-washing-machine","mphb_room_type_facility-wifi","mphb-room-type-adults-6","mphb-room-type-children-0","has-taxes-and-fees"],"acf":[],"_links":{"self":[{"href":"https:\/\/yourmadeirarentals.com\/pl\/wp-json\/wp\/v2\/mphb_room_type\/22960","targetHints":{"allow":["GET"]}}],"collection":[{"href":"https:\/\/yourmadeirarentals.com\/pl\/wp-json\/wp\/v2\/mphb_room_type"}],"about":[{"href":"https:\/\/yourmadeirarentals.com\/pl\/wp-json\/wp\/v2\/types\/mphb_room_type"}],"replies":[{"embeddable":true,"href":"https:\/\/yourmadeirarentals.com\/pl\/wp-json\/wp\/v2\/comments?post=22960"}],"version-history":[{"count":27,"href":"https:\/\/yourmadeirarentals.com\/pl\/wp-json\/wp\/v2\/mphb_room_type\/22960\/revisions"}],"predecessor-version":[{"id":28681,"href":"https:\/\/yourmadeirarentals.com\/pl\/wp-json\/wp\/v2\/mphb_room_type\/22960\/revisions\/28681"}],"wp:featuredmedia":[{"embeddable":true,"href":"https:\/\/yourmadeirarentals.com\/pl\/wp-json\/wp\/v2\/media\/22976"}],"wp:attachment":[{"href":"https:\/\/yourmadeirarentals.com\/pl\/wp-json\/wp\/v2\/media?parent=22960"}],"wp:term":[{"taxonomy":"mphb_room_type_category","embeddable":true,"href":"https:\/\/yourmadeirarentals.com\/pl\/wp-json\/wp\/v2\/mphb_room_type_category?post=22960"},{"taxonomy":"mphb_room_type_tag","embeddable":true,"href":"https:\/\/yourmadeirarentals.com\/pl\/wp-json\/wp\/v2\/mphb_room_type_tag?post=22960"},{"taxonomy":"mphb_room_type_facility","embeddable":true,"href":"https:\/\/yourmadeirarentals.com\/pl\/wp-json\/wp\/v2\/mphb_room_type_facility?post=22960"}],"curies":[{"name":"wp","href":"https:\/\/api.w.org\/{rel}","templated":true}]}}